{"id":24475,"date":"2026-05-19T10:21:41","date_gmt":"2026-05-19T09:21:41","guid":{"rendered":"https:\/\/www.europeangayskiweek.com\/?page_id=24475"},"modified":"2026-09-02T16:53:18","modified_gmt":"2026-09-02T15:53:18","slug":"montana-soleil","status":"publish","type":"page","link":"https:\/\/www.europeangayskiweek.com\/fr\/montana-soleil\/","title":{"rendered":"4* Montana Soleil"},"content":{"rendered":"<p><section class=\"kc-elm kc-css-876905 kc_row\"><div class=\"kc-row-container  kc-container\"><div class=\"kc-wrap-columns\"><div class=\"kc-elm kc-css-804534 kc_col-sm-8 kc_column kc_col-sm-8\"><div class=\"kc-col-container\"><div class=\"kc-elm kc-css-955105 kc_text_block\"><\/p>\n<p>\nNich\u00e9e au c\u0153ur de Val Thorens, la r\u00e9sidence 4 \u00e9toiles Montana Soleil offre le cadre id\u00e9al pour une escapade \u00e0 la montagne pendant l\u2019European Gay Ski Week. B\u00e9n\u00e9ficiant d\u2019un emplacement ensoleill\u00e9 et d\u2019un acc\u00e8s direct au centre de la station gr\u00e2ce \u00e0 l\u2019ascenseur situ\u00e9 \u00e0 proximit\u00e9, les clients peuvent facilement rejoindre les galeries, les boutiques, les restaurants ainsi que les diff\u00e9rents lieux et activit\u00e9s de l\u2019\u00e9v\u00e9nement.<\/p>\n<p>La r\u00e9sidence propose des appartements spacieux et chaleureux \u00e0 proximit\u00e9 des pistes, parfaits pour les passionn\u00e9s de ski et de snowboard \u00e0 la recherche de confort et de praticit\u00e9 apr\u00e8s une journ\u00e9e en montagne. Les h\u00e9bergements vont d\u2019\u00e9l\u00e9gants appartements pour couples \u00e0 des appartements plus spacieux pouvant accueillir jusqu\u2019\u00e0 six personnes, id\u00e9als pour les groupes.<\/p>\n<p>Pour ceux qui souhaitent se d\u00e9tendre pleinement apr\u00e8s une journ\u00e9e sur les pistes, les clients de la r\u00e9sidence Montana Soleil ont \u00e9galement la possibilit\u00e9 d\u2019acc\u00e9der, moyennant un suppl\u00e9ment et sous r\u00e9serve de disponibilit\u00e9, aux installations du spa de la R\u00e9sidence Montana Plein Sud. Profitez d\u2019une piscine int\u00e9rieure chauff\u00e9e, d\u2019un sauna et d\u2019un hammam dans un cadre alpin raffin\u00e9, pens\u00e9 pour la d\u00e9tente et le bien-\u00eatre. Une s\u00e9lection de soins et de massages est \u00e9galement propos\u00e9e en suppl\u00e9ment pour compl\u00e9ter votre escapade \u00e0 la montagne.<\/p>\n<p>\n<\/div>\n<div class=\"kc-elm kc-css-592484 divider_line\">\n\t<div class=\"divider_inner divider_line1\">\n\t\t\t<\/div>\n<\/div>\n<div class=\"widget master-slider-main-widget kc-elm kc-css-4935\">\n\t\t<!-- MasterSlider -->\n\t\t<div id=\"P_MS6a992abb0939c\" class=\"master-slider-parent ms-thumbs-template ms-parent-id-57\" style=\"max-width:800px;\"  >\n\n\t\t\t\n\t\t\t<!-- MasterSlider Main -->\n\t\t\t<div id=\"MS6a992abb0939c\" class=\"master-slider ms-skin-default\" >\n\t\t\t\t \t\t\t\t \n\n\t\t\t<div  class=\"ms-slide\" data-delay=\"3\" data-fill-mode=\"fill\"   >\n\t\t\t\t\t<img decoding=\"async\" src=\"https:\/\/www.europeangayskiweek.com\/wp-content\/plugins\/masterslider\/public\/assets\/css\/blank.gif\" alt=\"\" title=\"RM1\" data-src=\"https:\/\/cdn.europeangayskiweek.com\/wp\/uploads\/2023\/08\/RM1.jpg\" \/>\n\n\n\t<img decoding=\"async\" class=\"ms-thumb\" src=\"https:\/\/cdn.europeangayskiweek.com\/wp\/uploads\/2023\/08\/RM1-127x137.jpg\" alt=\"\" \/>\n\t\t\t\t<\/div>\n\t\t\t<div  class=\"ms-slide\" data-delay=\"3\" data-fill-mode=\"fill\"   >\n\t\t\t\t\t<img decoding=\"async\" src=\"https:\/\/www.europeangayskiweek.com\/wp-content\/plugins\/masterslider\/public\/assets\/css\/blank.gif\" alt=\"\" title=\"RM2\" data-src=\"https:\/\/cdn.europeangayskiweek.com\/wp\/uploads\/2023\/08\/RM2.jpg\" \/>\n\n\n\t<img decoding=\"async\" class=\"ms-thumb\" src=\"https:\/\/cdn.europeangayskiweek.com\/wp\/uploads\/2023\/08\/RM2-127x137.jpg\" alt=\"\" \/>\n\t\t\t\t<\/div>\n\t\t\t<div  class=\"ms-slide\" data-delay=\"3\" data-fill-mode=\"fill\"   >\n\t\t\t\t\t<img decoding=\"async\" src=\"https:\/\/www.europeangayskiweek.com\/wp-content\/plugins\/masterslider\/public\/assets\/css\/blank.gif\" alt=\"\" title=\"RM3\" data-src=\"https:\/\/cdn.europeangayskiweek.com\/wp\/uploads\/2023\/08\/RM3.jpg\" \/>\n\n\n\t<img decoding=\"async\" class=\"ms-thumb\" src=\"https:\/\/cdn.europeangayskiweek.com\/wp\/uploads\/2023\/08\/RM3-127x137.jpg\" alt=\"\" \/>\n\t\t\t\t<\/div>\n\t\t\t<div  class=\"ms-slide\" data-delay=\"3\" data-fill-mode=\"fill\"   >\n\t\t\t\t\t<img decoding=\"async\" src=\"https:\/\/www.europeangayskiweek.com\/wp-content\/plugins\/masterslider\/public\/assets\/css\/blank.gif\" alt=\"\" title=\"RM4\" data-src=\"https:\/\/cdn.europeangayskiweek.com\/wp\/uploads\/2023\/08\/RM4.jpg\" \/>\n\n\n\t<img decoding=\"async\" class=\"ms-thumb\" src=\"https:\/\/cdn.europeangayskiweek.com\/wp\/uploads\/2023\/08\/RM4-127x137.jpg\" alt=\"\" \/>\n\t\t\t\t<\/div>\n\t\t\t<div  class=\"ms-slide\" data-delay=\"3\" data-fill-mode=\"fill\"   >\n\t\t\t\t\t<img decoding=\"async\" src=\"https:\/\/www.europeangayskiweek.com\/wp-content\/plugins\/masterslider\/public\/assets\/css\/blank.gif\" alt=\"\" title=\"RM5\" data-src=\"https:\/\/cdn.europeangayskiweek.com\/wp\/uploads\/2023\/08\/RM5.jpg\" \/>\n\n\n\t<img decoding=\"async\" class=\"ms-thumb\" src=\"https:\/\/cdn.europeangayskiweek.com\/wp\/uploads\/2023\/08\/RM5-127x137.jpg\" alt=\"\" \/>\n\t\t\t\t<\/div>\n\t\t\t<div  class=\"ms-slide\" data-delay=\"3\" data-fill-mode=\"fill\"   >\n\t\t\t\t\t<img decoding=\"async\" src=\"https:\/\/www.europeangayskiweek.com\/wp-content\/plugins\/masterslider\/public\/assets\/css\/blank.gif\" alt=\"\" title=\"RM6\" data-src=\"https:\/\/cdn.europeangayskiweek.com\/wp\/uploads\/2023\/08\/RM6.jpg\" \/>\n\n\n\t<img decoding=\"async\" class=\"ms-thumb\" src=\"https:\/\/cdn.europeangayskiweek.com\/wp\/uploads\/2023\/08\/RM6-127x137.jpg\" alt=\"\" \/>\n\t\t\t\t<\/div>\n\t\t\t<div  class=\"ms-slide\" data-delay=\"3\" data-fill-mode=\"fill\"   >\n\t\t\t\t\t<img decoding=\"async\" src=\"https:\/\/www.europeangayskiweek.com\/wp-content\/plugins\/masterslider\/public\/assets\/css\/blank.gif\" alt=\"\" title=\"RM7\" data-src=\"https:\/\/cdn.europeangayskiweek.com\/wp\/uploads\/2023\/08\/RM7.jpg\" \/>\n\n\n\t<img decoding=\"async\" class=\"ms-thumb\" src=\"https:\/\/cdn.europeangayskiweek.com\/wp\/uploads\/2023\/08\/RM7-127x137.jpg\" alt=\"\" \/>\n\t\t\t\t<\/div>\n\t\t\t<div  class=\"ms-slide\" data-delay=\"3\" data-fill-mode=\"fill\"   >\n\t\t\t\t\t<img decoding=\"async\" src=\"https:\/\/www.europeangayskiweek.com\/wp-content\/plugins\/masterslider\/public\/assets\/css\/blank.gif\" alt=\"\" title=\"RM8\" data-src=\"https:\/\/cdn.europeangayskiweek.com\/wp\/uploads\/2023\/08\/RM8.jpg\" \/>\n\n\n\t<img decoding=\"async\" class=\"ms-thumb\" src=\"https:\/\/cdn.europeangayskiweek.com\/wp\/uploads\/2023\/08\/RM8-127x137.jpg\" alt=\"\" \/>\n\t\t\t\t<\/div>\n\t\t\t<div  class=\"ms-slide\" data-delay=\"3\" data-fill-mode=\"fill\"   >\n\t\t\t\t\t<img decoding=\"async\" src=\"https:\/\/www.europeangayskiweek.com\/wp-content\/plugins\/masterslider\/public\/assets\/css\/blank.gif\" alt=\"\" title=\"RM9\" data-src=\"https:\/\/cdn.europeangayskiweek.com\/wp\/uploads\/2023\/08\/RM9.jpg\" \/>\n\n\n\t<img decoding=\"async\" class=\"ms-thumb\" src=\"https:\/\/cdn.europeangayskiweek.com\/wp\/uploads\/2023\/08\/RM9-127x137.jpg\" alt=\"\" \/>\n\t\t\t\t<\/div>\n\t\t\t<div  class=\"ms-slide\" data-delay=\"3\" data-fill-mode=\"fill\"   >\n\t\t\t\t\t<img decoding=\"async\" src=\"https:\/\/www.europeangayskiweek.com\/wp-content\/plugins\/masterslider\/public\/assets\/css\/blank.gif\" alt=\"\" title=\"RM10\" data-src=\"https:\/\/cdn.europeangayskiweek.com\/wp\/uploads\/2023\/08\/RM10.jpg\" \/>\n\n\n\t<img decoding=\"async\" class=\"ms-thumb\" src=\"https:\/\/cdn.europeangayskiweek.com\/wp\/uploads\/2023\/08\/RM10-127x137.jpg\" alt=\"\" \/>\n\t\t\t\t<\/div>\n\n\t\t\t<\/div>\n\t\t\t<!-- END MasterSlider Main -->\n\n\t\t\t \n\t\t<\/div>\n\t\t<!-- END MasterSlider -->\n\n\t\t<script>\n\t\t( window.MSReady = window.MSReady || [] ).push( function( $ ) {\n\n\t\t\t\"use strict\";\n\t\t\tvar masterslider_939c = new MasterSlider();\n\n\t\t\t\/\/ slider controls\n\t\t\tmasterslider_939c.control('arrows'     ,{ autohide:true, overVideo:true  });\n\t\t\tmasterslider_939c.control('thumblist'  ,{ autohide:false, overVideo:true, dir:'h', speed:17, inset:false, arrows:false, hover:false, customClass:'', align:'bottom',type:'thumbs', margin:5, width:127, height:137, space:5, fillMode:'fill'  });\n\t\t\tmasterslider_939c.control('scrollbar'  ,{ autohide:false, overVideo:true, dir:'h', inset:true, align:'top', color:'#3D3D3D' , margin:10  , width:4 });\n\t\t\t\/\/ slider setup\n\t\t\tmasterslider_939c.setup(\"MS6a992abb0939c\", {\n\t\t\t\twidth           : 800,\n\t\t\t\theight          : 500,\n\t\t\t\tminHeight       : 0,\n\t\t\t\tspace           : 0,\n\t\t\t\tstart           : 1,\n\t\t\t\tgrabCursor      : true,\n\t\t\t\tswipe           : true,\n\t\t\t\tmouse           : true,\n\t\t\t\tkeyboard        : false,\n\t\t\t\tlayout          : \"boxed\",\n\t\t\t\twheel           : false,\n\t\t\t\tautoplay        : true,\n\t\t\t\tinstantStartLayers:false,\n\t\t\t\tloop            : true,\n\t\t\t\tshuffle         : false,\n\t\t\t\tpreload         : 0,\n\t\t\t\theightLimit     : true,\n\t\t\t\tautoHeight      : false,\n\t\t\t\tsmoothHeight    : true,\n\t\t\t\tendPause        : false,\n\t\t\t\toverPause       : true,\n\t\t\t\tfillMode        : \"fill\",\n\t\t\t\tcenterControls  : true,\n\t\t\t\tstartOnAppear   : false,\n\t\t\t\tlayersMode      : \"center\",\n\t\t\t\tautofillTarget  : \"\",\n\t\t\t\thideLayers      : true,\n\t\t\t\tfullscreenMargin: 0,\n\t\t\t\tspeed           : 20,\n\t\t\t\tdir             : \"h\",\n\t\t\t\tparallaxMode    : 'swipe',\n\t\t\t\tview            : \"basic\"\n\t\t\t});\n\n\t\t\t\n\t\t\twindow.masterslider_instances = window.masterslider_instances || [];\n\t\t\twindow.masterslider_instances.push( masterslider_939c );\n\t\t});\n\t\t<\/script>\n\n<\/div>\n<div class=\"kc-elm kc-css-785285 divider_line\">\n\t<div class=\"divider_inner divider_line1\">\n\t\t\t<\/div>\n<\/div>\n<\/div><\/div><div class=\"kc-elm kc-css-350930 kc_col-sm-4 kc_column kc_col-sm-4 accom-sidebar\"><div class=\"kc-col-container\">\n<div class=\"kc-elm kc-css-787320 divider_line\">\n\t<div class=\"divider_inner divider_line2\">\n\t\t<i class=\"sl-home\"><\/i>\t<\/div>\n<\/div>\n<div class=\"kc-elm kc-css-220577 kc_row kc_row_inner\"><div class=\"kc-elm kc-css-756240 kc_col-sm-12 kc_column_inner kc_col-sm-12\"><div class=\"kc_wrapper kc-col-inner-container\"><div class=\"kc-elm kc-css-775254 kc_text_block\"><\/p>\n<h3 style=\"text-align: center;\">Appartements ind\u00e9pendants<\/h3>\n<p>\n<\/div><div class=\"kc-elm kc-css-580864 kc_text_block\"><\/p>\n<h5 style=\"text-align: center;\"><img loading=\"lazy\" decoding=\"async\" class=\"alignnone size-medium\" src=\"https:\/\/cdn.europeangayskiweek.com\/wp\/uploads\/2019\/06\/icons8-star-4-50.png\" alt=\"\" width=\"125\" height=\"25\" \/><\/h5>\n<h5 style=\"text-align: center;\">R\u00e9sidence 4 \u00e9toiles<\/h5>\n<p>\n<\/div><div class=\"kc-elm kc-css-927466\" style=\"height: 20px; clear: both; width:100%;\"><\/div><div class=\"kc-elm kc-css-111337 kc_text_block\"><\/p>\n<h4 style=\"text-align: center;\">Depuis 562,25&nbsp;&euro;\/personne<\/h4>\n<p>\n<\/div><\/div><\/div><\/div>\n<div class=\"kc-elm kc-css-513253 divider_line\">\n\t<div class=\"divider_inner divider_line3\">\n\t\t<span class=\"line_text\">R\u00c9SIDENCES<\/span>\t<\/div>\n<\/div>\n<div class=\"kc-elm kc-css-284602 kc_row kc_row_inner\"><div class=\"kc-elm kc-css-888829 kc_col-sm-6 kc_column_inner kc_col-sm-6\"><div class=\"kc_wrapper kc-col-inner-container\"><div class=\"kc-elm kc-css-562074 kc_box_wrap \"><ul class=\"accom-feature\"><li><img decoding=\"async\" src=\"https:\/\/cdn.europeangayskiweek.com\/wp\/uploads\/2019\/06\/icons8-skiing-filled-50-e1559807697728.png\"\/><\/li><li><p>Skiez \u00e0 l'arriv\u00e9e et au d\u00e9part<\/p><\/li><\/ul><\/div><div class=\"kc-elm kc-css-791015 kc_box_wrap \"><ul class=\"accom-feature\"><li><img decoding=\"async\" src=\"https:\/\/cdn.europeangayskiweek.com\/wp\/uploads\/2019\/06\/icons8-reception-filled-50-e1559807756935.png\"\/><\/li><li><p>R\u00e9ception<\/p><\/li><\/ul><\/div><div class=\"kc-elm kc-css-25195 kc_box_wrap \"><ul class=\"accom-feature\"><li><img decoding=\"async\" src=\"https:\/\/cdn.europeangayskiweek.com\/wp\/uploads\/2019\/06\/icons8-sauna-filled-50-e1559807793954.png\"\/><\/li><li><p>Spa<\/p><\/li><\/ul><\/div><\/div><\/div><div class=\"kc-elm kc-css-77689 kc_col-sm-6 kc_column_inner kc_col-sm-6\"><div class=\"kc_wrapper kc-col-inner-container\"><div class=\"kc-elm kc-css-47773 kc_box_wrap \"><ul class=\"accom-feature\"><li><img decoding=\"async\" src=\"https:\/\/cdn.europeangayskiweek.com\/wp\/uploads\/2019\/06\/icons8-paid-parking-filled-50-e1559807730390.png\"\/><\/li><li><p>Parking souterrain (payant)<\/p><\/li><\/ul><\/div><div class=\"kc-elm kc-css-544523 kc_box_wrap \"><ul class=\"accom-feature\"><li><img decoding=\"async\" src=\"https:\/\/cdn.europeangayskiweek.com\/wp\/uploads\/2019\/06\/icons8-swimming-pool-filled-50-e1559807823327.png\"\/><\/li><li><p>Piscine<\/p><\/li><\/ul><\/div><div class=\"kc-elm kc-css-145895 kc_box_wrap \"><ul class=\"accom-feature\"><li><img decoding=\"async\" src=\"https:\/\/cdn.europeangayskiweek.com\/wp\/uploads\/2019\/06\/icons8-bench-press-filled-50-e1559809769260.png\"\/><\/li><li><p>Aptitude<\/p><\/li><\/ul><\/div><\/div><\/div><\/div>\n<div class=\"kc-elm kc-css-366567 divider_line\">\n\t<div class=\"divider_inner divider_line3\">\n\t\t<span class=\"line_text\">INSTALLATIONS DES APPARTEMENTS<\/span>\t<\/div>\n<\/div>\n<div class=\"kc-elm kc-css-652736 kc_row kc_row_inner\"><div class=\"kc-elm kc-css-902000 kc_col-sm-6 kc_column_inner kc_col-sm-6\"><div class=\"kc_wrapper kc-col-inner-container\"><div class=\"kc-elm kc-css-974468 kc_box_wrap \"><ul class=\"accom-feature\"><li><img decoding=\"async\" src=\"https:\/\/cdn.europeangayskiweek.com\/wp\/uploads\/2019\/06\/icons8-living-room-filled-50-1-e1559808239767.png\"\/><\/li><li><p>Salon<\/p><\/li><\/ul><\/div><div class=\"kc-elm kc-css-468 kc_box_wrap \"><ul class=\"accom-feature\"><li><img decoding=\"async\" src=\"https:\/\/cdn.europeangayskiweek.com\/wp\/uploads\/2019\/06\/icons8-cooker-filled-50-1-e1559808293514.png\"\/><\/li><li><p>Cuisine enti\u00e8rement \u00e9quip\u00e9e<\/p><\/li><\/ul><\/div><div class=\"kc-elm kc-css-123321 kc_box_wrap \"><ul class=\"accom-feature\"><li><img decoding=\"async\" src=\"https:\/\/cdn.europeangayskiweek.com\/wp\/uploads\/2019\/06\/icons8-bathtub-filled-50-1-e1559808317958.png\"\/><\/li><li><p>Salle de bain avec baignoire<\/p><\/li><\/ul><\/div><\/div><\/div><div class=\"kc-elm kc-css-540777 kc_col-sm-6 kc_column_inner kc_col-sm-6\"><div class=\"kc_wrapper kc-col-inner-container\"><div class=\"kc-elm kc-css-883070 kc_box_wrap \"><ul class=\"accom-feature\"><li><img decoding=\"async\" src=\"https:\/\/cdn.europeangayskiweek.com\/wp\/uploads\/2019\/06\/icons8-restaurant-table-filled-50-e1559807985621.png\"\/><\/li><li><p>Coin repas<\/p><\/li><\/ul><\/div><div class=\"kc-elm kc-css-662 kc_box_wrap \"><ul class=\"accom-feature\"><li><img decoding=\"async\" src=\"https:\/\/cdn.europeangayskiweek.com\/wp\/uploads\/2019\/06\/icons8-coffee-maker-filled-50-e1559808018608.png\"\/><\/li><li><p>Cafeti\u00e8re et Bouilloire<\/p><\/li><\/ul><\/div><div class=\"kc-elm kc-css-137802 kc_box_wrap \"><ul class=\"accom-feature\"><li><img decoding=\"async\" src=\"https:\/\/cdn.europeangayskiweek.com\/wp\/uploads\/2019\/06\/icons8-wi-fi-logo-filled-50-e1559807848988.png\"\/><\/li><li><p>Internet Wi-Fi gratuit<\/p><\/li><\/ul><\/div><div class=\"kc-elm kc-css-940322 kc_box_wrap \"><ul class=\"accom-feature\"><li><img decoding=\"async\" src=\"https:\/\/cdn.europeangayskiweek.com\/wp\/uploads\/2019\/06\/icons8-hair-dryer-filled-50-e1559808042316.png\"\/><\/li><li><p>S\u00e8che-cheveux<\/p><\/li><\/ul><\/div><\/div><\/div><\/div>\n<div class=\"kc-elm kc-css-796673 divider_line\">\n\t<div class=\"divider_inner divider_line1\">\n\t\t\t<\/div>\n<\/div>\n<\/div><\/div><\/div><\/div><\/section><section id=\"rooms\" class=\"kc-elm kc-css-194678 kc_row\"><div class=\"kc-row-container  kc-container\"><div class=\"kc-wrap-columns\"><div class=\"kc-elm kc-css-696531 kc_col-sm-12 kc_column kc_col-sm-12\"><div class=\"kc-col-container\"><div data-allowopenall=\"true\" class=\"kc-elm kc-css-806089 kc_accordion_wrapper\">\n    <h3 class=\"kc-accordion-title\">\u00c0 la carte<\/h3>\n<div class=\"kc-elm kc-css-503762 kc_accordion_section group accom-accordion\"><h3 class=\"kc_accordion_header ui-accordion-header\"><span class=\"ui-accordion-header-icon ui-icon\"><\/span><a href=\"#montana-soleil-appartement-1-chambre-2299-e-1-a-3-personnes-environ-32-m%c2%b2\" data-prevent=\"scroll\"><i class=\"sl-home\"><\/i> Montana Soleil : Appartement 1 chambre 2299 \u20ac : 1 \u00e0 3 personnes, environ 32 m\u00b2<\/a><\/h3><div class=\"kc_accordion_content ui-accordion-content kc_clearfix\"><div class=\"kc-panel-body\"><div class=\"kc-elm kc-css-410532 kc_row kc_row_inner\"><div class=\"kc-elm kc-css-353078 kc_col-sm-6 kc_column_inner kc_col-sm-6\"><div class=\"kc_wrapper kc-col-inner-container\"><div class=\"kc-elm kc-css-563407 kc_text_block\"><\/p>\n<h5>Appartement ind\u00e9pendant<\/h5>\n<h6>Capacit\u00e9\u00a0: 3 personnes<br \/>Environ 32 m\u00b2<\/h6>\n<p>\n<\/div><\/div><\/div><div class=\"kc-elm kc-css-206087 kc_col-sm-6 kc_column_inner kc_col-sm-6\"><div class=\"kc_wrapper kc-col-inner-container\">\n<div class=\"kc-elm kc-css-467168 kc-pro-button kc-button-main\">\n\t<a href=\"https:\/\/www.europeangayskiweek.com\/quotes-book-now-2-2\/\" target=\"_blank\">\n\t\t<span class=\"creative_title\">R\u00e9servez maintenant<\/span>\t<\/a>\n<\/div>\n<\/div><\/div><\/div><div class=\"kc-elm kc-css-848297 kc_row kc_row_inner\"><div class=\"kc-elm kc-css-449195 kc_col-of-5 kc_column_inner kc_col-of-5\"><div class=\"kc_wrapper kc-col-inner-container\"><div class=\"kc-elm kc-css-1700 kc_shortcode kc_single_image\">\n\n        <img decoding=\"async\" src=\"https:\/\/cdn.europeangayskiweek.com\/wp\/uploads\/2023\/08\/1-platinium-types-appartement-6-8prest-sejour-200x200.jpg\" class=\"\" alt=\"\" \/>    <\/div>\n<\/div><\/div><div class=\"kc-elm kc-css-969835 kc_col-sm-5 kc_column_inner kc_col-sm-5\"><div class=\"kc_wrapper kc-col-inner-container\"><div class=\"kc-elm kc-css-816234 kc_box_wrap \"><ul class=\"accom-feature\"><li><img decoding=\"async\" src=\"https:\/\/cdn.europeangayskiweek.com\/wp\/uploads\/2019\/06\/icons8-living-room-filled-50-e1559802692509.png\"\/><\/li><li><p><strong>Espace de vie &amp; salle \u00e0 manger<\/strong><\/p><\/li><\/ul><\/div><div class=\"kc-elm kc-css-957880 kc_box_wrap \"><ul class=\"accom-feature\"><li><\/li><li><p>Salon confortable<\/p><p>Espace repas<\/p><p>T\u00e9l\u00e9vision<\/p><p>Balcon priv\u00e9<\/p><p>Canap\u00e9-lit simple<\/p><\/li><\/ul><\/div><div class=\"kc-elm kc-css-999588 kc_box_wrap \"><ul class=\"accom-feature\"><li><img decoding=\"async\" src=\"https:\/\/cdn.europeangayskiweek.com\/wp\/uploads\/2019\/06\/icons8-bed-filled-50-e1559802774153.png\"\/><\/li><li><p><strong>Disposition des couchages<\/strong><\/p><\/li><\/ul><\/div><div class=\"kc-elm kc-css-644600 kc_box_wrap \"><ul class=\"accom-feature\"><li><\/li><li><p><strong>1 Chambre<\/strong><\/p><p>Chambre: 2x lits simples<\/p><p><strong>Espace de vie<\/strong><\/p><p>1x canap\u00e9-lit simple<\/p><\/li><\/ul><\/div><div class=\"kc-elm kc-css-845742 kc_box_wrap \"><ul class=\"accom-feature\"><li><img decoding=\"async\" src=\"https:\/\/cdn.europeangayskiweek.com\/wp\/uploads\/2019\/06\/icons8-bathtub-filled-50-e1559802124795.png\"\/><\/li><li><p><strong>\u00c9quipements de la salle de bains<\/strong><\/p><\/li><\/ul><\/div><div class=\"kc-elm kc-css-120230 kc_box_wrap \"><ul class=\"accom-feature\"><li><\/li><li><p><strong>1 Salle de bains avec baignoire<\/strong><\/p><p>Avec s\u00e8che-cheveux et s\u00e8che-serviettes<\/p><p><strong>1 WC s\u00e9par\u00e9<\/strong><\/p><\/li><\/ul><\/div><div class=\"kc-elm kc-css-242509 kc_box_wrap \"><ul class=\"accom-feature\"><li><img decoding=\"async\" src=\"https:\/\/cdn.europeangayskiweek.com\/wp\/uploads\/2019\/06\/icons8-cooker-filled-50-e1559802811894.png\"\/><\/li><li><p><strong>Cuisine enti\u00e8rement \u00e9quip\u00e9e<\/strong><\/p><\/li><\/ul><\/div><div class=\"kc-elm kc-css-755334 kc_box_wrap \"><ul class=\"accom-feature\"><li><\/li><li><ul><li>Plaque de cuisson<\/li><li>Mini-four<\/li><li>Micro-ondes<\/li><li>R\u00e9frig\u00e9rateur<\/li><li>Lave-vaisselle<\/li><li>Hotte aspirante<\/li><li>Cafeti\u00e8re \u00e9lectique \u00e0 filtre<\/li><li>Grille-pain<\/li><li>Bouilloire<\/li><li>Blender<\/li><li>Gamme compl\u00e8te d'ustensiles de cuisine<\/li><\/ul><\/li><\/ul><\/div><\/div><\/div><div class=\"kc-elm kc-css-280268 kc_col-sm-5 kc_column_inner kc_col-sm-5\"><div class=\"kc_wrapper kc-col-inner-container\"><div class=\"kc-elm kc-css-129656 kc_text_block accom-price-table\">          \n<\/p>\n<table>\n<thead>\n<tr>\n<td>\n<h5>Occupancy 2<\/h5>\n<\/td>\n<td>\n<h5>PRIX PAR PERSONNE<\/h5>\n<\/td>\n<\/tr>\n<\/thead>\n<tbody>\n<tr>\n<td>\n<h5>1 Occupation Simple<\/h5>\n<\/td>\n<td>\n<h6>2&nbsp;299&nbsp;&euro;<\/h6>\n<\/td>\n<\/tr>\n<tr>\n<td>\n<h5>En Partage \u00e0 2<\/h5>\n<\/td>\n<td>\n<h6>1&nbsp;149,50&nbsp;&euro;<\/h6>\n<\/td>\n<\/tr>\n<tr>\n<td>\n<h5>En Partage \u00e0 3<\/h5>\n<\/td>\n<td>\n<h6>766,33&nbsp;&euro;<\/h6>\n<\/td>\n<\/tr>\n<tr>\n<td colspan=\"2\"><em><small>Les prix sont par personne et incluent l\u2019h\u00e9bergement seul 7 nuits. Les prix n\u2019incluent aucune autre option.<\/small><\/em><\/td>\n<\/tr>\n<\/tbody>\n<\/table>\n<div style=\"display:none;\" data-allocation_class=\"egsworangeclass\" data-allocation_text=\"Dernier Dispo\" class=\"allocation-text\">Dernier Dispo<\/div>\n<p><script>jQuery(document).ready(function() {jQuery(\".allocation-text\").each(function() {var allocationText = jQuery(this).text();var accheader = jQuery(this).closest(\".kc_accordion_section\").find(\".kc_accordion_header a\");if (!accheader.hasClass(\"appended\")) {accheader.append(\" - \" + allocationText);accheader.addClass(\"appended\"); var allocationclass= jQuery(this).data(\"allocation_class\");accheader.addClass(allocationclass);}});});<\/script>   <\/p>\n<style>    h3.kc_accordion_header.ui-accordion-header a.egswgrayclass {        background-color: #D7D7D7;     }     h3.kc_accordion_header.ui-accordion-header a.egsworangeclass {         background-color: #cf5e25;     }     h3.kc_accordion_header.ui-accordion-header a.egswredclass {         background-color: #c73131;     }<\/style>\n<p>\n<\/div><div class=\"kc-elm kc-css-208228\" style=\"height: 20px; clear: both; width:100%;\"><\/div><\/div><\/div><\/div><\/div><\/div><\/div><div class=\"kc-elm kc-css-547815 kc_accordion_section group accom-accordion\"><h3 class=\"kc_accordion_header ui-accordion-header\"><span class=\"ui-accordion-header-icon ui-icon\"><\/span><a href=\"#montana-soleil-appartement-2-chambres-2899-e-1-a-4-personnes-environ-45-m%c2%b2\" data-prevent=\"scroll\"><i class=\"sl-home\"><\/i> Montana Soleil : Appartement 2 chambres 2899 \u20ac : 1 \u00e0 4 personnes, environ 45 m\u00b2<\/a><\/h3><div class=\"kc_accordion_content ui-accordion-content kc_clearfix\"><div class=\"kc-panel-body\"><div class=\"kc-elm kc-css-883579 kc_row kc_row_inner\"><div class=\"kc-elm kc-css-167304 kc_col-sm-6 kc_column_inner kc_col-sm-6\"><div class=\"kc_wrapper kc-col-inner-container\"><div class=\"kc-elm kc-css-121677 kc_text_block\"><\/p>\n<h5>Appartement ind\u00e9pendant<\/h5>\n<h6>Capacit\u00e9\u00a0: 4 personnes<br \/>Environ 45\u00a0m\u00b2<\/h6>\n<p>\n<\/div><\/div><\/div><div class=\"kc-elm kc-css-444399 kc_col-sm-6 kc_column_inner kc_col-sm-6\"><div class=\"kc_wrapper kc-col-inner-container\">\n<div class=\"kc-elm kc-css-469503 kc-pro-button kc-button-main\">\n\t<a href=\"https:\/\/www.europeangayskiweek.com\/quotes-book-now-2-2\/\" target=\"_blank\">\n\t\t<span class=\"creative_title\">R\u00e9servez maintenant<\/span>\t<\/a>\n<\/div>\n<\/div><\/div><\/div><div class=\"kc-elm kc-css-212204 kc_row kc_row_inner\"><div class=\"kc-elm kc-css-154913 kc_col-of-5 kc_column_inner kc_col-of-5\"><div class=\"kc_wrapper kc-col-inner-container\"><div class=\"kc-elm kc-css-189301 kc_shortcode kc_single_image\">\n\n        <img decoding=\"async\" src=\"https:\/\/cdn.europeangayskiweek.com\/wp\/uploads\/2023\/08\/1-platinium-types-appartement-6-8prest-sejour-200x200.jpg\" class=\"\" alt=\"\" \/>    <\/div>\n<\/div><\/div><div class=\"kc-elm kc-css-855935 kc_col-sm-5 kc_column_inner kc_col-sm-5\"><div class=\"kc_wrapper kc-col-inner-container\"><div class=\"kc-elm kc-css-899415 kc_box_wrap \"><ul class=\"accom-feature\"><li><img decoding=\"async\" src=\"https:\/\/cdn.europeangayskiweek.com\/wp\/uploads\/2019\/06\/icons8-living-room-filled-50-e1559802692509.png\"\/><\/li><li><p><strong>Espace de vie &amp; salle \u00e0 manger<\/strong><\/p><\/li><\/ul><\/div><div class=\"kc-elm kc-css-642943 kc_box_wrap \"><ul class=\"accom-feature\"><li><\/li><li><p>Salon confortable<\/p><p>Espace repas<\/p><p>T\u00e9l\u00e9vision<\/p><p>Balcon priv\u00e9<\/p><\/li><\/ul><\/div><div class=\"kc-elm kc-css-909370 kc_box_wrap \"><ul class=\"accom-feature\"><li><img decoding=\"async\" src=\"https:\/\/cdn.europeangayskiweek.com\/wp\/uploads\/2019\/06\/icons8-bed-filled-50-e1559802774153.png\"\/><\/li><li><p><strong>Disposition des couchages<\/strong><\/p><\/li><\/ul><\/div><div class=\"kc-elm kc-css-990878 kc_box_wrap \"><ul class=\"accom-feature\"><li><\/li><li><p><strong>2 Chambres<\/strong><\/p><p>Chambre 1-2: 2x lits simples<\/p><\/li><\/ul><\/div><div class=\"kc-elm kc-css-281089 kc_box_wrap \"><ul class=\"accom-feature\"><li><img decoding=\"async\" src=\"https:\/\/cdn.europeangayskiweek.com\/wp\/uploads\/2019\/06\/icons8-bathtub-filled-50-e1559802124795.png\"\/><\/li><li><p><strong>\u00c9quipements de la salle de bains<\/strong><\/p><\/li><\/ul><\/div><div class=\"kc-elm kc-css-680751 kc_box_wrap \"><ul class=\"accom-feature\"><li><\/li><li><p><strong>1 Salle de bains avec baignoire<\/strong><\/p><p>Avec s\u00e8che-cheveux et s\u00e8che-serviettes<\/p><p><strong>1 WC s\u00e9par\u00e9<\/strong><\/p><\/li><\/ul><\/div><div class=\"kc-elm kc-css-768331 kc_box_wrap \"><ul class=\"accom-feature\"><li><img decoding=\"async\" src=\"https:\/\/cdn.europeangayskiweek.com\/wp\/uploads\/2019\/06\/icons8-cooker-filled-50-e1559802811894.png\"\/><\/li><li><p><strong>Cuisine enti\u00e8rement \u00e9quip\u00e9e<\/strong><\/p><\/li><\/ul><\/div><div class=\"kc-elm kc-css-265748 kc_box_wrap \"><ul class=\"accom-feature\"><li><\/li><li><ul><li>Plaque de cuisson<\/li><li>Mini-four<\/li><li>Micro-ondes<\/li><li>R\u00e9frig\u00e9rateur<\/li><li>Lave-vaisselle<\/li><li>Hotte aspirante<\/li><li>Cafeti\u00e8re \u00e9lectique \u00e0 filtre<\/li><li>Grille-pain<\/li><li>Bouilloire<\/li><li>Blender<\/li><li>Gamme compl\u00e8te d'ustensiles de cuisine<\/li><\/ul><\/li><\/ul><\/div><\/div><\/div><div class=\"kc-elm kc-css-347337 kc_col-sm-5 kc_column_inner kc_col-sm-5\"><div class=\"kc_wrapper kc-col-inner-container\"><div class=\"kc-elm kc-css-349085 kc_text_block accom-price-table\">          \n<\/p>\n<table>\n<thead>\n<tr>\n<td>\n<h5>Occupancy 2<\/h5>\n<\/td>\n<td>\n<h5>PRIX PAR PERSONNE<\/h5>\n<\/td>\n<\/tr>\n<\/thead>\n<tbody>\n<tr>\n<td>\n<h5>En Occupation Simple<\/h5>\n<\/td>\n<td>\n<h6>2&nbsp;899&nbsp;&euro;<\/h6>\n<\/td>\n<\/tr>\n<tr>\n<td>\n<h5>En Partage \u00e0 2<\/h5>\n<\/td>\n<td>\n<h6>1&nbsp;449,50&nbsp;&euro;<\/h6>\n<\/td>\n<\/tr>\n<tr>\n<td>\n<h5>En Partage \u00e0 3<\/h5>\n<\/td>\n<td>\n<h6>966,33&nbsp;&euro;<\/h6>\n<\/td>\n<\/tr>\n<tr>\n<td>\n<h5>En Partage \u00e0 4<\/h5>\n<\/td>\n<td>\n<h6>724,75&nbsp;&euro;<\/h6>\n<\/td>\n<\/tr>\n<tr>\n<td colspan=\"2\"><em><small>Les prix sont par personne et incluent l\u2019h\u00e9bergement seul 7 nuits. Les prix n\u2019incluent aucune autre option.<\/small><\/em><\/td>\n<\/tr>\n<\/tbody>\n<\/table>\n<div style=\"display:none;\" data-allocation_class=\"\" data-allocation_text=\"Disponible\" class=\"allocation-text\">Disponible<\/div>\n<p><script>jQuery(document).ready(function() {jQuery(\".allocation-text\").each(function() {var allocationText = jQuery(this).text();var accheader = jQuery(this).closest(\".kc_accordion_section\").find(\".kc_accordion_header a\");if (!accheader.hasClass(\"appended\")) {accheader.append(\" - \" + allocationText);accheader.addClass(\"appended\"); var allocationclass= jQuery(this).data(\"allocation_class\");accheader.addClass(allocationclass);}});});<\/script>   <\/p>\n<style>    h3.kc_accordion_header.ui-accordion-header a.egswgrayclass {        background-color: #D7D7D7;     }     h3.kc_accordion_header.ui-accordion-header a.egsworangeclass {         background-color: #cf5e25;     }     h3.kc_accordion_header.ui-accordion-header a.egswredclass {         background-color: #c73131;     }<\/style>\n<p>\n<\/div><div class=\"kc-elm kc-css-184680\" style=\"height: 20px; clear: both; width:100%;\"><\/div><\/div><\/div><\/div><\/div><\/div><\/div><div class=\"kc-elm kc-css-759142 kc_accordion_section group accom-accordion\"><h3 class=\"kc_accordion_header ui-accordion-header\"><span class=\"ui-accordion-header-icon ui-icon\"><\/span><a href=\"#montana-soleil-appartement-2-chambres-avec-cabine-3699-e-1-a-6-personnes-environ-49-m%c2%b2\" data-prevent=\"scroll\"><i class=\"sl-home\"><\/i> Montana Soleil : Appartement 2 chambres avec cabine 3699 \u20ac : 1 \u00e0 6 personnes, environ 49 m\u00b2<\/a><\/h3><div class=\"kc_accordion_content ui-accordion-content kc_clearfix\"><div class=\"kc-panel-body\"><div class=\"kc-elm kc-css-32821 kc_row kc_row_inner\"><div class=\"kc-elm kc-css-834313 kc_col-sm-6 kc_column_inner kc_col-sm-6\"><div class=\"kc_wrapper kc-col-inner-container\"><div class=\"kc-elm kc-css-162716 kc_text_block\"><\/p>\n<h5>Appartement ind\u00e9pendant<\/h5>\n<h6>Capacit\u00e9\u00a0: 6 personnes<br \/>Environ 49\u00a0m\u00b2<\/h6>\n<p>\n<\/div><\/div><\/div><div class=\"kc-elm kc-css-962171 kc_col-sm-6 kc_column_inner kc_col-sm-6\"><div class=\"kc_wrapper kc-col-inner-container\">\n<div class=\"kc-elm kc-css-61784 kc-pro-button kc-button-main\">\n\t<a href=\"https:\/\/www.europeangayskiweek.com\/quotes-book-now-2-2\/\" target=\"_blank\">\n\t\t<span class=\"creative_title\">R\u00e9servez maintenant<\/span>\t<\/a>\n<\/div>\n<\/div><\/div><\/div><div class=\"kc-elm kc-css-438950 kc_row kc_row_inner\"><div class=\"kc-elm kc-css-165250 kc_col-of-5 kc_column_inner kc_col-of-5\"><div class=\"kc_wrapper kc-col-inner-container\"><div class=\"kc-elm kc-css-776766 kc_shortcode kc_single_image\">\n\n        <img decoding=\"async\" src=\"https:\/\/cdn.europeangayskiweek.com\/wp\/uploads\/2023\/08\/1-platinium-types-appartement-6-8prest-sejour-200x200.jpg\" class=\"\" alt=\"\" \/>    <\/div>\n<\/div><\/div><div class=\"kc-elm kc-css-220823 kc_col-sm-5 kc_column_inner kc_col-sm-5\"><div class=\"kc_wrapper kc-col-inner-container\"><div class=\"kc-elm kc-css-733861 kc_box_wrap \"><ul class=\"accom-feature\"><li><img decoding=\"async\" src=\"https:\/\/cdn.europeangayskiweek.com\/wp\/uploads\/2019\/06\/icons8-living-room-filled-50-e1559802692509.png\"\/><\/li><li><p><strong>Espace de vie &amp; salle \u00e0 manger<\/strong><\/p><\/li><\/ul><\/div><div class=\"kc-elm kc-css-845348 kc_box_wrap \"><ul class=\"accom-feature\"><li><\/li><li><p>Salon confortable<\/p><p>Espace repas<\/p><p>T\u00e9l\u00e9vision<\/p><p>Balcon priv\u00e9<\/p><\/li><\/ul><\/div><div class=\"kc-elm kc-css-993597 kc_box_wrap \"><ul class=\"accom-feature\"><li><img decoding=\"async\" src=\"https:\/\/cdn.europeangayskiweek.com\/wp\/uploads\/2019\/06\/icons8-bed-filled-50-e1559802774153.png\"\/><\/li><li><p><strong>Disposition des couchages<\/strong><\/p><\/li><\/ul><\/div><div class=\"kc-elm kc-css-441616 kc_box_wrap \"><ul class=\"accom-feature\"><li><\/li><li><p><strong>2 Chambres<\/strong><\/p><p>Chambre 1: Lit double<br>Chambre 2: 2x lits simples<\/p><p><strong>Cabine<\/strong><\/p><p>1x Lits superpos\u00e9s<\/p><\/li><\/ul><\/div><div class=\"kc-elm kc-css-412474 kc_box_wrap \"><ul class=\"accom-feature\"><li><img decoding=\"async\" src=\"https:\/\/cdn.europeangayskiweek.com\/wp\/uploads\/2019\/06\/icons8-bathtub-filled-50-e1559802124795.png\"\/><\/li><li><p><strong>\u00c9quipements de la salle de bains<\/strong><\/p><\/li><\/ul><\/div><div class=\"kc-elm kc-css-213441 kc_box_wrap \"><ul class=\"accom-feature\"><li><\/li><li><p><strong>1 Salle de bains avec baignoire<\/strong><\/p><p>Avec s\u00e8che-cheveux et s\u00e8che-serviettes<\/p><p><strong>1 Salle de douche<\/strong><\/p><p><strong>1 WC s\u00e9par\u00e9<\/strong><\/p><\/li><\/ul><\/div><div class=\"kc-elm kc-css-92394 kc_box_wrap \"><ul class=\"accom-feature\"><li><img decoding=\"async\" src=\"https:\/\/cdn.europeangayskiweek.com\/wp\/uploads\/2019\/06\/icons8-cooker-filled-50-e1559802811894.png\"\/><\/li><li><p><strong>Cuisine enti\u00e8rement \u00e9quip\u00e9e<\/strong><\/p><\/li><\/ul><\/div><div class=\"kc-elm kc-css-2832 kc_box_wrap \"><ul class=\"accom-feature\"><li><\/li><li><ul><li>Plaque de cuisson<\/li><li>Mini-four<\/li><li>Micro-ondes<\/li><li>R\u00e9frig\u00e9rateur<\/li><li>Lave-vaisselle<\/li><li>Hotte aspirante<\/li><li>Cafeti\u00e8re \u00e9lectique \u00e0 filtre<\/li><li>Grille-pain<\/li><li>Bouilloire<\/li><li>Blender<\/li><li>Gamme compl\u00e8te d'ustensiles de cuisine<\/li><\/ul><\/li><\/ul><\/div><\/div><\/div><div class=\"kc-elm kc-css-234870 kc_col-sm-5 kc_column_inner kc_col-sm-5\"><div class=\"kc_wrapper kc-col-inner-container\"><div class=\"kc-elm kc-css-553423 kc_text_block accom-price-table\">          \n<\/p>\n<table>\n<thead>\n<tr>\n<td>\n<h5>Occupancy 2<\/h5>\n<\/td>\n<td>\n<h5>PRIX PAR PERSONNE<\/h5>\n<\/td>\n<\/tr>\n<\/thead>\n<tbody>\n<tr>\n<td>\n<h5>1 Occupation Simple<\/h5>\n<\/td>\n<td>\n<h6>3&nbsp;699&nbsp;&euro;<\/h6>\n<\/td>\n<\/tr>\n<tr>\n<td>\n<h5>En Partage \u00e0 2<\/h5>\n<\/td>\n<td>\n<h6>1&nbsp;849,50&nbsp;&euro;<\/h6>\n<\/td>\n<\/tr>\n<tr>\n<td>\n<h5>En partage \u00e0 3<\/h5>\n<\/td>\n<td>\n<h6>1&nbsp;233&nbsp;&euro;<\/h6>\n<\/td>\n<\/tr>\n<tr>\n<td>\n<h5>En Partage \u00e0 4<\/h5>\n<\/td>\n<td>\n<h6>924,75&nbsp;&euro;<\/h6>\n<\/td>\n<\/tr>\n<tr>\n<td>\n<h5>En Partage \u00e0 5<\/h5>\n<\/td>\n<td>\n<h6>739,80&nbsp;&euro;<\/h6>\n<\/td>\n<\/tr>\n<tr>\n<td>\n<h5>En Partage \u00e0 6<\/h5>\n<\/td>\n<td>\n<h6>616,50&nbsp;&euro;<\/h6>\n<\/td>\n<\/tr>\n<tr>\n<td colspan=\"2\"><em><small>Les prix sont par personne et incluent l\u2019h\u00e9bergement seul 7 nuits. Les prix n\u2019incluent aucune autre option.<\/small><\/em><\/td>\n<\/tr>\n<\/tbody>\n<\/table>\n<div style=\"display:none;\" data-allocation_class=\"egsworangeclass\" data-allocation_text=\"3 Disponibles\" class=\"allocation-text\">3 Disponibles<\/div>\n<p><script>jQuery(document).ready(function() {jQuery(\".allocation-text\").each(function() {var allocationText = jQuery(this).text();var accheader = jQuery(this).closest(\".kc_accordion_section\").find(\".kc_accordion_header a\");if (!accheader.hasClass(\"appended\")) {accheader.append(\" - \" + allocationText);accheader.addClass(\"appended\"); var allocationclass= jQuery(this).data(\"allocation_class\");accheader.addClass(allocationclass);}});});<\/script>   <\/p>\n<style>    h3.kc_accordion_header.ui-accordion-header a.egswgrayclass {        background-color: #D7D7D7;     }     h3.kc_accordion_header.ui-accordion-header a.egsworangeclass {         background-color: #cf5e25;     }     h3.kc_accordion_header.ui-accordion-header a.egswredclass {         background-color: #c73131;     }<\/style>\n<p>\n<\/div><div class=\"kc-elm kc-css-598155\" style=\"height: 20px; clear: both; width:100%;\"><\/div><\/div><\/div><\/div><\/div><\/div><\/div><div class=\"kc-elm kc-css-658220 kc_accordion_section group accom-accordion\"><h3 class=\"kc_accordion_header ui-accordion-header\"><span class=\"ui-accordion-header-icon ui-icon\"><\/span><a href=\"#montana-soleil-appartement-3-chambres-4199-e-1-a-6-personnes-environ-66-m%c2%b2\" data-prevent=\"scroll\"><i class=\"sl-home\"><\/i> Montana Soleil : Appartement 3 chambres 4199 \u20ac : 1 \u00e0 6 personnes, environ 66 m\u00b2<\/a><\/h3><div class=\"kc_accordion_content ui-accordion-content kc_clearfix\"><div class=\"kc-panel-body\"><div class=\"kc-elm kc-css-47442 kc_row kc_row_inner\"><div class=\"kc-elm kc-css-913529 kc_col-sm-6 kc_column_inner kc_col-sm-6\"><div class=\"kc_wrapper kc-col-inner-container\"><div class=\"kc-elm kc-css-449756 kc_text_block\"><\/p>\n<h5>Appartement ind\u00e9pendant<\/h5>\n<h6>Capacit\u00e9\u00a0: 6 personnes<br \/>Environ 66\u00a0m\u00b2<\/h6>\n<p>\n<\/div><\/div><\/div><div class=\"kc-elm kc-css-429160 kc_col-sm-6 kc_column_inner kc_col-sm-6\"><div class=\"kc_wrapper kc-col-inner-container\">\n<div class=\"kc-elm kc-css-650549 kc-pro-button kc-button-main\">\n\t<a href=\"https:\/\/www.europeangayskiweek.com\/quotes-book-now-2-2\/\" target=\"_blank\">\n\t\t<span class=\"creative_title\">R\u00e9servez maintenant<\/span>\t<\/a>\n<\/div>\n<\/div><\/div><\/div><div class=\"kc-elm kc-css-466048 kc_row kc_row_inner\"><div class=\"kc-elm kc-css-445051 kc_col-of-5 kc_column_inner kc_col-of-5\"><div class=\"kc_wrapper kc-col-inner-container\"><div class=\"kc-elm kc-css-323402 kc_shortcode kc_single_image\">\n\n        <img decoding=\"async\" src=\"https:\/\/cdn.europeangayskiweek.com\/wp\/uploads\/2023\/08\/1-platinium-types-appartement-6-8prest-sejour-200x200.jpg\" class=\"\" alt=\"\" \/>    <\/div>\n<\/div><\/div><div class=\"kc-elm kc-css-888792 kc_col-sm-5 kc_column_inner kc_col-sm-5\"><div class=\"kc_wrapper kc-col-inner-container\"><div class=\"kc-elm kc-css-685791 kc_box_wrap \"><ul class=\"accom-feature\"><li><img decoding=\"async\" src=\"https:\/\/cdn.europeangayskiweek.com\/wp\/uploads\/2019\/06\/icons8-living-room-filled-50-e1559802692509.png\"\/><\/li><li><p><strong>Espace de vie &amp; salle \u00e0 manger<\/strong><\/p><\/li><\/ul><\/div><div class=\"kc-elm kc-css-527550 kc_box_wrap \"><ul class=\"accom-feature\"><li><\/li><li><p>Salon confortable<\/p><p>Espace repas<\/p><p>T\u00e9l\u00e9vision<\/p><p>Balcon priv\u00e9<\/p><\/li><\/ul><\/div><div class=\"kc-elm kc-css-422554 kc_box_wrap \"><ul class=\"accom-feature\"><li><img decoding=\"async\" src=\"https:\/\/cdn.europeangayskiweek.com\/wp\/uploads\/2019\/06\/icons8-bed-filled-50-e1559802774153.png\"\/><\/li><li><p><strong>Disposition des couchages<\/strong><\/p><\/li><\/ul><\/div><div class=\"kc-elm kc-css-343221 kc_box_wrap \"><ul class=\"accom-feature\"><li><\/li><li><p><strong>3 Chambres<\/strong><\/p><p>Chambre 1: Lit double<br>Chambre 2: 2x lits simples<br>Chambre 3: 1x Lits superpos\u00e9s<\/p><\/li><\/ul><\/div><div class=\"kc-elm kc-css-649310 kc_box_wrap \"><ul class=\"accom-feature\"><li><img decoding=\"async\" src=\"https:\/\/cdn.europeangayskiweek.com\/wp\/uploads\/2019\/06\/icons8-bathtub-filled-50-e1559802124795.png\"\/><\/li><li><p><strong>\u00c9quipements de la salle de bains<\/strong><\/p><\/li><\/ul><\/div><div class=\"kc-elm kc-css-299124 kc_box_wrap \"><ul class=\"accom-feature\"><li><\/li><li><p><strong>2 Salle de bains&nbsp;<br>avec baignoire ou douche<\/strong><\/p><p>Avec s\u00e8che-cheveux et s\u00e8che-serviettes<br>une salle de bains avec WC<\/p><p><strong>1 WC s\u00e9par\u00e9<\/strong><\/p><\/li><\/ul><\/div><div class=\"kc-elm kc-css-934545 kc_box_wrap \"><ul class=\"accom-feature\"><li><img decoding=\"async\" src=\"https:\/\/cdn.europeangayskiweek.com\/wp\/uploads\/2019\/06\/icons8-cooker-filled-50-e1559802811894.png\"\/><\/li><li><p><strong>Cuisine enti\u00e8rement \u00e9quip\u00e9e<\/strong><\/p><\/li><\/ul><\/div><div class=\"kc-elm kc-css-783201 kc_box_wrap \"><ul class=\"accom-feature\"><li><\/li><li><ul><li>Plaque de cuisson<\/li><li>Mini-four<\/li><li>Micro-ondes<\/li><li>R\u00e9frig\u00e9rateur<\/li><li>Lave-vaisselle<\/li><li>Hotte aspirante<\/li><li>Cafeti\u00e8re \u00e9lectique \u00e0 filtre<\/li><li>Grille-pain<\/li><li>Bouilloire<\/li><li>Blender<\/li><li>Gamme compl\u00e8te d'ustensiles de cuisine<\/li><\/ul><\/li><\/ul><\/div><\/div><\/div><div class=\"kc-elm kc-css-629028 kc_col-sm-5 kc_column_inner kc_col-sm-5\"><div class=\"kc_wrapper kc-col-inner-container\"><div class=\"kc-elm kc-css-531661 kc_text_block accom-price-table\">          \n<\/p>\n<table>\n<thead>\n<tr>\n<td>\n<h5>Occupancy 2<\/h5>\n<\/td>\n<td>\n<h5>PRIX PAR PERSONNE<\/h5>\n<\/td>\n<\/tr>\n<\/thead>\n<tbody>\n<tr>\n<td>\n<h5>En Occupation Simple<\/h5>\n<\/td>\n<td>\n<h6>4&nbsp;199&nbsp;&euro;<\/h6>\n<\/td>\n<\/tr>\n<tr>\n<td>\n<h5>En Partage \u00e0 2<\/h5>\n<\/td>\n<td>\n<h6>2&nbsp;099,50&nbsp;&euro;<\/h6>\n<\/td>\n<\/tr>\n<tr>\n<td>\n<h5>En Partage \u00e0 3<\/h5>\n<\/td>\n<td>\n<h6>1&nbsp;399,67&nbsp;&euro;<\/h6>\n<\/td>\n<\/tr>\n<tr>\n<td>\n<h5>En partage \u00e0 4<\/h5>\n<\/td>\n<td>\n<h6>1&nbsp;049,75&nbsp;&euro;<\/h6>\n<\/td>\n<\/tr>\n<tr>\n<td>\n<h5>En partage \u00e0 5<\/h5>\n<\/td>\n<td>\n<h6>839,80&nbsp;&euro;<\/h6>\n<\/td>\n<\/tr>\n<tr>\n<td>\n<h5>En partage \u00e0 6<\/h5>\n<\/td>\n<td>\n<h6>699,83&nbsp;&euro;<\/h6>\n<\/td>\n<\/tr>\n<tr>\n<td colspan=\"2\"><em><small>Les prix sont par personne et incluent l\u2019h\u00e9bergement seul 7 nuits. Les prix n\u2019incluent aucune autre option.<\/small><\/em><\/td>\n<\/tr>\n<\/tbody>\n<\/table>\n<div style=\"display:none;\" data-allocation_class=\"egsworangeclass\" data-allocation_text=\"Dernier Dispo\" class=\"allocation-text\">Dernier Dispo<\/div>\n<p><script>jQuery(document).ready(function() {jQuery(\".allocation-text\").each(function() {var allocationText = jQuery(this).text();var accheader = jQuery(this).closest(\".kc_accordion_section\").find(\".kc_accordion_header a\");if (!accheader.hasClass(\"appended\")) {accheader.append(\" - \" + allocationText);accheader.addClass(\"appended\"); var allocationclass= jQuery(this).data(\"allocation_class\");accheader.addClass(allocationclass);}});});<\/script>   <\/p>\n<style>    h3.kc_accordion_header.ui-accordion-header a.egswgrayclass {        background-color: #D7D7D7;     }     h3.kc_accordion_header.ui-accordion-header a.egsworangeclass {         background-color: #cf5e25;     }     h3.kc_accordion_header.ui-accordion-header a.egswredclass {         background-color: #c73131;     }<\/style>\n<p>\n<\/div><div class=\"kc-elm kc-css-492806\" style=\"height: 20px; clear: both; width:100%;\"><\/div><\/div><\/div><\/div><\/div><\/div><\/div><div class=\"kc-elm kc-css-828720 kc_accordion_section group accom-accordion\"><h3 class=\"kc_accordion_header ui-accordion-header\"><span class=\"ui-accordion-header-icon ui-icon\"><\/span><a href=\"#montana-soleil-appartement-3-chambres-avec-cheminee-4499-e-1-a-6-personnes-environ-66-m%c2%b2\" data-prevent=\"scroll\"><i class=\"sl-home\"><\/i> Montana Soleil : Appartement 3 chambres Avec chemin\u00e9e 4499 \u20ac - 1 \u00e0 6 personnes, environ 66 m\u00b2<\/a><\/h3><div class=\"kc_accordion_content ui-accordion-content kc_clearfix\"><div class=\"kc-panel-body\"><div class=\"kc-elm kc-css-214950 kc_row kc_row_inner\"><div class=\"kc-elm kc-css-39748 kc_col-sm-6 kc_column_inner kc_col-sm-6\"><div class=\"kc_wrapper kc-col-inner-container\"><div class=\"kc-elm kc-css-630550 kc_text_block\"><\/p>\n<h5>Appartement ind\u00e9pendant<\/h5>\n<h6>Capacit\u00e9\u00a0: 6 personnes<br \/>Environ 66\u00a0m\u00b2<\/h6>\n<p>\n<\/div><\/div><\/div><div class=\"kc-elm kc-css-377506 kc_col-sm-6 kc_column_inner kc_col-sm-6\"><div class=\"kc_wrapper kc-col-inner-container\">\n<div class=\"kc-elm kc-css-808561 kc-pro-button kc-button-main\">\n\t<a href=\"https:\/\/www.europeangayskiweek.com\/quotes-book-now-2-2\/\" target=\"_blank\">\n\t\t<span class=\"creative_title\">R\u00e9servez maintenant<\/span>\t<\/a>\n<\/div>\n<\/div><\/div><\/div><div class=\"kc-elm kc-css-560282 kc_row kc_row_inner\"><div class=\"kc-elm kc-css-794327 kc_col-of-5 kc_column_inner kc_col-of-5\"><div class=\"kc_wrapper kc-col-inner-container\"><div class=\"kc-elm kc-css-289784 kc_shortcode kc_single_image\">\n\n        <img decoding=\"async\" src=\"https:\/\/cdn.europeangayskiweek.com\/wp\/uploads\/2023\/08\/1-platinium-types-appartement-6-8prest-sejour-200x200.jpg\" class=\"\" alt=\"\" \/>    <\/div>\n<\/div><\/div><div class=\"kc-elm kc-css-456293 kc_col-sm-5 kc_column_inner kc_col-sm-5\"><div class=\"kc_wrapper kc-col-inner-container\"><div class=\"kc-elm kc-css-721849 kc_box_wrap \"><ul class=\"accom-feature\"><li><img decoding=\"async\" src=\"https:\/\/cdn.europeangayskiweek.com\/wp\/uploads\/2019\/06\/icons8-living-room-filled-50-e1559802692509.png\"\/><\/li><li><p><strong>Espace de vie &amp; salle \u00e0 manger<\/strong><\/p><\/li><\/ul><\/div><div class=\"kc-elm kc-css-294104 kc_box_wrap \"><ul class=\"accom-feature\"><li><\/li><li><p>Salon confortable<\/p><p>Chemin\u00e9e<\/p><p>Espace repas<\/p><p>T\u00e9l\u00e9vision<\/p><p>Balcon priv\u00e9<\/p><\/li><\/ul><\/div><div class=\"kc-elm kc-css-437652 kc_box_wrap \"><ul class=\"accom-feature\"><li><img decoding=\"async\" src=\"https:\/\/cdn.europeangayskiweek.com\/wp\/uploads\/2019\/06\/icons8-bed-filled-50-e1559802774153.png\"\/><\/li><li><p><strong>Disposition des couchages<\/strong><\/p><\/li><\/ul><\/div><div class=\"kc-elm kc-css-227877 kc_box_wrap \"><ul class=\"accom-feature\"><li><\/li><li><p><strong>3 Chambres<\/strong><\/p><p>Chambre 1: Lit double<br>Chambre 2: 2x lits simples<br>Chambre 3: 1x Lits superpos\u00e9s<\/p><\/li><\/ul><\/div><div class=\"kc-elm kc-css-187027 kc_box_wrap \"><ul class=\"accom-feature\"><li><img decoding=\"async\" src=\"https:\/\/cdn.europeangayskiweek.com\/wp\/uploads\/2019\/06\/icons8-bathtub-filled-50-e1559802124795.png\"\/><\/li><li><p><strong>\u00c9quipements de la salle de bains<\/strong><\/p><\/li><\/ul><\/div><div class=\"kc-elm kc-css-247245 kc_box_wrap \"><ul class=\"accom-feature\"><li><\/li><li><p><strong>1 Salle de bains&nbsp; avec baignoire<\/strong><\/p><p>Avec s\u00e8che-cheveux et s\u00e8che-serviettes<br>une salle de bains avec WC<\/p><p><strong>1 Salle de bains&nbsp; avec douche<\/strong><\/p><p>Avec s\u00e8che-cheveux et s\u00e8che-serviettes<br>une salle de bains avec WC<\/p><p><strong>0 WC s\u00e9par\u00e9<\/strong><\/p><\/li><\/ul><\/div><div class=\"kc-elm kc-css-849399 kc_box_wrap \"><ul class=\"accom-feature\"><li><img decoding=\"async\" src=\"https:\/\/cdn.europeangayskiweek.com\/wp\/uploads\/2019\/06\/icons8-cooker-filled-50-e1559802811894.png\"\/><\/li><li><p><strong>Cuisine enti\u00e8rement \u00e9quip\u00e9e<\/strong><\/p><\/li><\/ul><\/div><div class=\"kc-elm kc-css-208053 kc_box_wrap \"><ul class=\"accom-feature\"><li><\/li><li><ul><li>Plaque de cuisson<\/li><li>Mini-four<\/li><li>Micro-ondes<\/li><li>R\u00e9frig\u00e9rateur<\/li><li>Lave-vaisselle<\/li><li>Hotte aspirante<\/li><li>Cafeti\u00e8re \u00e9lectique \u00e0 filtre<\/li><li>Grille-pain<\/li><li>Bouilloire<\/li><li>Blender<\/li><li>Gamme compl\u00e8te d'ustensiles de cuisine<\/li><\/ul><\/li><\/ul><\/div><\/div><\/div><div class=\"kc-elm kc-css-615274 kc_col-sm-5 kc_column_inner kc_col-sm-5\"><div class=\"kc_wrapper kc-col-inner-container\"><div class=\"kc-elm kc-css-403673 kc_text_block accom-price-table\">          \n<\/p>\n<table>\n<thead>\n<tr>\n<td>\n<h5>Occupancy 2<\/h5>\n<\/td>\n<td>\n<h5>PRIX PAR PERSONNE<\/h5>\n<\/td>\n<\/tr>\n<\/thead>\n<tbody>\n<tr>\n<td>\n<h5>1 - Occupation Simple<\/h5>\n<\/td>\n<td>\n<h6>4&nbsp;499&nbsp;&euro;<\/h6>\n<\/td>\n<\/tr>\n<tr>\n<td>\n<h5>En Partage \u00e0 2<\/h5>\n<\/td>\n<td>\n<h6>2&nbsp;249,50&nbsp;&euro;<\/h6>\n<\/td>\n<\/tr>\n<tr>\n<td>\n<h5>En partage \u00e0 3<\/h5>\n<\/td>\n<td>\n<h6>1&nbsp;499,67&nbsp;&euro;<\/h6>\n<\/td>\n<\/tr>\n<tr>\n<td>\n<h5>En Partage \u00e0 4<\/h5>\n<\/td>\n<td>\n<h6>1&nbsp;124,75&nbsp;&euro;<\/h6>\n<\/td>\n<\/tr>\n<tr>\n<td>\n<h5>En Partage \u00e0 5<\/h5>\n<\/td>\n<td>\n<h6>899,80&nbsp;&euro;<\/h6>\n<\/td>\n<\/tr>\n<tr>\n<td>\n<h5>En Partage \u00e0 6<\/h5>\n<\/td>\n<td>\n<h6>749,83&nbsp;&euro;<\/h6>\n<\/td>\n<\/tr>\n<tr>\n<td colspan=\"2\"><em><small>Les prix sont par personne et incluent l\u2019h\u00e9bergement seul 7 nuits. Les prix n\u2019incluent aucune autre option.<\/small><\/em><\/td>\n<\/tr>\n<\/tbody>\n<\/table>\n<div style=\"display:none;\" data-allocation_class=\"egsworangeclass\" data-allocation_text=\"Il en reste seulement 2\" class=\"allocation-text\">Il en reste seulement 2<\/div>\n<p><script>jQuery(document).ready(function() {jQuery(\".allocation-text\").each(function() {var allocationText = jQuery(this).text();var accheader = jQuery(this).closest(\".kc_accordion_section\").find(\".kc_accordion_header a\");if (!accheader.hasClass(\"appended\")) {accheader.append(\" - \" + allocationText);accheader.addClass(\"appended\"); var allocationclass= jQuery(this).data(\"allocation_class\");accheader.addClass(allocationclass);}});});<\/script>   <\/p>\n<style>    h3.kc_accordion_header.ui-accordion-header a.egswgrayclass {        background-color: #D7D7D7;     }     h3.kc_accordion_header.ui-accordion-header a.egsworangeclass {         background-color: #cf5e25;     }     h3.kc_accordion_header.ui-accordion-header a.egswredclass {         background-color: #c73131;     }<\/style>\n<p>\n<\/div><div class=\"kc-elm kc-css-435187\" style=\"height: 20px; clear: both; width:100%;\"><\/div><\/div><\/div><\/div><\/div><\/div><\/div><div class=\"kc-elm kc-css-831960 kc_accordion_section group accom-accordion\"><h3 class=\"kc_accordion_header ui-accordion-header\"><span class=\"ui-accordion-header-icon ui-icon\"><\/span><a href=\"#services\" data-prevent=\"scroll\"><i class=\"sl-options-vertical\"><\/i> Services<\/a><\/h3><div class=\"kc_accordion_content ui-accordion-content kc_clearfix\"><div class=\"kc-panel-body\"><div class=\"kc-elm kc-css-231605 kc_row kc_row_inner\"><div class=\"kc-elm kc-css-626954 kc_col-sm-6 kc_column_inner kc_col-sm-6\"><div class=\"kc_wrapper kc-col-inner-container\"><div class=\"kc-elm kc-css-189548 kc_text_block\"><\/p>\n<h5>Services Inclus<\/h5>\n<p><strong>Lits faits \u00e0 votre arriv\u00e9e:&nbsp;<\/strong>\u00e0 l'exception du canap\u00e9-lit du salon<\/p>\n<p><strong>Serviettes:<\/strong>&nbsp;Inclus, 1 grande et 1 petite par personne<\/p>\n<p><strong>Casier \u00e0 skis<\/strong><\/p>\n<p><strong>M\u00e9nage de fin de s\u00e9jour:&nbsp;<\/strong>Hors \u00e9vacuation des poubelles et nettoyage de la cuisine<\/p>\n<p><strong>Kit de bienvenue pour le m\u00e9nage:&nbsp;<\/strong>\u00c9ponge, liquide vaisselle, pastilles pour lave-vaisselle, sacs-poubelle, chiffon<\/p>\n<p><strong>Wi-Fi illimit\u00e9<\/strong><\/p>\n<p><strong>Consigne \u00e0 bagages:&nbsp;<\/strong>Disponible le samedi<\/p>\n<p><strong>Bois pour la chemin\u00e9e:&nbsp;<\/strong>1 sac - pour les appartements \u00e9quip\u00e9s d'un po\u00eale \u00e0 bois<\/p>\n<p><strong>Acc\u00e8s au spa \u00e0 tarif pr\u00e9f\u00e9rentie<br \/><\/strong>Lieu: Montana Plein Sud<\/p>\n<p>\n<\/div><\/div><\/div><div class=\"kc-elm kc-css-192720 kc_col-sm-6 kc_column_inner kc_col-sm-6\"><div class=\"kc_wrapper kc-col-inner-container\"><div class=\"kc-elm kc-css-120655 kc_text_block\"><\/p>\n<h5>Ce qui n'est pas inclus<\/h5>\n<p><strong>Taxe de s\u00e9jour: <\/strong>\u00e0 r\u00e9gler sur place<\/p>\n<p><strong>D\u00e9p\u00f4t de garantie: <\/strong>\u00e0 r\u00e9gler sur place<\/p>\n<p><strong>Pain frais et viennoiseries:resh bread and pastries:<\/strong> Livraison sur demande aupr\u00e8s de la r\u00e9ception<\/p>\n<p><strong>Animaux de compagnie:<\/strong> accept\u00e9s moyennant un suppl\u00e9ment. Veuillez contacter la r\u00e9sidence pour plus d'informations et conna\u00eetre les \u00e9ventuelles restrictions. Les animaux ne sont pas autoris\u00e9s dans le spa et doivent rester sous votre enti\u00e8re surveillance.<\/p>\n<p><strong>Parking couvert:<\/strong> Veuillez contacter la r\u00e9sidence avant votre arriv\u00e9e afin d'effectuer une r\u00e9servation.<\/p>\n<p><strong>Bois de chauffage suppl\u00e9mentaire<\/strong><\/p>\n<p><strong>Acc\u00e8s au spa de Montana Plein Sud:<\/strong><br \/>Suppl\u00e9ment d'environ 15 \u20ac \/ personne<\/p>\n<p>\n<\/div><\/div><\/div><\/div><\/div><\/div><\/div><div class=\"kc-elm kc-css-98968 kc_accordion_section group accom-accordion\"><h3 class=\"kc_accordion_header ui-accordion-header\"><span class=\"ui-accordion-header-icon ui-icon\"><\/span><a href=\"#espace-spa-bien-etre\" data-prevent=\"scroll\"><i class=\"sl-diamond\"><\/i> Espace Spa &amp; Bien-\u00eatre<\/a><\/h3><div class=\"kc_accordion_content ui-accordion-content kc_clearfix\"><div class=\"kc-panel-body\"><div class=\"kc-elm kc-css-808368 kc_row kc_row_inner\"><div class=\"kc-elm kc-css-810615 kc_col-sm-4 kc_column_inner kc_col-sm-4\"><div class=\"kc_wrapper kc-col-inner-container\"><div class=\"kc-elm kc-css-507201 kc_shortcode kc_single_image\">\n\n        <a rel=\"prettyPhoto\" class=\"kc-pretty-photo\" href=\"https:\/\/cdn.europeangayskiweek.com\/wp\/uploads\/2026\/09\/20250522_VillageMontana-Photos-1.jpg\" title=\"\" target=\"\">\n        <img decoding=\"async\" src=\"https:\/\/cdn.europeangayskiweek.com\/wp\/uploads\/2026\/09\/20250522_VillageMontana-Photos-1.jpg\" class=\"\" alt=\"\" \/>    <\/a>\n    <\/div>\n<div class=\"kc-elm kc-css-989492\" style=\"height: 20px; clear: both; width:100%;\"><\/div><\/div><\/div><div class=\"kc-elm kc-css-985645 kc_col-sm-8 kc_column_inner kc_col-sm-8\"><div class=\"kc_wrapper kc-col-inner-container\"><div class=\"kc-elm kc-css-705431 kc_text_block\"><\/p>\n<h5>Montana Plein Sud - Les Bains du Montana<\/h5>\n<p>\u00c9vadez-vous et profitez d\u2019un moment de d\u00e9tente au Spa Les Bains du Montana, o\u00f9 relaxation et \u00e9l\u00e9gance alpine se rencontrent. Profitez de la piscine int\u00e9rieure chauff\u00e9e, du sauna et du hammam, ou laissez-vous tenter par un massage relaxant ou un soin beaut\u00e9. Dans un cadre \u00e9l\u00e9gant et paisible, c\u2019est l\u2019endroit id\u00e9al pour se d\u00e9tendre et se ressourcer apr\u00e8s une journ\u00e9e active en montagne.<\/p>\n<div>\n<ul data-spread=\"false\">\n<li>Piscine int\u00e9rieure chauff\u00e9e<\/li>\n<li>Sauna<\/li>\n<li>Hammam<\/li>\n<\/ul>\n<p><strong>Lieu :<\/strong> R\u00e9sidence Montana Plein Sud<br \/><strong>Horaires d\u2019ouverture :<\/strong> 10h00 \u2013 12h00 et 15h00 \u2013 19h45<\/p>\n<p>Pour les clients s\u00e9journant dans une autre r\u00e9sidence Village Montana, l\u2019acc\u00e8s est possible \u00e0 partir de <strong>16h00<\/strong>, \u00e0 l\u2019ouverture de la r\u00e9ception.<\/p>\n<p><strong>Tarif :<\/strong><br \/>15 \u20ac \/ adulte pour les clients s\u00e9journant dans les autres \u00e9tablissements Village Montana<\/p>\n<\/div>\n<p>\n<\/div><div class=\"kc-elm kc-css-775426\" style=\"height: 20px; clear: both; width:100%;\"><\/div><\/div><\/div><\/div><\/div><\/div><\/div><\/div>\n<\/div><\/div><\/div><\/div><\/section><section id=\"rooms\" class=\"kc-elm kc-css-92380 kc_row\"><div class=\"kc-row-container  kc-container\"><div class=\"kc-wrap-columns\"><div class=\"kc-elm kc-css-696560 kc_col-sm-12 kc_column kc_col-sm-12\"><div class=\"kc-col-container\"><div data-allowopenall=\"true\" class=\"kc-elm kc-css-859966 kc_accordion_wrapper\">\n    <h3 class=\"kc-accordion-title\">\u00c0 la carte<\/h3>\n<div class=\"kc-elm kc-css-911968 kc_accordion_section group accom-accordion\"><h3 class=\"kc_accordion_header ui-accordion-header\"><span class=\"ui-accordion-header-icon ui-icon\"><\/span><a href=\"#village-montana-soleil-appartement-1-chambre-2149-e-1-a-3-personnes-environ-35-m%c2%b2\" data-prevent=\"scroll\"><i class=\"sl-home\"><\/i> Village Montana Soleil : Appartement 1 chambre 2149 \u20ac : 1 \u00e0 3 personnes, environ 35 m\u00b2<\/a><\/h3><div class=\"kc_accordion_content ui-accordion-content kc_clearfix\"><div class=\"kc-panel-body\"><div class=\"kc-elm kc-css-132268 kc_row kc_row_inner\"><div class=\"kc-elm kc-css-7526 kc_col-sm-6 kc_column_inner kc_col-sm-6\"><div class=\"kc_wrapper kc-col-inner-container\"><div class=\"kc-elm kc-css-348320 kc_text_block\"><\/p>\n<h5>Appartement ind\u00e9pendant<\/h5>\n<h6>Capacit\u00e9\u00a0: 3 personnes<br \/>Environ 35\u00a0m\u00b2<\/h6>\n<p>\n<\/div><\/div><\/div><div class=\"kc-elm kc-css-266094 kc_col-sm-6 kc_column_inner kc_col-sm-6\"><div class=\"kc_wrapper kc-col-inner-container\">\n<div class=\"kc-elm kc-css-548343 kc-pro-button kc-button-main\">\n\t<a href=\"https:\/\/www.europeangayskiweek.com\/quotes-book-now-2-2\/\" target=\"_blank\">\n\t\t<span class=\"creative_title\">R\u00e9servez maintenant<\/span>\t<\/a>\n<\/div>\n<\/div><\/div><\/div><div class=\"kc-elm kc-css-698853 kc_row kc_row_inner\"><div class=\"kc-elm kc-css-887312 kc_col-of-5 kc_column_inner kc_col-of-5\"><div class=\"kc_wrapper kc-col-inner-container\"><div class=\"kc-elm kc-css-477088 kc_shortcode kc_single_image\">\n\n        <img decoding=\"async\" src=\"https:\/\/cdn.europeangayskiweek.com\/wp\/uploads\/2023\/08\/1-platinium-types-appartement-6-8prest-sejour-200x200.jpg\" class=\"\" alt=\"\" \/>    <\/div>\n<\/div><\/div><div class=\"kc-elm kc-css-431148 kc_col-sm-5 kc_column_inner kc_col-sm-5\"><div class=\"kc_wrapper kc-col-inner-container\"><div class=\"kc-elm kc-css-678777 kc_box_wrap \"><ul class=\"accom-feature\"><li><img decoding=\"async\" src=\"https:\/\/cdn.europeangayskiweek.com\/wp\/uploads\/2019\/06\/icons8-bathtub-filled-50-e1559802124795.png\"\/><\/li><li><p>1 salle de bain<\/p><p>1 WC s\u00e9par\u00e9<\/p><\/li><\/ul><\/div><div class=\"kc-elm kc-css-45547 kc_box_wrap \"><ul class=\"accom-feature\"><li><img decoding=\"async\" src=\"https:\/\/cdn.europeangayskiweek.com\/wp\/uploads\/2019\/06\/icons8-living-room-filled-50-e1559802692509.png\"\/><\/li><li><p>Un salon<\/p><\/li><\/ul><\/div><div class=\"kc-elm kc-css-402869 kc_box_wrap \"><ul class=\"accom-feature\"><li><img decoding=\"async\" src=\"https:\/\/cdn.europeangayskiweek.com\/wp\/uploads\/2019\/06\/icons8-bed-filled-50-e1559802774153.png\"\/><\/li><li><p>1 chambre avec 2 lits simples<\/p><\/li><\/ul><\/div><div class=\"kc-elm kc-css-444351 kc_box_wrap \"><ul class=\"accom-feature\"><li><img decoding=\"async\" src=\"https:\/\/cdn.europeangayskiweek.com\/wp\/uploads\/2019\/06\/icons8-cooker-filled-50-e1559802811894.png\"\/><\/li><li><p>Kitchenette ouverte \u00e9quip\u00e9e<br>et coin repas<\/p><\/li><\/ul><\/div><\/div><\/div><div class=\"kc-elm kc-css-112414 kc_col-sm-5 kc_column_inner kc_col-sm-5\"><div class=\"kc_wrapper kc-col-inner-container\"><div class=\"kc-elm kc-css-301635 kc_text_block accom-price-table\">          \n<\/p>\n<table>\n<thead>\n<tr>\n<td>\n<h5>Occupancy 2<\/h5>\n<\/td>\n<td>\n<h5>PRIX PAR PERSONNE<\/h5>\n<\/td>\n<\/tr>\n<\/thead>\n<tbody>\n<tr>\n<td>\n<h5>1 Occupation Simple<\/h5>\n<\/td>\n<td>\n<h6>2&nbsp;299&nbsp;&euro;<\/h6>\n<\/td>\n<\/tr>\n<tr>\n<td>\n<h5>En Partage \u00e0 2<\/h5>\n<\/td>\n<td>\n<h6>1&nbsp;149,50&nbsp;&euro;<\/h6>\n<\/td>\n<\/tr>\n<tr>\n<td>\n<h5>En Partage \u00e0 3<\/h5>\n<\/td>\n<td>\n<h6>766,33&nbsp;&euro;<\/h6>\n<\/td>\n<\/tr>\n<tr>\n<td colspan=\"2\"><em><small>Les prix sont par personne et incluent l\u2019h\u00e9bergement seul 7 nuits. Les prix n\u2019incluent aucune autre option.<\/small><\/em><\/td>\n<\/tr>\n<\/tbody>\n<\/table>\n<div style=\"display:none;\" data-allocation_class=\"egsworangeclass\" data-allocation_text=\"Dernier Dispo\" class=\"allocation-text\">Dernier Dispo<\/div>\n<p><script>jQuery(document).ready(function() {jQuery(\".allocation-text\").each(function() {var allocationText = jQuery(this).text();var accheader = jQuery(this).closest(\".kc_accordion_section\").find(\".kc_accordion_header a\");if (!accheader.hasClass(\"appended\")) {accheader.append(\" - \" + allocationText);accheader.addClass(\"appended\"); var allocationclass= jQuery(this).data(\"allocation_class\");accheader.addClass(allocationclass);}});});<\/script>   <\/p>\n<style>    h3.kc_accordion_header.ui-accordion-header a.egswgrayclass {        background-color: #D7D7D7;     }     h3.kc_accordion_header.ui-accordion-header a.egsworangeclass {         background-color: #cf5e25;     }     h3.kc_accordion_header.ui-accordion-header a.egswredclass {         background-color: #c73131;     }<\/style>\n<p>\n<\/div><div class=\"kc-elm kc-css-231736\" style=\"height: 20px; clear: both; width:100%;\"><\/div><\/div><\/div><\/div><\/div><\/div><\/div><div class=\"kc-elm kc-css-941351 kc_accordion_section group accom-accordion\"><h3 class=\"kc_accordion_header ui-accordion-header\"><span class=\"ui-accordion-header-icon ui-icon\"><\/span><a href=\"#village-montana-soleil-appartement-2-chambres-2699-e-2-4-personnes-environ-45-m%c2%b2\" data-prevent=\"scroll\"><i class=\"sl-home\"><\/i> Village Montana Soleil : Appartement 2 chambres 2699 \u20ac : 2-4 personnes, environ 45 m\u00b2<\/a><\/h3><div class=\"kc_accordion_content ui-accordion-content kc_clearfix\"><div class=\"kc-panel-body\"><div class=\"kc-elm kc-css-514755 kc_row kc_row_inner\"><div class=\"kc-elm kc-css-784824 kc_col-sm-6 kc_column_inner kc_col-sm-6\"><div class=\"kc_wrapper kc-col-inner-container\"><div class=\"kc-elm kc-css-584692 kc_text_block\"><\/p>\n<h5>Appartement ind\u00e9pendant<\/h5>\n<h6>Capacit\u00e9\u00a0: 4 personnes<br \/>Environ 45\u00a0m\u00b2<\/h6>\n<p>\n<\/div><\/div><\/div><div class=\"kc-elm kc-css-225686 kc_col-sm-6 kc_column_inner kc_col-sm-6\"><div class=\"kc_wrapper kc-col-inner-container\">\n<div class=\"kc-elm kc-css-671285 kc-pro-button kc-button-main\">\n\t<a href=\"https:\/\/www.europeangayskiweek.com\/quotes-book-now-2-2\/\" target=\"_blank\">\n\t\t<span class=\"creative_title\">R\u00e9servez maintenant<\/span>\t<\/a>\n<\/div>\n<\/div><\/div><\/div><div class=\"kc-elm kc-css-478486 kc_row kc_row_inner\"><div class=\"kc-elm kc-css-995736 kc_col-of-5 kc_column_inner kc_col-of-5\"><div class=\"kc_wrapper kc-col-inner-container\"><div class=\"kc-elm kc-css-747116 kc_shortcode kc_single_image\">\n\n        <img decoding=\"async\" src=\"https:\/\/cdn.europeangayskiweek.com\/wp\/uploads\/2023\/08\/1-platinium-types-appartement-6-8prest-sejour-200x200.jpg\" class=\"\" alt=\"\" \/>    <\/div>\n<\/div><\/div><div class=\"kc-elm kc-css-646594 kc_col-sm-5 kc_column_inner kc_col-sm-5\"><div class=\"kc_wrapper kc-col-inner-container\"><div class=\"kc-elm kc-css-553432 kc_box_wrap \"><ul class=\"accom-feature\"><li><img decoding=\"async\" src=\"https:\/\/cdn.europeangayskiweek.com\/wp\/uploads\/2019\/06\/icons8-bathtub-filled-50-e1559802124795.png\"\/><\/li><li><p>1 salle de bain et 1 WC s\u00e9par\u00e9<\/p><\/li><\/ul><\/div><div class=\"kc-elm kc-css-825248 kc_box_wrap \"><ul class=\"accom-feature\"><li><img decoding=\"async\" src=\"https:\/\/cdn.europeangayskiweek.com\/wp\/uploads\/2019\/06\/icons8-living-room-filled-50-e1559802692509.png\"\/><\/li><li><p>Un salon<\/p><\/li><\/ul><\/div><div class=\"kc-elm kc-css-267273 kc_box_wrap \"><ul class=\"accom-feature\"><li><img decoding=\"async\" src=\"https:\/\/cdn.europeangayskiweek.com\/wp\/uploads\/2019\/06\/icons8-bed-filled-50-e1559802774153.png\"\/><\/li><li><p>2 chambres avec 2 lits simples<\/p><\/li><\/ul><\/div><div class=\"kc-elm kc-css-523050 kc_box_wrap \"><ul class=\"accom-feature\"><li><img decoding=\"async\" src=\"https:\/\/cdn.europeangayskiweek.com\/wp\/uploads\/2019\/06\/icons8-cooker-filled-50-e1559802811894.png\"\/><\/li><li><p>Cuisine \u00e9quip\u00e9e<\/p><\/li><\/ul><\/div><\/div><\/div><div class=\"kc-elm kc-css-497663 kc_col-sm-5 kc_column_inner kc_col-sm-5\"><div class=\"kc_wrapper kc-col-inner-container\"><div class=\"kc-elm kc-css-602156 kc_text_block accom-price-table\">          \n<\/p>\n<table>\n<thead>\n<tr>\n<td>\n<h5>Occupancy 2<\/h5>\n<\/td>\n<td>\n<h5>PRIX PAR PERSONNE<\/h5>\n<\/td>\n<\/tr>\n<\/thead>\n<tbody>\n<tr>\n<td>\n<h5>En Occupation Simple<\/h5>\n<\/td>\n<td>\n<h6>2&nbsp;899&nbsp;&euro;<\/h6>\n<\/td>\n<\/tr>\n<tr>\n<td>\n<h5>En Partage \u00e0 2<\/h5>\n<\/td>\n<td>\n<h6>1&nbsp;449,50&nbsp;&euro;<\/h6>\n<\/td>\n<\/tr>\n<tr>\n<td>\n<h5>En Partage \u00e0 3<\/h5>\n<\/td>\n<td>\n<h6>966,33&nbsp;&euro;<\/h6>\n<\/td>\n<\/tr>\n<tr>\n<td>\n<h5>En Partage \u00e0 4<\/h5>\n<\/td>\n<td>\n<h6>724,75&nbsp;&euro;<\/h6>\n<\/td>\n<\/tr>\n<tr>\n<td colspan=\"2\"><em><small>Les prix sont par personne et incluent l\u2019h\u00e9bergement seul 7 nuits. Les prix n\u2019incluent aucune autre option.<\/small><\/em><\/td>\n<\/tr>\n<\/tbody>\n<\/table>\n<div style=\"display:none;\" data-allocation_class=\"\" data-allocation_text=\"Disponible\" class=\"allocation-text\">Disponible<\/div>\n<p><script>jQuery(document).ready(function() {jQuery(\".allocation-text\").each(function() {var allocationText = jQuery(this).text();var accheader = jQuery(this).closest(\".kc_accordion_section\").find(\".kc_accordion_header a\");if (!accheader.hasClass(\"appended\")) {accheader.append(\" - \" + allocationText);accheader.addClass(\"appended\"); var allocationclass= jQuery(this).data(\"allocation_class\");accheader.addClass(allocationclass);}});});<\/script>   <\/p>\n<style>    h3.kc_accordion_header.ui-accordion-header a.egswgrayclass {        background-color: #D7D7D7;     }     h3.kc_accordion_header.ui-accordion-header a.egsworangeclass {         background-color: #cf5e25;     }     h3.kc_accordion_header.ui-accordion-header a.egswredclass {         background-color: #c73131;     }<\/style>\n<p>\n<\/div><div class=\"kc-elm kc-css-40809\" style=\"height: 20px; clear: both; width:100%;\"><\/div><\/div><\/div><\/div><\/div><\/div><\/div><div class=\"kc-elm kc-css-947485 kc_accordion_section group accom-accordion\"><h3 class=\"kc_accordion_header ui-accordion-header\"><span class=\"ui-accordion-header-icon ui-icon\"><\/span><a href=\"#village-montana-soleil-appartement-2-chambres-avec-cabine-3529-e-2-a-6-personnes-environ-49-m%c2%b2\" data-prevent=\"scroll\"><i class=\"sl-home\"><\/i> Village Montana Soleil : Appartement 2 chambres avec cabine 3529 \u20ac : 2 \u00e0 6 personnes, environ 49 m\u00b2<\/a><\/h3><div class=\"kc_accordion_content ui-accordion-content kc_clearfix\"><div class=\"kc-panel-body\"><div class=\"kc-elm kc-css-314573 kc_row kc_row_inner\"><div class=\"kc-elm kc-css-113118 kc_col-sm-6 kc_column_inner kc_col-sm-6\"><div class=\"kc_wrapper kc-col-inner-container\"><div class=\"kc-elm kc-css-424599 kc_text_block\"><\/p>\n<h5>Appartement ind\u00e9pendant<\/h5>\n<h6>Capacit\u00e9\u00a0: 6 personnes<br \/>Environ 49\u00a0m\u00b2<\/h6>\n<p>\n<\/div><\/div><\/div><div class=\"kc-elm kc-css-812587 kc_col-sm-6 kc_column_inner kc_col-sm-6\"><div class=\"kc_wrapper kc-col-inner-container\">\n<div class=\"kc-elm kc-css-772580 kc-pro-button kc-button-main\">\n\t<a href=\"https:\/\/www.europeangayskiweek.com\/quotes-book-now-2-2\/\" target=\"_blank\">\n\t\t<span class=\"creative_title\">R\u00e9servez maintenant<\/span>\t<\/a>\n<\/div>\n<\/div><\/div><\/div><div class=\"kc-elm kc-css-269501 kc_row kc_row_inner\"><div class=\"kc-elm kc-css-103057 kc_col-of-5 kc_column_inner kc_col-of-5\"><div class=\"kc_wrapper kc-col-inner-container\"><div class=\"kc-elm kc-css-840479 kc_shortcode kc_single_image\">\n\n        <img decoding=\"async\" src=\"https:\/\/cdn.europeangayskiweek.com\/wp\/uploads\/2023\/08\/1-platinium-types-appartement-6-8prest-sejour-200x200.jpg\" class=\"\" alt=\"\" \/>    <\/div>\n<\/div><\/div><div class=\"kc-elm kc-css-813685 kc_col-sm-5 kc_column_inner kc_col-sm-5\"><div class=\"kc_wrapper kc-col-inner-container\"><div class=\"kc-elm kc-css-929782 kc_box_wrap \"><ul class=\"accom-feature\"><li><img decoding=\"async\" src=\"https:\/\/cdn.europeangayskiweek.com\/wp\/uploads\/2019\/06\/icons8-bathtub-filled-50-e1559802124795.png\"\/><\/li><li><p>1 salle de bain<\/p><p>1 salle de douche<\/p><p>Toilettes s\u00e9par\u00e9es<\/p><\/li><\/ul><\/div><div class=\"kc-elm kc-css-755935 kc_box_wrap \"><ul class=\"accom-feature\"><li><img decoding=\"async\" src=\"https:\/\/cdn.europeangayskiweek.com\/wp\/uploads\/2019\/06\/icons8-living-room-filled-50-e1559802692509.png\"\/><\/li><li><p>Un salon<\/p><\/li><\/ul><\/div><div class=\"kc-elm kc-css-245936 kc_box_wrap \"><ul class=\"accom-feature\"><li><img decoding=\"async\" src=\"https:\/\/cdn.europeangayskiweek.com\/wp\/uploads\/2019\/06\/icons8-bed-filled-50-e1559802774153.png\"\/><\/li><li><p>Chambre 1&nbsp;: 2 lits simples<\/p><p>Chambre 2&nbsp;: 2 lits simples<\/p><p>Cabine&nbsp;: Lits superpos\u00e9s<\/p><\/li><\/ul><\/div><div class=\"kc-elm kc-css-351356 kc_box_wrap \"><ul class=\"accom-feature\"><li><img decoding=\"async\" src=\"https:\/\/cdn.europeangayskiweek.com\/wp\/uploads\/2019\/06\/icons8-cooker-filled-50-e1559802811894.png\"\/><\/li><li><p>Cuisine \u00e9quip\u00e9e<\/p><\/li><\/ul><\/div><\/div><\/div><div class=\"kc-elm kc-css-625385 kc_col-sm-5 kc_column_inner kc_col-sm-5\"><div class=\"kc_wrapper kc-col-inner-container\"><div class=\"kc-elm kc-css-401828 kc_text_block accom-price-table\">          \n<\/p>\n<table>\n<thead>\n<tr>\n<td>\n<h5>Occupancy 2<\/h5>\n<\/td>\n<td>\n<h5>PRIX PAR PERSONNE<\/h5>\n<\/td>\n<\/tr>\n<\/thead>\n<tbody>\n<tr>\n<td>\n<h5>1 Occupation Simple<\/h5>\n<\/td>\n<td>\n<h6>3&nbsp;699&nbsp;&euro;<\/h6>\n<\/td>\n<\/tr>\n<tr>\n<td>\n<h5>En Partage \u00e0 2<\/h5>\n<\/td>\n<td>\n<h6>1&nbsp;849,50&nbsp;&euro;<\/h6>\n<\/td>\n<\/tr>\n<tr>\n<td>\n<h5>En partage \u00e0 3<\/h5>\n<\/td>\n<td>\n<h6>1&nbsp;233&nbsp;&euro;<\/h6>\n<\/td>\n<\/tr>\n<tr>\n<td>\n<h5>En Partage \u00e0 4<\/h5>\n<\/td>\n<td>\n<h6>924,75&nbsp;&euro;<\/h6>\n<\/td>\n<\/tr>\n<tr>\n<td>\n<h5>En Partage \u00e0 5<\/h5>\n<\/td>\n<td>\n<h6>739,80&nbsp;&euro;<\/h6>\n<\/td>\n<\/tr>\n<tr>\n<td>\n<h5>En Partage \u00e0 6<\/h5>\n<\/td>\n<td>\n<h6>616,50&nbsp;&euro;<\/h6>\n<\/td>\n<\/tr>\n<tr>\n<td colspan=\"2\"><em><small>Les prix sont par personne et incluent l\u2019h\u00e9bergement seul 7 nuits. Les prix n\u2019incluent aucune autre option.<\/small><\/em><\/td>\n<\/tr>\n<\/tbody>\n<\/table>\n<div style=\"display:none;\" data-allocation_class=\"egsworangeclass\" data-allocation_text=\"3 Disponibles\" class=\"allocation-text\">3 Disponibles<\/div>\n<p><script>jQuery(document).ready(function() {jQuery(\".allocation-text\").each(function() {var allocationText = jQuery(this).text();var accheader = jQuery(this).closest(\".kc_accordion_section\").find(\".kc_accordion_header a\");if (!accheader.hasClass(\"appended\")) {accheader.append(\" - \" + allocationText);accheader.addClass(\"appended\"); var allocationclass= jQuery(this).data(\"allocation_class\");accheader.addClass(allocationclass);}});});<\/script>   <\/p>\n<style>    h3.kc_accordion_header.ui-accordion-header a.egswgrayclass {        background-color: #D7D7D7;     }     h3.kc_accordion_header.ui-accordion-header a.egsworangeclass {         background-color: #cf5e25;     }     h3.kc_accordion_header.ui-accordion-header a.egswredclass {         background-color: #c73131;     }<\/style>\n<p>\n<\/div><div class=\"kc-elm kc-css-952052\" style=\"height: 20px; clear: both; width:100%;\"><\/div><\/div><\/div><\/div><\/div><\/div><\/div><div class=\"kc-elm kc-css-669367 kc_accordion_section group accom-accordion\"><h3 class=\"kc_accordion_header ui-accordion-header\"><span class=\"ui-accordion-header-icon ui-icon\"><\/span><a href=\"#village-montana-soleil-appartement-3-chambres-3949-e-3-6-personnes-environ-66-m%c2%b2\" data-prevent=\"scroll\"><i class=\"sl-home\"><\/i> Village Montana Soleil : Appartement 3 chambres 3949 \u20ac : 3-6 personnes, environ 66 m\u00b2<\/a><\/h3><div class=\"kc_accordion_content ui-accordion-content kc_clearfix\"><div class=\"kc-panel-body\"><div class=\"kc-elm kc-css-145474 kc_row kc_row_inner\"><div class=\"kc-elm kc-css-212604 kc_col-sm-6 kc_column_inner kc_col-sm-6\"><div class=\"kc_wrapper kc-col-inner-container\"><div class=\"kc-elm kc-css-20376 kc_text_block\"><\/p>\n<h5>Appartement ind\u00e9pendant<\/h5>\n<h6>Capacit\u00e9\u00a0: 6 personnes<br \/>Environ 66\u00a0m\u00b2<\/h6>\n<p>\n<\/div><\/div><\/div><div class=\"kc-elm kc-css-810730 kc_col-sm-6 kc_column_inner kc_col-sm-6\"><div class=\"kc_wrapper kc-col-inner-container\">\n<div class=\"kc-elm kc-css-156976 kc-pro-button kc-button-main\">\n\t<a href=\"https:\/\/www.europeangayskiweek.com\/quotes-book-now-2-2\/\" target=\"_blank\">\n\t\t<span class=\"creative_title\">R\u00e9servez maintenant<\/span>\t<\/a>\n<\/div>\n<\/div><\/div><\/div><div class=\"kc-elm kc-css-968050 kc_row kc_row_inner\"><div class=\"kc-elm kc-css-961571 kc_col-of-5 kc_column_inner kc_col-of-5\"><div class=\"kc_wrapper kc-col-inner-container\"><div class=\"kc-elm kc-css-156316 kc_shortcode kc_single_image\">\n\n        <img decoding=\"async\" src=\"https:\/\/cdn.europeangayskiweek.com\/wp\/uploads\/2023\/08\/1-platinium-types-appartement-6-8prest-sejour-200x200.jpg\" class=\"\" alt=\"\" \/>    <\/div>\n<\/div><\/div><div class=\"kc-elm kc-css-710671 kc_col-sm-5 kc_column_inner kc_col-sm-5\"><div class=\"kc_wrapper kc-col-inner-container\"><div class=\"kc-elm kc-css-820465 kc_box_wrap \"><ul class=\"accom-feature\"><li><img decoding=\"async\" src=\"https:\/\/cdn.europeangayskiweek.com\/wp\/uploads\/2019\/06\/icons8-bathtub-filled-50-e1559802124795.png\"\/><\/li><li><p>2 salles de bains avec baignoire ou douche (dont une avec WC)<\/p><p>1 WC s\u00e9par\u00e9<\/p><\/li><\/ul><\/div><div class=\"kc-elm kc-css-792094 kc_box_wrap \"><ul class=\"accom-feature\"><li><img decoding=\"async\" src=\"https:\/\/cdn.europeangayskiweek.com\/wp\/uploads\/2019\/06\/icons8-living-room-filled-50-e1559802692509.png\"\/><\/li><li><p>Un salon<\/p><\/li><\/ul><\/div><div class=\"kc-elm kc-css-845852 kc_box_wrap \"><ul class=\"accom-feature\"><li><img decoding=\"async\" src=\"https:\/\/cdn.europeangayskiweek.com\/wp\/uploads\/2019\/06\/icons8-bed-filled-50-e1559802774153.png\"\/><\/li><li><p>Chambre 1&nbsp;: 2 lits simples<\/p><p>Chambre 2&nbsp;: 2 lits simples<\/p><p>Chambre 3&nbsp;: 2 lits simples<\/p><\/li><\/ul><\/div><div class=\"kc-elm kc-css-561924 kc_box_wrap \"><ul class=\"accom-feature\"><li><img decoding=\"async\" src=\"https:\/\/cdn.europeangayskiweek.com\/wp\/uploads\/2019\/06\/icons8-cooker-filled-50-e1559802811894.png\"\/><\/li><li><p>Cuisine \u00e9quip\u00e9e<\/p><\/li><\/ul><\/div><\/div><\/div><div class=\"kc-elm kc-css-711350 kc_col-sm-5 kc_column_inner kc_col-sm-5\"><div class=\"kc_wrapper kc-col-inner-container\"><div class=\"kc-elm kc-css-629463 kc_text_block accom-price-table\">          \n<\/p>\n<table>\n<thead>\n<tr>\n<td>\n<h5>Occupancy 2<\/h5>\n<\/td>\n<td>\n<h5>PRIX PAR PERSONNE<\/h5>\n<\/td>\n<\/tr>\n<\/thead>\n<tbody>\n<tr>\n<td>\n<h5>En Occupation Simple<\/h5>\n<\/td>\n<td>\n<h6>4&nbsp;199&nbsp;&euro;<\/h6>\n<\/td>\n<\/tr>\n<tr>\n<td>\n<h5>En Partage \u00e0 2<\/h5>\n<\/td>\n<td>\n<h6>2&nbsp;099,50&nbsp;&euro;<\/h6>\n<\/td>\n<\/tr>\n<tr>\n<td>\n<h5>En Partage \u00e0 3<\/h5>\n<\/td>\n<td>\n<h6>1&nbsp;399,67&nbsp;&euro;<\/h6>\n<\/td>\n<\/tr>\n<tr>\n<td>\n<h5>En partage \u00e0 4<\/h5>\n<\/td>\n<td>\n<h6>1&nbsp;049,75&nbsp;&euro;<\/h6>\n<\/td>\n<\/tr>\n<tr>\n<td>\n<h5>En partage \u00e0 5<\/h5>\n<\/td>\n<td>\n<h6>839,80&nbsp;&euro;<\/h6>\n<\/td>\n<\/tr>\n<tr>\n<td>\n<h5>En partage \u00e0 6<\/h5>\n<\/td>\n<td>\n<h6>699,83&nbsp;&euro;<\/h6>\n<\/td>\n<\/tr>\n<tr>\n<td colspan=\"2\"><em><small>Les prix sont par personne et incluent l\u2019h\u00e9bergement seul 7 nuits. Les prix n\u2019incluent aucune autre option.<\/small><\/em><\/td>\n<\/tr>\n<\/tbody>\n<\/table>\n<div style=\"display:none;\" data-allocation_class=\"egsworangeclass\" data-allocation_text=\"Dernier Dispo\" class=\"allocation-text\">Dernier Dispo<\/div>\n<p><script>jQuery(document).ready(function() {jQuery(\".allocation-text\").each(function() {var allocationText = jQuery(this).text();var accheader = jQuery(this).closest(\".kc_accordion_section\").find(\".kc_accordion_header a\");if (!accheader.hasClass(\"appended\")) {accheader.append(\" - \" + allocationText);accheader.addClass(\"appended\"); var allocationclass= jQuery(this).data(\"allocation_class\");accheader.addClass(allocationclass);}});});<\/script>   <\/p>\n<style>    h3.kc_accordion_header.ui-accordion-header a.egswgrayclass {        background-color: #D7D7D7;     }     h3.kc_accordion_header.ui-accordion-header a.egsworangeclass {         background-color: #cf5e25;     }     h3.kc_accordion_header.ui-accordion-header a.egswredclass {         background-color: #c73131;     }<\/style>\n<p>\n<\/div><div class=\"kc-elm kc-css-23629\" style=\"height: 20px; clear: both; width:100%;\"><\/div><\/div><\/div><\/div><\/div><\/div><\/div><\/div>\n<div class=\"kc-elm kc-css-45610 kc_accordion_wrapper\">\n    <h3 class=\"kc-accordion-title\">H\u00e9bergement partag\u00e9<\/h3>\n<div class=\"kc-elm kc-css-722040 kc_accordion_section group \"><h3 class=\"kc_accordion_header ui-accordion-header\"><span class=\"ui-accordion-header-icon ui-icon\"><\/span><a href=\"#forfait-room-mate-aleatoire\" data-prevent=\"scroll\"><i class=\"\"><\/i> Forfait Room Mate Al\u00e9atoire<\/a><\/h3><div class=\"kc_accordion_content ui-accordion-content kc_clearfix\"><div class=\"kc-panel-body\"><div class=\"kc-elm kc-css-127052 kc_row kc_row_inner\"><div class=\"kc-elm kc-css-156999 kc_col-sm-4 kc_column_inner kc_col-sm-4\"><div class=\"kc_wrapper kc-col-inner-container\"><div class=\"kc-elm kc-css-816750\">\n\t<div class=\"kc-carousel_images kc-elm kc-css-816750\">\n\t\n\t\t<div class=\"kc-carousel-images owl-carousel-images kc-sync1 \" data-owl-i-options='{\"items\":\"1\",\"tablet\":\"1\",\"mobile\":\"1\",\"speed\":\"500\",\"navigation\":\"\",\"pagination\":\"\",\"autoheight\":\"\",\"progressbar\":\"\",\"delay\":\"8\",\"autoplay\":\"yes\",\"showthumb\":\"yes\",\"num_thumb\":\"4\"}'>\n\t\n\t\t\t\t\t<div class=\"item\">\n\t\n\t\t\t<a class=\"kc-image-link kc-pretty-photo\" data-lightbox=\"kc-lightbox\" rel=\"prettyPhoto[816750]\" href=\"https:\/\/cdn.europeangayskiweek.com\/wp\/uploads\/2019\/06\/0903000016_06.jpg\"><img decoding=\"async\" src=\"https:\/\/cdn.europeangayskiweek.com\/wp\/uploads\/2019\/06\/0903000016_06-200x200.jpg\" alt=\"\" \/><\/a>\t\n\t\t\t<\/div>\n\t\n\t\t\t\t\t<div class=\"item\">\n\t\n\t\t\t<a class=\"kc-image-link kc-pretty-photo\" data-lightbox=\"kc-lightbox\" rel=\"prettyPhoto[816750]\" href=\"https:\/\/cdn.europeangayskiweek.com\/wp\/uploads\/2019\/06\/0903000016_09.jpg\"><img decoding=\"async\" src=\"https:\/\/cdn.europeangayskiweek.com\/wp\/uploads\/2019\/06\/0903000016_09-200x200.jpg\" alt=\"\" \/><\/a>\t\n\t\t\t<\/div>\n\t\n\t\t\t\t\t<div class=\"item\">\n\t\n\t\t\t<a class=\"kc-image-link kc-pretty-photo\" data-lightbox=\"kc-lightbox\" rel=\"prettyPhoto[816750]\" href=\"https:\/\/cdn.europeangayskiweek.com\/wp\/uploads\/2019\/06\/0903000016_07.jpg\"><img decoding=\"async\" src=\"https:\/\/cdn.europeangayskiweek.com\/wp\/uploads\/2019\/06\/0903000016_07-200x200.jpg\" alt=\"\" \/><\/a>\t\n\t\t\t<\/div>\n\t\n\t\t\t\t\t<div class=\"item\">\n\t\n\t\t\t<a class=\"kc-image-link kc-pretty-photo\" data-lightbox=\"kc-lightbox\" rel=\"prettyPhoto[816750]\" href=\"https:\/\/cdn.europeangayskiweek.com\/wp\/uploads\/2019\/06\/0903000016_01.jpg\"><img decoding=\"async\" src=\"https:\/\/cdn.europeangayskiweek.com\/wp\/uploads\/2019\/06\/0903000016_01-200x200.jpg\" alt=\"\" \/><\/a>\t\n\t\t\t<\/div>\n\t\n\t\t\t\t\t<div class=\"item\">\n\t\n\t\t\t<a class=\"kc-image-link kc-pretty-photo\" data-lightbox=\"kc-lightbox\" rel=\"prettyPhoto[816750]\" href=\"https:\/\/cdn.europeangayskiweek.com\/wp\/uploads\/2019\/06\/0190040244_01.jpg\"><img decoding=\"async\" src=\"https:\/\/cdn.europeangayskiweek.com\/wp\/uploads\/2019\/06\/0190040244_01-200x200.jpg\" alt=\"\" \/><\/a>\t\n\t\t\t<\/div>\n\t\n\t\t\t\n\t\t<\/div>\n\t\n\t\t\t\n\t\t<div class=\"kc-sync2 owl-carousel\">\n\t\t\t\t\n\t\t\t\t<div class=\"item\">\n\t\t\t\t\t<img decoding=\"async\" src=\"https:\/\/cdn.europeangayskiweek.com\/wp\/uploads\/2019\/06\/0903000016_06-200x200.jpg\" alt=\"\" \/>\n\t\t\t\t<\/div>\n\t\n\t\t\t\t\n\t\t\t\t<div class=\"item\">\n\t\t\t\t\t<img decoding=\"async\" src=\"https:\/\/cdn.europeangayskiweek.com\/wp\/uploads\/2019\/06\/0903000016_09-200x200.jpg\" alt=\"\" \/>\n\t\t\t\t<\/div>\n\t\n\t\t\t\t\n\t\t\t\t<div class=\"item\">\n\t\t\t\t\t<img decoding=\"async\" src=\"https:\/\/cdn.europeangayskiweek.com\/wp\/uploads\/2019\/06\/0903000016_07-200x200.jpg\" alt=\"\" \/>\n\t\t\t\t<\/div>\n\t\n\t\t\t\t\n\t\t\t\t<div class=\"item\">\n\t\t\t\t\t<img decoding=\"async\" src=\"https:\/\/cdn.europeangayskiweek.com\/wp\/uploads\/2019\/06\/0903000016_01-200x200.jpg\" alt=\"\" \/>\n\t\t\t\t<\/div>\n\t\n\t\t\t\t\n\t\t\t\t<div class=\"item\">\n\t\t\t\t\t<img decoding=\"async\" src=\"https:\/\/cdn.europeangayskiweek.com\/wp\/uploads\/2019\/06\/0190040244_01-200x200.jpg\" alt=\"\" \/>\n\t\t\t\t<\/div>\n\t\n\t\t\t\t\t<\/div>\n\t\n\t\t\t<\/div>\n<\/div>\n<\/div><\/div><div class=\"kc-elm kc-css-700685 kc_col-sm-4 kc_column_inner kc_col-sm-4\"><div class=\"kc_wrapper kc-col-inner-container\"><div class=\"kc-elm kc-css-445805 kc_box_wrap \"><ul class=\"accom-feature\"><li><img decoding=\"async\" src=\"https:\/\/cdn.europeangayskiweek.com\/wp\/uploads\/2019\/06\/icons8-bathtub-filled-50-e1559802124795.png\"\/><\/li><li><p>salle de bain avec : baignoire, lavabo, toilettes<\/p><\/li><\/ul><\/div><div class=\"kc-elm kc-css-684039 kc_box_wrap \"><ul class=\"accom-feature\"><li><img decoding=\"async\" src=\"https:\/\/cdn.europeangayskiweek.com\/wp\/uploads\/2019\/06\/icons8-living-room-filled-50-e1559802692509.png\"\/><\/li><li><ul class=\"fr-acco-room-types-accordion__list\"><li class=\"fr-acco-room-types__list-item\">(s\u00e9jour) pi\u00e8ce(s) : 3 couchages (1 x lit gigogne une personne ; 2 x canap\u00e9-lit une personne)<\/li><\/ul><\/li><\/ul><\/div><\/div><\/div><div class=\"kc-elm kc-css-669312 kc_col-sm-4 kc_column_inner kc_col-sm-4\"><div class=\"kc_wrapper kc-col-inner-container\"><div class=\"kc-elm kc-css-920989 kc_text_block accom-price-table\"><\/p>\n<table>\n<thead>\n<tr>\n<td>\n<h5>Vous r\u00e9servez comme<\/h5>\n<\/td>\n<td>\n<h5>Prix par personne<\/h5>\n<\/td>\n<\/tr>\n<tr>\n<td colspan=\"2\">\n<h5 style=\"text-align: center;\"><span style=\"color: #ff0000;\"><em>Pass \u00e9v\u00e9nement et forfait remont\u00e9es m\u00e9caniques 6 jours Val Thorens inclus<\/em><\/span><\/h5>\n<\/td>\n<\/tr>\n<\/thead>\n<tbody>\n<tr>\n<td>\n<h5><img loading=\"lazy\" decoding=\"async\" class=\"alignnone size-full\" src=\"https:\/\/cdn.europeangayskiweek.com\/wp\/uploads\/2019\/06\/random-roommate-title-e1561296787809.png\" alt=\"\" width=\"85\" height=\"30\" \/><\/h5>\n<\/td>\n<td>\n<h5 style=\"text-align: center;\">1&nbsp;909&nbsp;&euro;<\/h5>\n<\/td>\n<\/tr>\n<tr>\n<td colspan=\"2\">\n<h5>Chambre partag\u00e9e\u00a0: 2 personnes maximum par chambre. Les prix sont par personne et incluent la demi-pension pour 7 nuits. Le pass \u00e9v\u00e9nement et le forfait remont\u00e9es m\u00e9caniques 6 jours Val Thorens sont inclus.<\/h5>\n<\/td>\n<\/tr>\n<\/tbody>\n<\/table>\n<p>\n<\/div><\/div><\/div><\/div><\/div><\/div><\/div><div class=\"kc-elm kc-css-276235 kc_accordion_section group \"><h3 class=\"kc_accordion_header ui-accordion-header\"><span class=\"ui-accordion-header-icon ui-icon\"><\/span><a href=\"#forfait-maison-complete\" data-prevent=\"scroll\"><i class=\"\"><\/i> Forfait Maison Compl\u00e8te<\/a><\/h3><div class=\"kc_accordion_content ui-accordion-content kc_clearfix\"><div class=\"kc-panel-body\"><div class=\"kc-elm kc-css-481543 kc_row kc_row_inner\"><div class=\"kc-elm kc-css-214201 kc_col-sm-4 kc_column_inner kc_col-sm-4\"><div class=\"kc_wrapper kc-col-inner-container\"><div class=\"kc-elm kc-css-57688\">\n\t<div class=\"kc-carousel_images kc-elm kc-css-57688\">\n\t\n\t\t<div class=\"kc-carousel-images owl-carousel-images kc-sync1 \" data-owl-i-options='{\"items\":\"1\",\"tablet\":\"1\",\"mobile\":\"1\",\"speed\":\"500\",\"navigation\":\"\",\"pagination\":\"\",\"autoheight\":\"\",\"progressbar\":\"\",\"delay\":\"8\",\"autoplay\":\"yes\",\"showthumb\":\"yes\",\"num_thumb\":\"4\"}'>\n\t\n\t\t\t\t\t<div class=\"item\">\n\t\n\t\t\t<a class=\"kc-image-link kc-pretty-photo\" data-lightbox=\"kc-lightbox\" rel=\"prettyPhoto[57688]\" href=\"https:\/\/cdn.europeangayskiweek.com\/wp\/uploads\/2019\/06\/0903000016_06.jpg\"><img decoding=\"async\" src=\"https:\/\/cdn.europeangayskiweek.com\/wp\/uploads\/2019\/06\/0903000016_06-200x200.jpg\" alt=\"\" \/><\/a>\t\n\t\t\t<\/div>\n\t\n\t\t\t\t\t<div class=\"item\">\n\t\n\t\t\t<a class=\"kc-image-link kc-pretty-photo\" data-lightbox=\"kc-lightbox\" rel=\"prettyPhoto[57688]\" href=\"https:\/\/cdn.europeangayskiweek.com\/wp\/uploads\/2019\/06\/0903000016_09.jpg\"><img decoding=\"async\" src=\"https:\/\/cdn.europeangayskiweek.com\/wp\/uploads\/2019\/06\/0903000016_09-200x200.jpg\" alt=\"\" \/><\/a>\t\n\t\t\t<\/div>\n\t\n\t\t\t\t\t<div class=\"item\">\n\t\n\t\t\t<a class=\"kc-image-link kc-pretty-photo\" data-lightbox=\"kc-lightbox\" rel=\"prettyPhoto[57688]\" href=\"https:\/\/cdn.europeangayskiweek.com\/wp\/uploads\/2019\/06\/0903000016_07.jpg\"><img decoding=\"async\" src=\"https:\/\/cdn.europeangayskiweek.com\/wp\/uploads\/2019\/06\/0903000016_07-200x200.jpg\" alt=\"\" \/><\/a>\t\n\t\t\t<\/div>\n\t\n\t\t\t\t\t<div class=\"item\">\n\t\n\t\t\t<a class=\"kc-image-link kc-pretty-photo\" data-lightbox=\"kc-lightbox\" rel=\"prettyPhoto[57688]\" href=\"https:\/\/cdn.europeangayskiweek.com\/wp\/uploads\/2019\/06\/0903000016_01.jpg\"><img decoding=\"async\" src=\"https:\/\/cdn.europeangayskiweek.com\/wp\/uploads\/2019\/06\/0903000016_01-200x200.jpg\" alt=\"\" \/><\/a>\t\n\t\t\t<\/div>\n\t\n\t\t\t\t\t<div class=\"item\">\n\t\n\t\t\t<a class=\"kc-image-link kc-pretty-photo\" data-lightbox=\"kc-lightbox\" rel=\"prettyPhoto[57688]\" href=\"https:\/\/cdn.europeangayskiweek.com\/wp\/uploads\/2019\/06\/0190040244_01.jpg\"><img decoding=\"async\" src=\"https:\/\/cdn.europeangayskiweek.com\/wp\/uploads\/2019\/06\/0190040244_01-200x200.jpg\" alt=\"\" \/><\/a>\t\n\t\t\t<\/div>\n\t\n\t\t\t\n\t\t<\/div>\n\t\n\t\t\t\n\t\t<div class=\"kc-sync2 owl-carousel\">\n\t\t\t\t\n\t\t\t\t<div class=\"item\">\n\t\t\t\t\t<img decoding=\"async\" src=\"https:\/\/cdn.europeangayskiweek.com\/wp\/uploads\/2019\/06\/0903000016_06-200x200.jpg\" alt=\"\" \/>\n\t\t\t\t<\/div>\n\t\n\t\t\t\t\n\t\t\t\t<div class=\"item\">\n\t\t\t\t\t<img decoding=\"async\" src=\"https:\/\/cdn.europeangayskiweek.com\/wp\/uploads\/2019\/06\/0903000016_09-200x200.jpg\" alt=\"\" \/>\n\t\t\t\t<\/div>\n\t\n\t\t\t\t\n\t\t\t\t<div class=\"item\">\n\t\t\t\t\t<img decoding=\"async\" src=\"https:\/\/cdn.europeangayskiweek.com\/wp\/uploads\/2019\/06\/0903000016_07-200x200.jpg\" alt=\"\" \/>\n\t\t\t\t<\/div>\n\t\n\t\t\t\t\n\t\t\t\t<div class=\"item\">\n\t\t\t\t\t<img decoding=\"async\" src=\"https:\/\/cdn.europeangayskiweek.com\/wp\/uploads\/2019\/06\/0903000016_01-200x200.jpg\" alt=\"\" \/>\n\t\t\t\t<\/div>\n\t\n\t\t\t\t\n\t\t\t\t<div class=\"item\">\n\t\t\t\t\t<img decoding=\"async\" src=\"https:\/\/cdn.europeangayskiweek.com\/wp\/uploads\/2019\/06\/0190040244_01-200x200.jpg\" alt=\"\" \/>\n\t\t\t\t<\/div>\n\t\n\t\t\t\t\t<\/div>\n\t\n\t\t\t<\/div>\n<\/div>\n<\/div><\/div><div class=\"kc-elm kc-css-449980 kc_col-sm-4 kc_column_inner kc_col-sm-4\"><div class=\"kc_wrapper kc-col-inner-container\"><div class=\"kc-elm kc-css-233744 kc_box_wrap \"><ul class=\"accom-feature\"><li><img decoding=\"async\" src=\"https:\/\/cdn.europeangayskiweek.com\/wp\/uploads\/2019\/06\/icons8-bathtub-filled-50-e1559802124795.png\"\/><\/li><li><p>salle de bain avec : baignoire, lavabo, toilettes<\/p><\/li><\/ul><\/div><\/div><\/div><div class=\"kc-elm kc-css-167340 kc_col-sm-4 kc_column_inner kc_col-sm-4\"><div class=\"kc_wrapper kc-col-inner-container\"><div class=\"kc-elm kc-css-284396 kc_text_block accom-price-table\"><\/p>\n<table>\n<thead>\n<tr>\n<td>\n<h5>Vous r\u00e9servez comme<\/h5>\n<\/td>\n<td>\n<h5>Prix par personne<\/h5>\n<\/td>\n<\/tr>\n<tr>\n<td colspan=\"2\">\n<h5 style=\"text-align: center;\"><span style=\"color: #ff0000;\"><em>Pass \u00e9v\u00e9nement et forfait remont\u00e9es m\u00e9caniques 6 jours Val Thorens inclus<\/em><\/span><\/h5>\n<\/td>\n<\/tr>\n<\/thead>\n<tbody>\n<tr>\n<td>\n<h5><img loading=\"lazy\" decoding=\"async\" class=\"alignnone size-full\" src=\"https:\/\/cdn.europeangayskiweek.com\/wp\/uploads\/2019\/06\/Shared-Accommodation-title-e1561296862941.png\" alt=\"\" width=\"85\" height=\"30\" \/><\/h5>\n<\/td>\n<td>\n<h5 style=\"text-align: center;\"><\/h5>\n<\/td>\n<\/tr>\n<tr>\n<td colspan=\"2\">\n<h5><em><small>Full House\u00a0: tous les lits sont occup\u00e9s, jusqu'\u00e0 36\u00a0personnes par chambre. Les prix sont par personne et incluent la demi-pension pour 7\u00a0nuits. Le pass \u00e9v\u00e9nement et le forfait de ski 6\u00a0jours Val Thorens sont inclus.<\/small><\/em><\/h5>\n<\/td>\n<\/tr>\n<\/tbody>\n<\/table>\n<p>\n<\/div><\/div><\/div><\/div><\/div><\/div><\/div><\/div>\n<\/div><\/div><\/div><\/div><\/section><\/p>\n","protected":false},"excerpt":{"rendered":"<p> [...]<\/p>\n<p><a class=\"btn btn-secondary understrap-read-more-link\" href=\"https:\/\/www.europeangayskiweek.com\/fr\/montana-soleil\/\">Read More...<\/a><\/p>\n<p> [...]<\/p>\n<p><a class=\"btn btn-secondary understrap-read-more-link\" href=\"https:\/\/www.europeangayskiweek.com\/fr\/montana-soleil\/\">Lire la suite\u2026<span class=\"screen-reader-text\"> from 4* Montana Soleil<\/span><\/a><\/p>\n","protected":false},"author":23,"featured_media":24476,"parent":0,"menu_order":0,"comment_status":"closed","ping_status":"closed","template":"page-templates\/fullwidthpage-accommodation.php","meta":{"footnotes":""},"class_list":["post-24475","page","type-page","status-publish","has-post-thumbnail","hentry"],"yoast_head":"<!-- This site is optimized with the Yoast SEO plugin v26.4 - https:\/\/yoast.com\/wordpress\/plugins\/seo\/ -->\r\n<title>Europe&#039;s Biggest Gay Ski Week | EGSW | 22-29 Mars 2025<\/title>\r\n<meta name=\"description\" content=\"European Gay Ski Week, la plus grande semaine de ski gay d&#039;Europe, un brillant Apr\u00e8s, des spectacles fabuleux, un cabaret hilarant et des soir\u00e9es fantastiques.\" \/>\r\n<meta name=\"robots\" content=\"index, follow, max-snippet:-1, max-image-preview:large, max-video-preview:-1\" \/>\r\n<link rel=\"canonical\" href=\"https:\/\/www.europeangayskiweek.com\/fr\/montana-soleil\/\" \/>\r\n<meta property=\"og:locale\" content=\"fr_FR\" \/>\r\n<meta property=\"og:type\" content=\"article\" \/>\r\n<meta property=\"og:title\" content=\"Europe&#039;s Biggest Gay Ski Week | EGSW | 22-29 Mars 2025\" \/>\r\n<meta property=\"og:description\" content=\"European Gay Ski Week, la plus grande semaine de ski gay d&#039;Europe, un brillant Apr\u00e8s, des spectacles fabuleux, un cabaret hilarant et des soir\u00e9es fantastiques.\" \/>\r\n<meta property=\"og:url\" content=\"https:\/\/www.europeangayskiweek.com\/fr\/montana-soleil\/\" \/>\r\n<meta property=\"og:site_name\" content=\"Europe&#039;s Biggest Gay Ski Week | EGSW | 2027\" \/>\r\n<meta property=\"article:publisher\" content=\"https:\/\/www.facebook.com\/EuropeanGaySkiWeek\/\" \/>\r\n<meta property=\"article:modified_time\" content=\"2026-09-02T15:53:18+00:00\" \/>\r\n<meta property=\"og:image\" content=\"https:\/\/cdn.europeangayskiweek.com\/wp\/uploads\/2026\/07\/European-Gay-Ski-Week-2027.png\" \/>\r\n\t<meta property=\"og:image:width\" content=\"520\" \/>\r\n\t<meta property=\"og:image:height\" content=\"273\" \/>\r\n\t<meta property=\"og:image:type\" content=\"image\/png\" \/>\r\n<meta name=\"twitter:card\" content=\"summary_large_image\" \/>\r\n<meta name=\"twitter:site\" content=\"@EuropeanGaySkiW\" \/>\r\n<meta name=\"twitter:label1\" content=\"Dur\u00e9e de lecture estim\u00e9e\" \/>\n\t<meta name=\"twitter:data1\" content=\"8 minutes\" \/>\r\n<script type=\"application\/ld+json\" class=\"yoast-schema-graph\">{\"@context\":\"https:\/\/schema.org\",\"@graph\":[{\"@type\":\"WebPage\",\"@id\":\"https:\/\/www.europeangayskiweek.com\/fr\/montana-soleil\/\",\"url\":\"https:\/\/www.europeangayskiweek.com\/fr\/montana-soleil\/\",\"name\":\"Europe's Biggest Gay Ski Week | EGSW | 22-29 Mars 2025\",\"isPartOf\":{\"@id\":\"https:\/\/www.europeangayskiweek.com\/#website\"},\"primaryImageOfPage\":{\"@id\":\"https:\/\/www.europeangayskiweek.com\/fr\/montana-soleil\/#primaryimage\"},\"image\":{\"@id\":\"https:\/\/www.europeangayskiweek.com\/fr\/montana-soleil\/#primaryimage\"},\"thumbnailUrl\":\"https:\/\/cdn.europeangayskiweek.com\/wp\/uploads\/2023\/08\/Village_Montana_2-e1693207270253.jpg\",\"datePublished\":\"2026-05-19T09:21:41+00:00\",\"dateModified\":\"2026-09-02T15:53:18+00:00\",\"description\":\"European Gay Ski Week, la plus grande semaine de ski gay d'Europe, un brillant Apr\u00e8s, des spectacles fabuleux, un cabaret hilarant et des soir\u00e9es fantastiques.\",\"breadcrumb\":{\"@id\":\"https:\/\/www.europeangayskiweek.com\/fr\/montana-soleil\/#breadcrumb\"},\"inLanguage\":\"fr-FR\",\"potentialAction\":[{\"@type\":\"ReadAction\",\"target\":[\"https:\/\/www.europeangayskiweek.com\/fr\/montana-soleil\/\"]}]},{\"@type\":\"ImageObject\",\"inLanguage\":\"fr-FR\",\"@id\":\"https:\/\/www.europeangayskiweek.com\/fr\/montana-soleil\/#primaryimage\",\"url\":\"https:\/\/cdn.europeangayskiweek.com\/wp\/uploads\/2023\/08\/Village_Montana_2-e1693207270253.jpg\",\"contentUrl\":\"https:\/\/cdn.europeangayskiweek.com\/wp\/uploads\/2023\/08\/Village_Montana_2-e1693207270253.jpg\",\"width\":267,\"height\":200,\"caption\":\"European Gay Ski Week 2024 Four Star Residence\"},{\"@type\":\"BreadcrumbList\",\"@id\":\"https:\/\/www.europeangayskiweek.com\/fr\/montana-soleil\/#breadcrumb\",\"itemListElement\":[{\"@type\":\"ListItem\",\"position\":1,\"name\":\"Home\",\"item\":\"https:\/\/www.europeangayskiweek.com\/fr\/\"},{\"@type\":\"ListItem\",\"position\":2,\"name\":\"4* Montana Soleil\"}]},{\"@type\":\"WebSite\",\"@id\":\"https:\/\/www.europeangayskiweek.com\/#website\",\"url\":\"https:\/\/www.europeangayskiweek.com\/\",\"name\":\"European Gay Ski Week | The Biggest Gay Winter Sports and Music Festival | Val Thorens | 13-20 March 2027\",\"description\":\"Europe&#039;s N\u00b01 Gay Winter Sports &amp; Music Festival | Val Thorens - Les 3 Vall\u00e9es | European Gay Ski Week with International DJs &amp; Artists\",\"publisher\":{\"@id\":\"https:\/\/www.europeangayskiweek.com\/#organization\"},\"potentialAction\":[{\"@type\":\"SearchAction\",\"target\":{\"@type\":\"EntryPoint\",\"urlTemplate\":\"https:\/\/www.europeangayskiweek.com\/?s={search_term_string}\"},\"query-input\":{\"@type\":\"PropertyValueSpecification\",\"valueRequired\":true,\"valueName\":\"search_term_string\"}}],\"inLanguage\":\"fr-FR\"},{\"@type\":\"Organization\",\"@id\":\"https:\/\/www.europeangayskiweek.com\/#organization\",\"name\":\"European Gay Ski Week\",\"url\":\"https:\/\/www.europeangayskiweek.com\/\",\"logo\":{\"@type\":\"ImageObject\",\"inLanguage\":\"fr-FR\",\"@id\":\"https:\/\/www.europeangayskiweek.com\/#\/schema\/logo\/image\/\",\"url\":\"https:\/\/cdn.europeangayskiweek.com\/wp\/uploads\/2019\/06\/EGSW-Dateless-Black-02b.png\",\"contentUrl\":\"https:\/\/cdn.europeangayskiweek.com\/wp\/uploads\/2019\/06\/EGSW-Dateless-Black-02b.png\",\"width\":1346,\"height\":442,\"caption\":\"European Gay Ski Week\"},\"image\":{\"@id\":\"https:\/\/www.europeangayskiweek.com\/#\/schema\/logo\/image\/\"},\"sameAs\":[\"https:\/\/www.facebook.com\/EuropeanGaySkiWeek\/\",\"https:\/\/x.com\/EuropeanGaySkiW\",\"https:\/\/www.instagram.com\/europeangayskiweek\/\",\"https:\/\/www.youtube.com\/user\/JonHuntEGSW\"]}]}<\/script>\r\n<!-- \/ Yoast SEO plugin. -->","yoast_head_json":{"title":"Europe's Biggest Gay Ski Week | EGSW | 22-29 Mars 2025","description":"European Gay Ski Week, la plus grande semaine de ski gay d'Europe, un brillant Apr\u00e8s, des spectacles fabuleux, un cabaret hilarant et des soir\u00e9es fantastiques.","robots":{"index":"index","follow":"follow","max-snippet":"max-snippet:-1","max-image-preview":"max-image-preview:large","max-video-preview":"max-video-preview:-1"},"canonical":"https:\/\/www.europeangayskiweek.com\/fr\/montana-soleil\/","og_locale":"fr_FR","og_type":"article","og_title":"Europe's Biggest Gay Ski Week | EGSW | 22-29 Mars 2025","og_description":"European Gay Ski Week, la plus grande semaine de ski gay d'Europe, un brillant Apr\u00e8s, des spectacles fabuleux, un cabaret hilarant et des soir\u00e9es fantastiques.","og_url":"https:\/\/www.europeangayskiweek.com\/fr\/montana-soleil\/","og_site_name":"Europe&#039;s Biggest Gay Ski Week | EGSW | 2027","article_publisher":"https:\/\/www.facebook.com\/EuropeanGaySkiWeek\/","article_modified_time":"2026-09-02T15:53:18+00:00","og_image":[{"width":520,"height":273,"url":"https:\/\/cdn.europeangayskiweek.com\/wp\/uploads\/2026\/07\/European-Gay-Ski-Week-2027.png","type":"image\/png"}],"twitter_card":"summary_large_image","twitter_site":"@EuropeanGaySkiW","twitter_misc":{"Dur\u00e9e de lecture estim\u00e9e":"8 minutes"},"schema":{"@context":"https:\/\/schema.org","@graph":[{"@type":"WebPage","@id":"https:\/\/www.europeangayskiweek.com\/fr\/montana-soleil\/","url":"https:\/\/www.europeangayskiweek.com\/fr\/montana-soleil\/","name":"Europe's Biggest Gay Ski Week | EGSW | 22-29 Mars 2025","isPartOf":{"@id":"https:\/\/www.europeangayskiweek.com\/#website"},"primaryImageOfPage":{"@id":"https:\/\/www.europeangayskiweek.com\/fr\/montana-soleil\/#primaryimage"},"image":{"@id":"https:\/\/www.europeangayskiweek.com\/fr\/montana-soleil\/#primaryimage"},"thumbnailUrl":"https:\/\/cdn.europeangayskiweek.com\/wp\/uploads\/2023\/08\/Village_Montana_2-e1693207270253.jpg","datePublished":"2026-05-19T09:21:41+00:00","dateModified":"2026-09-02T15:53:18+00:00","description":"European Gay Ski Week, la plus grande semaine de ski gay d'Europe, un brillant Apr\u00e8s, des spectacles fabuleux, un cabaret hilarant et des soir\u00e9es fantastiques.","breadcrumb":{"@id":"https:\/\/www.europeangayskiweek.com\/fr\/montana-soleil\/#breadcrumb"},"inLanguage":"fr-FR","potentialAction":[{"@type":"ReadAction","target":["https:\/\/www.europeangayskiweek.com\/fr\/montana-soleil\/"]}]},{"@type":"ImageObject","inLanguage":"fr-FR","@id":"https:\/\/www.europeangayskiweek.com\/fr\/montana-soleil\/#primaryimage","url":"https:\/\/cdn.europeangayskiweek.com\/wp\/uploads\/2023\/08\/Village_Montana_2-e1693207270253.jpg","contentUrl":"https:\/\/cdn.europeangayskiweek.com\/wp\/uploads\/2023\/08\/Village_Montana_2-e1693207270253.jpg","width":267,"height":200,"caption":"European Gay Ski Week 2024 Four Star Residence"},{"@type":"BreadcrumbList","@id":"https:\/\/www.europeangayskiweek.com\/fr\/montana-soleil\/#breadcrumb","itemListElement":[{"@type":"ListItem","position":1,"name":"Home","item":"https:\/\/www.europeangayskiweek.com\/fr\/"},{"@type":"ListItem","position":2,"name":"4* Montana Soleil"}]},{"@type":"WebSite","@id":"https:\/\/www.europeangayskiweek.com\/#website","url":"https:\/\/www.europeangayskiweek.com\/","name":"European Gay Ski Week | The Biggest Gay Winter Sports and Music Festival | Val Thorens | 13-20 March 2027","description":"Europe&#039;s N\u00b01 Gay Winter Sports &amp; Music Festival | Val Thorens - Les 3 Vall\u00e9es | European Gay Ski Week with International DJs &amp; Artists","publisher":{"@id":"https:\/\/www.europeangayskiweek.com\/#organization"},"potentialAction":[{"@type":"SearchAction","target":{"@type":"EntryPoint","urlTemplate":"https:\/\/www.europeangayskiweek.com\/?s={search_term_string}"},"query-input":{"@type":"PropertyValueSpecification","valueRequired":true,"valueName":"search_term_string"}}],"inLanguage":"fr-FR"},{"@type":"Organization","@id":"https:\/\/www.europeangayskiweek.com\/#organization","name":"European Gay Ski Week","url":"https:\/\/www.europeangayskiweek.com\/","logo":{"@type":"ImageObject","inLanguage":"fr-FR","@id":"https:\/\/www.europeangayskiweek.com\/#\/schema\/logo\/image\/","url":"https:\/\/cdn.europeangayskiweek.com\/wp\/uploads\/2019\/06\/EGSW-Dateless-Black-02b.png","contentUrl":"https:\/\/cdn.europeangayskiweek.com\/wp\/uploads\/2019\/06\/EGSW-Dateless-Black-02b.png","width":1346,"height":442,"caption":"European Gay Ski Week"},"image":{"@id":"https:\/\/www.europeangayskiweek.com\/#\/schema\/logo\/image\/"},"sameAs":["https:\/\/www.facebook.com\/EuropeanGaySkiWeek\/","https:\/\/x.com\/EuropeanGaySkiW","https:\/\/www.instagram.com\/europeangayskiweek\/","https:\/\/www.youtube.com\/user\/JonHuntEGSW"]}]}},"_links":{"self":[{"href":"https:\/\/www.europeangayskiweek.com\/fr\/wp-json\/wp\/v2\/pages\/24475","targetHints":{"allow":["GET"]}}],"collection":[{"href":"https:\/\/www.europeangayskiweek.com\/fr\/wp-json\/wp\/v2\/pages"}],"about":[{"href":"https:\/\/www.europeangayskiweek.com\/fr\/wp-json\/wp\/v2\/types\/page"}],"author":[{"embeddable":true,"href":"https:\/\/www.europeangayskiweek.com\/fr\/wp-json\/wp\/v2\/users\/23"}],"replies":[{"embeddable":true,"href":"https:\/\/www.europeangayskiweek.com\/fr\/wp-json\/wp\/v2\/comments?post=24475"}],"version-history":[{"count":4,"href":"https:\/\/www.europeangayskiweek.com\/fr\/wp-json\/wp\/v2\/pages\/24475\/revisions"}],"predecessor-version":[{"id":25819,"href":"https:\/\/www.europeangayskiweek.com\/fr\/wp-json\/wp\/v2\/pages\/24475\/revisions\/25819"}],"wp:featuredmedia":[{"embeddable":true,"href":"https:\/\/www.europeangayskiweek.com\/fr\/wp-json\/wp\/v2\/media\/24476"}],"wp:attachment":[{"href":"https:\/\/www.europeangayskiweek.com\/fr\/wp-json\/wp\/v2\/media?parent=24475"}],"curies":[{"name":"wp","href":"https:\/\/api.w.org\/{rel}","templated":true}]}}