{"id":20455,"date":"2024-07-01T11:31:39","date_gmt":"2024-07-01T10:31:39","guid":{"rendered":"https:\/\/e25.europeangayskiweek.com\/?page_id=20455"},"modified":"2024-07-24T16:07:24","modified_gmt":"2024-07-24T15:07:24","slug":"quotes-book-now-6-2","status":"publish","type":"page","link":"https:\/\/www.europeangayskiweek.com\/fr\/quotes-book-now-6-2\/","title":{"rendered":"Devis et R\u00e9servation - Copy"},"content":{"rendered":"<p><section class=\"kc-elm kc-css-397807 kc_row\"><div class=\"kc-row-container  kc-container\"><div class=\"kc-wrap-columns\"><div class=\"kc-elm kc-css-62351 kc_col-sm-12 kc_column kc_col-sm-12\"><div class=\"kc-col-container\"><div class=\"kc-elm kc-css-414435\" style=\"height: 60px; clear: both; width:100%;\"><\/div><div class=\"kc-elm kc-css-104064 kc_text_block\"><\/p>\n<h3 style=\"text-align: center;\">Comment r\u00e9server\u00a0?<\/h3>\n<p class=\"lead\" style=\"text-align: center;\">Il y a des h\u00f4tels, des studios et des appartements disponibles,<br \/>allant du standard au super luxe.<br \/>Il existe quatre choix distincts pour r\u00e9server<\/p>\n<p style=\"text-align: gauche;\">\n<\/div><\/div><\/div><\/div><\/div><\/section><section class=\"kc-elm kc-css-966927 kc_row\"><div class=\"kc-row-container  kc-container\"><div class=\"kc-wrap-columns\"><div class=\"kc-elm kc-css-368361 kc_col-sm-2 kc_column kc_col-sm-2\"><div class=\"kc-col-container\"><\/div><\/div><div class=\"kc-elm kc-css-466134 kc_col-sm-8 kc_column kc_col-sm-8\"><div class=\"kc-col-container\"><div class=\"kc-elm kc-css-920856 kc_text_block\"><\/p>\n<h1 style=\"text-align: center;\">Les devis et r\u00e9servations sont disponibles \u00e0 partir du 1er juillet 2021\u00a0\u00e0 midi<\/h1>\n<h3 style=\"text-align: center;\">Inscrivez-vous \u00e0 notre liste de diffusion et recevez un rappel lorsque les devis et r\u00e9servations s&#039;ouvrent<\/h3>\n<p>\n<\/div><\/div><\/div><div class=\"kc-elm kc-css-966622 kc_col-sm-2 kc_column kc_col-sm-2\"><div class=\"kc-col-container\"><\/div><\/div><\/div><\/div><\/section><section class=\"kc-elm kc-css-28834 kc_row\"><div class=\"kc-row-container  kc-container\"><div class=\"kc-wrap-columns\"><div class=\"kc-elm kc-css-304575 kc_col-sm-4 kc_column kc_col-sm-4\"><div class=\"kc-col-container\"><div class=\"kc-elm kc-css-386944\" style=\"height: 60px; clear: both; width:100%;\"><\/div><div class=\"kc-elm kc-css-157251 kc_shortcode kc_single_image\">\n\n        <img decoding=\"async\" src=\"https:\/\/cdn.europeangayskiweek.com\/wp\/uploads\/2019\/12\/formulas-1-a-la-carte.png\" class=\"\" alt=\"\" \/>    <\/div>\n<div class=\"kc-elm kc-css-808820 kc_text_block\"><\/p>\n<p style=\"text-align: center;\"><strong>Vous avez une chambre d&#039;h\u00f4tel ou un appartement exclusivement pour vous et vos amis.<\/strong><\/p>\n<h4 style=\"text-align: center;\"><span style=\"color: #800f0f;\"><strong>\u00c0 partir de 639 \u20ac<\/strong><\/span><\/h4>\n<p style=\"text-align: center;\">(En occupation simple dans un studio 2 personnes, pass \u00e9v\u00e9nement inclus)<\/p>\n<p style=\"text-align: gauche;\">\n<\/div><div class=\"kc-elm kc-css-445463\" style=\"height: 12px; clear: both; width:100%;\"><\/div>\n<div class=\"kc-elm kc-css-201605\">\n\t<a class=\"kc_button\" href=\"https:\/\/gtly.to\/RSCrMYfxK\" target=\"_blank\" title=\"\" onclick=\"\">\n\t\tR\u00e9server\t<\/a>\n<\/div>\n<\/div><\/div><div class=\"kc-elm kc-css-992221 kc_col-sm-4 kc_column kc_col-sm-4\"><div class=\"kc-col-container\"><div class=\"kc-elm kc-css-243860\" style=\"height: 60px; clear: both; width:100%;\"><\/div><div class=\"kc-elm kc-css-665731 kc_shortcode kc_single_image\">\n\n        <img decoding=\"async\" src=\"https:\/\/cdn.europeangayskiweek.com\/wp\/uploads\/2019\/12\/formulas-2-random-roommate.png\" class=\"\" alt=\"\" \/>    <\/div>\n<div class=\"kc-elm kc-css-532195 kc_text_block\"><\/p>\n<p style=\"text-align: center;\"><strong>Vous partagez une chambre d&#039;h\u00f4tel ou un appartement avec une autre personne.<\/strong><\/p>\n<h4 style=\"text-align: center;\"><span style=\"color: #800f0f;\"><strong>\u00c0 partir de 449 \u20ac<\/strong><\/span><\/h4>\n<p style=\"text-align: center;\">(partager un studio pour 3 personnes avec une autre personne, comprend le pass \u00e9v\u00e9nement)<\/p>\n<p style=\"text-align: gauche;\">\n<\/div><div class=\"kc-elm kc-css-857051\" style=\"height: 12px; clear: both; width:100%;\"><\/div>\n<div class=\"kc-elm kc-css-580952\">\n\t<a class=\"kc_button\" href=\" https:\/\/v4-services.ski.sunweb.fr\/grouptravel\/registration\/welcome.aspx?reqGuid=2744B648-9B0D-4356-8999-35FDE69EB242\" target=\"_blank\" title=\"\" onclick=\"\">\n\t\tR\u00e9server\t<\/a>\n<\/div>\n<\/div><\/div><div class=\"kc-elm kc-css-553153 kc_col-sm-4 kc_column kc_col-sm-4\"><div class=\"kc-col-container\"><div class=\"kc-elm kc-css-954762\" style=\"height: 60px; clear: both; width:100%;\"><\/div><div class=\"kc-elm kc-css-520001 kc_shortcode kc_single_image\">\n\n        <img decoding=\"async\" src=\"https:\/\/cdn.europeangayskiweek.com\/wp\/uploads\/2019\/12\/formulas-3-full-house-package.png\" class=\"\" alt=\"\" \/>    <\/div>\n<div class=\"kc-elm kc-css-15003 kc_text_block\"><\/p>\n<p style=\"text-align: center;\"><strong>Vous partagez un studio, un appartement ou une chambre d&#039;h\u00f4tel\u00a0: tous les lits sont occup\u00e9s<\/strong><\/p>\n<h4 style=\"text-align: center;\"><span style=\"color: #800f0f;\"><strong>\u00c0 partir de 279 \u20ac<\/strong><\/span><\/h4>\n<p style=\"text-align: center;\">(partageant un studio pour 4 personnes avec trois autres personnes, comprend le pass \u00e9v\u00e9nement)<\/p>\n<p style=\"text-align: gauche;\">\n<\/div><div class=\"kc-elm kc-css-641564\" style=\"height: 12px; clear: both; width:100%;\"><\/div>\n<div class=\"kc-elm kc-css-581597\">\n\t<a class=\"kc_button\" href=\" https:\/\/v4-services.ski.sunweb.fr\/grouptravel\/registration\/welcome.aspx?reqGuid=2744B648-9B0D-4356-8999-35FDE69EB242\" target=\"_blank\" title=\"\" onclick=\"\">\n\t\tR\u00e9server\t<\/a>\n<\/div>\n<\/div><\/div><\/div><\/div><\/section><section class=\"kc-elm kc-css-160868 kc_row\"><div class=\"kc-row-container  kc-container\"><div class=\"kc-wrap-columns\"><div class=\"kc-elm kc-css-452589 kc_col-sm-12 kc_column kc_col-sm-12\"><div class=\"kc-col-container\">\n<div class=\"kc-elm kc-css-143992 divider_line\">\n\t<div class=\"divider_inner divider_line1\">\n\t\t\t<\/div>\n<\/div>\n<div class=\"kc-elm kc-css-270363\" style=\"height: 75px; clear: both; width:100%;\"><\/div><\/div><\/div><\/div><\/div><\/section><section class=\"kc-elm kc-css-907964 kc_row\"><div class=\"kc-row-container  kc-container\"><div class=\"kc-wrap-columns\"><div class=\"kc-elm kc-css-121121 kc_col-sm-6 kc_column kc_col-sm-6\"><div class=\"kc-col-container\"><div class=\"kc-elm kc-css-338150 kc_shortcode kc_single_image\">\n\n        <img decoding=\"async\" src=\"https:\/\/cdn.europeangayskiweek.com\/wp\/uploads\/2021\/06\/formulas-4-booking-without-accommodation.png\" class=\"\" alt=\"\" \/>    <\/div>\n<\/div><\/div><div class=\"kc-elm kc-css-299973 kc_col-sm-6 kc_column kc_col-sm-6\"><div class=\"kc-col-container\">\n<div class=\"kc-elm kc-css-941659\">\n\t<a class=\"kc_button\" href=\"https:\/\/v4-services.ski.sunweb.fr\/grouptravel\/registration\/welcome.aspx?reqGuid=D35A661C-276D-4E3D-9DFC-0DAA82C64A4E\" target=\"_blank\" title=\"\" onclick=\"\">\n\t\tR\u00e9servez maintenant - Pass \u00e9v\u00e9nement, Forfait Ski + Options suppl.\t<\/a>\n<\/div>\n\n<div class=\"kc-elm kc-css-653428\">\n\t<a class=\"kc_button\" href=\"https:\/\/v4-services.ski.sunweb.fr\/grouptravel\/registration\/welcome.aspx?reqGuid=B04C198B-3FDD-4254-9CBD-741647A17F16\" target=\"_blank\" title=\"\" onclick=\"\">\n\t\tR\u00e9servez maintenant - Pass \u00e9v\u00e9nement + options suppl. uniquement\t<\/a>\n<\/div>\n<\/div><\/div><\/div><\/div><\/section><section class=\"kc-elm kc-css-87286 kc_row\"><div class=\"kc-row-container  kc-container\"><div class=\"kc-wrap-columns\"><div class=\"kc-elm kc-css-845283 kc_col-sm-12 kc_column kc_col-sm-12\"><div class=\"kc-col-container\"><div class=\"kc-elm kc-css-715940\" style=\"height: 75px; clear: both; width:100%;\"><\/div><\/div><\/div><\/div><\/div><\/section><section class=\"kc-elm kc-css-322950 kc_row\"><div class=\"kc-row-container  kc-container\"><div class=\"kc-wrap-columns\"><div class=\"kc-elm kc-css-108943 kc_col-sm-12 kc_column kc_col-sm-12\"><div class=\"kc-col-container\"><div class=\"kc-elm kc-css-88777 kc_text_block\"><\/p>\n<p>\n<\/div><\/div><\/div><\/div><\/div><\/section><\/p>\n","protected":false},"excerpt":{"rendered":"<p> [...]<\/p>\n<p><a class=\"btn btn-secondary understrap-read-more-link\" href=\"https:\/\/www.europeangayskiweek.com\/fr\/quotes-book-now-6-2\/\">Read More...<\/a><\/p>\n<p> [...]<\/p>\n<p><a class=\"btn btn-secondary understrap-read-more-link\" href=\"https:\/\/www.europeangayskiweek.com\/fr\/quotes-book-now-6-2\/\">Lire la suite\u2026<span class=\"screen-reader-text\"> from Devis et R\u00e9servation - Copy<\/span><\/a><\/p>\n","protected":false},"author":4,"featured_media":0,"parent":0,"menu_order":6,"comment_status":"closed","ping_status":"closed","template":"page-templates\/fullwidthpage-upto1440.php","meta":{"footnotes":""},"class_list":["post-20455","page","type-page","status-publish","hentry"],"yoast_head":"<!-- This site is optimized with the Yoast SEO plugin v26.4 - https:\/\/yoast.com\/wordpress\/plugins\/seo\/ -->\r\n<title>La Plus Grande Gay Ski Week d&#039;Europe | EGSW | 22-29 Mar 2025<\/title>\r\n<meta name=\"description\" content=\"European Gay Ski Week, la plus grande semaine de ski gay d&#039;Europe, un brillant Apr\u00e8s, des spectacles fabuleux, un cabaret hilarant et des soir\u00e9es fantastiques.\" \/>\r\n<meta name=\"robots\" content=\"index, follow, max-snippet:-1, max-image-preview:large, max-video-preview:-1\" \/>\r\n<link rel=\"canonical\" href=\"https:\/\/www.europeangayskiweek.com\/fr\/quotes-book-now-6-2\/\" \/>\r\n<meta property=\"og:locale\" content=\"fr_FR\" \/>\r\n<meta property=\"og:type\" content=\"article\" \/>\r\n<meta property=\"og:title\" content=\"La Plus Grande Gay Ski Week d&#039;Europe | EGSW | 22-29 Mar 2025\" \/>\r\n<meta property=\"og:description\" content=\"European Gay Ski Week, la plus grande semaine de ski gay d&#039;Europe, un brillant Apr\u00e8s, des spectacles fabuleux, un cabaret hilarant et des soir\u00e9es fantastiques.\" \/>\r\n<meta property=\"og:url\" content=\"https:\/\/www.europeangayskiweek.com\/fr\/quotes-book-now-6-2\/\" \/>\r\n<meta property=\"og:site_name\" content=\"Europe&#039;s Biggest Gay Ski Week | EGSW | 2026 Coming Soon\" \/>\r\n<meta property=\"article:publisher\" content=\"https:\/\/www.facebook.com\/EuropeanGaySkiWeek\/\" \/>\r\n<meta property=\"article:modified_time\" content=\"2024-07-24T15:07:24+00:00\" \/>\r\n<meta property=\"og:image\" content=\"https:\/\/cdn.europeangayskiweek.com\/wp\/uploads\/2020\/07\/facebook_og.jpg\" \/>\r\n\t<meta property=\"og:image:width\" content=\"1200\" \/>\r\n\t<meta property=\"og:image:height\" content=\"630\" \/>\r\n\t<meta property=\"og:image:type\" content=\"image\/jpeg\" \/>\r\n<meta name=\"twitter:card\" content=\"summary_large_image\" \/>\r\n<meta name=\"twitter:site\" content=\"@EuropeanGaySkiW\" \/>\r\n<meta name=\"twitter:label1\" content=\"Dur\u00e9e de lecture estim\u00e9e\" \/>\n\t<meta name=\"twitter:data1\" content=\"2 minutes\" \/>\r\n<script type=\"application\/ld+json\" class=\"yoast-schema-graph\">{\"@context\":\"https:\/\/schema.org\",\"@graph\":[{\"@type\":\"WebPage\",\"@id\":\"https:\/\/www.europeangayskiweek.com\/fr\/quotes-book-now-6-2\/\",\"url\":\"https:\/\/www.europeangayskiweek.com\/fr\/quotes-book-now-6-2\/\",\"name\":\"La Plus Grande Gay Ski Week d'Europe | EGSW | 22-29 Mar 2025\",\"isPartOf\":{\"@id\":\"https:\/\/www.europeangayskiweek.com\/#website\"},\"primaryImageOfPage\":{\"@id\":\"https:\/\/www.europeangayskiweek.com\/fr\/quotes-book-now-6-2\/#primaryimage\"},\"image\":{\"@id\":\"https:\/\/www.europeangayskiweek.com\/fr\/quotes-book-now-6-2\/#primaryimage\"},\"thumbnailUrl\":\"https:\/\/cdn.europeangayskiweek.com\/wp\/uploads\/2019\/12\/formulas-1-a-la-carte.png\",\"datePublished\":\"2024-07-01T10:31:39+00:00\",\"dateModified\":\"2024-07-24T15:07:24+00:00\",\"description\":\"European Gay Ski Week, la plus grande semaine de ski gay d'Europe, un brillant Apr\u00e8s, des spectacles fabuleux, un cabaret hilarant et des soir\u00e9es fantastiques.\",\"breadcrumb\":{\"@id\":\"https:\/\/www.europeangayskiweek.com\/fr\/quotes-book-now-6-2\/#breadcrumb\"},\"inLanguage\":\"fr-FR\",\"potentialAction\":[{\"@type\":\"ReadAction\",\"target\":[\"https:\/\/www.europeangayskiweek.com\/fr\/quotes-book-now-6-2\/\"]}]},{\"@type\":\"ImageObject\",\"inLanguage\":\"fr-FR\",\"@id\":\"https:\/\/www.europeangayskiweek.com\/fr\/quotes-book-now-6-2\/#primaryimage\",\"url\":\"https:\/\/cdn.europeangayskiweek.com\/wp\/uploads\/2019\/12\/formulas-1-a-la-carte.png\",\"contentUrl\":\"https:\/\/cdn.europeangayskiweek.com\/wp\/uploads\/2019\/12\/formulas-1-a-la-carte.png\"},{\"@type\":\"BreadcrumbList\",\"@id\":\"https:\/\/www.europeangayskiweek.com\/fr\/quotes-book-now-6-2\/#breadcrumb\",\"itemListElement\":[{\"@type\":\"ListItem\",\"position\":1,\"name\":\"Home\",\"item\":\"https:\/\/www.europeangayskiweek.com\/fr\/\"},{\"@type\":\"ListItem\",\"position\":2,\"name\":\"Devis et R\u00e9servation - Copy\"}]},{\"@type\":\"WebSite\",\"@id\":\"https:\/\/www.europeangayskiweek.com\/#website\",\"url\":\"https:\/\/www.europeangayskiweek.com\/\",\"name\":\"European Gay Ski Week | The Biggest Gay Winter Sports and Music Festival | Les Arcs Paradiski | 21-28 March 2020\",\"description\":\"Europe&#039;s N\u00b01 Gay Winter Sports &amp; Music Festival | Les Arcs - Arc 1950 &amp; Arc 2000 - Paradiski | European Gay Ski Week with International DJs &amp; Artists\",\"publisher\":{\"@id\":\"https:\/\/www.europeangayskiweek.com\/#organization\"},\"potentialAction\":[{\"@type\":\"SearchAction\",\"target\":{\"@type\":\"EntryPoint\",\"urlTemplate\":\"https:\/\/www.europeangayskiweek.com\/?s={search_term_string}\"},\"query-input\":{\"@type\":\"PropertyValueSpecification\",\"valueRequired\":true,\"valueName\":\"search_term_string\"}}],\"inLanguage\":\"fr-FR\"},{\"@type\":\"Organization\",\"@id\":\"https:\/\/www.europeangayskiweek.com\/#organization\",\"name\":\"European Gay Ski Week\",\"url\":\"https:\/\/www.europeangayskiweek.com\/\",\"logo\":{\"@type\":\"ImageObject\",\"inLanguage\":\"fr-FR\",\"@id\":\"https:\/\/www.europeangayskiweek.com\/#\/schema\/logo\/image\/\",\"url\":\"https:\/\/cdn.europeangayskiweek.com\/wp\/uploads\/2019\/06\/EGSW-Dateless-Black-02b.png\",\"contentUrl\":\"https:\/\/cdn.europeangayskiweek.com\/wp\/uploads\/2019\/06\/EGSW-Dateless-Black-02b.png\",\"width\":1346,\"height\":442,\"caption\":\"European Gay Ski Week\"},\"image\":{\"@id\":\"https:\/\/www.europeangayskiweek.com\/#\/schema\/logo\/image\/\"},\"sameAs\":[\"https:\/\/www.facebook.com\/EuropeanGaySkiWeek\/\",\"https:\/\/x.com\/EuropeanGaySkiW\",\"https:\/\/www.instagram.com\/europeangayskiweek\/\",\"https:\/\/www.youtube.com\/user\/JonHuntEGSW\"]}]}<\/script>\r\n<!-- \/ Yoast SEO plugin. -->","yoast_head_json":{"title":"La Plus Grande Gay Ski Week d'Europe | EGSW | 22-29 Mar 2025","description":"European Gay Ski Week, la plus grande semaine de ski gay d'Europe, un brillant Apr\u00e8s, des spectacles fabuleux, un cabaret hilarant et des soir\u00e9es fantastiques.","robots":{"index":"index","follow":"follow","max-snippet":"max-snippet:-1","max-image-preview":"max-image-preview:large","max-video-preview":"max-video-preview:-1"},"canonical":"https:\/\/www.europeangayskiweek.com\/fr\/quotes-book-now-6-2\/","og_locale":"fr_FR","og_type":"article","og_title":"La Plus Grande Gay Ski Week d'Europe | EGSW | 22-29 Mar 2025","og_description":"European Gay Ski Week, la plus grande semaine de ski gay d'Europe, un brillant Apr\u00e8s, des spectacles fabuleux, un cabaret hilarant et des soir\u00e9es fantastiques.","og_url":"https:\/\/www.europeangayskiweek.com\/fr\/quotes-book-now-6-2\/","og_site_name":"Europe&#039;s Biggest Gay Ski Week | EGSW | 2026 Coming Soon","article_publisher":"https:\/\/www.facebook.com\/EuropeanGaySkiWeek\/","article_modified_time":"2024-07-24T15:07:24+00:00","og_image":[{"width":1200,"height":630,"url":"https:\/\/cdn.europeangayskiweek.com\/wp\/uploads\/2020\/07\/facebook_og.jpg","type":"image\/jpeg"}],"twitter_card":"summary_large_image","twitter_site":"@EuropeanGaySkiW","twitter_misc":{"Dur\u00e9e de lecture estim\u00e9e":"2 minutes"},"schema":{"@context":"https:\/\/schema.org","@graph":[{"@type":"WebPage","@id":"https:\/\/www.europeangayskiweek.com\/fr\/quotes-book-now-6-2\/","url":"https:\/\/www.europeangayskiweek.com\/fr\/quotes-book-now-6-2\/","name":"La Plus Grande Gay Ski Week d'Europe | EGSW | 22-29 Mar 2025","isPartOf":{"@id":"https:\/\/www.europeangayskiweek.com\/#website"},"primaryImageOfPage":{"@id":"https:\/\/www.europeangayskiweek.com\/fr\/quotes-book-now-6-2\/#primaryimage"},"image":{"@id":"https:\/\/www.europeangayskiweek.com\/fr\/quotes-book-now-6-2\/#primaryimage"},"thumbnailUrl":"https:\/\/cdn.europeangayskiweek.com\/wp\/uploads\/2019\/12\/formulas-1-a-la-carte.png","datePublished":"2024-07-01T10:31:39+00:00","dateModified":"2024-07-24T15:07:24+00:00","description":"European Gay Ski Week, la plus grande semaine de ski gay d'Europe, un brillant Apr\u00e8s, des spectacles fabuleux, un cabaret hilarant et des soir\u00e9es fantastiques.","breadcrumb":{"@id":"https:\/\/www.europeangayskiweek.com\/fr\/quotes-book-now-6-2\/#breadcrumb"},"inLanguage":"fr-FR","potentialAction":[{"@type":"ReadAction","target":["https:\/\/www.europeangayskiweek.com\/fr\/quotes-book-now-6-2\/"]}]},{"@type":"ImageObject","inLanguage":"fr-FR","@id":"https:\/\/www.europeangayskiweek.com\/fr\/quotes-book-now-6-2\/#primaryimage","url":"https:\/\/cdn.europeangayskiweek.com\/wp\/uploads\/2019\/12\/formulas-1-a-la-carte.png","contentUrl":"https:\/\/cdn.europeangayskiweek.com\/wp\/uploads\/2019\/12\/formulas-1-a-la-carte.png"},{"@type":"BreadcrumbList","@id":"https:\/\/www.europeangayskiweek.com\/fr\/quotes-book-now-6-2\/#breadcrumb","itemListElement":[{"@type":"ListItem","position":1,"name":"Home","item":"https:\/\/www.europeangayskiweek.com\/fr\/"},{"@type":"ListItem","position":2,"name":"Devis et R\u00e9servation - Copy"}]},{"@type":"WebSite","@id":"https:\/\/www.europeangayskiweek.com\/#website","url":"https:\/\/www.europeangayskiweek.com\/","name":"European Gay Ski Week | The Biggest Gay Winter Sports and Music Festival | Les Arcs Paradiski | 21-28 March 2020","description":"Europe&#039;s N\u00b01 Gay Winter Sports &amp; Music Festival | Les Arcs - Arc 1950 &amp; Arc 2000 - Paradiski | European Gay Ski Week with International DJs &amp; Artists","publisher":{"@id":"https:\/\/www.europeangayskiweek.com\/#organization"},"potentialAction":[{"@type":"SearchAction","target":{"@type":"EntryPoint","urlTemplate":"https:\/\/www.europeangayskiweek.com\/?s={search_term_string}"},"query-input":{"@type":"PropertyValueSpecification","valueRequired":true,"valueName":"search_term_string"}}],"inLanguage":"fr-FR"},{"@type":"Organization","@id":"https:\/\/www.europeangayskiweek.com\/#organization","name":"European Gay Ski Week","url":"https:\/\/www.europeangayskiweek.com\/","logo":{"@type":"ImageObject","inLanguage":"fr-FR","@id":"https:\/\/www.europeangayskiweek.com\/#\/schema\/logo\/image\/","url":"https:\/\/cdn.europeangayskiweek.com\/wp\/uploads\/2019\/06\/EGSW-Dateless-Black-02b.png","contentUrl":"https:\/\/cdn.europeangayskiweek.com\/wp\/uploads\/2019\/06\/EGSW-Dateless-Black-02b.png","width":1346,"height":442,"caption":"European Gay Ski Week"},"image":{"@id":"https:\/\/www.europeangayskiweek.com\/#\/schema\/logo\/image\/"},"sameAs":["https:\/\/www.facebook.com\/EuropeanGaySkiWeek\/","https:\/\/x.com\/EuropeanGaySkiW","https:\/\/www.instagram.com\/europeangayskiweek\/","https:\/\/www.youtube.com\/user\/JonHuntEGSW"]}]}},"_links":{"self":[{"href":"https:\/\/www.europeangayskiweek.com\/fr\/wp-json\/wp\/v2\/pages\/20455","targetHints":{"allow":["GET"]}}],"collection":[{"href":"https:\/\/www.europeangayskiweek.com\/fr\/wp-json\/wp\/v2\/pages"}],"about":[{"href":"https:\/\/www.europeangayskiweek.com\/fr\/wp-json\/wp\/v2\/types\/page"}],"author":[{"embeddable":true,"href":"https:\/\/www.europeangayskiweek.com\/fr\/wp-json\/wp\/v2\/users\/4"}],"replies":[{"embeddable":true,"href":"https:\/\/www.europeangayskiweek.com\/fr\/wp-json\/wp\/v2\/comments?post=20455"}],"version-history":[{"count":1,"href":"https:\/\/www.europeangayskiweek.com\/fr\/wp-json\/wp\/v2\/pages\/20455\/revisions"}],"predecessor-version":[{"id":20760,"href":"https:\/\/www.europeangayskiweek.com\/fr\/wp-json\/wp\/v2\/pages\/20455\/revisions\/20760"}],"wp:attachment":[{"href":"https:\/\/www.europeangayskiweek.com\/fr\/wp-json\/wp\/v2\/media?parent=20455"}],"curies":[{"name":"wp","href":"https:\/\/api.w.org\/{rel}","templated":true}]}}