{"id":18580,"date":"2023-08-24T11:10:23","date_gmt":"2023-08-24T10:10:23","guid":{"rendered":"https:\/\/e21.europeangayskiweek.com\/?page_id=18580"},"modified":"2025-11-06T14:53:35","modified_gmt":"2025-11-06T14:53:35","slug":"hotel-fahrenheit-7","status":"publish","type":"page","link":"https:\/\/www.europeangayskiweek.com\/fr\/hotel-fahrenheit-7\/","title":{"rendered":"4* Hotel Fahrenheit Seven"},"content":{"rendered":"<p><section class=\"kc-elm kc-css-439903 kc_row\"><div class=\"kc-row-container  kc-container\"><div class=\"kc-wrap-columns\"><div class=\"kc-elm kc-css-351322 kc_col-sm-8 kc_column kc_col-sm-8\"><div class=\"kc-col-container\"><div class=\"kc-elm kc-css-120088 kc_text_block\"><\/p>\n<h3>H\u00f4tel Fahrenheit 7<\/h3>\n<p>L'h\u00f4tel Fahrenheit Seven est situ\u00e9 dans l'un des meilleurs quartiers de Val Thorens. Ce bel h\u00f4tel design est un \u00e9tablissement situ\u00e9 au pied des pistes de ski et en dehors du centre. Toutes les chambres ont \u00e9t\u00e9 enti\u00e8rement r\u00e9nov\u00e9es et pr\u00e9sentent le m\u00e9lange parfait entre design et confort. Vous vous sentirez imm\u00e9diatement chez vous ici.<\/p>\n<p>L\u2019h\u00f4tel Fahrenheit Seven est \u00e9galement l\u2019endroit id\u00e9al pour les gourmets. Le bar\/restaurant La R\u00f4tisserie dispose d'une cuisine ouverte et vous pourrez d\u00e9guster une cuisine traditionnelle \u00e0 base de viandes et poissons r\u00f4tis et de produits locaux. Le bar\/restaurant Le Zinc est l'endroit id\u00e9al pour d\u00e9guster une fondue et commander un bon vin ou un cocktail.<\/p>\n<p>\n<\/div>\n<div class=\"kc-elm kc-css-287511 divider_line\">\n\t<div class=\"divider_inner divider_line1\">\n\t\t\t<\/div>\n<\/div>\n<div class=\"widget master-slider-main-widget kc-elm kc-css-356303\">\n\t\t<!-- MasterSlider -->\n\t\t<div id=\"P_MS69f38d3d9ab53\" class=\"master-slider-parent ms-thumbs-template ms-parent-id-64\" style=\"max-width:800px;\"  >\n\n\t\t\t\n\t\t\t<!-- MasterSlider Main -->\n\t\t\t<div id=\"MS69f38d3d9ab53\" class=\"master-slider ms-skin-default\" >\n\t\t\t\t \t\t\t\t \n\n\t\t\t<div  class=\"ms-slide\" data-delay=\"3\" data-fill-mode=\"fill\"   >\n\t\t\t\t\t<img decoding=\"async\" src=\"https:\/\/www.europeangayskiweek.com\/wp-content\/plugins\/masterslider\/public\/assets\/css\/blank.gif\" alt=\"\" title=\"FH1\" data-src=\"https:\/\/cdn.europeangayskiweek.com\/wp\/uploads\/2023\/08\/FH1-800x500.jpg\" \/>\n\n\n\t<img decoding=\"async\" class=\"ms-thumb\" src=\"https:\/\/cdn.europeangayskiweek.com\/wp\/uploads\/2023\/08\/FH1-127x137.jpg\" alt=\"\" \/>\n\t\t\t\t<\/div>\n\t\t\t<div  class=\"ms-slide\" data-delay=\"3\" data-fill-mode=\"fill\"   >\n\t\t\t\t\t<img decoding=\"async\" src=\"https:\/\/www.europeangayskiweek.com\/wp-content\/plugins\/masterslider\/public\/assets\/css\/blank.gif\" alt=\"\" title=\"FH2\" data-src=\"https:\/\/cdn.europeangayskiweek.com\/wp\/uploads\/2023\/08\/FH2.jpg\" \/>\n\n\n\t<img decoding=\"async\" class=\"ms-thumb\" src=\"https:\/\/cdn.europeangayskiweek.com\/wp\/uploads\/2023\/08\/FH2-127x137.jpg\" alt=\"\" \/>\n\t\t\t\t<\/div>\n\t\t\t<div  class=\"ms-slide\" data-delay=\"3\" data-fill-mode=\"fill\"   >\n\t\t\t\t\t<img decoding=\"async\" src=\"https:\/\/www.europeangayskiweek.com\/wp-content\/plugins\/masterslider\/public\/assets\/css\/blank.gif\" alt=\"\" title=\"FH3\" data-src=\"https:\/\/cdn.europeangayskiweek.com\/wp\/uploads\/2023\/08\/FH3-800x500.jpg\" \/>\n\n\n\t<img decoding=\"async\" class=\"ms-thumb\" src=\"https:\/\/cdn.europeangayskiweek.com\/wp\/uploads\/2023\/08\/FH3-127x137.jpg\" alt=\"\" \/>\n\t\t\t\t<\/div>\n\t\t\t<div  class=\"ms-slide\" data-delay=\"3\" data-fill-mode=\"fill\"   >\n\t\t\t\t\t<img decoding=\"async\" src=\"https:\/\/www.europeangayskiweek.com\/wp-content\/plugins\/masterslider\/public\/assets\/css\/blank.gif\" alt=\"\" title=\"FH4\" data-src=\"https:\/\/cdn.europeangayskiweek.com\/wp\/uploads\/2023\/08\/FH4-800x500.jpg\" \/>\n\n\n\t<img decoding=\"async\" class=\"ms-thumb\" src=\"https:\/\/cdn.europeangayskiweek.com\/wp\/uploads\/2023\/08\/FH4-127x137.jpg\" alt=\"\" \/>\n\t\t\t\t<\/div>\n\t\t\t<div  class=\"ms-slide\" data-delay=\"3\" data-fill-mode=\"fill\"   >\n\t\t\t\t\t<img decoding=\"async\" src=\"https:\/\/www.europeangayskiweek.com\/wp-content\/plugins\/masterslider\/public\/assets\/css\/blank.gif\" alt=\"\" title=\"FH5\" data-src=\"https:\/\/cdn.europeangayskiweek.com\/wp\/uploads\/2023\/08\/FH5.jpg\" \/>\n\n\n\t<img decoding=\"async\" class=\"ms-thumb\" src=\"https:\/\/cdn.europeangayskiweek.com\/wp\/uploads\/2023\/08\/FH5-127x137.jpg\" alt=\"\" \/>\n\t\t\t\t<\/div>\n\t\t\t<div  class=\"ms-slide\" data-delay=\"3\" data-fill-mode=\"fill\"   >\n\t\t\t\t\t<img decoding=\"async\" src=\"https:\/\/www.europeangayskiweek.com\/wp-content\/plugins\/masterslider\/public\/assets\/css\/blank.gif\" alt=\"\" title=\"FH6\" data-src=\"https:\/\/cdn.europeangayskiweek.com\/wp\/uploads\/2023\/08\/FH6-800x500.jpg\" \/>\n\n\n\t<img decoding=\"async\" class=\"ms-thumb\" src=\"https:\/\/cdn.europeangayskiweek.com\/wp\/uploads\/2023\/08\/FH6-127x137.jpg\" alt=\"\" \/>\n\t\t\t\t<\/div>\n\t\t\t<div  class=\"ms-slide\" data-delay=\"3\" data-fill-mode=\"fill\"   >\n\t\t\t\t\t<img decoding=\"async\" src=\"https:\/\/www.europeangayskiweek.com\/wp-content\/plugins\/masterslider\/public\/assets\/css\/blank.gif\" alt=\"\" title=\"FH7\" data-src=\"https:\/\/cdn.europeangayskiweek.com\/wp\/uploads\/2023\/08\/FH7-800x500.jpg\" \/>\n\n\n\t<img decoding=\"async\" class=\"ms-thumb\" src=\"https:\/\/cdn.europeangayskiweek.com\/wp\/uploads\/2023\/08\/FH7-127x137.jpg\" alt=\"\" \/>\n\t\t\t\t<\/div>\n\n\t\t\t<\/div>\n\t\t\t<!-- END MasterSlider Main -->\n\n\t\t\t \n\t\t<\/div>\n\t\t<!-- END MasterSlider -->\n\n\t\t<script>\n\t\t( window.MSReady = window.MSReady || [] ).push( function( $ ) {\n\n\t\t\t\"use strict\";\n\t\t\tvar masterslider_ab53 = new MasterSlider();\n\n\t\t\t\/\/ slider controls\n\t\t\tmasterslider_ab53.control('arrows'     ,{ autohide:true, overVideo:true  });\n\t\t\tmasterslider_ab53.control('thumblist'  ,{ autohide:false, overVideo:true, dir:'h', speed:17, inset:false, arrows:false, hover:false, customClass:'', align:'bottom',type:'thumbs', margin:5, width:127, height:137, space:5, fillMode:'fill'  });\n\t\t\tmasterslider_ab53.control('scrollbar'  ,{ autohide:false, overVideo:true, dir:'h', inset:true, align:'top', color:'#3D3D3D' , margin:10  , width:4 });\n\t\t\t\/\/ slider setup\n\t\t\tmasterslider_ab53.setup(\"MS69f38d3d9ab53\", {\n\t\t\t\twidth           : 800,\n\t\t\t\theight          : 500,\n\t\t\t\tminHeight       : 0,\n\t\t\t\tspace           : 0,\n\t\t\t\tstart           : 1,\n\t\t\t\tgrabCursor      : true,\n\t\t\t\tswipe           : true,\n\t\t\t\tmouse           : true,\n\t\t\t\tkeyboard        : false,\n\t\t\t\tlayout          : \"boxed\",\n\t\t\t\twheel           : false,\n\t\t\t\tautoplay        : true,\n\t\t\t\tinstantStartLayers:false,\n\t\t\t\tloop            : true,\n\t\t\t\tshuffle         : false,\n\t\t\t\tpreload         : 0,\n\t\t\t\theightLimit     : true,\n\t\t\t\tautoHeight      : false,\n\t\t\t\tsmoothHeight    : true,\n\t\t\t\tendPause        : false,\n\t\t\t\toverPause       : true,\n\t\t\t\tfillMode        : \"fill\",\n\t\t\t\tcenterControls  : true,\n\t\t\t\tstartOnAppear   : false,\n\t\t\t\tlayersMode      : \"center\",\n\t\t\t\tautofillTarget  : \"\",\n\t\t\t\thideLayers      : true,\n\t\t\t\tfullscreenMargin: 0,\n\t\t\t\tspeed           : 20,\n\t\t\t\tdir             : \"h\",\n\t\t\t\tparallaxMode    : 'swipe',\n\t\t\t\tview            : \"basic\"\n\t\t\t});\n\n\t\t\t\n\t\t\twindow.masterslider_instances = window.masterslider_instances || [];\n\t\t\twindow.masterslider_instances.push( masterslider_ab53 );\n\t\t});\n\t\t<\/script>\n\n<\/div>\n<div class=\"kc-elm kc-css-487755 divider_line\">\n\t<div class=\"divider_inner divider_line1\">\n\t\t\t<\/div>\n<\/div>\n<\/div><\/div><div class=\"kc-elm kc-css-796797 kc_col-sm-4 kc_column kc_col-sm-4 accom-sidebar\"><div class=\"kc-col-container\">\n<div class=\"kc-elm kc-css-2195 divider_line\">\n\t<div class=\"divider_inner divider_line2\">\n\t\t<i class=\"sl-home\"><\/i>\t<\/div>\n<\/div>\n<div class=\"kc-elm kc-css-414945 kc_row kc_row_inner\"><div class=\"kc-elm kc-css-899935 kc_col-sm-12 kc_column_inner kc_col-sm-12\"><div class=\"kc_wrapper kc-col-inner-container\"><div class=\"kc-elm kc-css-410924 kc_text_block\"><\/p>\n<p style=\"text-align: center; padding: 0; margin: 0;\"><img loading=\"lazy\" decoding=\"async\" class=\"alignnone size-medium\" src=\"https:\/\/cdn.europeangayskiweek.com\/wp\/uploads\/2019\/06\/icons8-star-4-50.png\" alt=\"\" width=\"125\" height=\"25\" \/><\/p>\n<h5 style=\"text-align: center;\">Un h\u00f4tel 4- Etoiles<\/h5>\n<p>\n<\/div><div class=\"kc-elm kc-css-446466\" style=\"height: 20px; clear: both; width:100%;\"><\/div><div class=\"kc-elm kc-css-480073 kc_text_block\"><\/p>\n<h4 style=\"text-align: center;\">A partir de 1&nbsp;547,50&nbsp;&euro;\/personne<\/h4>\n<p>\n<\/div><\/div><\/div><\/div>\n<div class=\"kc-elm kc-css-868657 divider_line\">\n\t<div class=\"divider_inner divider_line3\">\n\t\t<span class=\"line_text\">HOTEL FACILITIES<\/span>\t<\/div>\n<\/div>\n<div class=\"kc-elm kc-css-941929 kc_row kc_row_inner\"><div class=\"kc-elm kc-css-296992 kc_col-sm-6 kc_column_inner kc_col-sm-6\"><div class=\"kc_wrapper kc-col-inner-container\"><div class=\"kc-elm kc-css-998500 kc_box_wrap \"><ul class=\"accom-feature\"><li><img decoding=\"async\" src=\"https:\/\/cdn.europeangayskiweek.com\/wp\/uploads\/2019\/06\/icons8-skiing-filled-50-e1559807697728.png\"\/><\/li><li><p><text>Ski in and out<\/text><\/p><\/li><\/ul><\/div><div class=\"kc-elm kc-css-743410 kc_box_wrap \"><ul class=\"accom-feature\"><li><img decoding=\"async\" src=\"https:\/\/cdn.europeangayskiweek.com\/wp\/uploads\/2019\/06\/icons8-reception-filled-50-e1559807756935.png\"\/><\/li><li><p>Reception<\/p><\/li><\/ul><\/div><div class=\"kc-elm kc-css-688026 kc_box_wrap \"><ul class=\"accom-feature\"><li><img decoding=\"async\" src=\"https:\/\/cdn.europeangayskiweek.com\/wp\/uploads\/2019\/06\/icons8-sauna-filled-50-e1559807793954.png\"\/><\/li><li><p>Spa<\/p><\/li><\/ul><\/div><\/div><\/div><div class=\"kc-elm kc-css-17080 kc_col-sm-6 kc_column_inner kc_col-sm-6\"><div class=\"kc_wrapper kc-col-inner-container\"><div class=\"kc-elm kc-css-756318 kc_box_wrap \"><ul class=\"accom-feature\"><li><img decoding=\"async\" src=\"https:\/\/cdn.europeangayskiweek.com\/wp\/uploads\/2019\/06\/icons8-paid-parking-filled-50-e1559807730390.png\"\/><\/li><li><p><text>Parking souterrain (en suppl\u00e9ment)<\/text><\/p><\/li><\/ul><\/div><div class=\"kc-elm kc-css-411241 kc_box_wrap \"><ul class=\"accom-feature\"><li><img decoding=\"async\" src=\"https:\/\/cdn.europeangayskiweek.com\/wp\/uploads\/2019\/06\/massage-40.png\"\/><\/li><li><p><text>Wellness<\/text><\/p><\/li><\/ul><\/div><\/div><\/div><\/div>\n<div class=\"kc-elm kc-css-783654 divider_line\">\n\t<div class=\"divider_inner divider_line3\">\n\t\t<span class=\"line_text\">ROOM FACILITIES<\/span>\t<\/div>\n<\/div>\n<div class=\"kc-elm kc-css-733040 kc_row kc_row_inner\"><div class=\"kc-elm kc-css-981040 kc_col-sm-6 kc_column_inner kc_col-sm-6\"><div class=\"kc_wrapper kc-col-inner-container\"><div class=\"kc-elm kc-css-678643 kc_box_wrap \"><ul class=\"accom-feature\"><li><img decoding=\"async\" src=\"https:\/\/cdn.europeangayskiweek.com\/wp\/uploads\/2019\/06\/icons8-bathtub-filled-50-1-e1559808317958.png\"\/><\/li><li><p><text>Salle de bain priv\u00e9e avec toilettes s\u00e9par\u00e9es<\/text><\/p><\/li><\/ul><\/div><\/div><\/div><div class=\"kc-elm kc-css-125172 kc_col-sm-6 kc_column_inner kc_col-sm-6\"><div class=\"kc_wrapper kc-col-inner-container\"><div class=\"kc-elm kc-css-897661 kc_box_wrap \"><ul class=\"accom-feature\"><li><img decoding=\"async\" src=\"https:\/\/cdn.europeangayskiweek.com\/wp\/uploads\/2019\/06\/icons8-wi-fi-logo-filled-50-e1559807848988.png\"\/><\/li><li><p>Wi-Fi Internet Gratuit<\/p><\/li><\/ul><\/div><div class=\"kc-elm kc-css-603128 kc_box_wrap \"><ul class=\"accom-feature\"><li><img decoding=\"async\" src=\"https:\/\/cdn.europeangayskiweek.com\/wp\/uploads\/2019\/06\/icons8-hair-dryer-filled-50-e1559808042316.png\"\/><\/li><li><p><text>S\u00e8che-cheveux<\/text><\/p><\/li><\/ul><\/div><\/div><\/div><\/div>\n<div class=\"kc-elm kc-css-15099 divider_line\">\n\t<div class=\"divider_inner divider_line1\">\n\t\t\t<\/div>\n<\/div>\n<\/div><\/div><\/div><\/div><\/section><section id=\"rooms\" class=\"kc-elm kc-css-12080 kc_row\"><div class=\"kc-row-container  kc-container\"><div class=\"kc-wrap-columns\"><div class=\"kc-elm kc-css-254517 kc_col-sm-12 kc_column kc_col-sm-12\"><div class=\"kc-col-container\"><div data-allowopenall=\"true\" class=\"kc-elm kc-css-87855 kc_accordion_wrapper\">\n<div class=\"kc-elm kc-css-842877 kc_accordion_section group accom-accordion\"><h3 class=\"kc_accordion_header ui-accordion-header\"><span class=\"ui-accordion-header-icon ui-icon\"><\/span><a href=\"#chambre-double-occupation-simple\" data-prevent=\"scroll\"><i class=\"sl-home\"><\/i> Chambre Double - Occupation Simple<\/a><\/h3><div class=\"kc_accordion_content ui-accordion-content kc_clearfix\"><div class=\"kc-panel-body\"><div class=\"kc-elm kc-css-738899 kc_row kc_row_inner\"><div class=\"kc-elm kc-css-182981 kc_col-sm-6 kc_column_inner kc_col-sm-6\"><div class=\"kc_wrapper kc-col-inner-container\"><div class=\"kc-elm kc-css-159534 kc_text_block\"><\/p>\n<h5><span style=\"font-size: 0.67em; font-style: herher;\">Capacit\u00e9\u00a0: 2 personnes<\/span><\/h5>\n<h6>Environ 21m\u00b2<\/h6>\n<p>\n<\/div><\/div><\/div><div class=\"kc-elm kc-css-686776 kc_col-sm-6 kc_column_inner kc_col-sm-6\"><div class=\"kc_wrapper kc-col-inner-container\">\n<div class=\"kc-elm kc-css-77179 kc-pro-button kc-button-main\">\n\t<a href=\"https:\/\/www.europeangayskiweek.com\/fr\/quotes-book-now-2-2\/\">\n\t\t<span class=\"creative_title\">R\u00c9SERVER<\/span>\t<\/a>\n<\/div>\n<\/div><\/div><\/div><div class=\"kc-elm kc-css-394045 kc_row kc_row_inner\"><div class=\"kc-elm kc-css-393656 kc_col-of-5 kc_column_inner kc_col-of-5\"><div class=\"kc_wrapper kc-col-inner-container\"><div class=\"kc-elm kc-css-642193\">\n\t<div class=\"kc-carousel_images kc-elm kc-css-642193\">\n\t\n\t\t<div class=\"kc-carousel-images owl-carousel-images kc-sync1  owl-nav-arrow\" data-owl-i-options='{\"items\":\"1\",\"tablet\":\"1\",\"mobile\":\"1\",\"speed\":\"400\",\"navigation\":\"yes\",\"pagination\":\"\",\"autoheight\":\"\",\"progressbar\":\"\",\"delay\":\"4\",\"autoplay\":\"yes\",\"showthumb\":\"\",\"num_thumb\":\"5\"}'>\n\t\n\t\t\t\t\t<div class=\"item\">\n\t\n\t\t\t<a class=\"kc-image-link kc-pretty-photo\" data-lightbox=\"kc-lightbox\" rel=\"prettyPhoto[642193]\" href=\"https:\/\/cdn.europeangayskiweek.com\/wp\/uploads\/2023\/08\/FH4.jpg\"><img decoding=\"async\" src=\"https:\/\/cdn.europeangayskiweek.com\/wp\/uploads\/2023\/08\/FH4-200x200.jpg\" alt=\"\" \/><\/a>\t\n\t\t\t<\/div>\n\t\n\t\t\t\n\t\t<\/div>\n\t\n\t\t\t<\/div>\n<\/div>\n<\/div><\/div><div class=\"kc-elm kc-css-632515 kc_col-sm-5 kc_column_inner kc_col-sm-5\"><div class=\"kc_wrapper kc-col-inner-container\"><div class=\"kc-elm kc-css-673161 kc_box_wrap \"><ul class=\"accom-feature\"><li><img decoding=\"async\" src=\"https:\/\/cdn.europeangayskiweek.com\/wp\/uploads\/2019\/06\/icons8-bathtub-filled-50-e1559802124795.png\"\/><\/li><li><p>1 salle de bain et 1 WC s\u00e9par\u00e9<\/p><\/li><\/ul><\/div><div class=\"kc-elm kc-css-921308 kc_box_wrap \"><ul class=\"accom-feature\"><li><img decoding=\"async\" src=\"https:\/\/cdn.europeangayskiweek.com\/wp\/uploads\/2019\/06\/icons8-bed-filled-50-e1559802774153.png\"\/><\/li><li><p>1 lit double ou 2 lits simples<\/p><\/li><\/ul><\/div><\/div><\/div><div class=\"kc-elm kc-css-294470 kc_col-sm-5 kc_column_inner kc_col-sm-5\"><div class=\"kc_wrapper kc-col-inner-container\"><div class=\"kc-elm kc-css-259487 kc_text_block accom-price-table\"><\/p>\n<table>\n<thead>\n<tr>\n<td>\n<h5 style=\"text-align: left;\">Occupation<\/h5>\n<\/td>\n<td style=\"text-align: left;\">\n<h5>Prix par personne<\/h5>\n<\/td>\n<\/tr>\n<\/thead>\n<tbody>\n<tr>\n<td>\n<h5>Occupation Simple<\/h5>\n<\/td>\n<td>\n<h5>30,95&nbsp;&euro;<\/h5>\n<\/td>\n<\/tr>\n<tr>\n<td><\/td>\n<td><\/td>\n<\/tr>\n<tr>\n<td style=\"text-align: left;\" colspan=\"2\"><em><small>Les prix sont par personne et comprennent l'h\u00e9bergement de 7 nuits avec petit-d\u00e9jeuner.<\/small><br \/>\n<\/em><\/td>\n<\/tr>\n<\/tbody>\n<\/table>\n<p>\n<\/div><div class=\"kc-elm kc-css-198869\" style=\"height: 20px; clear: both; width:100%;\"><\/div><\/div><\/div><\/div><\/div><\/div><\/div><div class=\"kc-elm kc-css-780127 kc_accordion_section group accom-accordion\"><h3 class=\"kc_accordion_header ui-accordion-header\"><span class=\"ui-accordion-header-icon ui-icon\"><\/span><a href=\"#chambre-double-occupation-double\" data-prevent=\"scroll\"><i class=\"sl-home\"><\/i> Chambre Double - Occupation Double<\/a><\/h3><div class=\"kc_accordion_content ui-accordion-content kc_clearfix\"><div class=\"kc-panel-body\"><div class=\"kc-elm kc-css-240784 kc_row kc_row_inner\"><div class=\"kc-elm kc-css-568208 kc_col-sm-6 kc_column_inner kc_col-sm-6\"><div class=\"kc_wrapper kc-col-inner-container\"><div class=\"kc-elm kc-css-784818 kc_text_block\"><\/p>\n<h5><span style=\"font-size: 0.67em; font-style: herher;\">Capacit\u00e9\u00a0: 2 personnes<\/span><\/h5>\n<h6>Environ 21m\u00b2<\/h6>\n<p>\n<\/div><\/div><\/div><div class=\"kc-elm kc-css-867062 kc_col-sm-6 kc_column_inner kc_col-sm-6\"><div class=\"kc_wrapper kc-col-inner-container\">\n<div class=\"kc-elm kc-css-755571 kc-pro-button kc-button-main\">\n\t<a href=\"https:\/\/www.europeangayskiweek.com\/fr\/quotes-book-now-2-2\/\">\n\t\t<span class=\"creative_title\">R\u00c9SERVER<\/span>\t<\/a>\n<\/div>\n<\/div><\/div><\/div><div class=\"kc-elm kc-css-39886 kc_row kc_row_inner\"><div class=\"kc-elm kc-css-428553 kc_col-of-5 kc_column_inner kc_col-of-5\"><div class=\"kc_wrapper kc-col-inner-container\"><div class=\"kc-elm kc-css-445109\">\n\t<div class=\"kc-carousel_images kc-elm kc-css-445109\">\n\t\n\t\t<div class=\"kc-carousel-images owl-carousel-images kc-sync1  owl-nav-arrow\" data-owl-i-options='{\"items\":\"1\",\"tablet\":\"1\",\"mobile\":\"1\",\"speed\":\"400\",\"navigation\":\"yes\",\"pagination\":\"\",\"autoheight\":\"\",\"progressbar\":\"\",\"delay\":\"4\",\"autoplay\":\"yes\",\"showthumb\":\"\",\"num_thumb\":\"5\"}'>\n\t\n\t\t\t\t\t<div class=\"item\">\n\t\n\t\t\t<a class=\"kc-image-link kc-pretty-photo\" data-lightbox=\"kc-lightbox\" rel=\"prettyPhoto[445109]\" href=\"https:\/\/cdn.europeangayskiweek.com\/wp\/uploads\/2023\/08\/FH4.jpg\"><img decoding=\"async\" src=\"https:\/\/cdn.europeangayskiweek.com\/wp\/uploads\/2023\/08\/FH4-200x200.jpg\" alt=\"\" \/><\/a>\t\n\t\t\t<\/div>\n\t\n\t\t\t\n\t\t<\/div>\n\t\n\t\t\t<\/div>\n<\/div>\n<\/div><\/div><div class=\"kc-elm kc-css-318350 kc_col-sm-5 kc_column_inner kc_col-sm-5\"><div class=\"kc_wrapper kc-col-inner-container\"><div class=\"kc-elm kc-css-973750 kc_box_wrap \"><ul class=\"accom-feature\"><li><img decoding=\"async\" src=\"https:\/\/cdn.europeangayskiweek.com\/wp\/uploads\/2019\/06\/icons8-bathtub-filled-50-e1559802124795.png\"\/><\/li><li><p>1 salle de bain et 1 WC s\u00e9par\u00e9<\/p><\/li><\/ul><\/div><div class=\"kc-elm kc-css-926640 kc_box_wrap \"><ul class=\"accom-feature\"><li><img decoding=\"async\" src=\"https:\/\/cdn.europeangayskiweek.com\/wp\/uploads\/2019\/06\/icons8-bed-filled-50-e1559802774153.png\"\/><\/li><li><p>1 lit double ou 2 lits simples<\/p><\/li><\/ul><\/div><\/div><\/div><div class=\"kc-elm kc-css-706174 kc_col-sm-5 kc_column_inner kc_col-sm-5\"><div class=\"kc_wrapper kc-col-inner-container\"><div class=\"kc-elm kc-css-742533 kc_text_block accom-price-table\"><\/p>\n<table>\n<thead>\n<tr>\n<td>\n<h5 style=\"text-align: left;\">Occupation<\/h5>\n<\/td>\n<td style=\"text-align: left;\">\n<h5>Prix par personne<\/h5>\n<\/td>\n<\/tr>\n<\/thead>\n<tbody>\n<tr>\n<td>\n<h5>Occupation Double<\/h5>\n<\/td>\n<td>\n<h5>1&nbsp;547,50&nbsp;&euro;<\/h5>\n<\/td>\n<\/tr>\n<tr>\n<td><\/td>\n<td><\/td>\n<\/tr>\n<tr>\n<td style=\"text-align: left;\" colspan=\"2\"><em><small>Les prix sont par personne et comprennent l'h\u00e9bergement de 7 nuits avec petit-d\u00e9jeuner<\/small><br \/>\n<\/em><\/td>\n<\/tr>\n<\/tbody>\n<\/table>\n<p>\n<\/div><div class=\"kc-elm kc-css-451345\" style=\"height: 20px; clear: both; width:100%;\"><\/div><\/div><\/div><\/div><\/div><\/div><\/div><div class=\"kc-elm kc-css-713075 kc_accordion_section group accom-accordion\"><h3 class=\"kc_accordion_header ui-accordion-header\"><span class=\"ui-accordion-header-icon ui-icon\"><\/span><a href=\"#chambre-double-superieure-occupation-simple\" data-prevent=\"scroll\"><i class=\"sl-home\"><\/i> Chambre Double Sup\u00e9rieure - Occupation Simple<\/a><\/h3><div class=\"kc_accordion_content ui-accordion-content kc_clearfix\"><div class=\"kc-panel-body\"><div class=\"kc-elm kc-css-324482 kc_row kc_row_inner\"><div class=\"kc-elm kc-css-336939 kc_col-sm-6 kc_column_inner kc_col-sm-6\"><div class=\"kc_wrapper kc-col-inner-container\"><div class=\"kc-elm kc-css-529819 kc_text_block\"><\/p>\n<h5><span style=\"font-size: 0.67em; font-style: inherit;\">Capacity: 2 people<\/span><\/h5>\n<h6>Approximately 21m\u00b2<\/h6>\n<p>\n<\/div><\/div><\/div><div class=\"kc-elm kc-css-518016 kc_col-sm-6 kc_column_inner kc_col-sm-6\"><div class=\"kc_wrapper kc-col-inner-container\">\n<div class=\"kc-elm kc-css-63617 kc-pro-button kc-button-main\">\n\t<a href=\"https:\/\/www.europeangayskiweek.com\/fr\/quotes-book-now-2-2\/\">\n\t\t<span class=\"creative_title\">R\u00c9SERVER<\/span>\t<\/a>\n<\/div>\n<\/div><\/div><\/div><div class=\"kc-elm kc-css-409248 kc_row kc_row_inner\"><div class=\"kc-elm kc-css-785985 kc_col-of-5 kc_column_inner kc_col-of-5\"><div class=\"kc_wrapper kc-col-inner-container\"><div class=\"kc-elm kc-css-939385\">\n\t<div class=\"kc-carousel_images kc-elm kc-css-939385\">\n\t\n\t\t<div class=\"kc-carousel-images owl-carousel-images kc-sync1  owl-nav-arrow\" data-owl-i-options='{\"items\":\"1\",\"tablet\":\"1\",\"mobile\":\"1\",\"speed\":\"400\",\"navigation\":\"yes\",\"pagination\":\"\",\"autoheight\":\"\",\"progressbar\":\"\",\"delay\":\"4\",\"autoplay\":\"yes\",\"showthumb\":\"\",\"num_thumb\":\"5\"}'>\n\t\n\t\t\t\t\t<div class=\"item\">\n\t\n\t\t\t<a class=\"kc-image-link kc-pretty-photo\" data-lightbox=\"kc-lightbox\" rel=\"prettyPhoto[939385]\" href=\"https:\/\/cdn.europeangayskiweek.com\/wp\/uploads\/2023\/08\/FH4.jpg\"><img decoding=\"async\" src=\"https:\/\/cdn.europeangayskiweek.com\/wp\/uploads\/2023\/08\/FH4-200x200.jpg\" alt=\"\" \/><\/a>\t\n\t\t\t<\/div>\n\t\n\t\t\t\n\t\t<\/div>\n\t\n\t\t\t<\/div>\n<\/div>\n<\/div><\/div><div class=\"kc-elm kc-css-175340 kc_col-sm-5 kc_column_inner kc_col-sm-5\"><div class=\"kc_wrapper kc-col-inner-container\"><div class=\"kc-elm kc-css-214065 kc_box_wrap \"><ul class=\"accom-feature\"><li><img decoding=\"async\" src=\"https:\/\/cdn.europeangayskiweek.com\/wp\/uploads\/2019\/06\/icons8-bathtub-filled-50-e1559802124795.png\"\/><\/li><li><p>1 bathroom and 1 separate toilet<\/p><\/li><\/ul><\/div><div class=\"kc-elm kc-css-499066 kc_box_wrap \"><ul class=\"accom-feature\"><li><img decoding=\"async\" src=\"https:\/\/cdn.europeangayskiweek.com\/wp\/uploads\/2019\/06\/icons8-bed-filled-50-e1559802774153.png\"\/><\/li><li><p>1 lit double ou 2 lits simples<\/p><\/li><\/ul><\/div><\/div><\/div><div class=\"kc-elm kc-css-411251 kc_col-sm-5 kc_column_inner kc_col-sm-5\"><div class=\"kc_wrapper kc-col-inner-container\"><div class=\"kc-elm kc-css-563264 kc_text_block accom-price-table\"><\/p>\n<table>\n<thead>\n<tr>\n<td>\n<h5 style=\"text-align: left;\">Occupation<\/h5>\n<\/td>\n<td style=\"text-align: left;\">\n<h5>Prix par personne<\/h5>\n<\/td>\n<\/tr>\n<\/thead>\n<tbody>\n<tr>\n<td>\n<h5>Occupation Simple<\/h5>\n<\/td>\n<td>\n<h5>3&nbsp;366&nbsp;&euro;<\/h5>\n<\/td>\n<\/tr>\n<tr>\n<td><\/td>\n<td><\/td>\n<\/tr>\n<tr>\n<td style=\"text-align: left;\" colspan=\"2\"><em><small>Les prix sont par personne et comprennent l'h\u00e9bergement de 7 nuits avec petit-d\u00e9jeuner<\/small><br \/>\n<\/em><\/td>\n<\/tr>\n<\/tbody>\n<\/table>\n<p>\n<\/div><div class=\"kc-elm kc-css-56133\" style=\"height: 20px; clear: both; width:100%;\"><\/div><\/div><\/div><\/div><\/div><\/div><\/div><div class=\"kc-elm kc-css-869812 kc_accordion_section group accom-accordion\"><h3 class=\"kc_accordion_header ui-accordion-header\"><span class=\"ui-accordion-header-icon ui-icon\"><\/span><a href=\"#chambre-double-superieure-occupation-double\" data-prevent=\"scroll\"><i class=\"sl-home\"><\/i> Chambre Double Sup\u00e9rieure - Occupation Double<\/a><\/h3><div class=\"kc_accordion_content ui-accordion-content kc_clearfix\"><div class=\"kc-panel-body\"><div class=\"kc-elm kc-css-143251 kc_row kc_row_inner\"><div class=\"kc-elm kc-css-379747 kc_col-sm-6 kc_column_inner kc_col-sm-6\"><div class=\"kc_wrapper kc-col-inner-container\"><div class=\"kc-elm kc-css-761032 kc_text_block\"><\/p>\n<h5><span style=\"font-size: 0.67em; font-style: herher;\">Capacit\u00e9\u00a0: 2 personnes<\/span><\/h5>\n<h6>Environ 21m\u00b2<\/h6>\n<p>\n<\/div><\/div><\/div><div class=\"kc-elm kc-css-32552 kc_col-sm-6 kc_column_inner kc_col-sm-6\"><div class=\"kc_wrapper kc-col-inner-container\">\n<div class=\"kc-elm kc-css-467691 kc-pro-button kc-button-main\">\n\t<a href=\"https:\/\/www.europeangayskiweek.com\/fr\/quotes-book-now-2-2\/\">\n\t\t<span class=\"creative_title\">R\u00c9SERVER<\/span>\t<\/a>\n<\/div>\n<\/div><\/div><\/div><div class=\"kc-elm kc-css-103010 kc_row kc_row_inner\"><div class=\"kc-elm kc-css-257468 kc_col-of-5 kc_column_inner kc_col-of-5\"><div class=\"kc_wrapper kc-col-inner-container\"><div class=\"kc-elm kc-css-183409\">\n\t<div class=\"kc-carousel_images kc-elm kc-css-183409\">\n\t\n\t\t<div class=\"kc-carousel-images owl-carousel-images kc-sync1  owl-nav-arrow\" data-owl-i-options='{\"items\":\"1\",\"tablet\":\"1\",\"mobile\":\"1\",\"speed\":\"400\",\"navigation\":\"yes\",\"pagination\":\"\",\"autoheight\":\"\",\"progressbar\":\"\",\"delay\":\"4\",\"autoplay\":\"yes\",\"showthumb\":\"\",\"num_thumb\":\"5\"}'>\n\t\n\t\t\t\t\t<div class=\"item\">\n\t\n\t\t\t<a class=\"kc-image-link kc-pretty-photo\" data-lightbox=\"kc-lightbox\" rel=\"prettyPhoto[183409]\" href=\"https:\/\/cdn.europeangayskiweek.com\/wp\/uploads\/2023\/08\/FH7.jpg\"><img decoding=\"async\" src=\"https:\/\/cdn.europeangayskiweek.com\/wp\/uploads\/2023\/08\/FH7-200x200.jpg\" alt=\"\" \/><\/a>\t\n\t\t\t<\/div>\n\t\n\t\t\t\n\t\t<\/div>\n\t\n\t\t\t<\/div>\n<\/div>\n<\/div><\/div><div class=\"kc-elm kc-css-964326 kc_col-sm-5 kc_column_inner kc_col-sm-5\"><div class=\"kc_wrapper kc-col-inner-container\"><div class=\"kc-elm kc-css-580663 kc_box_wrap \"><ul class=\"accom-feature\"><li><img decoding=\"async\" src=\"https:\/\/cdn.europeangayskiweek.com\/wp\/uploads\/2019\/06\/icons8-bathtub-filled-50-e1559802124795.png\"\/><\/li><li><p>1 salle de bain et 1 WC s\u00e9par\u00e9<\/p><\/li><\/ul><\/div><div class=\"kc-elm kc-css-456568 kc_box_wrap \"><ul class=\"accom-feature\"><li><img decoding=\"async\" src=\"https:\/\/cdn.europeangayskiweek.com\/wp\/uploads\/2019\/06\/icons8-bed-filled-50-e1559802774153.png\"\/><\/li><li><p>1 lit double ou 2 lits simples<\/p><\/li><\/ul><\/div><\/div><\/div><div class=\"kc-elm kc-css-783307 kc_col-sm-5 kc_column_inner kc_col-sm-5\"><div class=\"kc_wrapper kc-col-inner-container\"><div class=\"kc-elm kc-css-207663 kc_text_block accom-price-table\"><\/p>\n<table>\n<thead>\n<tr>\n<td>\n<h5 style=\"text-align: left;\">Occupation<\/h5>\n<\/td>\n<td style=\"text-align: left;\">\n<h5>Prix par personne<\/h5>\n<\/td>\n<\/tr>\n<\/thead>\n<tbody>\n<tr>\n<td>\n<h5>Occupation Double<\/h5>\n<\/td>\n<td>\n<h5>1&nbsp;683&nbsp;&euro;<\/h5>\n<\/td>\n<\/tr>\n<tr>\n<td><\/td>\n<td><\/td>\n<\/tr>\n<tr>\n<td style=\"text-align: left;\" colspan=\"2\"><em><small>Les prix sont par personne et comprennent l'h\u00e9bergement de 7 nuits avec petit-d\u00e9jeuner<\/small><br \/>\n<\/em><\/td>\n<\/tr>\n<\/tbody>\n<\/table>\n<p>\n<\/div><div class=\"kc-elm kc-css-416603\" style=\"height: 20px; clear: both; width:100%;\"><\/div><\/div><\/div><\/div><\/div><\/div><\/div><\/div>\n<\/div><\/div><\/div><\/div><\/section><section id=\"rooms\" class=\"kc-elm kc-css-325492 kc_row\"><div class=\"kc-row-container  kc-container\"><div class=\"kc-wrap-columns\"><div class=\"kc-elm kc-css-134462 kc_col-sm-12 kc_column kc_col-sm-12\"><div class=\"kc-col-container\"><div data-allowopenall=\"true\" class=\"kc-elm kc-css-828701 kc_accordion_wrapper\">\n<div class=\"kc-elm kc-css-81813 kc_accordion_section group accom-accordion\"><h3 class=\"kc_accordion_header ui-accordion-header\"><span class=\"ui-accordion-header-icon ui-icon\"><\/span><a href=\"#chambre-double-avec-vue-village-simple-ou-double-occupation-petit-dejeuner-inclus\" data-prevent=\"scroll\"><i class=\"sl-home\"><\/i> Chambre Double Avec Vue Village - Simple ou Double Occupation - petit-d\u00e9jeuner inclus<\/a><\/h3><div class=\"kc_accordion_content ui-accordion-content kc_clearfix\"><div class=\"kc-panel-body\"><div class=\"kc-elm kc-css-482144 kc_row kc_row_inner\"><div class=\"kc-elm kc-css-603777 kc_col-sm-6 kc_column_inner kc_col-sm-6\"><div class=\"kc_wrapper kc-col-inner-container\"><div class=\"kc-elm kc-css-875048 kc_text_block\"><\/p>\n<h5><span style=\"font-size: 0.67em; font-style: inherit;\">Capacit\u00e9: 2 personnes<\/span><\/h5>\n<h6>Environ 23m\u00b2<\/h6>\n<p>\n<\/div><\/div><\/div><div class=\"kc-elm kc-css-3476 kc_col-sm-6 kc_column_inner kc_col-sm-6\"><div class=\"kc_wrapper kc-col-inner-container\">\n<div class=\"kc-elm kc-css-205834 kc-pro-button kc-button-main\">\n\t<a href=\"https:\/\/www.europeangayskiweek.com\/quotes-book-now-2-2\/\">\n\t\t<span class=\"creative_title\">Book Now<\/span>\t<\/a>\n<\/div>\n<\/div><\/div><\/div><div class=\"kc-elm kc-css-574184 kc_row kc_row_inner\"><div class=\"kc-elm kc-css-952463 kc_col-of-5 kc_column_inner kc_col-of-5\"><div class=\"kc_wrapper kc-col-inner-container\"><div class=\"kc-elm kc-css-766179\">\n\t<div class=\"kc-carousel_images kc-elm kc-css-766179\">\n\t\n\t\t<div class=\"kc-carousel-images owl-carousel-images kc-sync1  owl-nav-arrow\" data-owl-i-options='{\"items\":\"1\",\"tablet\":\"1\",\"mobile\":\"1\",\"speed\":\"400\",\"navigation\":\"yes\",\"pagination\":\"\",\"autoheight\":\"\",\"progressbar\":\"\",\"delay\":\"4\",\"autoplay\":\"yes\",\"showthumb\":\"\",\"num_thumb\":\"5\"}'>\n\t\n\t\t\t\t\t<div class=\"item\">\n\t\n\t\t\t<a class=\"kc-image-link kc-pretty-photo\" data-lightbox=\"kc-lightbox\" rel=\"prettyPhoto[766179]\" href=\"https:\/\/cdn.europeangayskiweek.com\/wp\/uploads\/2025\/10\/VF7-chambre-double-piste-02-\u00a9Jerome-Carret-scaled.jpg\"><img decoding=\"async\" src=\"https:\/\/cdn.europeangayskiweek.com\/wp\/uploads\/2025\/10\/VF7-chambre-double-piste-02-\u00a9Jerome-Carret-200x200.jpg\" alt=\"\" \/><\/a>\t\n\t\t\t<\/div>\n\t\n\t\t\t\t\t<div class=\"item\">\n\t\n\t\t\t<a class=\"kc-image-link kc-pretty-photo\" data-lightbox=\"kc-lightbox\" rel=\"prettyPhoto[766179]\" href=\"https:\/\/cdn.europeangayskiweek.com\/wp\/uploads\/2025\/10\/VF7-chambre-double-piste-03-\u00a9ValentinVion-scaled.jpg\"><img decoding=\"async\" src=\"https:\/\/cdn.europeangayskiweek.com\/wp\/uploads\/2025\/10\/VF7-chambre-double-piste-03-\u00a9ValentinVion-200x200.jpg\" alt=\"\" \/><\/a>\t\n\t\t\t<\/div>\n\t\n\t\t\t\t\t<div class=\"item\">\n\t\n\t\t\t<a class=\"kc-image-link kc-pretty-photo\" data-lightbox=\"kc-lightbox\" rel=\"prettyPhoto[766179]\" href=\"https:\/\/cdn.europeangayskiweek.com\/wp\/uploads\/2025\/10\/VF7-chambre-double-piste-01-\u00a9MelvinDelantes-scaled.jpg\"><img decoding=\"async\" src=\"https:\/\/cdn.europeangayskiweek.com\/wp\/uploads\/2025\/10\/VF7-chambre-double-piste-01-\u00a9MelvinDelantes-200x200.jpg\" alt=\"\" \/><\/a>\t\n\t\t\t<\/div>\n\t\n\t\t\t\n\t\t<\/div>\n\t\n\t\t\t<\/div>\n<\/div>\n<\/div><\/div><div class=\"kc-elm kc-css-152288 kc_col-sm-5 kc_column_inner kc_col-sm-5\"><div class=\"kc_wrapper kc-col-inner-container\"><div class=\"kc-elm kc-css-95410 kc_box_wrap \"><ul class=\"accom-feature\"><li><img decoding=\"async\" src=\"https:\/\/cdn.europeangayskiweek.com\/wp\/uploads\/2019\/06\/icons8-bed-filled-50-e1559802774153.png\"\/><\/li><li><p>1x Lit Double (180x200cm) <br><strong>ou<\/strong> <br>2x Lits Simples (90x200cm)<\/p><\/li><\/ul><\/div><div class=\"kc-elm kc-css-47317 kc_box_wrap \"><ul class=\"accom-feature\"><li><\/li><li><p><strong><span dir=\"ltr\" role=\"presentation\">Room characteristics<\/span><\/strong><br role=\"presentation\"><span dir=\"ltr\" role=\"presentation\">Enceinte Marshall<\/span><br role=\"presentation\"><span dir=\"ltr\" role=\"presentation\">Machine \u00e0 caf\u00e9 Nespresso<\/span><br role=\"presentation\">Coffre-fort<br role=\"presentation\"><span dir=\"ltr\" role=\"presentation\">TV \u00e9cran plat<br><\/span><\/p><\/li><\/ul><\/div><div class=\"kc-elm kc-css-791086 kc_box_wrap \"><ul class=\"accom-feature\"><li><img decoding=\"async\" src=\"https:\/\/cdn.europeangayskiweek.com\/wp\/uploads\/2019\/06\/icons8-bathtub-filled-50-e1559802124795.png\"\/><\/li><li><p>1x Salle de bain avec baignoire ou douche et chauffe-serviette<br>1x WC s\u00e9par\u00e9s<br><\/p><\/li><\/ul><\/div><div class=\"kc-elm kc-css-677985 kc_box_wrap \"><ul class=\"accom-feature\"><li><\/li><li><p><span dir=\"ltr\" role=\"presentation\"><strong>Services Inclus<\/strong><br>Wifi<br role=\"presentation\">T\u00e9f\u00e9phone avec appels internationaux<br role=\"presentation\">Acc\u00e8s \u00e0 l'espace bien-\u00eatre (sauna, hammam)<br role=\"presentation\">Produits d'accueil Rituals<br><\/span><\/p><\/li><\/ul><\/div><\/div><\/div><div class=\"kc-elm kc-css-636483 kc_col-sm-5 kc_column_inner kc_col-sm-5\"><div class=\"kc_wrapper kc-col-inner-container\"><div class=\"kc-elm kc-css-335434 kc_text_block accom-price-table\"><\/p>\n<table>\n<thead>\n<tr>\n<td>\n<h5 style=\"text-align: left;\">Occupancy<\/h5>\n<\/td>\n<td style=\"text-align: left;\">\n<h5>Price per person<\/h5>\n<\/td>\n<\/tr>\n<\/thead>\n<tbody>\n<tr>\n<td>\n<h5>Single use<\/h5>\n<\/td>\n<td>\n<h5>2&nbsp;380&nbsp;&euro;<\/h5>\n<\/td>\n<\/tr>\n<tr>\n<td>\n<h5>Double use<\/h5>\n<\/td>\n<td>\n<h5>1&nbsp;564,50&nbsp;&euro;<\/h5>\n<\/td>\n<\/tr>\n<tr>\n<td style=\"text-align: left;\" colspan=\"2\"><em>Les prix sont par personne et comprennent 7 nuits d'h\u00e9bergement avec petit-d\u00e9jeuner.<\/em><\/td>\n<\/tr>\n<\/tbody>\n<\/table>\n<p>\n<\/div><div class=\"kc-elm kc-css-836986\" style=\"height: 20px; clear: both; width:100%;\"><\/div><\/div><\/div><\/div><\/div><\/div><\/div><div class=\"kc-elm kc-css-787023 kc_accordion_section group accom-accordion\"><h3 class=\"kc_accordion_header ui-accordion-header\"><span class=\"ui-accordion-header-icon ui-icon\"><\/span><a href=\"#chambre-double-avec-vue-pistes-simple-ou-double-occupation-petit-dejeuner-inclus\" data-prevent=\"scroll\"><i class=\"sl-home\"><\/i> Chambre Double Avec Vue Pistes - Simple ou Double Occupation - petit-d\u00e9jeuner inclus<\/a><\/h3><div class=\"kc_accordion_content ui-accordion-content kc_clearfix\"><div class=\"kc-panel-body\"><div class=\"kc-elm kc-css-792428 kc_row kc_row_inner\"><div class=\"kc-elm kc-css-374095 kc_col-sm-6 kc_column_inner kc_col-sm-6\"><div class=\"kc_wrapper kc-col-inner-container\"><div class=\"kc-elm kc-css-298612 kc_text_block\"><\/p>\n<h5><span style=\"font-size: 0.67em; font-style: inherit;\">Capacit\u00e9: 2 personnes<\/span><\/h5>\n<h6>Environ 23m\u00b2<\/h6>\n<p>\n<\/div><\/div><\/div><div class=\"kc-elm kc-css-717962 kc_col-sm-6 kc_column_inner kc_col-sm-6\"><div class=\"kc_wrapper kc-col-inner-container\">\n<div class=\"kc-elm kc-css-283705 kc-pro-button kc-button-main\">\n\t<a href=\"https:\/\/www.europeangayskiweek.com\/quotes-book-now-2-2\/\">\n\t\t<span class=\"creative_title\">Book Now<\/span>\t<\/a>\n<\/div>\n<\/div><\/div><\/div><div class=\"kc-elm kc-css-242290 kc_row kc_row_inner\"><div class=\"kc-elm kc-css-129640 kc_col-of-5 kc_column_inner kc_col-of-5\"><div class=\"kc_wrapper kc-col-inner-container\"><div class=\"kc-elm kc-css-682889\">\n\t<div class=\"kc-carousel_images kc-elm kc-css-682889\">\n\t\n\t\t<div class=\"kc-carousel-images owl-carousel-images kc-sync1  owl-nav-arrow\" data-owl-i-options='{\"items\":\"1\",\"tablet\":\"1\",\"mobile\":\"1\",\"speed\":\"400\",\"navigation\":\"yes\",\"pagination\":\"\",\"autoheight\":\"\",\"progressbar\":\"\",\"delay\":\"4\",\"autoplay\":\"yes\",\"showthumb\":\"\",\"num_thumb\":\"5\"}'>\n\t\n\t\t\t\t\t<div class=\"item\">\n\t\n\t\t\t<a class=\"kc-image-link kc-pretty-photo\" data-lightbox=\"kc-lightbox\" rel=\"prettyPhoto[682889]\" href=\"https:\/\/cdn.europeangayskiweek.com\/wp\/uploads\/2025\/10\/VF7-chambre-double-piste-02-\u00a9Jerome-Carret-scaled.jpg\"><img decoding=\"async\" src=\"https:\/\/cdn.europeangayskiweek.com\/wp\/uploads\/2025\/10\/VF7-chambre-double-piste-02-\u00a9Jerome-Carret-200x200.jpg\" alt=\"\" \/><\/a>\t\n\t\t\t<\/div>\n\t\n\t\t\t\t\t<div class=\"item\">\n\t\n\t\t\t<a class=\"kc-image-link kc-pretty-photo\" data-lightbox=\"kc-lightbox\" rel=\"prettyPhoto[682889]\" href=\"https:\/\/cdn.europeangayskiweek.com\/wp\/uploads\/2025\/10\/VF7-chambre-double-piste-03-\u00a9ValentinVion-scaled.jpg\"><img decoding=\"async\" src=\"https:\/\/cdn.europeangayskiweek.com\/wp\/uploads\/2025\/10\/VF7-chambre-double-piste-03-\u00a9ValentinVion-200x200.jpg\" alt=\"\" \/><\/a>\t\n\t\t\t<\/div>\n\t\n\t\t\t\t\t<div class=\"item\">\n\t\n\t\t\t<a class=\"kc-image-link kc-pretty-photo\" data-lightbox=\"kc-lightbox\" rel=\"prettyPhoto[682889]\" href=\"https:\/\/cdn.europeangayskiweek.com\/wp\/uploads\/2025\/10\/VF7-chambre-double-piste-01-\u00a9MelvinDelantes-scaled.jpg\"><img decoding=\"async\" src=\"https:\/\/cdn.europeangayskiweek.com\/wp\/uploads\/2025\/10\/VF7-chambre-double-piste-01-\u00a9MelvinDelantes-200x200.jpg\" alt=\"\" \/><\/a>\t\n\t\t\t<\/div>\n\t\n\t\t\t\n\t\t<\/div>\n\t\n\t\t\t<\/div>\n<\/div>\n<\/div><\/div><div class=\"kc-elm kc-css-2743 kc_col-sm-5 kc_column_inner kc_col-sm-5\"><div class=\"kc_wrapper kc-col-inner-container\"><div class=\"kc-elm kc-css-320936 kc_box_wrap \"><ul class=\"accom-feature\"><li><img decoding=\"async\" src=\"https:\/\/cdn.europeangayskiweek.com\/wp\/uploads\/2019\/06\/icons8-bed-filled-50-e1559802774153.png\"\/><\/li><li><p>1x Lit Double (180x200cm) <br><strong>ou<\/strong> <br>2x Lits Simples (90x200cm)<\/p><\/li><\/ul><\/div><div class=\"kc-elm kc-css-169739 kc_box_wrap \"><ul class=\"accom-feature\"><li><\/li><li><p><strong><span dir=\"ltr\" role=\"presentation\">Room characteristics<\/span><\/strong><br role=\"presentation\"><span dir=\"ltr\" role=\"presentation\">Enceinte Marshall<\/span><br role=\"presentation\"><span dir=\"ltr\" role=\"presentation\">Machine \u00e0 caf\u00e9 Nespresso<\/span><br role=\"presentation\">Coffre-fort<br role=\"presentation\"><span dir=\"ltr\" role=\"presentation\">TV \u00e9cran plat<br><\/span><\/p><\/li><\/ul><\/div><div class=\"kc-elm kc-css-844084 kc_box_wrap \"><ul class=\"accom-feature\"><li><img decoding=\"async\" src=\"https:\/\/cdn.europeangayskiweek.com\/wp\/uploads\/2019\/06\/icons8-bathtub-filled-50-e1559802124795.png\"\/><\/li><li><p>1x Salle de bain avec baignoire ou douche et chauffe-serviette<br>1x WC s\u00e9par\u00e9s<br><\/p><\/li><\/ul><\/div><div class=\"kc-elm kc-css-285829 kc_box_wrap \"><ul class=\"accom-feature\"><li><\/li><li><p><span dir=\"ltr\" role=\"presentation\"><strong>Services Inclus<\/strong><br>Wifi<br role=\"presentation\">T\u00e9f\u00e9phone avec appels internationaux<br role=\"presentation\">Acc\u00e8s \u00e0 l'espace bien-\u00eatre (sauna, hammam)<br role=\"presentation\">Produits d'accueil Rituals<br><\/span><\/p><\/li><\/ul><\/div><\/div><\/div><div class=\"kc-elm kc-css-390634 kc_col-sm-5 kc_column_inner kc_col-sm-5\"><div class=\"kc_wrapper kc-col-inner-container\"><div class=\"kc-elm kc-css-788967 kc_text_block accom-price-table\"><\/p>\n<table>\n<thead>\n<tr>\n<td>\n<h5 style=\"text-align: left;\">Occupation<\/h5>\n<\/td>\n<td style=\"text-align: left;\">\n<h5>Prix par personne<\/h5>\n<\/td>\n<\/tr>\n<\/thead>\n<tbody>\n<tr>\n<td>\n<h5>Simple<\/h5>\n<\/td>\n<td>\n<h5>2&nbsp;485&nbsp;&euro;<\/h5>\n<\/td>\n<\/tr>\n<tr>\n<td>\n<h5>Double<\/h5>\n<\/td>\n<td>\n<h5>1&nbsp;699,50&nbsp;&euro;<\/h5>\n<\/td>\n<\/tr>\n<tr>\n<td style=\"text-align: left;\" colspan=\"2\"><em>Les prix sont par personne et comprennent 7 nuits d'h\u00e9bergement avec petit-d\u00e9jeuner.<br \/>\n<\/em><\/td>\n<\/tr>\n<\/tbody>\n<\/table>\n<p>\n<\/div><div class=\"kc-elm kc-css-219598\" style=\"height: 20px; clear: both; width:100%;\"><\/div><\/div><\/div><\/div><\/div><\/div><\/div><\/div>\n<\/div><\/div><\/div><\/div><\/section><\/p>\n","protected":false},"excerpt":{"rendered":"<p> [...]<\/p>\n<p><a class=\"btn btn-secondary understrap-read-more-link\" href=\"https:\/\/www.europeangayskiweek.com\/fr\/hotel-fahrenheit-7\/\">Read More...<\/a><\/p>\n<p> [...]<\/p>\n<p><a class=\"btn btn-secondary understrap-read-more-link\" href=\"https:\/\/www.europeangayskiweek.com\/fr\/hotel-fahrenheit-7\/\">Lire la suite\u2026<span class=\"screen-reader-text\"> from 4* Hotel Fahrenheit Seven<\/span><\/a><\/p>\n","protected":false},"author":4,"featured_media":18589,"parent":0,"menu_order":0,"comment_status":"closed","ping_status":"closed","template":"page-templates\/fullwidthpage-accommodation.php","meta":{"footnotes":""},"class_list":["post-18580","page","type-page","status-publish","has-post-thumbnail","hentry"],"yoast_head":"<!-- This site is optimized with the Yoast SEO plugin v26.4 - https:\/\/yoast.com\/wordpress\/plugins\/seo\/ -->\r\n<title>Europe&#039;s Biggest Gay Ski Week | EGSW | 22-29 March 2025<\/title>\r\n<meta name=\"description\" content=\"European Gay Ski Week, Europe&#039;s Biggest Gay Ski Week, Brilliant skiing, Amazing Apr\u00e8s, Fabulous Shows, Hilarious Cabaret &amp; Fantastic Parties.\" \/>\r\n<meta name=\"robots\" content=\"index, follow, max-snippet:-1, max-image-preview:large, max-video-preview:-1\" \/>\r\n<link rel=\"canonical\" href=\"https:\/\/www.europeangayskiweek.com\/fr\/hotel-fahrenheit-7\/\" \/>\r\n<meta property=\"og:locale\" content=\"fr_FR\" \/>\r\n<meta property=\"og:type\" content=\"article\" \/>\r\n<meta property=\"og:title\" content=\"Europe&#039;s Biggest Gay Ski Week | EGSW | 22-29 March 2025\" \/>\r\n<meta property=\"og:description\" content=\"European Gay Ski Week, Europe&#039;s Biggest Gay Ski Week, Brilliant skiing, Amazing Apr\u00e8s, Fabulous Shows, Hilarious Cabaret &amp; Fantastic Parties.\" \/>\r\n<meta property=\"og:url\" content=\"https:\/\/www.europeangayskiweek.com\/fr\/hotel-fahrenheit-7\/\" \/>\r\n<meta property=\"og:site_name\" content=\"Europe&#039;s Biggest Gay Ski Week | EGSW | 2026 Coming Soon\" \/>\r\n<meta property=\"article:publisher\" content=\"https:\/\/www.facebook.com\/EuropeanGaySkiWeek\/\" \/>\r\n<meta property=\"article:modified_time\" content=\"2025-11-06T14:53:35+00:00\" \/>\r\n<meta property=\"og:image\" content=\"https:\/\/cdn.europeangayskiweek.com\/wp\/uploads\/2020\/07\/facebook_og.jpg\" \/>\r\n\t<meta property=\"og:image:width\" content=\"1200\" \/>\r\n\t<meta property=\"og:image:height\" content=\"630\" \/>\r\n\t<meta property=\"og:image:type\" content=\"image\/jpeg\" \/>\r\n<meta name=\"twitter:card\" content=\"summary_large_image\" \/>\r\n<meta name=\"twitter:site\" content=\"@EuropeanGaySkiW\" \/>\r\n<meta name=\"twitter:label1\" content=\"Dur\u00e9e de lecture estim\u00e9e\" \/>\n\t<meta name=\"twitter:data1\" content=\"4 minutes\" \/>\r\n<script type=\"application\/ld+json\" class=\"yoast-schema-graph\">{\"@context\":\"https:\/\/schema.org\",\"@graph\":[{\"@type\":\"WebPage\",\"@id\":\"https:\/\/www.europeangayskiweek.com\/fr\/hotel-fahrenheit-7\/\",\"url\":\"https:\/\/www.europeangayskiweek.com\/fr\/hotel-fahrenheit-7\/\",\"name\":\"Europe's Biggest Gay Ski Week | EGSW | 22-29 March 2025\",\"isPartOf\":{\"@id\":\"https:\/\/www.europeangayskiweek.com\/#website\"},\"primaryImageOfPage\":{\"@id\":\"https:\/\/www.europeangayskiweek.com\/fr\/hotel-fahrenheit-7\/#primaryimage\"},\"image\":{\"@id\":\"https:\/\/www.europeangayskiweek.com\/fr\/hotel-fahrenheit-7\/#primaryimage\"},\"thumbnailUrl\":\"https:\/\/cdn.europeangayskiweek.com\/wp\/uploads\/2023\/08\/FH6.jpg\",\"datePublished\":\"2023-08-24T10:10:23+00:00\",\"dateModified\":\"2025-11-06T14:53:35+00:00\",\"description\":\"European Gay Ski Week, Europe's Biggest Gay Ski Week, Brilliant skiing, Amazing Apr\u00e8s, Fabulous Shows, Hilarious Cabaret & Fantastic Parties.\",\"breadcrumb\":{\"@id\":\"https:\/\/www.europeangayskiweek.com\/fr\/hotel-fahrenheit-7\/#breadcrumb\"},\"inLanguage\":\"fr-FR\",\"potentialAction\":[{\"@type\":\"ReadAction\",\"target\":[\"https:\/\/www.europeangayskiweek.com\/fr\/hotel-fahrenheit-7\/\"]}]},{\"@type\":\"ImageObject\",\"inLanguage\":\"fr-FR\",\"@id\":\"https:\/\/www.europeangayskiweek.com\/fr\/hotel-fahrenheit-7\/#primaryimage\",\"url\":\"https:\/\/cdn.europeangayskiweek.com\/wp\/uploads\/2023\/08\/FH6.jpg\",\"contentUrl\":\"https:\/\/cdn.europeangayskiweek.com\/wp\/uploads\/2023\/08\/FH6.jpg\",\"width\":1024,\"height\":683},{\"@type\":\"BreadcrumbList\",\"@id\":\"https:\/\/www.europeangayskiweek.com\/fr\/hotel-fahrenheit-7\/#breadcrumb\",\"itemListElement\":[{\"@type\":\"ListItem\",\"position\":1,\"name\":\"Home\",\"item\":\"https:\/\/www.europeangayskiweek.com\/fr\/\"},{\"@type\":\"ListItem\",\"position\":2,\"name\":\"4* Hotel Fahrenheit Seven\"}]},{\"@type\":\"WebSite\",\"@id\":\"https:\/\/www.europeangayskiweek.com\/#website\",\"url\":\"https:\/\/www.europeangayskiweek.com\/\",\"name\":\"European Gay Ski Week | The Biggest Gay Winter Sports and Music Festival | Les Arcs Paradiski | 21-28 March 2020\",\"description\":\"Europe&#039;s N\u00b01 Gay Winter Sports &amp; Music Festival | Les Arcs - Arc 1950 &amp; Arc 2000 - Paradiski | European Gay Ski Week with International DJs &amp; Artists\",\"publisher\":{\"@id\":\"https:\/\/www.europeangayskiweek.com\/#organization\"},\"potentialAction\":[{\"@type\":\"SearchAction\",\"target\":{\"@type\":\"EntryPoint\",\"urlTemplate\":\"https:\/\/www.europeangayskiweek.com\/?s={search_term_string}\"},\"query-input\":{\"@type\":\"PropertyValueSpecification\",\"valueRequired\":true,\"valueName\":\"search_term_string\"}}],\"inLanguage\":\"fr-FR\"},{\"@type\":\"Organization\",\"@id\":\"https:\/\/www.europeangayskiweek.com\/#organization\",\"name\":\"European Gay Ski Week\",\"url\":\"https:\/\/www.europeangayskiweek.com\/\",\"logo\":{\"@type\":\"ImageObject\",\"inLanguage\":\"fr-FR\",\"@id\":\"https:\/\/www.europeangayskiweek.com\/#\/schema\/logo\/image\/\",\"url\":\"https:\/\/cdn.europeangayskiweek.com\/wp\/uploads\/2019\/06\/EGSW-Dateless-Black-02b.png\",\"contentUrl\":\"https:\/\/cdn.europeangayskiweek.com\/wp\/uploads\/2019\/06\/EGSW-Dateless-Black-02b.png\",\"width\":1346,\"height\":442,\"caption\":\"European Gay Ski Week\"},\"image\":{\"@id\":\"https:\/\/www.europeangayskiweek.com\/#\/schema\/logo\/image\/\"},\"sameAs\":[\"https:\/\/www.facebook.com\/EuropeanGaySkiWeek\/\",\"https:\/\/x.com\/EuropeanGaySkiW\",\"https:\/\/www.instagram.com\/europeangayskiweek\/\",\"https:\/\/www.youtube.com\/user\/JonHuntEGSW\"]}]}<\/script>\r\n<!-- \/ Yoast SEO plugin. -->","yoast_head_json":{"title":"Europe's Biggest Gay Ski Week | EGSW | 22-29 March 2025","description":"European Gay Ski Week, Europe's Biggest Gay Ski Week, Brilliant skiing, Amazing Apr\u00e8s, Fabulous Shows, Hilarious Cabaret & Fantastic Parties.","robots":{"index":"index","follow":"follow","max-snippet":"max-snippet:-1","max-image-preview":"max-image-preview:large","max-video-preview":"max-video-preview:-1"},"canonical":"https:\/\/www.europeangayskiweek.com\/fr\/hotel-fahrenheit-7\/","og_locale":"fr_FR","og_type":"article","og_title":"Europe's Biggest Gay Ski Week | EGSW | 22-29 March 2025","og_description":"European Gay Ski Week, Europe's Biggest Gay Ski Week, Brilliant skiing, Amazing Apr\u00e8s, Fabulous Shows, Hilarious Cabaret & Fantastic Parties.","og_url":"https:\/\/www.europeangayskiweek.com\/fr\/hotel-fahrenheit-7\/","og_site_name":"Europe&#039;s Biggest Gay Ski Week | EGSW | 2026 Coming Soon","article_publisher":"https:\/\/www.facebook.com\/EuropeanGaySkiWeek\/","article_modified_time":"2025-11-06T14:53:35+00:00","og_image":[{"width":1200,"height":630,"url":"https:\/\/cdn.europeangayskiweek.com\/wp\/uploads\/2020\/07\/facebook_og.jpg","type":"image\/jpeg"}],"twitter_card":"summary_large_image","twitter_site":"@EuropeanGaySkiW","twitter_misc":{"Dur\u00e9e de lecture estim\u00e9e":"4 minutes"},"schema":{"@context":"https:\/\/schema.org","@graph":[{"@type":"WebPage","@id":"https:\/\/www.europeangayskiweek.com\/fr\/hotel-fahrenheit-7\/","url":"https:\/\/www.europeangayskiweek.com\/fr\/hotel-fahrenheit-7\/","name":"Europe's Biggest Gay Ski Week | EGSW | 22-29 March 2025","isPartOf":{"@id":"https:\/\/www.europeangayskiweek.com\/#website"},"primaryImageOfPage":{"@id":"https:\/\/www.europeangayskiweek.com\/fr\/hotel-fahrenheit-7\/#primaryimage"},"image":{"@id":"https:\/\/www.europeangayskiweek.com\/fr\/hotel-fahrenheit-7\/#primaryimage"},"thumbnailUrl":"https:\/\/cdn.europeangayskiweek.com\/wp\/uploads\/2023\/08\/FH6.jpg","datePublished":"2023-08-24T10:10:23+00:00","dateModified":"2025-11-06T14:53:35+00:00","description":"European Gay Ski Week, Europe's Biggest Gay Ski Week, Brilliant skiing, Amazing Apr\u00e8s, Fabulous Shows, Hilarious Cabaret & Fantastic Parties.","breadcrumb":{"@id":"https:\/\/www.europeangayskiweek.com\/fr\/hotel-fahrenheit-7\/#breadcrumb"},"inLanguage":"fr-FR","potentialAction":[{"@type":"ReadAction","target":["https:\/\/www.europeangayskiweek.com\/fr\/hotel-fahrenheit-7\/"]}]},{"@type":"ImageObject","inLanguage":"fr-FR","@id":"https:\/\/www.europeangayskiweek.com\/fr\/hotel-fahrenheit-7\/#primaryimage","url":"https:\/\/cdn.europeangayskiweek.com\/wp\/uploads\/2023\/08\/FH6.jpg","contentUrl":"https:\/\/cdn.europeangayskiweek.com\/wp\/uploads\/2023\/08\/FH6.jpg","width":1024,"height":683},{"@type":"BreadcrumbList","@id":"https:\/\/www.europeangayskiweek.com\/fr\/hotel-fahrenheit-7\/#breadcrumb","itemListElement":[{"@type":"ListItem","position":1,"name":"Home","item":"https:\/\/www.europeangayskiweek.com\/fr\/"},{"@type":"ListItem","position":2,"name":"4* Hotel Fahrenheit Seven"}]},{"@type":"WebSite","@id":"https:\/\/www.europeangayskiweek.com\/#website","url":"https:\/\/www.europeangayskiweek.com\/","name":"European Gay Ski Week | The Biggest Gay Winter Sports and Music Festival | Les Arcs Paradiski | 21-28 March 2020","description":"Europe&#039;s N\u00b01 Gay Winter Sports &amp; Music Festival | Les Arcs - Arc 1950 &amp; Arc 2000 - Paradiski | European Gay Ski Week with International DJs &amp; Artists","publisher":{"@id":"https:\/\/www.europeangayskiweek.com\/#organization"},"potentialAction":[{"@type":"SearchAction","target":{"@type":"EntryPoint","urlTemplate":"https:\/\/www.europeangayskiweek.com\/?s={search_term_string}"},"query-input":{"@type":"PropertyValueSpecification","valueRequired":true,"valueName":"search_term_string"}}],"inLanguage":"fr-FR"},{"@type":"Organization","@id":"https:\/\/www.europeangayskiweek.com\/#organization","name":"European Gay Ski Week","url":"https:\/\/www.europeangayskiweek.com\/","logo":{"@type":"ImageObject","inLanguage":"fr-FR","@id":"https:\/\/www.europeangayskiweek.com\/#\/schema\/logo\/image\/","url":"https:\/\/cdn.europeangayskiweek.com\/wp\/uploads\/2019\/06\/EGSW-Dateless-Black-02b.png","contentUrl":"https:\/\/cdn.europeangayskiweek.com\/wp\/uploads\/2019\/06\/EGSW-Dateless-Black-02b.png","width":1346,"height":442,"caption":"European Gay Ski Week"},"image":{"@id":"https:\/\/www.europeangayskiweek.com\/#\/schema\/logo\/image\/"},"sameAs":["https:\/\/www.facebook.com\/EuropeanGaySkiWeek\/","https:\/\/x.com\/EuropeanGaySkiW","https:\/\/www.instagram.com\/europeangayskiweek\/","https:\/\/www.youtube.com\/user\/JonHuntEGSW"]}]}},"_links":{"self":[{"href":"https:\/\/www.europeangayskiweek.com\/fr\/wp-json\/wp\/v2\/pages\/18580","targetHints":{"allow":["GET"]}}],"collection":[{"href":"https:\/\/www.europeangayskiweek.com\/fr\/wp-json\/wp\/v2\/pages"}],"about":[{"href":"https:\/\/www.europeangayskiweek.com\/fr\/wp-json\/wp\/v2\/types\/page"}],"author":[{"embeddable":true,"href":"https:\/\/www.europeangayskiweek.com\/fr\/wp-json\/wp\/v2\/users\/4"}],"replies":[{"embeddable":true,"href":"https:\/\/www.europeangayskiweek.com\/fr\/wp-json\/wp\/v2\/comments?post=18580"}],"version-history":[{"count":15,"href":"https:\/\/www.europeangayskiweek.com\/fr\/wp-json\/wp\/v2\/pages\/18580\/revisions"}],"predecessor-version":[{"id":24108,"href":"https:\/\/www.europeangayskiweek.com\/fr\/wp-json\/wp\/v2\/pages\/18580\/revisions\/24108"}],"wp:featuredmedia":[{"embeddable":true,"href":"https:\/\/www.europeangayskiweek.com\/fr\/wp-json\/wp\/v2\/media\/18589"}],"wp:attachment":[{"href":"https:\/\/www.europeangayskiweek.com\/fr\/wp-json\/wp\/v2\/media?parent=18580"}],"curies":[{"name":"wp","href":"https:\/\/api.w.org\/{rel}","templated":true}]}}