{"id":18436,"date":"2023-08-15T12:45:16","date_gmt":"2023-08-15T11:45:16","guid":{"rendered":"https:\/\/e21.europeangayskiweek.com\/?page_id=18436"},"modified":"2024-07-23T12:22:53","modified_gmt":"2024-07-23T11:22:53","slug":"hotel-portillo","status":"publish","type":"page","link":"https:\/\/www.europeangayskiweek.com\/fr\/hotel-portillo\/","title":{"rendered":"3* Hotel Portillo"},"content":{"rendered":"<p><section class=\"kc-elm kc-css-193292 kc_row\"><div class=\"kc-row-container  kc-container\"><div class=\"kc-wrap-columns\"><div class=\"kc-elm kc-css-159978 kc_col-sm-8 kc_column kc_col-sm-8\"><div class=\"kc-col-container\"><div class=\"kc-elm kc-css-368121 kc_text_block\"><\/p>\n<p><b>L&#039;H\u00f4tel Portillo est un h\u00f4tel familial savoyard traditionnel et accueillant situ\u00e9 sur la Place du P\u00e9clet au c\u0153ur de la station de Val Thorens, tout est \u00e0 proximit\u00e9. <\/b><\/p>\n<\/p>\n<p>Il propose un restaurant, un bar et une grande terrasse expos\u00e9e au sud offrant une vue panoramique sur les montagnes. Vous aurez \u00e9galement acc\u00e8s gratuitement au sauna et au hammam. Les 15 chambres et 4 suites de l\u2019h\u00f4tel disposent toutes d\u2019une salle de bain priv\u00e9e et d\u2019un balcon.<\/p>\n<\/p>\n<p><b>Une connexion Wi-Fi gratuite est disponible dans les chambres de l&#039;h\u00f4tel et dans les espaces publics. Le restaurant La Pause de Pierrette sert des sp\u00e9cialit\u00e9s gastronomiques fran\u00e7aises.<br \/><\/b><\/p>\n<p>\n<\/div>\n<div class=\"kc-elm kc-css-625820 divider_line\">\n\t<div class=\"divider_inner divider_line1\">\n\t\t\t<\/div>\n<\/div>\n<div class=\"widget master-slider-main-widget kc-elm kc-css-653619\">\n\t\t<!-- MasterSlider -->\n\t\t<div id=\"P_MS69f3fb535f810\" class=\"master-slider-parent ms-thumbs-template ms-parent-id-71\" style=\"max-width:800px;\"  >\n\n\t\t\t\n\t\t\t<!-- MasterSlider Main -->\n\t\t\t<div id=\"MS69f3fb535f810\" class=\"master-slider ms-skin-default\" >\n\t\t\t\t \t\t\t\t \n\n\t\t\t<div  class=\"ms-slide\" data-delay=\"3\" data-fill-mode=\"fill\"   >\n\t\t\t\t\t<img decoding=\"async\" src=\"https:\/\/www.europeangayskiweek.com\/wp-content\/plugins\/masterslider\/public\/assets\/css\/blank.gif\" alt=\"\" title=\"Hotel_Portillo_Val_Thorens_2-2\" data-src=\"https:\/\/cdn.europeangayskiweek.com\/wp\/uploads\/2023\/09\/Hotel_Portillo_Val_Thorens_2-2.jpg\" \/>\n\n\n\t<img decoding=\"async\" class=\"ms-thumb\" src=\"https:\/\/cdn.europeangayskiweek.com\/wp\/uploads\/2023\/09\/Hotel_Portillo_Val_Thorens_2-2-127x137.jpg\" alt=\"\" \/>\n\t\t\t\t<\/div>\n\t\t\t<div  class=\"ms-slide\" data-delay=\"3\" data-fill-mode=\"fill\"   >\n\t\t\t\t\t<img decoding=\"async\" src=\"https:\/\/www.europeangayskiweek.com\/wp-content\/plugins\/masterslider\/public\/assets\/css\/blank.gif\" alt=\"\" title=\"Hotel_Portillo_Val_Thorens_4-2\" data-src=\"https:\/\/cdn.europeangayskiweek.com\/wp\/uploads\/2023\/09\/Hotel_Portillo_Val_Thorens_4-2.jpg\" \/>\n\n\n\t<img decoding=\"async\" class=\"ms-thumb\" src=\"https:\/\/cdn.europeangayskiweek.com\/wp\/uploads\/2023\/09\/Hotel_Portillo_Val_Thorens_4-2-127x137.jpg\" alt=\"\" \/>\n\t\t\t\t<\/div>\n\t\t\t<div  class=\"ms-slide\" data-delay=\"3\" data-fill-mode=\"fill\"   >\n\t\t\t\t\t<img decoding=\"async\" src=\"https:\/\/www.europeangayskiweek.com\/wp-content\/plugins\/masterslider\/public\/assets\/css\/blank.gif\" alt=\"\" title=\"Hotel_Portillo_Val_Thorens_9-2\" data-src=\"https:\/\/cdn.europeangayskiweek.com\/wp\/uploads\/2023\/09\/Hotel_Portillo_Val_Thorens_9-2-1.jpg\" \/>\n\n\n\t<img decoding=\"async\" class=\"ms-thumb\" src=\"https:\/\/cdn.europeangayskiweek.com\/wp\/uploads\/2023\/09\/Hotel_Portillo_Val_Thorens_9-2-1-127x137.jpg\" alt=\"\" \/>\n\t\t\t\t<\/div>\n\t\t\t<div  class=\"ms-slide\" data-delay=\"3\" data-fill-mode=\"fill\"   >\n\t\t\t\t\t<img decoding=\"async\" src=\"https:\/\/www.europeangayskiweek.com\/wp-content\/plugins\/masterslider\/public\/assets\/css\/blank.gif\" alt=\"\" title=\"Hotel_Portillo_Val_Thorens_5-2\" data-src=\"https:\/\/cdn.europeangayskiweek.com\/wp\/uploads\/2023\/09\/Hotel_Portillo_Val_Thorens_5-2.jpg\" \/>\n\n\n\t<img decoding=\"async\" class=\"ms-thumb\" src=\"https:\/\/cdn.europeangayskiweek.com\/wp\/uploads\/2023\/09\/Hotel_Portillo_Val_Thorens_5-2-127x137.jpg\" alt=\"\" \/>\n\t\t\t\t<\/div>\n\t\t\t<div  class=\"ms-slide\" data-delay=\"3\" data-fill-mode=\"fill\"   >\n\t\t\t\t\t<img decoding=\"async\" src=\"https:\/\/www.europeangayskiweek.com\/wp-content\/plugins\/masterslider\/public\/assets\/css\/blank.gif\" alt=\"\" title=\"Hotel_Portillo_Val_Thorens_3-4\" data-src=\"https:\/\/cdn.europeangayskiweek.com\/wp\/uploads\/2023\/09\/Hotel_Portillo_Val_Thorens_3-4.jpg\" \/>\n\n\n\t<img decoding=\"async\" class=\"ms-thumb\" src=\"https:\/\/cdn.europeangayskiweek.com\/wp\/uploads\/2023\/09\/Hotel_Portillo_Val_Thorens_3-4-127x137.jpg\" alt=\"\" \/>\n\t\t\t\t<\/div>\n\t\t\t<div  class=\"ms-slide\" data-delay=\"3\" data-fill-mode=\"fill\"   >\n\t\t\t\t\t<img decoding=\"async\" src=\"https:\/\/www.europeangayskiweek.com\/wp-content\/plugins\/masterslider\/public\/assets\/css\/blank.gif\" alt=\"\" title=\"Hotel_Portillo_Val_Thorens_8-2\" data-src=\"https:\/\/cdn.europeangayskiweek.com\/wp\/uploads\/2023\/09\/Hotel_Portillo_Val_Thorens_8-2.jpg\" \/>\n\n\n\t<img decoding=\"async\" class=\"ms-thumb\" src=\"https:\/\/cdn.europeangayskiweek.com\/wp\/uploads\/2023\/09\/Hotel_Portillo_Val_Thorens_8-2-127x137.jpg\" alt=\"\" \/>\n\t\t\t\t<\/div>\n\t\t\t<div  class=\"ms-slide\" data-delay=\"3\" data-fill-mode=\"fill\"   >\n\t\t\t\t\t<img decoding=\"async\" src=\"https:\/\/www.europeangayskiweek.com\/wp-content\/plugins\/masterslider\/public\/assets\/css\/blank.gif\" alt=\"\" title=\"Hotel_Portillo_Val_Thorens_10-2\" data-src=\"https:\/\/cdn.europeangayskiweek.com\/wp\/uploads\/2023\/09\/Hotel_Portillo_Val_Thorens_10-2.jpg\" \/>\n\n\n\t<img decoding=\"async\" class=\"ms-thumb\" src=\"https:\/\/cdn.europeangayskiweek.com\/wp\/uploads\/2023\/09\/Hotel_Portillo_Val_Thorens_10-2-127x137.jpg\" alt=\"\" \/>\n\t\t\t\t<\/div>\n\t\t\t<div  class=\"ms-slide\" data-delay=\"3\" data-fill-mode=\"fill\"   >\n\t\t\t\t\t<img decoding=\"async\" src=\"https:\/\/www.europeangayskiweek.com\/wp-content\/plugins\/masterslider\/public\/assets\/css\/blank.gif\" alt=\"\" title=\"Hotel_Portillo_Val_Thorens_11-2\" data-src=\"https:\/\/cdn.europeangayskiweek.com\/wp\/uploads\/2023\/09\/Hotel_Portillo_Val_Thorens_11-2.jpg\" \/>\n\n\n\t<img decoding=\"async\" class=\"ms-thumb\" src=\"https:\/\/cdn.europeangayskiweek.com\/wp\/uploads\/2023\/09\/Hotel_Portillo_Val_Thorens_11-2-127x137.jpg\" alt=\"\" \/>\n\t\t\t\t<\/div>\n\n\t\t\t<\/div>\n\t\t\t<!-- END MasterSlider Main -->\n\n\t\t\t \n\t\t<\/div>\n\t\t<!-- END MasterSlider -->\n\n\t\t<script>\n\t\t( window.MSReady = window.MSReady || [] ).push( function( $ ) {\n\n\t\t\t\"use strict\";\n\t\t\tvar masterslider_f810 = new MasterSlider();\n\n\t\t\t\/\/ slider controls\n\t\t\tmasterslider_f810.control('arrows'     ,{ autohide:true, overVideo:true  });\n\t\t\tmasterslider_f810.control('thumblist'  ,{ autohide:false, overVideo:true, dir:'h', speed:17, inset:false, arrows:false, hover:false, customClass:'', align:'bottom',type:'thumbs', margin:5, width:127, height:137, space:5, fillMode:'fill'  });\n\t\t\tmasterslider_f810.control('scrollbar'  ,{ autohide:false, overVideo:true, dir:'h', inset:true, align:'top', color:'#3D3D3D' , margin:10  , width:4 });\n\t\t\t\/\/ slider setup\n\t\t\tmasterslider_f810.setup(\"MS69f3fb535f810\", {\n\t\t\t\twidth           : 800,\n\t\t\t\theight          : 500,\n\t\t\t\tminHeight       : 0,\n\t\t\t\tspace           : 0,\n\t\t\t\tstart           : 1,\n\t\t\t\tgrabCursor      : true,\n\t\t\t\tswipe           : true,\n\t\t\t\tmouse           : true,\n\t\t\t\tkeyboard        : false,\n\t\t\t\tlayout          : \"boxed\",\n\t\t\t\twheel           : false,\n\t\t\t\tautoplay        : true,\n\t\t\t\tinstantStartLayers:false,\n\t\t\t\tloop            : true,\n\t\t\t\tshuffle         : false,\n\t\t\t\tpreload         : 0,\n\t\t\t\theightLimit     : true,\n\t\t\t\tautoHeight      : false,\n\t\t\t\tsmoothHeight    : true,\n\t\t\t\tendPause        : false,\n\t\t\t\toverPause       : true,\n\t\t\t\tfillMode        : \"fill\",\n\t\t\t\tcenterControls  : true,\n\t\t\t\tstartOnAppear   : false,\n\t\t\t\tlayersMode      : \"center\",\n\t\t\t\tautofillTarget  : \"\",\n\t\t\t\thideLayers      : true,\n\t\t\t\tfullscreenMargin: 0,\n\t\t\t\tspeed           : 20,\n\t\t\t\tdir             : \"h\",\n\t\t\t\tparallaxMode    : 'swipe',\n\t\t\t\tview            : \"basic\"\n\t\t\t});\n\n\t\t\t\n\t\t\twindow.masterslider_instances = window.masterslider_instances || [];\n\t\t\twindow.masterslider_instances.push( masterslider_f810 );\n\t\t});\n\t\t<\/script>\n\n<\/div>\n<div class=\"kc-elm kc-css-798485 divider_line\">\n\t<div class=\"divider_inner divider_line1\">\n\t\t\t<\/div>\n<\/div>\n<\/div><\/div><div class=\"kc-elm kc-css-380933 kc_col-sm-4 kc_column kc_col-sm-4 accom-sidebar\"><div class=\"kc-col-container\">\n<div class=\"kc-elm kc-css-948796 divider_line\">\n\t<div class=\"divider_inner divider_line2\">\n\t\t<i class=\"sl-home\"><\/i>\t<\/div>\n<\/div>\n<div class=\"kc-elm kc-css-341087 kc_row kc_row_inner\"><div class=\"kc-elm kc-css-149255 kc_col-sm-12 kc_column_inner kc_col-sm-12\"><div class=\"kc_wrapper kc-col-inner-container\"><div class=\"kc-elm kc-css-614730 kc_text_block\"><\/p>\n<p style=\"text-align: center; padding: 0; margin: 0;\"><img loading=\"lazy\" decoding=\"async\" class=\"alignnone size-medium\" src=\"https:\/\/cdn.europeangayskiweek.com\/wp\/uploads\/2019\/06\/icons8-star-3-50.png\" alt=\"\" width=\"125\" height=\"25\" \/><\/p>\n<h5 style=\"text-align: center;\">Un h\u00f4tel 3- Etoiles<\/h5>\n<\/p>\n<p>\n<\/div><div class=\"kc-elm kc-css-952904\" style=\"height: 20px; clear: both; width:100%;\"><\/div><div class=\"kc-elm kc-css-959978 kc_text_block\"><\/p>\n<h4 style=\"text-align: center;\">A partir de 929,50&nbsp;&euro;\/personne<\/h4>\n<\/p>\n<p>\n<\/div><\/div><\/div><\/div>\n<div class=\"kc-elm kc-css-191010 divider_line\">\n\t<div class=\"divider_inner divider_line3\">\n\t\t<span class=\"line_text\">HOTEL FACILITIES<\/span>\t<\/div>\n<\/div>\n<div class=\"kc-elm kc-css-789775 kc_row kc_row_inner\"><div class=\"kc-elm kc-css-494016 kc_col-sm-6 kc_column_inner kc_col-sm-6\"><div class=\"kc_wrapper kc-col-inner-container\"><div class=\"kc-elm kc-css-244581 kc_box_wrap \"><ul class=\"accom-feature\"><li><img decoding=\"async\" src=\"https:\/\/cdn.europeangayskiweek.com\/wp\/uploads\/2019\/06\/icons8-skiing-filled-50-e1559807697728.png\"\/><\/li><li><p><text>Ski in and out<\/text><\/p><\/li><\/ul><\/div><div class=\"kc-elm kc-css-646488 kc_box_wrap \"><ul class=\"accom-feature\"><li><img decoding=\"async\" src=\"https:\/\/cdn.europeangayskiweek.com\/wp\/uploads\/2019\/06\/icons8-reception-filled-50-e1559807756935.png\"\/><\/li><li><p>Reception<\/p><\/li><\/ul><\/div><div class=\"kc-elm kc-css-51074 kc_box_wrap \"><ul class=\"accom-feature\"><li><img decoding=\"async\" src=\"https:\/\/cdn.europeangayskiweek.com\/wp\/uploads\/2019\/06\/icons8-sauna-filled-50-e1559807793954.png\"\/><\/li><li><p>Spa<\/p><\/li><\/ul><\/div><\/div><\/div><div class=\"kc-elm kc-css-325882 kc_col-sm-6 kc_column_inner kc_col-sm-6\"><div class=\"kc_wrapper kc-col-inner-container\"><div class=\"kc-elm kc-css-269393 kc_box_wrap \"><ul class=\"accom-feature\"><li><img decoding=\"async\" src=\"https:\/\/cdn.europeangayskiweek.com\/wp\/uploads\/2019\/06\/icons8-paid-parking-filled-50-e1559807730390.png\"\/><\/li><li><p><text>Parking souterrain (en suppl\u00e9ment)<\/text><\/p><\/li><\/ul><\/div><div class=\"kc-elm kc-css-508615 kc_box_wrap \"><ul class=\"accom-feature\"><li><img decoding=\"async\" src=\"https:\/\/cdn.europeangayskiweek.com\/wp\/uploads\/2019\/06\/massage-40.png\"\/><\/li><li><p><text>Wellness<\/text><\/p><\/li><\/ul><\/div><\/div><\/div><\/div>\n<div class=\"kc-elm kc-css-102585 divider_line\">\n\t<div class=\"divider_inner divider_line3\">\n\t\t<span class=\"line_text\">ROOM FACILITIES<\/span>\t<\/div>\n<\/div>\n<div class=\"kc-elm kc-css-264006 kc_row kc_row_inner\"><div class=\"kc-elm kc-css-890822 kc_col-sm-6 kc_column_inner kc_col-sm-6\"><div class=\"kc_wrapper kc-col-inner-container\"><div class=\"kc-elm kc-css-320709 kc_box_wrap \"><ul class=\"accom-feature\"><li><img decoding=\"async\" src=\"https:\/\/cdn.europeangayskiweek.com\/wp\/uploads\/2019\/06\/icons8-bathtub-filled-50-1-e1559808317958.png\"\/><\/li><li><p><text>Salle de bain priv\u00e9e avec toilettes s\u00e9par\u00e9es<\/text><\/p><\/li><\/ul><\/div><\/div><\/div><div class=\"kc-elm kc-css-915733 kc_col-sm-6 kc_column_inner kc_col-sm-6\"><div class=\"kc_wrapper kc-col-inner-container\"><div class=\"kc-elm kc-css-907436 kc_box_wrap \"><ul class=\"accom-feature\"><li><img decoding=\"async\" src=\"https:\/\/cdn.europeangayskiweek.com\/wp\/uploads\/2019\/06\/icons8-wi-fi-logo-filled-50-e1559807848988.png\"\/><\/li><li><p>Wi-Fi Internet Gratuit<\/p><\/li><\/ul><\/div><div class=\"kc-elm kc-css-765372 kc_box_wrap \"><ul class=\"accom-feature\"><li><img decoding=\"async\" src=\"https:\/\/cdn.europeangayskiweek.com\/wp\/uploads\/2019\/06\/icons8-hair-dryer-filled-50-e1559808042316.png\"\/><\/li><li><p><text>S\u00e8che-cheveux<\/text><\/p><\/li><\/ul><\/div><\/div><\/div><\/div>\n<div class=\"kc-elm kc-css-265416 divider_line\">\n\t<div class=\"divider_inner divider_line1\">\n\t\t\t<\/div>\n<\/div>\n<\/div><\/div><\/div><\/div><\/section><section id=\"rooms\" class=\"kc-elm kc-css-954799 kc_row\"><div class=\"kc-row-container  kc-container\"><div class=\"kc-wrap-columns\"><div class=\"kc-elm kc-css-960293 kc_col-sm-12 kc_column kc_col-sm-12\"><div class=\"kc-col-container\"><div data-allowopenall=\"true\" class=\"kc-elm kc-css-917132 kc_accordion_wrapper\">\n<div class=\"kc-elm kc-css-153321 kc_accordion_section group accom-accordion\"><h3 class=\"kc_accordion_header ui-accordion-header\"><span class=\"ui-accordion-header-icon ui-icon\"><\/span><a href=\"#chambre-double-avec-petit-dejeuner-occupation-simple\" data-prevent=\"scroll\"><i class=\"sl-home\"><\/i> Chambre Double avec Petit-D\u00e9jeuner - Occupation Simple<\/a><\/h3><div class=\"kc_accordion_content ui-accordion-content kc_clearfix\"><div class=\"kc-panel-body\"><div class=\"kc-elm kc-css-413593 kc_row kc_row_inner\"><div class=\"kc-elm kc-css-496268 kc_col-sm-6 kc_column_inner kc_col-sm-6\"><div class=\"kc_wrapper kc-col-inner-container\"><div class=\"kc-elm kc-css-147677 kc_text_block\"><\/p>\n<h5><span style=\"font-size: 0.67em; font-style:herher;\">Capacit\u00e9\u00a0: 2 personnes<\/span><\/h5>\n<h6>Environ 21m\u00b2<\/h6>\n<p>\n<\/div><\/div><\/div><div class=\"kc-elm kc-css-490490 kc_col-sm-6 kc_column_inner kc_col-sm-6\"><div class=\"kc_wrapper kc-col-inner-container\">\n<div class=\"kc-elm kc-css-385250 kc-pro-button kc-button-main\">\n\t<a href=\"https:\/\/gtly.to\/RSCrMYfxK\">\n\t\t<span class=\"creative_title\">R\u00c9SERVER<\/span>\t<\/a>\n<\/div>\n<\/div><\/div><\/div><div class=\"kc-elm kc-css-67845 kc_row kc_row_inner\"><div class=\"kc-elm kc-css-551154 kc_col-of-5 kc_column_inner kc_col-of-5\"><div class=\"kc_wrapper kc-col-inner-container\"><div class=\"kc-elm kc-css-414054\">\n\t<div class=\"kc-carousel_images kc-elm kc-css-414054\">\n\t\n\t\t<div class=\"kc-carousel-images owl-carousel-images kc-sync1  owl-nav-arrow\" data-owl-i-options='{\"items\":\"1\",\"tablet\":\"1\",\"mobile\":\"1\",\"speed\":\"400\",\"navigation\":\"yes\",\"pagination\":\"\",\"autoheight\":\"\",\"progressbar\":\"\",\"delay\":\"4\",\"autoplay\":\"yes\",\"showthumb\":\"\",\"num_thumb\":\"5\"}'>\n\t\n\t\t\t\t\t<div class=\"item\">\n\t\n\t\t\t<a class=\"kc-image-link kc-pretty-photo\" data-lightbox=\"kc-lightbox\" rel=\"prettyPhoto[414054]\" href=\"https:\/\/cdn.europeangayskiweek.com\/wp\/uploads\/2023\/08\/BH5.png\"><img decoding=\"async\" src=\"https:\/\/cdn.europeangayskiweek.com\/wp\/uploads\/2023\/08\/BH5-200x200.png\" alt=\"\" \/><\/a>\t\n\t\t\t<\/div>\n\t\n\t\t\t\n\t\t<\/div>\n\t\n\t\t\t<\/div>\n<\/div>\n<\/div><\/div><div class=\"kc-elm kc-css-105205 kc_col-sm-5 kc_column_inner kc_col-sm-5\"><div class=\"kc_wrapper kc-col-inner-container\"><div class=\"kc-elm kc-css-86931 kc_box_wrap \"><ul class=\"accom-feature\"><li><img decoding=\"async\" src=\"https:\/\/cdn.europeangayskiweek.com\/wp\/uploads\/2019\/06\/icons8-bathtub-filled-50-e1559802124795.png\"\/><\/li><li><p>1 salle de bain et 1 WC s\u00e9par\u00e9<\/p><\/li><\/ul><\/div><div class=\"kc-elm kc-css-559240 kc_box_wrap \"><ul class=\"accom-feature\"><li><img decoding=\"async\" src=\"https:\/\/cdn.europeangayskiweek.com\/wp\/uploads\/2019\/06\/icons8-bed-filled-50-e1559802774153.png\"\/><\/li><li><p>1 lit double ou 2 lits simples<\/p><\/li><\/ul><\/div><\/div><\/div><div class=\"kc-elm kc-css-581375 kc_col-sm-5 kc_column_inner kc_col-sm-5\"><div class=\"kc_wrapper kc-col-inner-container\"><div class=\"kc-elm kc-css-127508 kc_text_block accom-price-table\"><\/p>\n<table>\n<thead>\n<tr>\n<td>\n<h5 style=\"text-align: left;\">Occupation<\/h5>\n<\/td>\n<td style=\"text-align: left;\">\n<h5>Prix par personne<\/h5>\n<\/td>\n<\/tr>\n<\/thead>\n<tbody>\n<tr>\n<td>\n<h5>Occupation Simple<\/h5>\n<\/td>\n<td>\n<h5>1&nbsp;863&nbsp;&euro;<\/h5>\n<\/td>\n<\/tr>\n<tr>\n<td><\/td>\n<td><\/td>\n<\/tr>\n<tr>\n<td style=\"text-align: left;\" colspan=\"2\"><em><small>Les prix sont par personne et comprennent l&#039;h\u00e9bergement de 7 nuits avec petit-d\u00e9jeuner.<\/small><br \/><\/em><\/td>\n<\/tr>\n<\/tbody>\n<\/table>\n<p>\n<\/div><div class=\"kc-elm kc-css-923050\" style=\"height: 20px; clear: both; width:100%;\"><\/div><\/div><\/div><\/div><\/div><\/div><\/div><\/div>\n<\/div><\/div><\/div><\/div><\/section><\/p>\n","protected":false},"excerpt":{"rendered":"<p> [...]<\/p>\n<p><a class=\"btn btn-secondary understrap-read-more-link\" href=\"https:\/\/www.europeangayskiweek.com\/fr\/hotel-portillo\/\">Read More...<\/a><\/p>\n<p> [...]<\/p>\n<p><a class=\"btn btn-secondary understrap-read-more-link\" href=\"https:\/\/www.europeangayskiweek.com\/fr\/hotel-portillo\/\">Lire la suite\u2026<span class=\"screen-reader-text\"> from 3* Hotel Portillo<\/span><\/a><\/p>\n","protected":false},"author":4,"featured_media":19001,"parent":0,"menu_order":0,"comment_status":"closed","ping_status":"closed","template":"page-templates\/fullwidthpage-accommodation.php","meta":{"footnotes":""},"class_list":["post-18436","page","type-page","status-publish","has-post-thumbnail","hentry"],"yoast_head":"<!-- This site is optimized with the Yoast SEO plugin v26.4 - https:\/\/yoast.com\/wordpress\/plugins\/seo\/ -->\r\n<title>Europe&#039;s Biggest Gay Ski Week | EGSW | 22-29 Mars 2025<\/title>\r\n<meta name=\"description\" content=\"European Gay Ski Week la plus grande semaine de ski gay d&#039;Europe, du ski brillant, un Apres Ski incroyable, des spectacles fabuleux, un cabaret hilarant et des soir\u00e9es fantastiques.\" \/>\r\n<meta name=\"robots\" content=\"index, follow, max-snippet:-1, max-image-preview:large, max-video-preview:-1\" \/>\r\n<link rel=\"canonical\" href=\"https:\/\/www.europeangayskiweek.com\/fr\/hotel-portillo\/\" \/>\r\n<meta property=\"og:locale\" content=\"fr_FR\" \/>\r\n<meta property=\"og:type\" content=\"article\" \/>\r\n<meta property=\"og:title\" content=\"Europe&#039;s Biggest Gay Ski Week | EGSW | 22-29 Mars 2025\" \/>\r\n<meta property=\"og:description\" content=\"European Gay Ski Week la plus grande semaine de ski gay d&#039;Europe, du ski brillant, un Apres Ski incroyable, des spectacles fabuleux, un cabaret hilarant et des soir\u00e9es fantastiques.\" \/>\r\n<meta property=\"og:url\" content=\"https:\/\/www.europeangayskiweek.com\/fr\/hotel-portillo\/\" \/>\r\n<meta property=\"og:site_name\" content=\"Europe&#039;s Biggest Gay Ski Week | EGSW | 2026 Coming Soon\" \/>\r\n<meta property=\"article:publisher\" content=\"https:\/\/www.facebook.com\/EuropeanGaySkiWeek\/\" \/>\r\n<meta property=\"article:modified_time\" content=\"2024-07-23T11:22:53+00:00\" \/>\r\n<meta property=\"og:image\" content=\"https:\/\/cdn.europeangayskiweek.com\/wp\/uploads\/2020\/07\/facebook_og.jpg\" \/>\r\n\t<meta property=\"og:image:width\" content=\"1200\" \/>\r\n\t<meta property=\"og:image:height\" content=\"630\" \/>\r\n\t<meta property=\"og:image:type\" content=\"image\/jpeg\" \/>\r\n<meta name=\"twitter:card\" content=\"summary_large_image\" \/>\r\n<meta name=\"twitter:site\" content=\"@EuropeanGaySkiW\" \/>\r\n<meta name=\"twitter:label1\" content=\"Dur\u00e9e de lecture estim\u00e9e\" \/>\n\t<meta name=\"twitter:data1\" content=\"2 minutes\" \/>\r\n<script type=\"application\/ld+json\" class=\"yoast-schema-graph\">{\"@context\":\"https:\/\/schema.org\",\"@graph\":[{\"@type\":\"WebPage\",\"@id\":\"https:\/\/www.europeangayskiweek.com\/fr\/hotel-portillo\/\",\"url\":\"https:\/\/www.europeangayskiweek.com\/fr\/hotel-portillo\/\",\"name\":\"Europe's Biggest Gay Ski Week | EGSW | 22-29 Mars 2025\",\"isPartOf\":{\"@id\":\"https:\/\/www.europeangayskiweek.com\/#website\"},\"primaryImageOfPage\":{\"@id\":\"https:\/\/www.europeangayskiweek.com\/fr\/hotel-portillo\/#primaryimage\"},\"image\":{\"@id\":\"https:\/\/www.europeangayskiweek.com\/fr\/hotel-portillo\/#primaryimage\"},\"thumbnailUrl\":\"https:\/\/cdn.europeangayskiweek.com\/wp\/uploads\/2023\/09\/Hotel_Portillo_Val_Thorens_2-2.jpg\",\"datePublished\":\"2023-08-15T11:45:16+00:00\",\"dateModified\":\"2024-07-23T11:22:53+00:00\",\"description\":\"European Gay Ski Week la plus grande semaine de ski gay d'Europe, du ski brillant, un Apres Ski incroyable, des spectacles fabuleux, un cabaret hilarant et des soir\u00e9es fantastiques.\",\"breadcrumb\":{\"@id\":\"https:\/\/www.europeangayskiweek.com\/fr\/hotel-portillo\/#breadcrumb\"},\"inLanguage\":\"fr-FR\",\"potentialAction\":[{\"@type\":\"ReadAction\",\"target\":[\"https:\/\/www.europeangayskiweek.com\/fr\/hotel-portillo\/\"]}]},{\"@type\":\"ImageObject\",\"inLanguage\":\"fr-FR\",\"@id\":\"https:\/\/www.europeangayskiweek.com\/fr\/hotel-portillo\/#primaryimage\",\"url\":\"https:\/\/cdn.europeangayskiweek.com\/wp\/uploads\/2023\/09\/Hotel_Portillo_Val_Thorens_2-2.jpg\",\"contentUrl\":\"https:\/\/cdn.europeangayskiweek.com\/wp\/uploads\/2023\/09\/Hotel_Portillo_Val_Thorens_2-2.jpg\",\"width\":400,\"height\":300,\"caption\":\"European Gay Ski Week 2024\"},{\"@type\":\"BreadcrumbList\",\"@id\":\"https:\/\/www.europeangayskiweek.com\/fr\/hotel-portillo\/#breadcrumb\",\"itemListElement\":[{\"@type\":\"ListItem\",\"position\":1,\"name\":\"Home\",\"item\":\"https:\/\/www.europeangayskiweek.com\/fr\/\"},{\"@type\":\"ListItem\",\"position\":2,\"name\":\"3* Hotel Portillo\"}]},{\"@type\":\"WebSite\",\"@id\":\"https:\/\/www.europeangayskiweek.com\/#website\",\"url\":\"https:\/\/www.europeangayskiweek.com\/\",\"name\":\"European Gay Ski Week | The Biggest Gay Winter Sports and Music Festival | Les Arcs Paradiski | 21-28 March 2020\",\"description\":\"Europe&#039;s N\u00b01 Gay Winter Sports &amp; Music Festival | Les Arcs - Arc 1950 &amp; Arc 2000 - Paradiski | European Gay Ski Week with International DJs &amp; Artists\",\"publisher\":{\"@id\":\"https:\/\/www.europeangayskiweek.com\/#organization\"},\"potentialAction\":[{\"@type\":\"SearchAction\",\"target\":{\"@type\":\"EntryPoint\",\"urlTemplate\":\"https:\/\/www.europeangayskiweek.com\/?s={search_term_string}\"},\"query-input\":{\"@type\":\"PropertyValueSpecification\",\"valueRequired\":true,\"valueName\":\"search_term_string\"}}],\"inLanguage\":\"fr-FR\"},{\"@type\":\"Organization\",\"@id\":\"https:\/\/www.europeangayskiweek.com\/#organization\",\"name\":\"European Gay Ski Week\",\"url\":\"https:\/\/www.europeangayskiweek.com\/\",\"logo\":{\"@type\":\"ImageObject\",\"inLanguage\":\"fr-FR\",\"@id\":\"https:\/\/www.europeangayskiweek.com\/#\/schema\/logo\/image\/\",\"url\":\"https:\/\/cdn.europeangayskiweek.com\/wp\/uploads\/2019\/06\/EGSW-Dateless-Black-02b.png\",\"contentUrl\":\"https:\/\/cdn.europeangayskiweek.com\/wp\/uploads\/2019\/06\/EGSW-Dateless-Black-02b.png\",\"width\":1346,\"height\":442,\"caption\":\"European Gay Ski Week\"},\"image\":{\"@id\":\"https:\/\/www.europeangayskiweek.com\/#\/schema\/logo\/image\/\"},\"sameAs\":[\"https:\/\/www.facebook.com\/EuropeanGaySkiWeek\/\",\"https:\/\/x.com\/EuropeanGaySkiW\",\"https:\/\/www.instagram.com\/europeangayskiweek\/\",\"https:\/\/www.youtube.com\/user\/JonHuntEGSW\"]}]}<\/script>\r\n<!-- \/ Yoast SEO plugin. -->","yoast_head_json":{"title":"Europe's Biggest Gay Ski Week | EGSW | 22-29 Mars 2025","description":"European Gay Ski Week la plus grande semaine de ski gay d'Europe, du ski brillant, un Apres Ski incroyable, des spectacles fabuleux, un cabaret hilarant et des soir\u00e9es fantastiques.","robots":{"index":"index","follow":"follow","max-snippet":"max-snippet:-1","max-image-preview":"max-image-preview:large","max-video-preview":"max-video-preview:-1"},"canonical":"https:\/\/www.europeangayskiweek.com\/fr\/hotel-portillo\/","og_locale":"fr_FR","og_type":"article","og_title":"Europe's Biggest Gay Ski Week | EGSW | 22-29 Mars 2025","og_description":"European Gay Ski Week la plus grande semaine de ski gay d'Europe, du ski brillant, un Apres Ski incroyable, des spectacles fabuleux, un cabaret hilarant et des soir\u00e9es fantastiques.","og_url":"https:\/\/www.europeangayskiweek.com\/fr\/hotel-portillo\/","og_site_name":"Europe&#039;s Biggest Gay Ski Week | EGSW | 2026 Coming Soon","article_publisher":"https:\/\/www.facebook.com\/EuropeanGaySkiWeek\/","article_modified_time":"2024-07-23T11:22:53+00:00","og_image":[{"width":1200,"height":630,"url":"https:\/\/cdn.europeangayskiweek.com\/wp\/uploads\/2020\/07\/facebook_og.jpg","type":"image\/jpeg"}],"twitter_card":"summary_large_image","twitter_site":"@EuropeanGaySkiW","twitter_misc":{"Dur\u00e9e de lecture estim\u00e9e":"2 minutes"},"schema":{"@context":"https:\/\/schema.org","@graph":[{"@type":"WebPage","@id":"https:\/\/www.europeangayskiweek.com\/fr\/hotel-portillo\/","url":"https:\/\/www.europeangayskiweek.com\/fr\/hotel-portillo\/","name":"Europe's Biggest Gay Ski Week | EGSW | 22-29 Mars 2025","isPartOf":{"@id":"https:\/\/www.europeangayskiweek.com\/#website"},"primaryImageOfPage":{"@id":"https:\/\/www.europeangayskiweek.com\/fr\/hotel-portillo\/#primaryimage"},"image":{"@id":"https:\/\/www.europeangayskiweek.com\/fr\/hotel-portillo\/#primaryimage"},"thumbnailUrl":"https:\/\/cdn.europeangayskiweek.com\/wp\/uploads\/2023\/09\/Hotel_Portillo_Val_Thorens_2-2.jpg","datePublished":"2023-08-15T11:45:16+00:00","dateModified":"2024-07-23T11:22:53+00:00","description":"European Gay Ski Week la plus grande semaine de ski gay d'Europe, du ski brillant, un Apres Ski incroyable, des spectacles fabuleux, un cabaret hilarant et des soir\u00e9es fantastiques.","breadcrumb":{"@id":"https:\/\/www.europeangayskiweek.com\/fr\/hotel-portillo\/#breadcrumb"},"inLanguage":"fr-FR","potentialAction":[{"@type":"ReadAction","target":["https:\/\/www.europeangayskiweek.com\/fr\/hotel-portillo\/"]}]},{"@type":"ImageObject","inLanguage":"fr-FR","@id":"https:\/\/www.europeangayskiweek.com\/fr\/hotel-portillo\/#primaryimage","url":"https:\/\/cdn.europeangayskiweek.com\/wp\/uploads\/2023\/09\/Hotel_Portillo_Val_Thorens_2-2.jpg","contentUrl":"https:\/\/cdn.europeangayskiweek.com\/wp\/uploads\/2023\/09\/Hotel_Portillo_Val_Thorens_2-2.jpg","width":400,"height":300,"caption":"European Gay Ski Week 2024"},{"@type":"BreadcrumbList","@id":"https:\/\/www.europeangayskiweek.com\/fr\/hotel-portillo\/#breadcrumb","itemListElement":[{"@type":"ListItem","position":1,"name":"Home","item":"https:\/\/www.europeangayskiweek.com\/fr\/"},{"@type":"ListItem","position":2,"name":"3* Hotel Portillo"}]},{"@type":"WebSite","@id":"https:\/\/www.europeangayskiweek.com\/#website","url":"https:\/\/www.europeangayskiweek.com\/","name":"European Gay Ski Week | The Biggest Gay Winter Sports and Music Festival | Les Arcs Paradiski | 21-28 March 2020","description":"Europe&#039;s N\u00b01 Gay Winter Sports &amp; Music Festival | Les Arcs - Arc 1950 &amp; Arc 2000 - Paradiski | European Gay Ski Week with International DJs &amp; Artists","publisher":{"@id":"https:\/\/www.europeangayskiweek.com\/#organization"},"potentialAction":[{"@type":"SearchAction","target":{"@type":"EntryPoint","urlTemplate":"https:\/\/www.europeangayskiweek.com\/?s={search_term_string}"},"query-input":{"@type":"PropertyValueSpecification","valueRequired":true,"valueName":"search_term_string"}}],"inLanguage":"fr-FR"},{"@type":"Organization","@id":"https:\/\/www.europeangayskiweek.com\/#organization","name":"European Gay Ski Week","url":"https:\/\/www.europeangayskiweek.com\/","logo":{"@type":"ImageObject","inLanguage":"fr-FR","@id":"https:\/\/www.europeangayskiweek.com\/#\/schema\/logo\/image\/","url":"https:\/\/cdn.europeangayskiweek.com\/wp\/uploads\/2019\/06\/EGSW-Dateless-Black-02b.png","contentUrl":"https:\/\/cdn.europeangayskiweek.com\/wp\/uploads\/2019\/06\/EGSW-Dateless-Black-02b.png","width":1346,"height":442,"caption":"European Gay Ski Week"},"image":{"@id":"https:\/\/www.europeangayskiweek.com\/#\/schema\/logo\/image\/"},"sameAs":["https:\/\/www.facebook.com\/EuropeanGaySkiWeek\/","https:\/\/x.com\/EuropeanGaySkiW","https:\/\/www.instagram.com\/europeangayskiweek\/","https:\/\/www.youtube.com\/user\/JonHuntEGSW"]}]}},"_links":{"self":[{"href":"https:\/\/www.europeangayskiweek.com\/fr\/wp-json\/wp\/v2\/pages\/18436","targetHints":{"allow":["GET"]}}],"collection":[{"href":"https:\/\/www.europeangayskiweek.com\/fr\/wp-json\/wp\/v2\/pages"}],"about":[{"href":"https:\/\/www.europeangayskiweek.com\/fr\/wp-json\/wp\/v2\/types\/page"}],"author":[{"embeddable":true,"href":"https:\/\/www.europeangayskiweek.com\/fr\/wp-json\/wp\/v2\/users\/4"}],"replies":[{"embeddable":true,"href":"https:\/\/www.europeangayskiweek.com\/fr\/wp-json\/wp\/v2\/comments?post=18436"}],"version-history":[{"count":7,"href":"https:\/\/www.europeangayskiweek.com\/fr\/wp-json\/wp\/v2\/pages\/18436\/revisions"}],"predecessor-version":[{"id":20676,"href":"https:\/\/www.europeangayskiweek.com\/fr\/wp-json\/wp\/v2\/pages\/18436\/revisions\/20676"}],"wp:featuredmedia":[{"embeddable":true,"href":"https:\/\/www.europeangayskiweek.com\/fr\/wp-json\/wp\/v2\/media\/19001"}],"wp:attachment":[{"href":"https:\/\/www.europeangayskiweek.com\/fr\/wp-json\/wp\/v2\/media?parent=18436"}],"curies":[{"name":"wp","href":"https:\/\/api.w.org\/{rel}","templated":true}]}}