{"id":18390,"date":"2023-08-15T08:24:02","date_gmt":"2023-08-15T07:24:02","guid":{"rendered":"https:\/\/e21.europeangayskiweek.com\/?page_id=18390"},"modified":"2024-07-23T15:09:02","modified_gmt":"2024-07-23T14:09:02","slug":"le-sabot-de-venus","status":"publish","type":"page","link":"https:\/\/www.europeangayskiweek.com\/fr\/le-sabot-de-venus\/","title":{"rendered":"4* Le Sabot de Venus"},"content":{"rendered":"<p><section class=\"kc-elm kc-css-32781 kc_row\"><div class=\"kc-row-container  kc-container\"><div class=\"kc-wrap-columns\"><div class=\"kc-elm kc-css-432618 kc_col-sm-8 kc_column kc_col-sm-8\"><div class=\"kc-col-container\"><div class=\"kc-elm kc-css-207162 kc_text_block\"><\/p>\n<p><span style=\"color: #ff6600;\">\u00c9lu n\u00b01<\/span>\u00a0sur 1 petit h\u00f4tel \u00e0 Val Thorens sur Tripadvisor<\/p>\n<p><heure \/><\/p>\n<p class=\"MsoNormal\">Le Sabot de Venus est une r\u00e9sidence de niveau 4 \u00e9toiles situ\u00e9e au c\u0153ur de Val Thorens. D&#039;une superficie totale de 1 670 m\u00b2 (4 \u00e9tages), le b\u00e2timent<br \/>a \u00e9t\u00e9 construit en 2007\/2008 et mis en service en novembre 2008.<\/p>\n<p class=\"MsoNormal\">Il se compose de 10 appartements, avec une capacit\u00e9 maximale de 84 personnes. Les appartements vont de 20 \u00e0 135 m\u00b2.<\/p>\n<p class=\"MsoNormal\">Le Sabot de Venus est la seule r\u00e9sidence du centre de Val Thorens \u00e0 proposer des appartements d&#039;une si grande surface. Les cuisines sont modernes et<br \/>enti\u00e8rement \u00e9quip\u00e9s, les pi\u00e8ces \u00e0 vivre sont spacieuses et confortables.<\/p>\n<p class=\"MsoNormal\">Le b\u00e2timent propose un parking couvert, un sauna et un ski-room avec casiers \u00e0 skis chauff\u00e9s. Le Sabot de V\u00e9nus est une r\u00e9sidence \u00ab skis aux pieds \u00bb.<\/p>\n<p>\n<\/div>\n<div class=\"kc-elm kc-css-857671 divider_line\">\n\t<div class=\"divider_inner divider_line1\">\n\t\t\t<\/div>\n<\/div>\n<div class=\"widget master-slider-main-widget kc-elm kc-css-769730\">\n\t\t<!-- MasterSlider -->\n\t\t<div id=\"P_MS69f4d8705dc42\" class=\"master-slider-parent ms-thumbs-template ms-parent-id-62\" style=\"max-width:800px;\"  >\n\n\t\t\t\n\t\t\t<!-- MasterSlider Main -->\n\t\t\t<div id=\"MS69f4d8705dc42\" class=\"master-slider ms-skin-default\" >\n\t\t\t\t \t\t\t\t \n\n\t\t\t<div  class=\"ms-slide\" data-delay=\"3\" data-fill-mode=\"fill\"   >\n\t\t\t\t\t<img decoding=\"async\" src=\"https:\/\/www.europeangayskiweek.com\/wp-content\/plugins\/masterslider\/public\/assets\/css\/blank.gif\" alt=\"\" title=\"Sabot de Venus - Penthouse\" data-src=\"https:\/\/cdn.europeangayskiweek.com\/wp\/uploads\/2025\/09\/Photo-2-e1757349886308.jpg\" \/>\n\n\n\t<img decoding=\"async\" class=\"ms-thumb\" src=\"https:\/\/cdn.europeangayskiweek.com\/wp\/uploads\/2025\/09\/Photo-2-e1757349886308-127x137.jpg\" alt=\"\" \/>\n\t\t\t\t<\/div>\n\t\t\t<div  class=\"ms-slide\" data-delay=\"3\" data-fill-mode=\"fill\"   >\n\t\t\t\t\t<img decoding=\"async\" src=\"https:\/\/www.europeangayskiweek.com\/wp-content\/plugins\/masterslider\/public\/assets\/css\/blank.gif\" alt=\"\" title=\"Sabot de Venus - Ski in Ski Out\" data-src=\"https:\/\/cdn.europeangayskiweek.com\/wp\/uploads\/2025\/08\/10.-Ski-in-ski-out-1-e1757351813234.jpg\" \/>\n\n\n\t<img decoding=\"async\" class=\"ms-thumb\" src=\"https:\/\/cdn.europeangayskiweek.com\/wp\/uploads\/2025\/08\/10.-Ski-in-ski-out-1-e1757351813234-127x137.jpg\" alt=\"\" \/>\n\t\t\t\t<\/div>\n\t\t\t<div  class=\"ms-slide\" data-delay=\"3\" data-fill-mode=\"fill\"   >\n\t\t\t\t\t<img decoding=\"async\" src=\"https:\/\/www.europeangayskiweek.com\/wp-content\/plugins\/masterslider\/public\/assets\/css\/blank.gif\" alt=\"\" title=\"Sabot de Venus - Dining \/ Living Area\" data-src=\"https:\/\/cdn.europeangayskiweek.com\/wp\/uploads\/2025\/09\/17121645621.Livingarea-800x500.jpg\" \/>\n\n\n\t<img decoding=\"async\" class=\"ms-thumb\" src=\"https:\/\/cdn.europeangayskiweek.com\/wp\/uploads\/2025\/09\/17121645621.Livingarea-127x137.jpg\" alt=\"\" \/>\n\t\t\t\t<\/div>\n\t\t\t<div  class=\"ms-slide\" data-delay=\"3\" data-fill-mode=\"fill\"   >\n\t\t\t\t\t<img decoding=\"async\" src=\"https:\/\/www.europeangayskiweek.com\/wp-content\/plugins\/masterslider\/public\/assets\/css\/blank.gif\" alt=\"\" title=\"SV3\" data-src=\"https:\/\/cdn.europeangayskiweek.com\/wp\/uploads\/2023\/08\/SV3-800x500.jpg\" \/>\n\n\n\t<img decoding=\"async\" class=\"ms-thumb\" src=\"https:\/\/cdn.europeangayskiweek.com\/wp\/uploads\/2023\/08\/SV3-127x137.jpg\" alt=\"\" \/>\n\t\t\t\t<\/div>\n\t\t\t<div  class=\"ms-slide\" data-delay=\"3\" data-fill-mode=\"fill\"   >\n\t\t\t\t\t<img decoding=\"async\" src=\"https:\/\/www.europeangayskiweek.com\/wp-content\/plugins\/masterslider\/public\/assets\/css\/blank.gif\" alt=\"\" title=\"SV4\" data-src=\"https:\/\/cdn.europeangayskiweek.com\/wp\/uploads\/2023\/08\/SV4-800x500.jpg\" \/>\n\n\n\t<img decoding=\"async\" class=\"ms-thumb\" src=\"https:\/\/cdn.europeangayskiweek.com\/wp\/uploads\/2023\/08\/SV4-127x137.jpg\" alt=\"\" \/>\n\t\t\t\t<\/div>\n\t\t\t<div  class=\"ms-slide\" data-delay=\"3\" data-fill-mode=\"fill\"   >\n\t\t\t\t\t<img decoding=\"async\" src=\"https:\/\/www.europeangayskiweek.com\/wp-content\/plugins\/masterslider\/public\/assets\/css\/blank.gif\" alt=\"\" title=\"SV5\" data-src=\"https:\/\/cdn.europeangayskiweek.com\/wp\/uploads\/2023\/08\/SV5-800x500.jpg\" \/>\n\n\n\t<img decoding=\"async\" class=\"ms-thumb\" src=\"https:\/\/cdn.europeangayskiweek.com\/wp\/uploads\/2023\/08\/SV5-127x137.jpg\" alt=\"\" \/>\n\t\t\t\t<\/div>\n\t\t\t<div  class=\"ms-slide\" data-delay=\"3\" data-fill-mode=\"fill\"   >\n\t\t\t\t\t<img decoding=\"async\" src=\"https:\/\/www.europeangayskiweek.com\/wp-content\/plugins\/masterslider\/public\/assets\/css\/blank.gif\" alt=\"\" title=\"SV6\" data-src=\"https:\/\/cdn.europeangayskiweek.com\/wp\/uploads\/2023\/08\/SV6-800x500.jpg\" \/>\n\n\n\t<img decoding=\"async\" class=\"ms-thumb\" src=\"https:\/\/cdn.europeangayskiweek.com\/wp\/uploads\/2023\/08\/SV6-127x137.jpg\" alt=\"\" \/>\n\t\t\t\t<\/div>\n\t\t\t<div  class=\"ms-slide\" data-delay=\"3\" data-fill-mode=\"fill\"   >\n\t\t\t\t\t<img decoding=\"async\" src=\"https:\/\/www.europeangayskiweek.com\/wp-content\/plugins\/masterslider\/public\/assets\/css\/blank.gif\" alt=\"\" title=\"SV7\" data-src=\"https:\/\/cdn.europeangayskiweek.com\/wp\/uploads\/2023\/08\/SV7-800x500.jpg\" \/>\n\n\n\t<img decoding=\"async\" class=\"ms-thumb\" src=\"https:\/\/cdn.europeangayskiweek.com\/wp\/uploads\/2023\/08\/SV7-127x137.jpg\" alt=\"\" \/>\n\t\t\t\t<\/div>\n\t\t\t<div  class=\"ms-slide\" data-delay=\"3\" data-fill-mode=\"fill\"   >\n\t\t\t\t\t<img decoding=\"async\" src=\"https:\/\/www.europeangayskiweek.com\/wp-content\/plugins\/masterslider\/public\/assets\/css\/blank.gif\" alt=\"\" title=\"Sabot de Venus - Dining Area\" data-src=\"https:\/\/cdn.europeangayskiweek.com\/wp\/uploads\/2025\/09\/Photo-2.22jpg-e1757350543275.jpg\" \/>\n\n\n\t<img decoding=\"async\" class=\"ms-thumb\" src=\"https:\/\/cdn.europeangayskiweek.com\/wp\/uploads\/2025\/09\/Photo-2.22jpg-e1757350543275-127x137.jpg\" alt=\"\" \/>\n\t\t\t\t<\/div>\n\t\t\t<div  class=\"ms-slide\" data-delay=\"3\" data-fill-mode=\"fill\"   >\n\t\t\t\t\t<img decoding=\"async\" src=\"https:\/\/www.europeangayskiweek.com\/wp-content\/plugins\/masterslider\/public\/assets\/css\/blank.gif\" alt=\"\" title=\"Sabot de Venus - Bedroom with Ensuite\" data-src=\"https:\/\/cdn.europeangayskiweek.com\/wp\/uploads\/2025\/09\/Photo-3-800x500.jpg\" \/>\n\n\n\t<img decoding=\"async\" class=\"ms-thumb\" src=\"https:\/\/cdn.europeangayskiweek.com\/wp\/uploads\/2025\/09\/Photo-3-127x137.jpg\" alt=\"\" \/>\n\t\t\t\t<\/div>\n\t\t\t<div  class=\"ms-slide\" data-delay=\"3\" data-fill-mode=\"fill\"   >\n\t\t\t\t\t<img decoding=\"async\" src=\"https:\/\/www.europeangayskiweek.com\/wp-content\/plugins\/masterslider\/public\/assets\/css\/blank.gif\" alt=\"\" title=\"Sabot de Venus - Living Area\" data-src=\"https:\/\/cdn.europeangayskiweek.com\/wp\/uploads\/2025\/09\/1.-Living-area-1-1-e1757350621991.jpg\" \/>\n\n\n\t<img decoding=\"async\" class=\"ms-thumb\" src=\"https:\/\/cdn.europeangayskiweek.com\/wp\/uploads\/2025\/09\/1.-Living-area-1-1-e1757350621991-127x137.jpg\" alt=\"\" \/>\n\t\t\t\t<\/div>\n\t\t\t<div  class=\"ms-slide\" data-delay=\"3\" data-fill-mode=\"fill\"   >\n\t\t\t\t\t<img decoding=\"async\" src=\"https:\/\/www.europeangayskiweek.com\/wp-content\/plugins\/masterslider\/public\/assets\/css\/blank.gif\" alt=\"\" title=\"Sabot de Venus - Dining Area\" data-src=\"https:\/\/cdn.europeangayskiweek.com\/wp\/uploads\/2025\/09\/3.-Photo-800x500.jpg\" \/>\n\n\n\t<img decoding=\"async\" class=\"ms-thumb\" src=\"https:\/\/cdn.europeangayskiweek.com\/wp\/uploads\/2025\/09\/3.-Photo-127x137.jpg\" alt=\"\" \/>\n\t\t\t\t<\/div>\n\t\t\t<div  class=\"ms-slide\" data-delay=\"3\" data-fill-mode=\"fill\"   >\n\t\t\t\t\t<img decoding=\"async\" src=\"https:\/\/www.europeangayskiweek.com\/wp-content\/plugins\/masterslider\/public\/assets\/css\/blank.gif\" alt=\"\" title=\"Sabot de Venus - Dining Area\" data-src=\"https:\/\/cdn.europeangayskiweek.com\/wp\/uploads\/2025\/09\/2.-Dining-area-1-800x500.jpg\" \/>\n\n\n\t<img decoding=\"async\" class=\"ms-thumb\" src=\"https:\/\/cdn.europeangayskiweek.com\/wp\/uploads\/2025\/09\/2.-Dining-area-1-127x137.jpg\" alt=\"\" \/>\n\t\t\t\t<\/div>\n\n\t\t\t<\/div>\n\t\t\t<!-- END MasterSlider Main -->\n\n\t\t\t \n\t\t<\/div>\n\t\t<!-- END MasterSlider -->\n\n\t\t<script>\n\t\t( window.MSReady = window.MSReady || [] ).push( function( $ ) {\n\n\t\t\t\"use strict\";\n\t\t\tvar masterslider_dc42 = new MasterSlider();\n\n\t\t\t\/\/ slider controls\n\t\t\tmasterslider_dc42.control('arrows'     ,{ autohide:true, overVideo:true  });\n\t\t\tmasterslider_dc42.control('thumblist'  ,{ autohide:false, overVideo:true, dir:'h', speed:17, inset:false, arrows:false, hover:false, customClass:'', align:'bottom',type:'thumbs', margin:5, width:127, height:137, space:5, fillMode:'fill'  });\n\t\t\tmasterslider_dc42.control('scrollbar'  ,{ autohide:false, overVideo:true, dir:'h', inset:true, align:'top', color:'#3D3D3D' , margin:10  , width:4 });\n\t\t\t\/\/ slider setup\n\t\t\tmasterslider_dc42.setup(\"MS69f4d8705dc42\", {\n\t\t\t\twidth           : 800,\n\t\t\t\theight          : 500,\n\t\t\t\tminHeight       : 0,\n\t\t\t\tspace           : 0,\n\t\t\t\tstart           : 1,\n\t\t\t\tgrabCursor      : true,\n\t\t\t\tswipe           : true,\n\t\t\t\tmouse           : true,\n\t\t\t\tkeyboard        : false,\n\t\t\t\tlayout          : \"boxed\",\n\t\t\t\twheel           : false,\n\t\t\t\tautoplay        : true,\n\t\t\t\tinstantStartLayers:false,\n\t\t\t\tloop            : true,\n\t\t\t\tshuffle         : false,\n\t\t\t\tpreload         : 0,\n\t\t\t\theightLimit     : true,\n\t\t\t\tautoHeight      : false,\n\t\t\t\tsmoothHeight    : true,\n\t\t\t\tendPause        : false,\n\t\t\t\toverPause       : true,\n\t\t\t\tfillMode        : \"fill\",\n\t\t\t\tcenterControls  : true,\n\t\t\t\tstartOnAppear   : false,\n\t\t\t\tlayersMode      : \"center\",\n\t\t\t\tautofillTarget  : \"\",\n\t\t\t\thideLayers      : true,\n\t\t\t\tfullscreenMargin: 0,\n\t\t\t\tspeed           : 20,\n\t\t\t\tdir             : \"h\",\n\t\t\t\tparallaxMode    : 'swipe',\n\t\t\t\tview            : \"basic\"\n\t\t\t});\n\n\t\t\t\n\t\t\twindow.masterslider_instances = window.masterslider_instances || [];\n\t\t\twindow.masterslider_instances.push( masterslider_dc42 );\n\t\t});\n\t\t<\/script>\n\n<\/div>\n<div class=\"kc-elm kc-css-129713 divider_line\">\n\t<div class=\"divider_inner divider_line1\">\n\t\t\t<\/div>\n<\/div>\n<\/div><\/div><div class=\"kc-elm kc-css-777590 kc_col-sm-4 kc_column kc_col-sm-4 accom-sidebar\"><div class=\"kc-col-container\"><div class=\"message-boxes kc-elm kc-css-286392\">\n\t<div class=\"message-box-wrap\">\n\t\t<i class=\"fa-thumbs-up\"><\/i><button class=\"kc-close-but\">close<\/button>Parfait pour les couples ou les groupes d'amis\t<\/div>\n<\/div>\n\n<div class=\"kc-elm kc-css-284082 divider_line\">\n\t<div class=\"divider_inner divider_line2\">\n\t\t<i class=\"sl-home\"><\/i>\t<\/div>\n<\/div>\n<div class=\"kc-elm kc-css-340912 kc_row kc_row_inner\"><div class=\"kc-elm kc-css-194963 kc_col-sm-12 kc_column_inner kc_col-sm-12\"><div class=\"kc_wrapper kc-col-inner-container\"><div class=\"kc-elm kc-css-362402 kc_text_block\"><\/p>\n<h3 style=\"text-align: center;\">Appartements Ind\u00e9pendants<\/h3>\n<p>\n<\/div><div class=\"kc-elm kc-css-391278 kc_text_block\"><\/p>\n<h5 style=\"text-align: center;\"><img loading=\"lazy\" decoding=\"async\" class=\"alignnone size-medium\" src=\"https:\/\/cdn.europeangayskiweek.com\/wp\/uploads\/2019\/06\/icons8-star-4-50.png\" alt=\"\" width=\"125\" height=\"25\" \/><\/h5>\n<h5 style=\"text-align: center;\">R\u00e9sidence 4- \u00c9toiles<\/h5>\n<\/p>\n<p>\n<\/div><div class=\"kc-elm kc-css-137300\" style=\"height: 20px; clear: both; width:100%;\"><\/div><div class=\"kc-elm kc-css-72934 kc_text_block\"><\/p>\n<h2 style=\"text-align: center;\">\u00c0 partir de \u00a0549,87&nbsp;&euro; \/ personne<\/h2>\n<\/p>\n<p>\n<\/div><\/div><\/div><\/div>\n<div class=\"kc-elm kc-css-158594 divider_line\">\n\t<div class=\"divider_inner divider_line3\">\n\t\t<span class=\"line_text\">RESIDENCE FACILITIES<\/span>\t<\/div>\n<\/div>\n<div class=\"kc-elm kc-css-601087 kc_row kc_row_inner\"><div class=\"kc-elm kc-css-476933 kc_col-sm-6 kc_column_inner kc_col-sm-6\"><div class=\"kc_wrapper kc-col-inner-container\"><div class=\"kc-elm kc-css-978413 kc_box_wrap \"><ul class=\"accom-feature\"><li><img decoding=\"async\" src=\"https:\/\/cdn.europeangayskiweek.com\/wp\/uploads\/2019\/06\/icons8-skiing-filled-50-e1559807697728.png\"\/><\/li><li><p><text>Ski in et out<\/text><\/p><\/li><\/ul><\/div><div class=\"kc-elm kc-css-821469 kc_box_wrap \"><ul class=\"accom-feature\"><li><img decoding=\"async\" src=\"https:\/\/cdn.europeangayskiweek.com\/wp\/uploads\/2019\/06\/icons8-reception-filled-50-e1559807756935.png\"\/><\/li><li><p>R\u00e9ception<\/p><\/li><\/ul><\/div><div class=\"kc-elm kc-css-377669 kc_box_wrap \"><ul class=\"accom-feature\"><li><img decoding=\"async\" src=\"https:\/\/cdn.europeangayskiweek.com\/wp\/uploads\/2019\/06\/icons8-sauna-filled-50-e1559807793954.png\"\/><\/li><li><p>Spa<\/p><\/li><\/ul><\/div><\/div><\/div><div class=\"kc-elm kc-css-201838 kc_col-sm-6 kc_column_inner kc_col-sm-6\"><div class=\"kc_wrapper kc-col-inner-container\"><div class=\"kc-elm kc-css-134802 kc_box_wrap \"><ul class=\"accom-feature\"><li><img decoding=\"async\" src=\"https:\/\/cdn.europeangayskiweek.com\/wp\/uploads\/2019\/06\/icons8-paid-parking-filled-50-e1559807730390.png\"\/><\/li><li><p><text>Parking souterrain (en suppl\u00e9ment)<\/text><\/p><\/li><\/ul><\/div><div class=\"kc-elm kc-css-392755 kc_box_wrap \"><ul class=\"accom-feature\"><li><img decoding=\"async\" src=\"https:\/\/cdn.europeangayskiweek.com\/wp\/uploads\/2019\/06\/icons8-swimming-pool-filled-50-e1559807823327.png\"\/><\/li><li><p>Piscine<\/p><\/li><\/ul><\/div><div class=\"kc-elm kc-css-587859 kc_box_wrap \"><ul class=\"accom-feature\"><li><img decoding=\"async\" src=\"https:\/\/cdn.europeangayskiweek.com\/wp\/uploads\/2019\/06\/icons8-bench-press-filled-50-e1559809769260.png\"\/><\/li><li><p>Fitness<\/p><\/li><\/ul><\/div><\/div><\/div><\/div>\n<div class=\"kc-elm kc-css-857150 divider_line\">\n\t<div class=\"divider_inner divider_line3\">\n\t\t<span class=\"line_text\">APARTMENTS FACILITIES<\/span>\t<\/div>\n<\/div>\n<div class=\"kc-elm kc-css-502112 kc_row kc_row_inner\"><div class=\"kc-elm kc-css-762946 kc_col-sm-6 kc_column_inner kc_col-sm-6\"><div class=\"kc_wrapper kc-col-inner-container\"><div class=\"kc-elm kc-css-552219 kc_box_wrap \"><ul class=\"accom-feature\"><li><img decoding=\"async\" src=\"https:\/\/cdn.europeangayskiweek.com\/wp\/uploads\/2019\/06\/icons8-living-room-filled-50-1-e1559808239767.png\"\/><\/li><li><p><text>Salon<\/text><\/p><\/li><\/ul><\/div><div class=\"kc-elm kc-css-873650 kc_box_wrap \"><ul class=\"accom-feature\"><li><img decoding=\"async\" src=\"https:\/\/cdn.europeangayskiweek.com\/wp\/uploads\/2019\/06\/icons8-cooker-filled-50-1-e1559808293514.png\"\/><\/li><li><p><text>Cuisine enti\u00e8rement \u00e9quip\u00e9e<\/text><\/p><\/li><\/ul><\/div><div class=\"kc-elm kc-css-202399 kc_box_wrap \"><ul class=\"accom-feature\"><li><img decoding=\"async\" src=\"https:\/\/cdn.europeangayskiweek.com\/wp\/uploads\/2019\/06\/icons8-bathtub-filled-50-1-e1559808317958.png\"\/><\/li><li><p><text>Salle de bain avec baignoire<\/text><\/p><\/li><\/ul><\/div><\/div><\/div><div class=\"kc-elm kc-css-680858 kc_col-sm-6 kc_column_inner kc_col-sm-6\"><div class=\"kc_wrapper kc-col-inner-container\"><div class=\"kc-elm kc-css-632737 kc_box_wrap \"><ul class=\"accom-feature\"><li><img decoding=\"async\" src=\"https:\/\/cdn.europeangayskiweek.com\/wp\/uploads\/2019\/06\/icons8-restaurant-table-filled-50-e1559807985621.png\"\/><\/li><li><p><text>Salle \u00e0 manger<\/text><\/p><\/li><\/ul><\/div><div class=\"kc-elm kc-css-741345 kc_box_wrap \"><ul class=\"accom-feature\"><li><img decoding=\"async\" src=\"https:\/\/cdn.europeangayskiweek.com\/wp\/uploads\/2019\/06\/icons8-coffee-maker-filled-50-e1559808018608.png\"\/><\/li><li><p><text>Cafeti\u00e8re et bouilloire<\/text><\/p><\/li><\/ul><\/div><div class=\"kc-elm kc-css-9972 kc_box_wrap \"><ul class=\"accom-feature\"><li><img decoding=\"async\" src=\"https:\/\/cdn.europeangayskiweek.com\/wp\/uploads\/2019\/06\/icons8-wi-fi-logo-filled-50-e1559807848988.png\"\/><\/li><li><p>Wi-Fi Internet Gratuit<\/p><\/li><\/ul><\/div><div class=\"kc-elm kc-css-901218 kc_box_wrap \"><ul class=\"accom-feature\"><li><img decoding=\"async\" src=\"https:\/\/cdn.europeangayskiweek.com\/wp\/uploads\/2019\/06\/icons8-hair-dryer-filled-50-e1559808042316.png\"\/><\/li><li><p><text>S\u00e8che-cheveux<\/text><\/p><\/li><\/ul><\/div><\/div><\/div><\/div>\n<div class=\"kc-elm kc-css-26472 divider_line\">\n\t<div class=\"divider_inner divider_line1\">\n\t\t\t<\/div>\n<\/div>\n<\/div><\/div><\/div><\/div><\/section><section id=\"rooms\" class=\"kc-elm kc-css-731280 kc_row\"><div class=\"kc-row-container  kc-container\"><div class=\"kc-wrap-columns\"><div class=\"kc-elm kc-css-603482 kc_col-sm-12 kc_column kc_col-sm-12\"><div class=\"kc-col-container\"><div data-allowopenall=\"true\" class=\"kc-elm kc-css-957090 kc_accordion_wrapper\">\n<div class=\"kc-elm kc-css-885640 kc_accordion_section group accom-accordion\"><h3 class=\"kc_accordion_header ui-accordion-header\"><span class=\"ui-accordion-header-icon ui-icon\"><\/span><a href=\"#appartement-3-chambres-8-personnes-environ-85m%c2%b2\" data-prevent=\"scroll\"><i class=\"sl-home\"><\/i> Appartement 3 chambres, 8 personnes, environ 85m\u00b2<\/a><\/h3><div class=\"kc_accordion_content ui-accordion-content kc_clearfix\"><div class=\"kc-panel-body\"><div class=\"kc-elm kc-css-211489 kc_row kc_row_inner\"><div class=\"kc-elm kc-css-303281 kc_col-sm-6 kc_column_inner kc_col-sm-6\"><div class=\"kc_wrapper kc-col-inner-container\"><div class=\"kc-elm kc-css-872707 kc_text_block\"><\/p>\n<h5>Appartement ind\u00e9pendant<\/h5>\n<h6>Capacit\u00e9 : 8 personnes<br \/>Environ 85m\u00b2<\/h6>\n<p>\n<\/div><\/div><\/div><div class=\"kc-elm kc-css-910832 kc_col-sm-6 kc_column_inner kc_col-sm-6\"><div class=\"kc_wrapper kc-col-inner-container\">\n<div class=\"kc-elm kc-css-3601 kc-pro-button kc-button-main\">\n\t<a href=\"https:\/\/gtly.to\/RSCrMYfxK\" target=\"_blank\">\n\t\t<span class=\"creative_title\">R\u00c9SERVER<\/span>\t<\/a>\n<\/div>\n<\/div><\/div><\/div><div class=\"kc-elm kc-css-221146 kc_row kc_row_inner\"><div class=\"kc-elm kc-css-702305 kc_col-of-5 kc_column_inner kc_col-of-5\"><div class=\"kc_wrapper kc-col-inner-container\"><div class=\"kc-elm kc-css-451471 kc_shortcode kc_single_image\">\n\n        <img decoding=\"async\" src=\"https:\/\/cdn.europeangayskiweek.com\/wp\/uploads\/2023\/08\/Ap-7-sejour-200x200.jpg\" class=\"\" alt=\"\" \/>    <\/div>\n<\/div><\/div><div class=\"kc-elm kc-css-85844 kc_col-sm-5 kc_column_inner kc_col-sm-5\"><div class=\"kc_wrapper kc-col-inner-container\"><div class=\"kc-elm kc-css-780958 kc_box_wrap \"><ul class=\"accom-feature\"><li><img decoding=\"async\" src=\"https:\/\/cdn.europeangayskiweek.com\/wp\/uploads\/2019\/06\/icons8-bathtub-filled-50-e1559802124795.png\"\/><\/li><li><p>1 salle de bain et 1 WC s\u00e9par\u00e9 (pas dans les appartements accessibles)<\/p><\/li><\/ul><\/div><div class=\"kc-elm kc-css-837570 kc_box_wrap \"><ul class=\"accom-feature\"><li><img decoding=\"async\" src=\"https:\/\/cdn.europeangayskiweek.com\/wp\/uploads\/2019\/06\/icons8-living-room-filled-50-e1559802692509.png\"\/><\/li><li><p>Un s\u00e9jour avec 1 canap\u00e9 (non convertible) et balcon priv\u00e9<\/p><\/li><\/ul><\/div><div class=\"kc-elm kc-css-715735 kc_box_wrap \"><ul class=\"accom-feature\"><li><img decoding=\"async\" src=\"https:\/\/cdn.europeangayskiweek.com\/wp\/uploads\/2019\/06\/icons8-bed-filled-50-e1559802774153.png\"\/><\/li><li><p>3 chambres avec lits doubles ou twins.<\/p><\/li><\/ul><\/div><div class=\"kc-elm kc-css-233377 kc_box_wrap \"><ul class=\"accom-feature\"><li><img decoding=\"async\" src=\"https:\/\/cdn.europeangayskiweek.com\/wp\/uploads\/2019\/06\/icons8-cooker-filled-50-e1559802811894.png\"\/><\/li><li><p>Kitchenette ouverte \u00e9quip\u00e9e<br>et coin repas<\/p><\/li><\/ul><\/div><\/div><\/div><div class=\"kc-elm kc-css-911402 kc_col-sm-5 kc_column_inner kc_col-sm-5\"><div class=\"kc_wrapper kc-col-inner-container\"><div class=\"kc-elm kc-css-499658 kc_text_block accom-price-table\">          \n<\/p>\n<table>\n<thead>\n<tr>\n<td>\n<h5>Occupancy 2<\/h5>\n<\/td>\n<td>\n<h5>PRIX PAR PERSONNE<\/h5>\n<\/td>\n<\/tr>\n<\/thead>\n<tbody>\n<tr>\n<td>\n<h5>1- Occupation Simple<\/h5>\n<\/td>\n<td>\n<h6>4&nbsp;399&nbsp;&euro;<\/h6>\n<\/td>\n<\/tr>\n<tr>\n<td>\n<h5>En Partage \u00e0 2<\/h5>\n<\/td>\n<td>\n<h6>2&nbsp;199,50&nbsp;&euro;<\/h6>\n<\/td>\n<\/tr>\n<tr>\n<td>\n<h5>En Partage \u00e0 3<\/h5>\n<\/td>\n<td>\n<h6>1&nbsp;466,33&nbsp;&euro;<\/h6>\n<\/td>\n<\/tr>\n<tr>\n<td>\n<h5>En Partage \u00e0 4<\/h5>\n<\/td>\n<td>\n<h6>1&nbsp;099,75&nbsp;&euro;<\/h6>\n<\/td>\n<\/tr>\n<tr>\n<td>\n<h5>En Partage \u00e0 5<\/h5>\n<\/td>\n<td>\n<h6>899,80&nbsp;&euro;<\/h6>\n<\/td>\n<\/tr>\n<tr>\n<td>\n<h5>En Partage \u00e0 6<\/h5>\n<\/td>\n<td>\n<h6>733,17&nbsp;&euro;<\/h6>\n<\/td>\n<\/tr>\n<tr>\n<td>\n<h5>En Partage \u00e0 7<\/h5>\n<\/td>\n<td>\n<h6>628,42&nbsp;&euro;<\/h6>\n<\/td>\n<\/tr>\n<tr>\n<td>\n<h5>En Partage \u00e0 8<\/h5>\n<\/td>\n<td>\n<h6>549,87&nbsp;&euro;<\/h6>\n<\/td>\n<\/tr>\n<tr>\n<td colspan=\"2\"><em><small>Les prix sont par personne et incluent l\u2019h\u00e9bergement seul 7 nuits. Les prix n\u2019incluent aucune autre option.<\/small><\/em><\/td>\n<\/tr>\n<\/tbody>\n<\/table>\n<div style=\"display:none;\" data-allocation_class=\"egswredclass\" data-allocation_text=\"EPUIS\u00c9\" class=\"allocation-text\">EPUIS\u00c9<\/div>\n<p><script>jQuery(document).ready(function() {jQuery(\".allocation-text\").each(function() {var allocationText = jQuery(this).text();var accheader = jQuery(this).closest(\".kc_accordion_section\").find(\".kc_accordion_header a\");if (!accheader.hasClass(\"appended\")) {accheader.append(\" - \" + allocationText);accheader.addClass(\"appended\"); var allocationclass= jQuery(this).data(\"allocation_class\");accheader.addClass(allocationclass);}});});<\/script>   <\/p>\n<style>    h3.kc_accordion_header.ui-accordion-header a.egswgrayclass {        background-color: #D7D7D7;     }     h3.kc_accordion_header.ui-accordion-header a.egsworangeclass {         background-color: #cf5e25;     }     h3.kc_accordion_header.ui-accordion-header a.egswredclass {         background-color: #c73131;     }<\/style>\n<p>\n<\/div><div class=\"kc-elm kc-css-748516\" style=\"height: 20px; clear: both; width:100%;\"><\/div><\/div><\/div><\/div><\/div><\/div><\/div><\/div>\n<\/div><\/div><\/div><\/div><\/section><\/p>\n","protected":false},"excerpt":{"rendered":"<p> [...]<\/p>\n<p><a class=\"btn btn-secondary understrap-read-more-link\" href=\"https:\/\/www.europeangayskiweek.com\/fr\/le-sabot-de-venus\/\">Read More...<\/a><\/p>\n<p> [...]<\/p>\n<p><a class=\"btn btn-secondary understrap-read-more-link\" href=\"https:\/\/www.europeangayskiweek.com\/fr\/le-sabot-de-venus\/\">Lire la suite\u2026<span class=\"screen-reader-text\"> from 4* Le Sabot de Venus<\/span><\/a><\/p>\n","protected":false},"author":4,"featured_media":18395,"parent":0,"menu_order":0,"comment_status":"closed","ping_status":"closed","template":"page-templates\/fullwidthpage-accommodation.php","meta":{"footnotes":""},"class_list":["post-18390","page","type-page","status-publish","has-post-thumbnail","hentry"],"yoast_head":"<!-- This site is optimized with the Yoast SEO plugin v26.4 - https:\/\/yoast.com\/wordpress\/plugins\/seo\/ -->\r\n<title>Europe&#039;s Biggest Gay Ski Week | EGSW | 22-29 Mars 2025<\/title>\r\n<meta name=\"description\" content=\"European Gay Ski Week la plus grande semaine de ski gay d&#039;Europe, du ski brillant, un Apres Ski incroyable, des spectacles fabuleux, un cabaret hilarant et des soir\u00e9es fantastiques.\" \/>\r\n<meta name=\"robots\" content=\"index, follow, max-snippet:-1, max-image-preview:large, max-video-preview:-1\" \/>\r\n<link rel=\"canonical\" href=\"https:\/\/www.europeangayskiweek.com\/fr\/le-sabot-de-venus\/\" \/>\r\n<meta property=\"og:locale\" content=\"fr_FR\" \/>\r\n<meta property=\"og:type\" content=\"article\" \/>\r\n<meta property=\"og:title\" content=\"Europe&#039;s Biggest Gay Ski Week | EGSW | 22-29 Mars 2025\" \/>\r\n<meta property=\"og:description\" content=\"European Gay Ski Week la plus grande semaine de ski gay d&#039;Europe, du ski brillant, un Apres Ski incroyable, des spectacles fabuleux, un cabaret hilarant et des soir\u00e9es fantastiques.\" \/>\r\n<meta property=\"og:url\" content=\"https:\/\/www.europeangayskiweek.com\/fr\/le-sabot-de-venus\/\" \/>\r\n<meta property=\"og:site_name\" content=\"Europe&#039;s Biggest Gay Ski Week | EGSW | 2026 Coming Soon\" \/>\r\n<meta property=\"article:publisher\" content=\"https:\/\/www.facebook.com\/EuropeanGaySkiWeek\/\" \/>\r\n<meta property=\"article:modified_time\" content=\"2024-07-23T14:09:02+00:00\" \/>\r\n<meta property=\"og:image\" content=\"https:\/\/cdn.europeangayskiweek.com\/wp\/uploads\/2020\/07\/facebook_og.jpg\" \/>\r\n\t<meta property=\"og:image:width\" content=\"1200\" \/>\r\n\t<meta property=\"og:image:height\" content=\"630\" \/>\r\n\t<meta property=\"og:image:type\" content=\"image\/jpeg\" \/>\r\n<meta name=\"twitter:card\" content=\"summary_large_image\" \/>\r\n<meta name=\"twitter:site\" content=\"@EuropeanGaySkiW\" \/>\r\n<meta name=\"twitter:label1\" content=\"Dur\u00e9e de lecture estim\u00e9e\" \/>\n\t<meta name=\"twitter:data1\" content=\"2 minutes\" \/>\r\n<script type=\"application\/ld+json\" class=\"yoast-schema-graph\">{\"@context\":\"https:\/\/schema.org\",\"@graph\":[{\"@type\":\"WebPage\",\"@id\":\"https:\/\/www.europeangayskiweek.com\/fr\/le-sabot-de-venus\/\",\"url\":\"https:\/\/www.europeangayskiweek.com\/fr\/le-sabot-de-venus\/\",\"name\":\"Europe's Biggest Gay Ski Week | EGSW | 22-29 Mars 2025\",\"isPartOf\":{\"@id\":\"https:\/\/www.europeangayskiweek.com\/#website\"},\"primaryImageOfPage\":{\"@id\":\"https:\/\/www.europeangayskiweek.com\/fr\/le-sabot-de-venus\/#primaryimage\"},\"image\":{\"@id\":\"https:\/\/www.europeangayskiweek.com\/fr\/le-sabot-de-venus\/#primaryimage\"},\"thumbnailUrl\":\"https:\/\/cdn.europeangayskiweek.com\/wp\/uploads\/2023\/08\/SV4.jpg\",\"datePublished\":\"2023-08-15T07:24:02+00:00\",\"dateModified\":\"2024-07-23T14:09:02+00:00\",\"description\":\"European Gay Ski Week la plus grande semaine de ski gay d'Europe, du ski brillant, un Apres Ski incroyable, des spectacles fabuleux, un cabaret hilarant et des soir\u00e9es fantastiques.\",\"breadcrumb\":{\"@id\":\"https:\/\/www.europeangayskiweek.com\/fr\/le-sabot-de-venus\/#breadcrumb\"},\"inLanguage\":\"fr-FR\",\"potentialAction\":[{\"@type\":\"ReadAction\",\"target\":[\"https:\/\/www.europeangayskiweek.com\/fr\/le-sabot-de-venus\/\"]}]},{\"@type\":\"ImageObject\",\"inLanguage\":\"fr-FR\",\"@id\":\"https:\/\/www.europeangayskiweek.com\/fr\/le-sabot-de-venus\/#primaryimage\",\"url\":\"https:\/\/cdn.europeangayskiweek.com\/wp\/uploads\/2023\/08\/SV4.jpg\",\"contentUrl\":\"https:\/\/cdn.europeangayskiweek.com\/wp\/uploads\/2023\/08\/SV4.jpg\",\"width\":1920,\"height\":1080},{\"@type\":\"BreadcrumbList\",\"@id\":\"https:\/\/www.europeangayskiweek.com\/fr\/le-sabot-de-venus\/#breadcrumb\",\"itemListElement\":[{\"@type\":\"ListItem\",\"position\":1,\"name\":\"Home\",\"item\":\"https:\/\/www.europeangayskiweek.com\/fr\/\"},{\"@type\":\"ListItem\",\"position\":2,\"name\":\"4* Le Sabot de Venus\"}]},{\"@type\":\"WebSite\",\"@id\":\"https:\/\/www.europeangayskiweek.com\/#website\",\"url\":\"https:\/\/www.europeangayskiweek.com\/\",\"name\":\"European Gay Ski Week | The Biggest Gay Winter Sports and Music Festival | Les Arcs Paradiski | 21-28 March 2020\",\"description\":\"Europe&#039;s N\u00b01 Gay Winter Sports &amp; Music Festival | Les Arcs - Arc 1950 &amp; Arc 2000 - Paradiski | European Gay Ski Week with International DJs &amp; Artists\",\"publisher\":{\"@id\":\"https:\/\/www.europeangayskiweek.com\/#organization\"},\"potentialAction\":[{\"@type\":\"SearchAction\",\"target\":{\"@type\":\"EntryPoint\",\"urlTemplate\":\"https:\/\/www.europeangayskiweek.com\/?s={search_term_string}\"},\"query-input\":{\"@type\":\"PropertyValueSpecification\",\"valueRequired\":true,\"valueName\":\"search_term_string\"}}],\"inLanguage\":\"fr-FR\"},{\"@type\":\"Organization\",\"@id\":\"https:\/\/www.europeangayskiweek.com\/#organization\",\"name\":\"European Gay Ski Week\",\"url\":\"https:\/\/www.europeangayskiweek.com\/\",\"logo\":{\"@type\":\"ImageObject\",\"inLanguage\":\"fr-FR\",\"@id\":\"https:\/\/www.europeangayskiweek.com\/#\/schema\/logo\/image\/\",\"url\":\"https:\/\/cdn.europeangayskiweek.com\/wp\/uploads\/2019\/06\/EGSW-Dateless-Black-02b.png\",\"contentUrl\":\"https:\/\/cdn.europeangayskiweek.com\/wp\/uploads\/2019\/06\/EGSW-Dateless-Black-02b.png\",\"width\":1346,\"height\":442,\"caption\":\"European Gay Ski Week\"},\"image\":{\"@id\":\"https:\/\/www.europeangayskiweek.com\/#\/schema\/logo\/image\/\"},\"sameAs\":[\"https:\/\/www.facebook.com\/EuropeanGaySkiWeek\/\",\"https:\/\/x.com\/EuropeanGaySkiW\",\"https:\/\/www.instagram.com\/europeangayskiweek\/\",\"https:\/\/www.youtube.com\/user\/JonHuntEGSW\"]}]}<\/script>\r\n<!-- \/ Yoast SEO plugin. -->","yoast_head_json":{"title":"Europe's Biggest Gay Ski Week | EGSW | 22-29 Mars 2025","description":"European Gay Ski Week la plus grande semaine de ski gay d'Europe, du ski brillant, un Apres Ski incroyable, des spectacles fabuleux, un cabaret hilarant et des soir\u00e9es fantastiques.","robots":{"index":"index","follow":"follow","max-snippet":"max-snippet:-1","max-image-preview":"max-image-preview:large","max-video-preview":"max-video-preview:-1"},"canonical":"https:\/\/www.europeangayskiweek.com\/fr\/le-sabot-de-venus\/","og_locale":"fr_FR","og_type":"article","og_title":"Europe's Biggest Gay Ski Week | EGSW | 22-29 Mars 2025","og_description":"European Gay Ski Week la plus grande semaine de ski gay d'Europe, du ski brillant, un Apres Ski incroyable, des spectacles fabuleux, un cabaret hilarant et des soir\u00e9es fantastiques.","og_url":"https:\/\/www.europeangayskiweek.com\/fr\/le-sabot-de-venus\/","og_site_name":"Europe&#039;s Biggest Gay Ski Week | EGSW | 2026 Coming Soon","article_publisher":"https:\/\/www.facebook.com\/EuropeanGaySkiWeek\/","article_modified_time":"2024-07-23T14:09:02+00:00","og_image":[{"width":1200,"height":630,"url":"https:\/\/cdn.europeangayskiweek.com\/wp\/uploads\/2020\/07\/facebook_og.jpg","type":"image\/jpeg"}],"twitter_card":"summary_large_image","twitter_site":"@EuropeanGaySkiW","twitter_misc":{"Dur\u00e9e de lecture estim\u00e9e":"2 minutes"},"schema":{"@context":"https:\/\/schema.org","@graph":[{"@type":"WebPage","@id":"https:\/\/www.europeangayskiweek.com\/fr\/le-sabot-de-venus\/","url":"https:\/\/www.europeangayskiweek.com\/fr\/le-sabot-de-venus\/","name":"Europe's Biggest Gay Ski Week | EGSW | 22-29 Mars 2025","isPartOf":{"@id":"https:\/\/www.europeangayskiweek.com\/#website"},"primaryImageOfPage":{"@id":"https:\/\/www.europeangayskiweek.com\/fr\/le-sabot-de-venus\/#primaryimage"},"image":{"@id":"https:\/\/www.europeangayskiweek.com\/fr\/le-sabot-de-venus\/#primaryimage"},"thumbnailUrl":"https:\/\/cdn.europeangayskiweek.com\/wp\/uploads\/2023\/08\/SV4.jpg","datePublished":"2023-08-15T07:24:02+00:00","dateModified":"2024-07-23T14:09:02+00:00","description":"European Gay Ski Week la plus grande semaine de ski gay d'Europe, du ski brillant, un Apres Ski incroyable, des spectacles fabuleux, un cabaret hilarant et des soir\u00e9es fantastiques.","breadcrumb":{"@id":"https:\/\/www.europeangayskiweek.com\/fr\/le-sabot-de-venus\/#breadcrumb"},"inLanguage":"fr-FR","potentialAction":[{"@type":"ReadAction","target":["https:\/\/www.europeangayskiweek.com\/fr\/le-sabot-de-venus\/"]}]},{"@type":"ImageObject","inLanguage":"fr-FR","@id":"https:\/\/www.europeangayskiweek.com\/fr\/le-sabot-de-venus\/#primaryimage","url":"https:\/\/cdn.europeangayskiweek.com\/wp\/uploads\/2023\/08\/SV4.jpg","contentUrl":"https:\/\/cdn.europeangayskiweek.com\/wp\/uploads\/2023\/08\/SV4.jpg","width":1920,"height":1080},{"@type":"BreadcrumbList","@id":"https:\/\/www.europeangayskiweek.com\/fr\/le-sabot-de-venus\/#breadcrumb","itemListElement":[{"@type":"ListItem","position":1,"name":"Home","item":"https:\/\/www.europeangayskiweek.com\/fr\/"},{"@type":"ListItem","position":2,"name":"4* Le Sabot de Venus"}]},{"@type":"WebSite","@id":"https:\/\/www.europeangayskiweek.com\/#website","url":"https:\/\/www.europeangayskiweek.com\/","name":"European Gay Ski Week | The Biggest Gay Winter Sports and Music Festival | Les Arcs Paradiski | 21-28 March 2020","description":"Europe&#039;s N\u00b01 Gay Winter Sports &amp; Music Festival | Les Arcs - Arc 1950 &amp; Arc 2000 - Paradiski | European Gay Ski Week with International DJs &amp; Artists","publisher":{"@id":"https:\/\/www.europeangayskiweek.com\/#organization"},"potentialAction":[{"@type":"SearchAction","target":{"@type":"EntryPoint","urlTemplate":"https:\/\/www.europeangayskiweek.com\/?s={search_term_string}"},"query-input":{"@type":"PropertyValueSpecification","valueRequired":true,"valueName":"search_term_string"}}],"inLanguage":"fr-FR"},{"@type":"Organization","@id":"https:\/\/www.europeangayskiweek.com\/#organization","name":"European Gay Ski Week","url":"https:\/\/www.europeangayskiweek.com\/","logo":{"@type":"ImageObject","inLanguage":"fr-FR","@id":"https:\/\/www.europeangayskiweek.com\/#\/schema\/logo\/image\/","url":"https:\/\/cdn.europeangayskiweek.com\/wp\/uploads\/2019\/06\/EGSW-Dateless-Black-02b.png","contentUrl":"https:\/\/cdn.europeangayskiweek.com\/wp\/uploads\/2019\/06\/EGSW-Dateless-Black-02b.png","width":1346,"height":442,"caption":"European Gay Ski Week"},"image":{"@id":"https:\/\/www.europeangayskiweek.com\/#\/schema\/logo\/image\/"},"sameAs":["https:\/\/www.facebook.com\/EuropeanGaySkiWeek\/","https:\/\/x.com\/EuropeanGaySkiW","https:\/\/www.instagram.com\/europeangayskiweek\/","https:\/\/www.youtube.com\/user\/JonHuntEGSW"]}]}},"_links":{"self":[{"href":"https:\/\/www.europeangayskiweek.com\/fr\/wp-json\/wp\/v2\/pages\/18390","targetHints":{"allow":["GET"]}}],"collection":[{"href":"https:\/\/www.europeangayskiweek.com\/fr\/wp-json\/wp\/v2\/pages"}],"about":[{"href":"https:\/\/www.europeangayskiweek.com\/fr\/wp-json\/wp\/v2\/types\/page"}],"author":[{"embeddable":true,"href":"https:\/\/www.europeangayskiweek.com\/fr\/wp-json\/wp\/v2\/users\/4"}],"replies":[{"embeddable":true,"href":"https:\/\/www.europeangayskiweek.com\/fr\/wp-json\/wp\/v2\/comments?post=18390"}],"version-history":[{"count":6,"href":"https:\/\/www.europeangayskiweek.com\/fr\/wp-json\/wp\/v2\/pages\/18390\/revisions"}],"predecessor-version":[{"id":20685,"href":"https:\/\/www.europeangayskiweek.com\/fr\/wp-json\/wp\/v2\/pages\/18390\/revisions\/20685"}],"wp:featuredmedia":[{"embeddable":true,"href":"https:\/\/www.europeangayskiweek.com\/fr\/wp-json\/wp\/v2\/media\/18395"}],"wp:attachment":[{"href":"https:\/\/www.europeangayskiweek.com\/fr\/wp-json\/wp\/v2\/media?parent=18390"}],"curies":[{"name":"wp","href":"https:\/\/api.w.org\/{rel}","templated":true}]}}