{"id":18358,"date":"2023-08-15T07:02:30","date_gmt":"2023-08-15T06:02:30","guid":{"rendered":"https:\/\/e21.europeangayskiweek.com\/?page_id=18358"},"modified":"2023-09-01T14:50:04","modified_gmt":"2023-09-01T13:50:04","slug":"3-star-residence","status":"publish","type":"page","link":"https:\/\/www.europeangayskiweek.com\/fr\/3-star-residence\/","title":{"rendered":"R\u00e9sidences 3*"},"content":{"rendered":"<p><section class=\"kc-elm kc-css-586547 kc_row\"><div class=\"kc-row-container  kc-container\"><div class=\"kc-wrap-columns\"><div class=\"kc-elm kc-css-474895 kc_col-sm-8 kc_column kc_col-sm-8\"><div class=\"kc-col-container\"><div class=\"kc-elm kc-css-753026 kc_text_block\"><\/p>\n<p>Les R\u00e9sidences Trois \u00c9toiles Chamois d'Or et Portillo sont situ\u00e9es \u00e0 quelques pas de tous nos sites. Ils sont skis aux pieds.<\/p>\n<p>Tous les appartements appartiennent \u00e0 des particuliers et le style de d\u00e9coration varie donc de l'un \u00e0 l'autre.<\/p>\n<p>Tous les appartements seront \u00e9quip\u00e9s et d\u00e9cor\u00e9s selon le standard que l'on peut attendre d'un appartement 2 \u00e9toiles ou 3 \u00e9toiles\u00a0:\u00a0<span style=\"font-style: Heherit;\">kitchenette enti\u00e8rement \u00e9quip\u00e9e avec plaques \u00e9lectriques, r\u00e9frig\u00e9rateur, cafeti\u00e8re \u00e9lectrique, mini four et lave vaisselle. Salle de bain avec WC s\u00e9par\u00e9. Balcon dans la plupart des appartements. <\/span><\/p>\n<p>Les descriptions et images ne sont que des exemples; Ils peuvent varier d'un appartement \u00e0 l'autre.<\/p>\n<p>\n<\/div>\n<div class=\"kc-elm kc-css-983238 divider_line\">\n\t<div class=\"divider_inner divider_line1\">\n\t\t\t<\/div>\n<\/div>\n<div class=\"widget master-slider-main-widget kc-elm kc-css-127149\">\n\t\t<!-- MasterSlider -->\n\t\t<div id=\"P_MS69f40e79d86cb\" class=\"master-slider-parent ms-thumbs-template ms-parent-id-27\" style=\"max-width:800px;\"  >\n\n\t\t\t\n\t\t\t<!-- MasterSlider Main -->\n\t\t\t<div id=\"MS69f40e79d86cb\" class=\"master-slider ms-skin-default\" >\n\t\t\t\t \t\t\t\t \n\n\t\t\t<div  class=\"ms-slide\" data-delay=\"3\" data-fill-mode=\"fill\"   >\n\t\t\t\t\t<img decoding=\"async\" src=\"https:\/\/www.europeangayskiweek.com\/wp-content\/plugins\/masterslider\/public\/assets\/css\/blank.gif\" alt=\"\" title=\"Les_Olympiades_Val_Thorens_1-3\" data-src=\"https:\/\/cdn.europeangayskiweek.com\/wp\/uploads\/2023\/08\/Les_Olympiades_Val_Thorens_1-3.jpeg\" \/>\n\n\n\t<img decoding=\"async\" class=\"ms-thumb\" src=\"https:\/\/cdn.europeangayskiweek.com\/wp\/uploads\/2023\/08\/Les_Olympiades_Val_Thorens_1-3-127x137.jpeg\" alt=\"\" \/>\n\t\t\t\t<\/div>\n\t\t\t<div  class=\"ms-slide\" data-delay=\"3\" data-fill-mode=\"fill\"   >\n\t\t\t\t\t<img decoding=\"async\" src=\"https:\/\/www.europeangayskiweek.com\/wp-content\/plugins\/masterslider\/public\/assets\/css\/blank.gif\" alt=\"\" title=\"Les_Olympiades_Val_Thorens_4\" data-src=\"https:\/\/cdn.europeangayskiweek.com\/wp\/uploads\/2023\/08\/Les_Olympiades_Val_Thorens_4.jpg\" \/>\n\n\n\t<img decoding=\"async\" class=\"ms-thumb\" src=\"https:\/\/cdn.europeangayskiweek.com\/wp\/uploads\/2023\/08\/Les_Olympiades_Val_Thorens_4-127x137.jpg\" alt=\"\" \/>\n\t\t\t\t<\/div>\n\t\t\t<div  class=\"ms-slide\" data-delay=\"3\" data-fill-mode=\"fill\"   >\n\t\t\t\t\t<img decoding=\"async\" src=\"https:\/\/www.europeangayskiweek.com\/wp-content\/plugins\/masterslider\/public\/assets\/css\/blank.gif\" alt=\"\" title=\"3_star_living_room_example\" data-src=\"https:\/\/cdn.europeangayskiweek.com\/wp\/uploads\/2019\/06\/3_star_living_room_example-800x500.jpg\" \/>\n\n\n\t<img decoding=\"async\" class=\"ms-thumb\" src=\"https:\/\/cdn.europeangayskiweek.com\/wp\/uploads\/2019\/06\/3_star_living_room_example-127x137.jpg\" alt=\"\" \/>\n\t\t\t\t<\/div>\n\t\t\t<div  class=\"ms-slide\" data-delay=\"3\" data-fill-mode=\"fill\"   >\n\t\t\t\t\t<img decoding=\"async\" src=\"https:\/\/www.europeangayskiweek.com\/wp-content\/plugins\/masterslider\/public\/assets\/css\/blank.gif\" alt=\"\" title=\"0190040154_01\" data-src=\"https:\/\/cdn.europeangayskiweek.com\/wp\/uploads\/2019\/06\/0190040154_01-800x500.jpg\" \/>\n\n\n\t<img decoding=\"async\" class=\"ms-thumb\" src=\"https:\/\/cdn.europeangayskiweek.com\/wp\/uploads\/2019\/06\/0190040154_01-127x137.jpg\" alt=\"\" \/>\n\t\t\t\t<\/div>\n\t\t\t<div  class=\"ms-slide\" data-delay=\"3\" data-fill-mode=\"fill\"   >\n\t\t\t\t\t<img decoding=\"async\" src=\"https:\/\/www.europeangayskiweek.com\/wp-content\/plugins\/masterslider\/public\/assets\/css\/blank.gif\" alt=\"\" title=\"0190040244_01\" data-src=\"https:\/\/cdn.europeangayskiweek.com\/wp\/uploads\/2019\/06\/0190040244_01-800x500.jpg\" \/>\n\n\n\t<img decoding=\"async\" class=\"ms-thumb\" src=\"https:\/\/cdn.europeangayskiweek.com\/wp\/uploads\/2019\/06\/0190040244_01-127x137.jpg\" alt=\"\" \/>\n\t\t\t\t<\/div>\n\t\t\t<div  class=\"ms-slide\" data-delay=\"3\" data-fill-mode=\"fill\"   >\n\t\t\t\t\t<img decoding=\"async\" src=\"https:\/\/www.europeangayskiweek.com\/wp-content\/plugins\/masterslider\/public\/assets\/css\/blank.gif\" alt=\"\" title=\"0190040244_06\" data-src=\"https:\/\/cdn.europeangayskiweek.com\/wp\/uploads\/2019\/06\/0190040244_06-800x500.jpg\" \/>\n\n\n\t<img decoding=\"async\" class=\"ms-thumb\" src=\"https:\/\/cdn.europeangayskiweek.com\/wp\/uploads\/2019\/06\/0190040244_06-127x137.jpg\" alt=\"\" \/>\n\t\t\t\t<\/div>\n\t\t\t<div  class=\"ms-slide\" data-delay=\"3\" data-fill-mode=\"fill\"   >\n\t\t\t\t\t<img decoding=\"async\" src=\"https:\/\/www.europeangayskiweek.com\/wp-content\/plugins\/masterslider\/public\/assets\/css\/blank.gif\" alt=\"\" title=\"0903000016_01\" data-src=\"https:\/\/cdn.europeangayskiweek.com\/wp\/uploads\/2019\/06\/0903000016_01-800x500.jpg\" \/>\n\n\n\t<img decoding=\"async\" class=\"ms-thumb\" src=\"https:\/\/cdn.europeangayskiweek.com\/wp\/uploads\/2019\/06\/0903000016_01-127x137.jpg\" alt=\"\" \/>\n\t\t\t\t<\/div>\n\t\t\t<div  class=\"ms-slide\" data-delay=\"3\" data-fill-mode=\"fill\"   >\n\t\t\t\t\t<img decoding=\"async\" src=\"https:\/\/www.europeangayskiweek.com\/wp-content\/plugins\/masterslider\/public\/assets\/css\/blank.gif\" alt=\"\" title=\"0903000016_06\" data-src=\"https:\/\/cdn.europeangayskiweek.com\/wp\/uploads\/2019\/06\/0903000016_06-800x500.jpg\" \/>\n\n\n\t<img decoding=\"async\" class=\"ms-thumb\" src=\"https:\/\/cdn.europeangayskiweek.com\/wp\/uploads\/2019\/06\/0903000016_06-127x137.jpg\" alt=\"\" \/>\n\t\t\t\t<\/div>\n\t\t\t<div  class=\"ms-slide\" data-delay=\"3\" data-fill-mode=\"fill\"   >\n\t\t\t\t\t<img decoding=\"async\" src=\"https:\/\/www.europeangayskiweek.com\/wp-content\/plugins\/masterslider\/public\/assets\/css\/blank.gif\" alt=\"\" title=\"0903000016_07\" data-src=\"https:\/\/cdn.europeangayskiweek.com\/wp\/uploads\/2019\/06\/0903000016_07-800x500.jpg\" \/>\n\n\n\t<img decoding=\"async\" class=\"ms-thumb\" src=\"https:\/\/cdn.europeangayskiweek.com\/wp\/uploads\/2019\/06\/0903000016_07-127x137.jpg\" alt=\"\" \/>\n\t\t\t\t<\/div>\n\t\t\t<div  class=\"ms-slide\" data-delay=\"3\" data-fill-mode=\"fill\"   >\n\t\t\t\t\t<img decoding=\"async\" src=\"https:\/\/www.europeangayskiweek.com\/wp-content\/plugins\/masterslider\/public\/assets\/css\/blank.gif\" alt=\"\" title=\"0903000016_09\" data-src=\"https:\/\/cdn.europeangayskiweek.com\/wp\/uploads\/2019\/06\/0903000016_09-800x500.jpg\" \/>\n\n\n\t<img decoding=\"async\" class=\"ms-thumb\" src=\"https:\/\/cdn.europeangayskiweek.com\/wp\/uploads\/2019\/06\/0903000016_09-127x137.jpg\" alt=\"\" \/>\n\t\t\t\t<\/div>\n\n\t\t\t<\/div>\n\t\t\t<!-- END MasterSlider Main -->\n\n\t\t\t \n\t\t<\/div>\n\t\t<!-- END MasterSlider -->\n\n\t\t<script>\n\t\t( window.MSReady = window.MSReady || [] ).push( function( $ ) {\n\n\t\t\t\"use strict\";\n\t\t\tvar masterslider_86cb = new MasterSlider();\n\n\t\t\t\/\/ slider controls\n\t\t\tmasterslider_86cb.control('arrows'     ,{ autohide:true, overVideo:true  });\n\t\t\tmasterslider_86cb.control('thumblist'  ,{ autohide:false, overVideo:true, dir:'h', speed:17, inset:false, arrows:false, hover:false, customClass:'', align:'bottom',type:'thumbs', margin:5, width:127, height:137, space:5, fillMode:'fill'  });\n\t\t\tmasterslider_86cb.control('scrollbar'  ,{ autohide:false, overVideo:true, dir:'h', inset:true, align:'top', color:'#3D3D3D' , margin:10  , width:4 });\n\t\t\t\/\/ slider setup\n\t\t\tmasterslider_86cb.setup(\"MS69f40e79d86cb\", {\n\t\t\t\twidth           : 800,\n\t\t\t\theight          : 500,\n\t\t\t\tminHeight       : 0,\n\t\t\t\tspace           : 0,\n\t\t\t\tstart           : 1,\n\t\t\t\tgrabCursor      : true,\n\t\t\t\tswipe           : true,\n\t\t\t\tmouse           : true,\n\t\t\t\tkeyboard        : false,\n\t\t\t\tlayout          : \"boxed\",\n\t\t\t\twheel           : false,\n\t\t\t\tautoplay        : true,\n\t\t\t\tinstantStartLayers:false,\n\t\t\t\tloop            : true,\n\t\t\t\tshuffle         : false,\n\t\t\t\tpreload         : 0,\n\t\t\t\theightLimit     : true,\n\t\t\t\tautoHeight      : false,\n\t\t\t\tsmoothHeight    : true,\n\t\t\t\tendPause        : false,\n\t\t\t\toverPause       : true,\n\t\t\t\tfillMode        : \"fill\",\n\t\t\t\tcenterControls  : true,\n\t\t\t\tstartOnAppear   : false,\n\t\t\t\tlayersMode      : \"center\",\n\t\t\t\tautofillTarget  : \"\",\n\t\t\t\thideLayers      : true,\n\t\t\t\tfullscreenMargin: 0,\n\t\t\t\tspeed           : 20,\n\t\t\t\tdir             : \"h\",\n\t\t\t\tparallaxMode    : 'swipe',\n\t\t\t\tview            : \"basic\"\n\t\t\t});\n\n\t\t\t\n\t\t\twindow.masterslider_instances = window.masterslider_instances || [];\n\t\t\twindow.masterslider_instances.push( masterslider_86cb );\n\t\t});\n\t\t<\/script>\n\n<\/div>\n<div class=\"kc-elm kc-css-655654 divider_line\">\n\t<div class=\"divider_inner divider_line1\">\n\t\t\t<\/div>\n<\/div>\n\n<div class=\"kc-elm kc-css-277578 divider_line\">\n\t<div class=\"divider_inner divider_line1\">\n\t\t\t<\/div>\n<\/div>\n<\/div><\/div><div class=\"kc-elm kc-css-494427 kc_col-sm-4 kc_column kc_col-sm-4 accom-sidebar\"><div class=\"kc-col-container\"><div class=\"message-boxes kc-elm kc-css-164050\">\n\t<div class=\"message-box-wrap\">\n\t\t<i class=\"fa-thumbs-up\"><\/i><button class=\"kc-close-but\">close<\/button>Parfait pour des amis ou\r\ndes couples r\u00e9servant ensemble!\t<\/div>\n<\/div>\n\n<div class=\"kc-elm kc-css-668898 divider_line\">\n\t<div class=\"divider_inner divider_line2\">\n\t\t<i class=\"sl-home\"><\/i>\t<\/div>\n<\/div>\n<div class=\"kc-elm kc-css-526849 kc_row kc_row_inner\"><div class=\"kc-elm kc-css-722891 kc_col-sm-12 kc_column_inner kc_col-sm-12\"><div class=\"kc_wrapper kc-col-inner-container\"><div class=\"kc-elm kc-css-305046 kc_text_block\"><\/p>\n<h3 style=\"text-align: center;\">Studios et Appartements<\/h3>\n<p>\n<\/div><div class=\"kc-elm kc-css-694926 kc_text_block\"><\/p>\n<p style=\"text-align: center; padding: 0; margin: 0;\"><img loading=\"lazy\" decoding=\"async\" class=\"alignnone size-full\" src=\"https:\/\/cdn.europeangayskiweek.com\/wp\/uploads\/2019\/06\/icons8-star-3-50.png\" alt=\"\" width=\"125\" height=\"25\" \/><\/p>\n<h5 style=\"text-align: center;\">R\u00e9sidences 2-3 \u00c9toiles<\/h5>\n<p>\n<\/div><div class=\"kc-elm kc-css-352281\" style=\"height: 20px; clear: both; width:100%;\"><\/div><div class=\"kc-elm kc-css-147610 kc_text_block\"><\/p>\n<h4 style=\"text-align: center;\">A partir de 119.80\u20ac\/personne<\/h4>\n<p>\n<\/div><div class=\"kc-elm kc-css-459815 kc_shortcode kc_single_image\">\n\n        <a  href=\"https:\/\/www.europeangayskiweek.com\/the-accommodation\/accommodation-price-promise\/\" title=\"\" target=\"_self\">\n        <img decoding=\"async\" src=\"https:\/\/cdn.europeangayskiweek.com\/wp\/uploads\/2019\/06\/BTN-pricepromise-50-fr.png\" class=\"\" alt=\"\" \/>    <\/a>\n    <\/div>\n<\/div><\/div><\/div>\n<div class=\"kc-elm kc-css-638098 divider_line\">\n\t<div class=\"divider_inner divider_line3\">\n\t\t<span class=\"line_text\">RESIDENCE FACILITIES<\/span>\t<\/div>\n<\/div>\n<div class=\"kc-elm kc-css-31262 kc_row kc_row_inner\"><div class=\"kc-elm kc-css-13274 kc_col-sm-6 kc_column_inner kc_col-sm-6\"><div class=\"kc_wrapper kc-col-inner-container\"><\/div><\/div><div class=\"kc-elm kc-css-778698 kc_col-sm-6 kc_column_inner kc_col-sm-6\"><div class=\"kc_wrapper kc-col-inner-container\"><div class=\"kc-elm kc-css-692888 kc_box_wrap \"><ul class=\"accom-feature\"><li><img decoding=\"async\" src=\"https:\/\/cdn.europeangayskiweek.com\/wp\/uploads\/2019\/06\/icons8-skiing-filled-50-e1559807697728.png\"\/><\/li><li><p>Ski aux pieds<\/p><\/li><\/ul><\/div><\/div><\/div><\/div>\n<div class=\"kc-elm kc-css-314116 divider_line\">\n\t<div class=\"divider_inner divider_line3\">\n\t\t<span class=\"line_text\">APARTMENTS FACILITIES<\/span>\t<\/div>\n<\/div>\n<div class=\"kc-elm kc-css-132024 kc_row kc_row_inner\"><div class=\"kc-elm kc-css-105446 kc_col-sm-6 kc_column_inner kc_col-sm-6\"><div class=\"kc_wrapper kc-col-inner-container\"><div class=\"kc-elm kc-css-776147 kc_box_wrap \"><ul class=\"accom-feature\"><li><img decoding=\"async\" src=\"https:\/\/cdn.europeangayskiweek.com\/wp\/uploads\/2019\/06\/icons8-living-room-filled-50-1-e1559808239767.png\"\/><\/li><li><p>Studio<\/p><\/li><\/ul><\/div><div class=\"kc-elm kc-css-532777 kc_box_wrap \"><ul class=\"accom-feature\"><li><img decoding=\"async\" src=\"https:\/\/cdn.europeangayskiweek.com\/wp\/uploads\/2019\/06\/icons8-cooker-filled-50-1-e1559808293514.png\"\/><\/li><li><p><text>Cuisine \u00e9quip\u00e9e<\/text><\/p><\/li><\/ul><\/div><div class=\"kc-elm kc-css-377358 kc_box_wrap \"><ul class=\"accom-feature\"><li><img decoding=\"async\" src=\"https:\/\/cdn.europeangayskiweek.com\/wp\/uploads\/2019\/06\/icons8-bathtub-filled-50-1-e1559808317958.png\"\/><\/li><li><p><text>Douche ou Salle de bain<\/text><\/p><\/li><\/ul><\/div><\/div><\/div><div class=\"kc-elm kc-css-441572 kc_col-sm-6 kc_column_inner kc_col-sm-6\"><div class=\"kc_wrapper kc-col-inner-container\"><div class=\"kc-elm kc-css-852018 kc_box_wrap \"><ul class=\"accom-feature\"><li><img decoding=\"async\" src=\"https:\/\/cdn.europeangayskiweek.com\/wp\/uploads\/2019\/06\/icons8-restaurant-table-filled-50-e1559807985621.png\"\/><\/li><li><p><text>Coin repas<\/text><\/p><\/li><\/ul><\/div><div class=\"kc-elm kc-css-47500 kc_box_wrap \"><ul class=\"accom-feature\"><li><img decoding=\"async\" src=\"https:\/\/cdn.europeangayskiweek.com\/wp\/uploads\/2019\/06\/icons8-coffee-maker-filled-50-e1559808018608.png\"\/><\/li><li><p><text>Cafeti\u00e9re<\/text><\/p><\/li><\/ul><\/div><\/div><\/div><\/div>\n<div class=\"kc-elm kc-css-950259 divider_line\">\n\t<div class=\"divider_inner divider_line1\">\n\t\t\t<\/div>\n<\/div>\n<\/div><\/div><\/div><\/div><\/section><section id=\"rooms\" class=\"kc-elm kc-css-97521 kc_row\"><div class=\"kc-row-container  kc-container\"><div class=\"kc-wrap-columns\"><div class=\"kc-elm kc-css-925959 kc_col-sm-12 kc_column kc_col-sm-12\"><div class=\"kc-col-container\"><div class=\"kc-elm kc-css-981816 kc_text_block\"><\/p>\n<p>Les photos pr\u00e9sent\u00e9es sont \u00e0 titre illustratif, montrant un h\u00e9bergement typique de cette taille, capacit\u00e9 et type de confort. Le logement qui vous est attribu\u00e9 peut varier en style et en d\u00e9coration.<\/p>\n<p>\n<\/div><div data-allowopenall=\"true\" data-closeall=\"true\" class=\"kc-elm kc-css-682886 kc_accordion_wrapper\">\n<div class=\"kc-elm kc-css-139737 kc_accordion_section group accom-accordion\"><h3 class=\"kc_accordion_header ui-accordion-header\"><span class=\"ui-accordion-header-icon ui-icon\"><\/span><a href=\"#chamois-daposor-studio-3-1099-e-occupation-1-4-personnes-23-30-m%c2%b2\" data-prevent=\"scroll\"><i class=\"sl-home\"><\/i> Chamois d:apos:Or: Studio 3*, 1099 \u20ac: Occupation 1 - 4 personnes, 23 - 30 m\u00b2<\/a><\/h3><div class=\"kc_accordion_content ui-accordion-content kc_clearfix\"><div class=\"kc-panel-body\"><div class=\"kc-elm kc-css-308235 kc_row kc_row_inner\"><div class=\"kc-elm kc-css-718218 kc_col-sm-6 kc_column_inner kc_col-sm-6\"><div class=\"kc_wrapper kc-col-inner-container\"><div class=\"kc-elm kc-css-597000 kc_text_block\"><\/p>\n<h5>Self-Catering Studio<\/h5>\n<h6>Capacity: 4 people<br \/>\nApproximately 23 - 30m\u00b2<\/h6>\n<p>\n<\/div><\/div><\/div><div class=\"kc-elm kc-css-716558 kc_col-sm-6 kc_column_inner kc_col-sm-6\"><div class=\"kc_wrapper kc-col-inner-container\">\n<div class=\"kc-elm kc-css-315700 kc-pro-button kc-button-main\">\n\t<a href=\"https:\/\/gtly.to\/RSCrMYfxK\" target=\"_blank\">\n\t\t<span class=\"creative_title\">Book Now<\/span>\t<\/a>\n<\/div>\n<\/div><\/div><\/div><div class=\"kc-elm kc-css-912546 kc_row kc_row_inner\"><div class=\"kc-elm kc-css-580466 kc_col-of-5 kc_column_inner kc_col-of-5\"><div class=\"kc_wrapper kc-col-inner-container\"><div class=\"kc-elm kc-css-174552\">\n\t<div class=\"kc-carousel_images kc-elm kc-css-174552\">\n\t\n\t\t<div class=\"kc-carousel-images owl-carousel-images kc-sync1 \" data-owl-i-options='{\"items\":\"1\",\"tablet\":\"1\",\"mobile\":\"1\",\"speed\":\"500\",\"navigation\":\"\",\"pagination\":\"\",\"autoheight\":\"\",\"progressbar\":\"\",\"delay\":\"8\",\"autoplay\":\"yes\",\"showthumb\":\"\",\"num_thumb\":\"5\"}'>\n\t\n\t\t\t\t\t<div class=\"item\">\n\t\n\t\t\t<a class=\"kc-image-link kc-pretty-photo\" data-lightbox=\"kc-lightbox\" rel=\"prettyPhoto[174552]\" href=\"https:\/\/cdn.europeangayskiweek.com\/wp\/uploads\/2019\/06\/CIS-Studio-4p-0190020701_07-FB0701R-1.jpg\"><img decoding=\"async\" src=\"https:\/\/cdn.europeangayskiweek.com\/wp\/uploads\/2019\/06\/CIS-Studio-4p-0190020701_07-FB0701R-1-200x200.jpg\" alt=\"\" \/><\/a>\t\n\t\t\t<\/div>\n\t\n\t\t\t\t\t<div class=\"item\">\n\t\n\t\t\t<a class=\"kc-image-link kc-pretty-photo\" data-lightbox=\"kc-lightbox\" rel=\"prettyPhoto[174552]\" href=\"https:\/\/cdn.europeangayskiweek.com\/wp\/uploads\/2019\/06\/CIS-Studio-4p-0190011315_02-VA1315R.jpg\"><img decoding=\"async\" src=\"https:\/\/cdn.europeangayskiweek.com\/wp\/uploads\/2019\/06\/CIS-Studio-4p-0190011315_02-VA1315R-200x200.jpg\" alt=\"\" \/><\/a>\t\n\t\t\t<\/div>\n\t\n\t\t\t\t\t<div class=\"item\">\n\t\n\t\t\t<a class=\"kc-image-link kc-pretty-photo\" data-lightbox=\"kc-lightbox\" rel=\"prettyPhoto[174552]\" href=\"https:\/\/cdn.europeangayskiweek.com\/wp\/uploads\/2019\/06\/CIS-Studio-4p-0190011315_06-VA1315R-1.jpg\"><img decoding=\"async\" src=\"https:\/\/cdn.europeangayskiweek.com\/wp\/uploads\/2019\/06\/CIS-Studio-4p-0190011315_06-VA1315R-1-200x200.jpg\" alt=\"\" \/><\/a>\t\n\t\t\t<\/div>\n\t\n\t\t\t\t\t<div class=\"item\">\n\t\n\t\t\t<a class=\"kc-image-link kc-pretty-photo\" data-lightbox=\"kc-lightbox\" rel=\"prettyPhoto[174552]\" href=\"https:\/\/cdn.europeangayskiweek.com\/wp\/uploads\/2019\/06\/CIS-Studio-4p-0190011315_07-VA1315R-1.jpg\"><img decoding=\"async\" src=\"https:\/\/cdn.europeangayskiweek.com\/wp\/uploads\/2019\/06\/CIS-Studio-4p-0190011315_07-VA1315R-1-200x200.jpg\" alt=\"\" \/><\/a>\t\n\t\t\t<\/div>\n\t\n\t\t\t\t\t<div class=\"item\">\n\t\n\t\t\t<a class=\"kc-image-link kc-pretty-photo\" data-lightbox=\"kc-lightbox\" rel=\"prettyPhoto[174552]\" href=\"https:\/\/cdn.europeangayskiweek.com\/wp\/uploads\/2019\/06\/CIS-Studio-4p-0190011315_08-VA1315R-1.jpg\"><img decoding=\"async\" src=\"https:\/\/cdn.europeangayskiweek.com\/wp\/uploads\/2019\/06\/CIS-Studio-4p-0190011315_08-VA1315R-1-200x200.jpg\" alt=\"\" \/><\/a>\t\n\t\t\t<\/div>\n\t\n\t\t\t\t\t<div class=\"item\">\n\t\n\t\t\t<a class=\"kc-image-link kc-pretty-photo\" data-lightbox=\"kc-lightbox\" rel=\"prettyPhoto[174552]\" href=\"https:\/\/cdn.europeangayskiweek.com\/wp\/uploads\/2019\/06\/CIS-Studio-4p-0190011315_09-VA1315R-1.jpg\"><img decoding=\"async\" src=\"https:\/\/cdn.europeangayskiweek.com\/wp\/uploads\/2019\/06\/CIS-Studio-4p-0190011315_09-VA1315R-1-200x200.jpg\" alt=\"\" \/><\/a>\t\n\t\t\t<\/div>\n\t\n\t\t\t\t\t<div class=\"item\">\n\t\n\t\t\t<a class=\"kc-image-link kc-pretty-photo\" data-lightbox=\"kc-lightbox\" rel=\"prettyPhoto[174552]\" href=\"https:\/\/cdn.europeangayskiweek.com\/wp\/uploads\/2019\/06\/CIS-Studio-4p-0190030403_01-BEL403R-1.jpg\"><img decoding=\"async\" src=\"https:\/\/cdn.europeangayskiweek.com\/wp\/uploads\/2019\/06\/CIS-Studio-4p-0190030403_01-BEL403R-1-200x200.jpg\" alt=\"\" \/><\/a>\t\n\t\t\t<\/div>\n\t\n\t\t\t\t\t<div class=\"item\">\n\t\n\t\t\t<a class=\"kc-image-link kc-pretty-photo\" data-lightbox=\"kc-lightbox\" rel=\"prettyPhoto[174552]\" href=\"https:\/\/cdn.europeangayskiweek.com\/wp\/uploads\/2019\/06\/CIS-Studio-4p-0903000094_10-AIR160.jpg\"><img decoding=\"async\" src=\"https:\/\/cdn.europeangayskiweek.com\/wp\/uploads\/2019\/06\/CIS-Studio-4p-0903000094_10-AIR160-200x200.jpg\" alt=\"\" \/><\/a>\t\n\t\t\t<\/div>\n\t\n\t\t\t\n\t\t<\/div>\n\t\n\t\t\t<\/div>\n<\/div>\n<div class=\"kc-elm kc-css-27824 kc_text_block\"><\/p>\n<p><small>Photos shown are for illustrative purpose only, showing a typical accommodation of this size, capacity and type of comfort. The accommodation you are eventually allocated may vary in style and decoration.<\/small><\/p>\n<p>\n<\/div><\/div><\/div><div class=\"kc-elm kc-css-167448 kc_col-sm-5 kc_column_inner kc_col-sm-5\"><div class=\"kc_wrapper kc-col-inner-container\"><div class=\"kc-elm kc-css-244155 kc_box_wrap \"><ul class=\"accom-feature\"><li><img decoding=\"async\" src=\"https:\/\/cdn.europeangayskiweek.com\/wp\/uploads\/2019\/06\/icons8-bathtub-filled-50-e1559802124795.png\"\/><\/li><li><p>One shower or bath with toilet<\/p><\/li><\/ul><\/div><div class=\"kc-elm kc-css-99264 kc_box_wrap \"><ul class=\"accom-feature\"><li><img decoding=\"async\" src=\"https:\/\/cdn.europeangayskiweek.com\/wp\/uploads\/2019\/06\/icons8-living-room-filled-50-e1559802692509.png\"\/><\/li><li><p>Living area with sofa bed, convertible or pull out bed, sleeping 2 people<\/p><\/li><\/ul><\/div><div class=\"kc-elm kc-css-112663 kc_box_wrap \"><ul class=\"accom-feature\"><li><img decoding=\"async\" src=\"https:\/\/cdn.europeangayskiweek.com\/wp\/uploads\/2019\/06\/icons8-bed-filled-50-e1559802774153.png\"\/><\/li><li><p>2 bunk beds in cabin or entrance hall<br><\/p><\/li><\/ul><\/div><div class=\"kc-elm kc-css-469114 kc_box_wrap \"><ul class=\"accom-feature\"><li><img decoding=\"async\" src=\"https:\/\/cdn.europeangayskiweek.com\/wp\/uploads\/2019\/06\/icons8-cooker-filled-50-e1559802811894.png\"\/><\/li><li><p>Equipped open-plan kitchenette<br>and dining area<\/p><\/li><\/ul><\/div><\/div><\/div><div class=\"kc-elm kc-css-40117 kc_col-sm-5 kc_column_inner kc_col-sm-5\"><div class=\"kc_wrapper kc-col-inner-container\"><div class=\"kc-elm kc-css-202125 kc_text_block accom-price-table\">          \n<\/p>\n<table>\n<thead>\n<tr>\n<td>\n<h5>Occupancy 2<\/h5>\n<\/td>\n<td>\n<h5>PRIX PAR PERSONNE<\/h5>\n<\/td>\n<\/tr>\n<\/thead>\n<tbody>\n<tr>\n<td>\n<h5>1- Occupation Simple<\/h5>\n<\/td>\n<td>\n<h6>1&nbsp;099&nbsp;&euro;<\/h6>\n<\/td>\n<\/tr>\n<tr>\n<td>\n<h5>En Partage \u00e0 2<\/h5>\n<\/td>\n<td>\n<h6>549,50&nbsp;&euro;<\/h6>\n<\/td>\n<\/tr>\n<tr>\n<td>\n<h5>En Partage \u00e0 3<\/h5>\n<\/td>\n<td>\n<h6>366,33&nbsp;&euro;<\/h6>\n<\/td>\n<\/tr>\n<tr>\n<td>\n<h5>En Partage \u00e0 4<\/h5>\n<\/td>\n<td>\n<h6>274,75&nbsp;&euro;<\/h6>\n<\/td>\n<\/tr>\n<tr>\n<td colspan=\"2\"><em><small>Les prix sont par personne et incluent l\u2019h\u00e9bergement seul 7 nuits. Les prix n\u2019incluent aucune autre option.<\/small><\/em><\/td>\n<\/tr>\n<\/tbody>\n<\/table>\n<div style=\"display:none;\" data-allocation_class=\"\" data-allocation_text=\"Disponible\" class=\"allocation-text\">Disponible<\/div>\n<p><script>jQuery(document).ready(function() {jQuery(\".allocation-text\").each(function() {var allocationText = jQuery(this).text();var accheader = jQuery(this).closest(\".kc_accordion_section\").find(\".kc_accordion_header a\");if (!accheader.hasClass(\"appended\")) {accheader.append(\" - \" + allocationText);accheader.addClass(\"appended\"); var allocationclass= jQuery(this).data(\"allocation_class\");accheader.addClass(allocationclass);}});});<\/script>   <\/p>\n<style>    h3.kc_accordion_header.ui-accordion-header a.egswgrayclass {        background-color: #D7D7D7;     }     h3.kc_accordion_header.ui-accordion-header a.egsworangeclass {         background-color: #cf5e25;     }     h3.kc_accordion_header.ui-accordion-header a.egswredclass {         background-color: #c73131;     }<\/style>\n<p>\n<\/div><div class=\"kc-elm kc-css-542308\" style=\"height: 20px; clear: both; width:100%;\"><\/div><\/div><\/div><\/div><\/div><\/div><\/div><div class=\"kc-elm kc-css-835275 kc_accordion_section group accom-accordion\"><h3 class=\"kc_accordion_header ui-accordion-header\"><span class=\"ui-accordion-header-icon ui-icon\"><\/span><a href=\"#chamois-daposor-appartement-3-une-chambre-1299-e-occupation-1-6-personnes-36-44-m%c2%b2\" data-prevent=\"scroll\"><i class=\"sl-home\"><\/i> Chamois d:apos:Or: Appartement 3* Une Chambre, 1299 \u20ac: Occupation 1 - 6 personnes, 36 - 44 m\u00b2<\/a><\/h3><div class=\"kc_accordion_content ui-accordion-content kc_clearfix\"><div class=\"kc-panel-body\"><div class=\"kc-elm kc-css-397278 kc_row kc_row_inner\"><div class=\"kc-elm kc-css-354342 kc_col-sm-6 kc_column_inner kc_col-sm-6\"><div class=\"kc_wrapper kc-col-inner-container\"><div class=\"kc-elm kc-css-210112 kc_text_block\"><\/p>\n<h5>One Bedroom Superior Apartment<\/h5>\n<h6>Capacity: 4 people<br \/>\nApproximately 44m\u00b2<\/h6>\n<p>\n<\/div><\/div><\/div><div class=\"kc-elm kc-css-127817 kc_col-sm-6 kc_column_inner kc_col-sm-6\"><div class=\"kc_wrapper kc-col-inner-container\">\n<div class=\"kc-elm kc-css-693310 kc-pro-button kc-button-main\">\n\t<a href=\"https:\/\/gtly.to\/RSCrMYfxK\" target=\"_blank\">\n\t\t<span class=\"creative_title\">Book Now<\/span>\t<\/a>\n<\/div>\n<\/div><\/div><\/div><div class=\"kc-elm kc-css-901502 kc_row kc_row_inner\"><div class=\"kc-elm kc-css-349190 kc_col-of-5 kc_column_inner kc_col-of-5\"><div class=\"kc_wrapper kc-col-inner-container\"><div class=\"kc-elm kc-css-338863\">\n\t<div class=\"kc-carousel_images kc-elm kc-css-338863\">\n\t\n\t\t<div class=\"kc-carousel-images owl-carousel-images kc-sync1 \" data-owl-i-options='{\"items\":\"1\",\"tablet\":\"1\",\"mobile\":\"1\",\"speed\":\"500\",\"navigation\":\"\",\"pagination\":\"\",\"autoheight\":\"\",\"progressbar\":\"\",\"delay\":\"8\",\"autoplay\":\"yes\",\"showthumb\":\"\",\"num_thumb\":\"5\"}'>\n\t\n\t\t\t\t\t<div class=\"item\">\n\t\n\t\t\t<a class=\"kc-image-link kc-pretty-photo\" data-lightbox=\"kc-lightbox\" rel=\"prettyPhoto[338863]\" href=\"https:\/\/cdn.europeangayskiweek.com\/wp\/uploads\/2019\/06\/0190011064_10.jpg\"><img decoding=\"async\" src=\"https:\/\/cdn.europeangayskiweek.com\/wp\/uploads\/2019\/06\/0190011064_10-200x200.jpg\" alt=\"\" \/><\/a>\t\n\t\t\t<\/div>\n\t\n\t\t\t\t\t<div class=\"item\">\n\t\n\t\t\t<a class=\"kc-image-link kc-pretty-photo\" data-lightbox=\"kc-lightbox\" rel=\"prettyPhoto[338863]\" href=\"https:\/\/cdn.europeangayskiweek.com\/wp\/uploads\/2019\/06\/0190011064_11.jpg\"><img decoding=\"async\" src=\"https:\/\/cdn.europeangayskiweek.com\/wp\/uploads\/2019\/06\/0190011064_11-200x200.jpg\" alt=\"\" \/><\/a>\t\n\t\t\t<\/div>\n\t\n\t\t\t\t\t<div class=\"item\">\n\t\n\t\t\t<a class=\"kc-image-link kc-pretty-photo\" data-lightbox=\"kc-lightbox\" rel=\"prettyPhoto[338863]\" href=\"https:\/\/cdn.europeangayskiweek.com\/wp\/uploads\/2019\/06\/0190011064_02.jpg\"><img decoding=\"async\" src=\"https:\/\/cdn.europeangayskiweek.com\/wp\/uploads\/2019\/06\/0190011064_02-200x200.jpg\" alt=\"\" \/><\/a>\t\n\t\t\t<\/div>\n\t\n\t\t\t\t\t<div class=\"item\">\n\t\n\t\t\t<a class=\"kc-image-link kc-pretty-photo\" data-lightbox=\"kc-lightbox\" rel=\"prettyPhoto[338863]\" href=\"https:\/\/cdn.europeangayskiweek.com\/wp\/uploads\/2019\/06\/0190011064_03.jpg\"><img decoding=\"async\" src=\"https:\/\/cdn.europeangayskiweek.com\/wp\/uploads\/2019\/06\/0190011064_03-200x200.jpg\" alt=\"\" \/><\/a>\t\n\t\t\t<\/div>\n\t\n\t\t\t\t\t<div class=\"item\">\n\t\n\t\t\t<a class=\"kc-image-link kc-pretty-photo\" data-lightbox=\"kc-lightbox\" rel=\"prettyPhoto[338863]\" href=\"https:\/\/cdn.europeangayskiweek.com\/wp\/uploads\/2019\/06\/0190011064_05.jpg\"><img decoding=\"async\" src=\"https:\/\/cdn.europeangayskiweek.com\/wp\/uploads\/2019\/06\/0190011064_05-200x200.jpg\" alt=\"\" \/><\/a>\t\n\t\t\t<\/div>\n\t\n\t\t\t\t\t<div class=\"item\">\n\t\n\t\t\t<a class=\"kc-image-link kc-pretty-photo\" data-lightbox=\"kc-lightbox\" rel=\"prettyPhoto[338863]\" href=\"https:\/\/cdn.europeangayskiweek.com\/wp\/uploads\/2019\/06\/0190011064_06.jpg\"><img decoding=\"async\" src=\"https:\/\/cdn.europeangayskiweek.com\/wp\/uploads\/2019\/06\/0190011064_06-200x200.jpg\" alt=\"\" \/><\/a>\t\n\t\t\t<\/div>\n\t\n\t\t\t\t\t<div class=\"item\">\n\t\n\t\t\t<a class=\"kc-image-link kc-pretty-photo\" data-lightbox=\"kc-lightbox\" rel=\"prettyPhoto[338863]\" href=\"https:\/\/cdn.europeangayskiweek.com\/wp\/uploads\/2019\/06\/0190011064_07.jpg\"><img decoding=\"async\" src=\"https:\/\/cdn.europeangayskiweek.com\/wp\/uploads\/2019\/06\/0190011064_07-200x200.jpg\" alt=\"\" \/><\/a>\t\n\t\t\t<\/div>\n\t\n\t\t\t\t\t<div class=\"item\">\n\t\n\t\t\t<a class=\"kc-image-link kc-pretty-photo\" data-lightbox=\"kc-lightbox\" rel=\"prettyPhoto[338863]\" href=\"https:\/\/cdn.europeangayskiweek.com\/wp\/uploads\/2019\/06\/0190011064_08.jpg\"><img decoding=\"async\" src=\"https:\/\/cdn.europeangayskiweek.com\/wp\/uploads\/2019\/06\/0190011064_08-200x200.jpg\" alt=\"\" \/><\/a>\t\n\t\t\t<\/div>\n\t\n\t\t\t\n\t\t<\/div>\n\t\n\t\t\t<\/div>\n<\/div>\n<div class=\"kc-elm kc-css-537962 kc_text_block\"><\/p>\n<p><small>Photos shown are for illustrative purpose only, showing a typical accommodation of this size, capacity and type of comfort. The accommodation you are eventually allocated may vary in style and decoration.<\/small><\/p>\n<p>\n<\/div><\/div><\/div><div class=\"kc-elm kc-css-19379 kc_col-sm-5 kc_column_inner kc_col-sm-5\"><div class=\"kc_wrapper kc-col-inner-container\"><div class=\"kc-elm kc-css-842171 kc_box_wrap \"><ul class=\"accom-feature\"><li><img decoding=\"async\" src=\"https:\/\/cdn.europeangayskiweek.com\/wp\/uploads\/2019\/06\/icons8-bathtub-filled-50-e1559802124795.png\"\/><\/li><li><p>One shower or bath with toilet<\/p><\/li><\/ul><\/div><div class=\"kc-elm kc-css-992683 kc_box_wrap \"><ul class=\"accom-feature\"><li><img decoding=\"async\" src=\"https:\/\/cdn.europeangayskiweek.com\/wp\/uploads\/2019\/06\/icons8-living-room-filled-50-e1559802692509.png\"\/><\/li><li><p>Living area with sofa bed, convertible or pull out bed, sleeping 2 person<\/p><\/li><\/ul><\/div><div class=\"kc-elm kc-css-454830 kc_box_wrap \"><ul class=\"accom-feature\"><li><img decoding=\"async\" src=\"https:\/\/cdn.europeangayskiweek.com\/wp\/uploads\/2019\/06\/icons8-bed-filled-50-e1559802774153.png\"\/><\/li><li><p>2 bunk beds in cabin or entrance hall + separate bedroom with one double bed.<br><\/p><\/li><\/ul><\/div><div class=\"kc-elm kc-css-954476 kc_box_wrap \"><ul class=\"accom-feature\"><li><img decoding=\"async\" src=\"https:\/\/cdn.europeangayskiweek.com\/wp\/uploads\/2019\/06\/icons8-cooker-filled-50-e1559802811894.png\"\/><\/li><li><p>Equipped open-plan kitchenette<br>and dining area<\/p><\/li><\/ul><\/div><\/div><\/div><div class=\"kc-elm kc-css-510615 kc_col-sm-5 kc_column_inner kc_col-sm-5\"><div class=\"kc_wrapper kc-col-inner-container\"><div class=\"kc-elm kc-css-947030 kc_text_block accom-price-table\">          \n<\/p>\n<table>\n<thead>\n<tr>\n<td>\n<h5>Occupancy 2<\/h5>\n<\/td>\n<td>\n<h5>PRIX PAR PERSONNE<\/h5>\n<\/td>\n<\/tr>\n<\/thead>\n<tbody>\n<tr>\n<td>\n<h5>1- Occupation Simple<\/h5>\n<\/td>\n<td>\n<h6>1&nbsp;299&nbsp;&euro;<\/h6>\n<\/td>\n<\/tr>\n<tr>\n<td>\n<h5>En Partage \u00e0 2<\/h5>\n<\/td>\n<td>\n<h6>649,50&nbsp;&euro;<\/h6>\n<\/td>\n<\/tr>\n<tr>\n<td>\n<h5>En Partage \u00e0 3<\/h5>\n<\/td>\n<td>\n<h6>433&nbsp;&euro;<\/h6>\n<\/td>\n<\/tr>\n<tr>\n<td>\n<h5>En Partage \u00e0 4<\/h5>\n<\/td>\n<td>\n<h6>324,75&nbsp;&euro;<\/h6>\n<\/td>\n<\/tr>\n<tr>\n<td>\n<h5>En Partage \u00e0 5<\/h5>\n<\/td>\n<td>\n<h6>259,80&nbsp;&euro;<\/h6>\n<\/td>\n<\/tr>\n<tr>\n<td>\n<h5>En Partage \u00e0 6<\/h5>\n<\/td>\n<td>\n<h6>216,50&nbsp;&euro;<\/h6>\n<\/td>\n<\/tr>\n<tr>\n<td colspan=\"2\"><em><small>Les prix sont par personne et incluent l\u2019h\u00e9bergement seul 7 nuits. Les prix n\u2019incluent aucune autre option.<\/small><\/em><\/td>\n<\/tr>\n<\/tbody>\n<\/table>\n<div style=\"display:none;\" data-allocation_class=\"egsworangeclass\" data-allocation_text=\"Il en reste seulement 2\" class=\"allocation-text\">Il en reste seulement 2<\/div>\n<p><script>jQuery(document).ready(function() {jQuery(\".allocation-text\").each(function() {var allocationText = jQuery(this).text();var accheader = jQuery(this).closest(\".kc_accordion_section\").find(\".kc_accordion_header a\");if (!accheader.hasClass(\"appended\")) {accheader.append(\" - \" + allocationText);accheader.addClass(\"appended\"); var allocationclass= jQuery(this).data(\"allocation_class\");accheader.addClass(allocationclass);}});});<\/script>   <\/p>\n<style>    h3.kc_accordion_header.ui-accordion-header a.egswgrayclass {        background-color: #D7D7D7;     }     h3.kc_accordion_header.ui-accordion-header a.egsworangeclass {         background-color: #cf5e25;     }     h3.kc_accordion_header.ui-accordion-header a.egswredclass {         background-color: #c73131;     }<\/style>\n<p>\n<\/div><div class=\"kc-elm kc-css-310365\" style=\"height: 20px; clear: both; width:100%;\"><\/div><\/div><\/div><\/div><\/div><\/div><\/div><div class=\"kc-elm kc-css-194072 kc_accordion_section group accom-accordion\"><h3 class=\"kc_accordion_header ui-accordion-header\"><span class=\"ui-accordion-header-icon ui-icon\"><\/span><a href=\"#portillo-studio-superieur-3-1219-e-occupation-1-2-personnes-25-32-m%c2%b2\" data-prevent=\"scroll\"><i class=\"sl-home\"><\/i> Portillo: Studio Sup\u00e9rieur 3*, 1219 \u20ac: Occupation 1 - 2 personnes, 25 - 32 m\u00b2<\/a><\/h3><div class=\"kc_accordion_content ui-accordion-content kc_clearfix\"><div class=\"kc-panel-body\"><div class=\"kc-elm kc-css-789794 kc_row kc_row_inner\"><div class=\"kc-elm kc-css-580058 kc_col-sm-6 kc_column_inner kc_col-sm-6\"><div class=\"kc_wrapper kc-col-inner-container\"><div class=\"kc-elm kc-css-919619 kc_text_block\"><\/p>\n<h5>Self-Catering Studio<\/h5>\n<h6>Capacity: 2 people<br \/>\nApproximately 25 - 32m\u00b2<\/h6>\n<p>\n<\/div><\/div><\/div><div class=\"kc-elm kc-css-162680 kc_col-sm-6 kc_column_inner kc_col-sm-6\"><div class=\"kc_wrapper kc-col-inner-container\">\n<div class=\"kc-elm kc-css-393880 kc-pro-button kc-button-main\">\n\t<a href=\"https:\/\/gtly.to\/RSCrMYfxK\" target=\"_blank\">\n\t\t<span class=\"creative_title\">Book Now<\/span>\t<\/a>\n<\/div>\n<\/div><\/div><\/div><div class=\"kc-elm kc-css-600252 kc_row kc_row_inner\"><div class=\"kc-elm kc-css-506408 kc_col-of-5 kc_column_inner kc_col-of-5\"><div class=\"kc_wrapper kc-col-inner-container\"><div class=\"kc-elm kc-css-650764\">\n\t<div class=\"kc-carousel_images kc-elm kc-css-650764\">\n\t\n\t\t<div class=\"kc-carousel-images owl-carousel-images kc-sync1 \" data-owl-i-options='{\"items\":\"1\",\"tablet\":\"1\",\"mobile\":\"1\",\"speed\":\"500\",\"navigation\":\"\",\"pagination\":\"\",\"autoheight\":\"\",\"progressbar\":\"\",\"delay\":\"8\",\"autoplay\":\"yes\",\"showthumb\":\"\",\"num_thumb\":\"5\"}'>\n\t\n\t\t\t\t\t<div class=\"item\">\n\t\n\t\t\t<a class=\"kc-image-link kc-pretty-photo\" data-lightbox=\"kc-lightbox\" rel=\"prettyPhoto[650764]\" href=\"https:\/\/cdn.europeangayskiweek.com\/wp\/uploads\/2019\/06\/CIS-Studio-4p-0190020701_07-FB0701R-1.jpg\"><img decoding=\"async\" src=\"https:\/\/cdn.europeangayskiweek.com\/wp\/uploads\/2019\/06\/CIS-Studio-4p-0190020701_07-FB0701R-1-200x200.jpg\" alt=\"\" \/><\/a>\t\n\t\t\t<\/div>\n\t\n\t\t\t\t\t<div class=\"item\">\n\t\n\t\t\t<a class=\"kc-image-link kc-pretty-photo\" data-lightbox=\"kc-lightbox\" rel=\"prettyPhoto[650764]\" href=\"https:\/\/cdn.europeangayskiweek.com\/wp\/uploads\/2019\/06\/CIS-Studio-4p-0190011315_02-VA1315R.jpg\"><img decoding=\"async\" src=\"https:\/\/cdn.europeangayskiweek.com\/wp\/uploads\/2019\/06\/CIS-Studio-4p-0190011315_02-VA1315R-200x200.jpg\" alt=\"\" \/><\/a>\t\n\t\t\t<\/div>\n\t\n\t\t\t\t\t<div class=\"item\">\n\t\n\t\t\t<a class=\"kc-image-link kc-pretty-photo\" data-lightbox=\"kc-lightbox\" rel=\"prettyPhoto[650764]\" href=\"https:\/\/cdn.europeangayskiweek.com\/wp\/uploads\/2019\/06\/CIS-Studio-4p-0190011315_06-VA1315R-1.jpg\"><img decoding=\"async\" src=\"https:\/\/cdn.europeangayskiweek.com\/wp\/uploads\/2019\/06\/CIS-Studio-4p-0190011315_06-VA1315R-1-200x200.jpg\" alt=\"\" \/><\/a>\t\n\t\t\t<\/div>\n\t\n\t\t\t\t\t<div class=\"item\">\n\t\n\t\t\t<a class=\"kc-image-link kc-pretty-photo\" data-lightbox=\"kc-lightbox\" rel=\"prettyPhoto[650764]\" href=\"https:\/\/cdn.europeangayskiweek.com\/wp\/uploads\/2019\/06\/CIS-Studio-4p-0190011315_07-VA1315R-1.jpg\"><img decoding=\"async\" src=\"https:\/\/cdn.europeangayskiweek.com\/wp\/uploads\/2019\/06\/CIS-Studio-4p-0190011315_07-VA1315R-1-200x200.jpg\" alt=\"\" \/><\/a>\t\n\t\t\t<\/div>\n\t\n\t\t\t\t\t<div class=\"item\">\n\t\n\t\t\t<a class=\"kc-image-link kc-pretty-photo\" data-lightbox=\"kc-lightbox\" rel=\"prettyPhoto[650764]\" href=\"https:\/\/cdn.europeangayskiweek.com\/wp\/uploads\/2019\/06\/CIS-Studio-4p-0190011315_08-VA1315R-1.jpg\"><img decoding=\"async\" src=\"https:\/\/cdn.europeangayskiweek.com\/wp\/uploads\/2019\/06\/CIS-Studio-4p-0190011315_08-VA1315R-1-200x200.jpg\" alt=\"\" \/><\/a>\t\n\t\t\t<\/div>\n\t\n\t\t\t\t\t<div class=\"item\">\n\t\n\t\t\t<a class=\"kc-image-link kc-pretty-photo\" data-lightbox=\"kc-lightbox\" rel=\"prettyPhoto[650764]\" href=\"https:\/\/cdn.europeangayskiweek.com\/wp\/uploads\/2019\/06\/CIS-Studio-4p-0190011315_09-VA1315R-1.jpg\"><img decoding=\"async\" src=\"https:\/\/cdn.europeangayskiweek.com\/wp\/uploads\/2019\/06\/CIS-Studio-4p-0190011315_09-VA1315R-1-200x200.jpg\" alt=\"\" \/><\/a>\t\n\t\t\t<\/div>\n\t\n\t\t\t\t\t<div class=\"item\">\n\t\n\t\t\t<a class=\"kc-image-link kc-pretty-photo\" data-lightbox=\"kc-lightbox\" rel=\"prettyPhoto[650764]\" href=\"https:\/\/cdn.europeangayskiweek.com\/wp\/uploads\/2019\/06\/CIS-Studio-4p-0190030403_01-BEL403R-1.jpg\"><img decoding=\"async\" src=\"https:\/\/cdn.europeangayskiweek.com\/wp\/uploads\/2019\/06\/CIS-Studio-4p-0190030403_01-BEL403R-1-200x200.jpg\" alt=\"\" \/><\/a>\t\n\t\t\t<\/div>\n\t\n\t\t\t\t\t<div class=\"item\">\n\t\n\t\t\t<a class=\"kc-image-link kc-pretty-photo\" data-lightbox=\"kc-lightbox\" rel=\"prettyPhoto[650764]\" href=\"https:\/\/cdn.europeangayskiweek.com\/wp\/uploads\/2019\/06\/CIS-Studio-4p-0903000094_10-AIR160.jpg\"><img decoding=\"async\" src=\"https:\/\/cdn.europeangayskiweek.com\/wp\/uploads\/2019\/06\/CIS-Studio-4p-0903000094_10-AIR160-200x200.jpg\" alt=\"\" \/><\/a>\t\n\t\t\t<\/div>\n\t\n\t\t\t\n\t\t<\/div>\n\t\n\t\t\t<\/div>\n<\/div>\n<div class=\"kc-elm kc-css-849215 kc_text_block\"><\/p>\n<p><small>Photos shown are for illustrative purpose only, showing a typical accommodation of this size, capacity and type of comfort. The accommodation you are eventually allocated may vary in style and decoration.<\/small><\/p>\n<p>\n<\/div><\/div><\/div><div class=\"kc-elm kc-css-11588 kc_col-sm-5 kc_column_inner kc_col-sm-5\"><div class=\"kc_wrapper kc-col-inner-container\"><div class=\"kc-elm kc-css-7015 kc_box_wrap \"><ul class=\"accom-feature\"><li><img decoding=\"async\" src=\"https:\/\/cdn.europeangayskiweek.com\/wp\/uploads\/2019\/06\/icons8-bathtub-filled-50-e1559802124795.png\"\/><\/li><li><p>One shower or bath with toilet<\/p><\/li><\/ul><\/div><div class=\"kc-elm kc-css-275805 kc_box_wrap \"><ul class=\"accom-feature\"><li><img decoding=\"async\" src=\"https:\/\/cdn.europeangayskiweek.com\/wp\/uploads\/2019\/06\/icons8-living-room-filled-50-e1559802692509.png\"\/><\/li><li><p>Living area with sofa beds, convertible or pull out beds, sleeping 3 people<\/p><\/li><\/ul><\/div><div class=\"kc-elm kc-css-625902 kc_box_wrap \"><ul class=\"accom-feature\"><li><img decoding=\"async\" src=\"https:\/\/cdn.europeangayskiweek.com\/wp\/uploads\/2019\/06\/icons8-bed-filled-50-e1559802774153.png\"\/><\/li><li><p>2 bunk beds in cabin or entrance hall<br><\/p><\/li><\/ul><\/div><div class=\"kc-elm kc-css-158323 kc_box_wrap \"><ul class=\"accom-feature\"><li><img decoding=\"async\" src=\"https:\/\/cdn.europeangayskiweek.com\/wp\/uploads\/2019\/06\/icons8-cooker-filled-50-e1559802811894.png\"\/><\/li><li><p>Equipped open-plan kitchenette<br>and dining area<\/p><\/li><\/ul><\/div><\/div><\/div><div class=\"kc-elm kc-css-429918 kc_col-sm-5 kc_column_inner kc_col-sm-5\"><div class=\"kc_wrapper kc-col-inner-container\"><div class=\"kc-elm kc-css-954530 kc_text_block accom-price-table\">          \n<\/p>\n<table>\n<thead>\n<tr>\n<td>\n<h5>Occupancy 2<\/h5>\n<\/td>\n<td>\n<h5>PRIX PAR PERSONNE<\/h5>\n<\/td>\n<\/tr>\n<\/thead>\n<tbody>\n<tr>\n<td>\n<h5>1- Occupation Simple<\/h5>\n<\/td>\n<td>\n<h6>1&nbsp;219&nbsp;&euro;<\/h6>\n<\/td>\n<\/tr>\n<tr>\n<td>\n<h5>En Partage \u00e0 2<\/h5>\n<\/td>\n<td>\n<h6>609,50&nbsp;&euro;<\/h6>\n<\/td>\n<\/tr>\n<tr>\n<td colspan=\"2\"><em><small>Les prix sont par personne et incluent l\u2019h\u00e9bergement seul 7 nuits. Les prix n\u2019incluent aucune autre option.<\/small><\/em><\/td>\n<\/tr>\n<\/tbody>\n<\/table>\n<div style=\"display:none;\" data-allocation_class=\"\" data-allocation_text=\"Disponible\" class=\"allocation-text\">Disponible<\/div>\n<p><script>jQuery(document).ready(function() {jQuery(\".allocation-text\").each(function() {var allocationText = jQuery(this).text();var accheader = jQuery(this).closest(\".kc_accordion_section\").find(\".kc_accordion_header a\");if (!accheader.hasClass(\"appended\")) {accheader.append(\" - \" + allocationText);accheader.addClass(\"appended\"); var allocationclass= jQuery(this).data(\"allocation_class\");accheader.addClass(allocationclass);}});});<\/script>   <\/p>\n<style>    h3.kc_accordion_header.ui-accordion-header a.egswgrayclass {        background-color: #D7D7D7;     }     h3.kc_accordion_header.ui-accordion-header a.egsworangeclass {         background-color: #cf5e25;     }     h3.kc_accordion_header.ui-accordion-header a.egswredclass {         background-color: #c73131;     }<\/style>\n<p>\n<\/div><div class=\"kc-elm kc-css-908772\" style=\"height: 20px; clear: both; width:100%;\"><\/div><\/div><\/div><\/div><\/div><\/div><\/div><div class=\"kc-elm kc-css-114430 kc_accordion_section group accom-accordion\"><h3 class=\"kc_accordion_header ui-accordion-header\"><span class=\"ui-accordion-header-icon ui-icon\"><\/span><a href=\"#studio-portillo-3-1259-e-occupation-1-4-personnes-21-28-m%c2%b2\" data-prevent=\"scroll\"><i class=\"sl-home\"><\/i> Studio Portillo 3*, 1259 \u20ac: Occupation 1 - 4 personnes, 21-28 m\u00b2<\/a><\/h3><div class=\"kc_accordion_content ui-accordion-content kc_clearfix\"><div class=\"kc-panel-body\"><div class=\"kc-elm kc-css-647233 kc_row kc_row_inner\"><div class=\"kc-elm kc-css-751575 kc_col-sm-6 kc_column_inner kc_col-sm-6\"><div class=\"kc_wrapper kc-col-inner-container\"><div class=\"kc-elm kc-css-421852 kc_text_block\"><\/p>\n<h5>Self-Catering Studio<\/h5>\n<h6>Capacity: 5 people<br \/>\nApproximately 21-28m\u00b2<\/h6>\n<p>\n<\/div><\/div><\/div><div class=\"kc-elm kc-css-68787 kc_col-sm-6 kc_column_inner kc_col-sm-6\"><div class=\"kc_wrapper kc-col-inner-container\">\n<div class=\"kc-elm kc-css-166407 kc-pro-button kc-button-main\">\n\t<a href=\"https:\/\/gtly.to\/RSCrMYfxK\" target=\"_blank\">\n\t\t<span class=\"creative_title\">Book Now<\/span>\t<\/a>\n<\/div>\n<\/div><\/div><\/div><div class=\"kc-elm kc-css-270002 kc_row kc_row_inner\"><div class=\"kc-elm kc-css-453486 kc_col-of-5 kc_column_inner kc_col-of-5\"><div class=\"kc_wrapper kc-col-inner-container\"><div class=\"kc-elm kc-css-951288\">\n\t<div class=\"kc-carousel_images kc-elm kc-css-951288\">\n\t\n\t\t<div class=\"kc-carousel-images owl-carousel-images kc-sync1 \" data-owl-i-options='{\"items\":\"1\",\"tablet\":\"1\",\"mobile\":\"1\",\"speed\":\"500\",\"navigation\":\"\",\"pagination\":\"\",\"autoheight\":\"\",\"progressbar\":\"\",\"delay\":\"8\",\"autoplay\":\"yes\",\"showthumb\":\"\",\"num_thumb\":\"5\"}'>\n\t\n\t\t\t\t\t<div class=\"item\">\n\t\n\t\t\t<a class=\"kc-image-link kc-pretty-photo\" data-lightbox=\"kc-lightbox\" rel=\"prettyPhoto[951288]\" href=\"https:\/\/cdn.europeangayskiweek.com\/wp\/uploads\/2019\/06\/CIS-Studio-4p-0190020701_07-FB0701R-1.jpg\"><img decoding=\"async\" src=\"https:\/\/cdn.europeangayskiweek.com\/wp\/uploads\/2019\/06\/CIS-Studio-4p-0190020701_07-FB0701R-1-200x200.jpg\" alt=\"\" \/><\/a>\t\n\t\t\t<\/div>\n\t\n\t\t\t\t\t<div class=\"item\">\n\t\n\t\t\t<a class=\"kc-image-link kc-pretty-photo\" data-lightbox=\"kc-lightbox\" rel=\"prettyPhoto[951288]\" href=\"https:\/\/cdn.europeangayskiweek.com\/wp\/uploads\/2019\/06\/CIS-Studio-4p-0190011315_02-VA1315R.jpg\"><img decoding=\"async\" src=\"https:\/\/cdn.europeangayskiweek.com\/wp\/uploads\/2019\/06\/CIS-Studio-4p-0190011315_02-VA1315R-200x200.jpg\" alt=\"\" \/><\/a>\t\n\t\t\t<\/div>\n\t\n\t\t\t\t\t<div class=\"item\">\n\t\n\t\t\t<a class=\"kc-image-link kc-pretty-photo\" data-lightbox=\"kc-lightbox\" rel=\"prettyPhoto[951288]\" href=\"https:\/\/cdn.europeangayskiweek.com\/wp\/uploads\/2019\/06\/CIS-Studio-4p-0190011315_06-VA1315R-1.jpg\"><img decoding=\"async\" src=\"https:\/\/cdn.europeangayskiweek.com\/wp\/uploads\/2019\/06\/CIS-Studio-4p-0190011315_06-VA1315R-1-200x200.jpg\" alt=\"\" \/><\/a>\t\n\t\t\t<\/div>\n\t\n\t\t\t\t\t<div class=\"item\">\n\t\n\t\t\t<a class=\"kc-image-link kc-pretty-photo\" data-lightbox=\"kc-lightbox\" rel=\"prettyPhoto[951288]\" href=\"https:\/\/cdn.europeangayskiweek.com\/wp\/uploads\/2019\/06\/CIS-Studio-4p-0190011315_07-VA1315R-1.jpg\"><img decoding=\"async\" src=\"https:\/\/cdn.europeangayskiweek.com\/wp\/uploads\/2019\/06\/CIS-Studio-4p-0190011315_07-VA1315R-1-200x200.jpg\" alt=\"\" \/><\/a>\t\n\t\t\t<\/div>\n\t\n\t\t\t\t\t<div class=\"item\">\n\t\n\t\t\t<a class=\"kc-image-link kc-pretty-photo\" data-lightbox=\"kc-lightbox\" rel=\"prettyPhoto[951288]\" href=\"https:\/\/cdn.europeangayskiweek.com\/wp\/uploads\/2019\/06\/CIS-Studio-4p-0190011315_08-VA1315R-1.jpg\"><img decoding=\"async\" src=\"https:\/\/cdn.europeangayskiweek.com\/wp\/uploads\/2019\/06\/CIS-Studio-4p-0190011315_08-VA1315R-1-200x200.jpg\" alt=\"\" \/><\/a>\t\n\t\t\t<\/div>\n\t\n\t\t\t\t\t<div class=\"item\">\n\t\n\t\t\t<a class=\"kc-image-link kc-pretty-photo\" data-lightbox=\"kc-lightbox\" rel=\"prettyPhoto[951288]\" href=\"https:\/\/cdn.europeangayskiweek.com\/wp\/uploads\/2019\/06\/CIS-Studio-4p-0190011315_09-VA1315R-1.jpg\"><img decoding=\"async\" src=\"https:\/\/cdn.europeangayskiweek.com\/wp\/uploads\/2019\/06\/CIS-Studio-4p-0190011315_09-VA1315R-1-200x200.jpg\" alt=\"\" \/><\/a>\t\n\t\t\t<\/div>\n\t\n\t\t\t\t\t<div class=\"item\">\n\t\n\t\t\t<a class=\"kc-image-link kc-pretty-photo\" data-lightbox=\"kc-lightbox\" rel=\"prettyPhoto[951288]\" href=\"https:\/\/cdn.europeangayskiweek.com\/wp\/uploads\/2019\/06\/CIS-Studio-4p-0190030403_01-BEL403R-1.jpg\"><img decoding=\"async\" src=\"https:\/\/cdn.europeangayskiweek.com\/wp\/uploads\/2019\/06\/CIS-Studio-4p-0190030403_01-BEL403R-1-200x200.jpg\" alt=\"\" \/><\/a>\t\n\t\t\t<\/div>\n\t\n\t\t\t\t\t<div class=\"item\">\n\t\n\t\t\t<a class=\"kc-image-link kc-pretty-photo\" data-lightbox=\"kc-lightbox\" rel=\"prettyPhoto[951288]\" href=\"https:\/\/cdn.europeangayskiweek.com\/wp\/uploads\/2019\/06\/CIS-Studio-4p-0903000094_10-AIR160.jpg\"><img decoding=\"async\" src=\"https:\/\/cdn.europeangayskiweek.com\/wp\/uploads\/2019\/06\/CIS-Studio-4p-0903000094_10-AIR160-200x200.jpg\" alt=\"\" \/><\/a>\t\n\t\t\t<\/div>\n\t\n\t\t\t\n\t\t<\/div>\n\t\n\t\t\t<\/div>\n<\/div>\n<div class=\"kc-elm kc-css-596448 kc_text_block\"><\/p>\n<p><small>Photos shown are for illustrative purpose only, showing a typical accommodation of this size, capacity and type of comfort. The accommodation you are eventually allocated may vary in style and decoration.<\/small><\/p>\n<p>\n<\/div><\/div><\/div><div class=\"kc-elm kc-css-243948 kc_col-sm-5 kc_column_inner kc_col-sm-5\"><div class=\"kc_wrapper kc-col-inner-container\"><div class=\"kc-elm kc-css-663922 kc_box_wrap \"><ul class=\"accom-feature\"><li><img decoding=\"async\" src=\"https:\/\/cdn.europeangayskiweek.com\/wp\/uploads\/2019\/06\/icons8-bathtub-filled-50-e1559802124795.png\"\/><\/li><li><p>One shower or bath with toilet<\/p><\/li><\/ul><\/div><div class=\"kc-elm kc-css-813225 kc_box_wrap \"><ul class=\"accom-feature\"><li><img decoding=\"async\" src=\"https:\/\/cdn.europeangayskiweek.com\/wp\/uploads\/2019\/06\/icons8-living-room-filled-50-e1559802692509.png\"\/><\/li><li><p>Living area with sofa bed, convertible or pull out bed, sleeping 2 people<\/p><\/li><\/ul><\/div><div class=\"kc-elm kc-css-413076 kc_box_wrap \"><ul class=\"accom-feature\"><li><img decoding=\"async\" src=\"https:\/\/cdn.europeangayskiweek.com\/wp\/uploads\/2019\/06\/icons8-bed-filled-50-e1559802774153.png\"\/><\/li><li><p>2 bunk beds in cabin or entrance hall<br><\/p><\/li><\/ul><\/div><div class=\"kc-elm kc-css-948606 kc_box_wrap \"><ul class=\"accom-feature\"><li><img decoding=\"async\" src=\"https:\/\/cdn.europeangayskiweek.com\/wp\/uploads\/2019\/06\/icons8-cooker-filled-50-e1559802811894.png\"\/><\/li><li><p>Equipped open-plan kitchenette<br>and dining area<\/p><\/li><\/ul><\/div><\/div><\/div><div class=\"kc-elm kc-css-116077 kc_col-sm-5 kc_column_inner kc_col-sm-5\"><div class=\"kc_wrapper kc-col-inner-container\"><div class=\"kc-elm kc-css-718274 kc_text_block accom-price-table\">          \n<\/p>\n<table>\n<thead>\n<tr>\n<td>\n<h5>Occupancy 2<\/h5>\n<\/td>\n<td>\n<h5>PRIX PAR PERSONNE<\/h5>\n<\/td>\n<\/tr>\n<\/thead>\n<tbody>\n<tr>\n<td>\n<h5>1- Occupation Simple<\/h5>\n<\/td>\n<td>\n<h6>1&nbsp;259&nbsp;&euro;<\/h6>\n<\/td>\n<\/tr>\n<tr>\n<td>\n<h5>En Partage \u00e0 2<\/h5>\n<\/td>\n<td>\n<h6>629,50&nbsp;&euro;<\/h6>\n<\/td>\n<\/tr>\n<tr>\n<td>\n<h5>En Partage \u00e0 3<\/h5>\n<\/td>\n<td>\n<h6>419,67&nbsp;&euro;<\/h6>\n<\/td>\n<\/tr>\n<tr>\n<td>\n<h5>En Partage \u00e0 4<\/h5>\n<\/td>\n<td>\n<h6>314,75&nbsp;&euro;<\/h6>\n<\/td>\n<\/tr>\n<tr>\n<td colspan=\"2\"><em><small>Les prix sont par personne et incluent l\u2019h\u00e9bergement seul 7 nuits. Les prix n\u2019incluent aucune autre option.<\/small><\/em><\/td>\n<\/tr>\n<\/tbody>\n<\/table>\n<div style=\"display:none;\" data-allocation_class=\"egsworangeclass\" data-allocation_text=\"Il en reste seulement 2\" class=\"allocation-text\">Il en reste seulement 2<\/div>\n<p><script>jQuery(document).ready(function() {jQuery(\".allocation-text\").each(function() {var allocationText = jQuery(this).text();var accheader = jQuery(this).closest(\".kc_accordion_section\").find(\".kc_accordion_header a\");if (!accheader.hasClass(\"appended\")) {accheader.append(\" - \" + allocationText);accheader.addClass(\"appended\"); var allocationclass= jQuery(this).data(\"allocation_class\");accheader.addClass(allocationclass);}});});<\/script>   <\/p>\n<style>    h3.kc_accordion_header.ui-accordion-header a.egswgrayclass {        background-color: #D7D7D7;     }     h3.kc_accordion_header.ui-accordion-header a.egsworangeclass {         background-color: #cf5e25;     }     h3.kc_accordion_header.ui-accordion-header a.egswredclass {         background-color: #c73131;     }<\/style>\n<p>\n<\/div><div class=\"kc-elm kc-css-877699\" style=\"height: 20px; clear: both; width:100%;\"><\/div><\/div><\/div><\/div><\/div><\/div><\/div><div class=\"kc-elm kc-css-183847 kc_accordion_section group accom-accordion\"><h3 class=\"kc_accordion_header ui-accordion-header\"><span class=\"ui-accordion-header-icon ui-icon\"><\/span><a href=\"#portillo-appartement-3-une-chambre-2056-e-occupation-1-6-personnes-38-46-m%c2%b2\" data-prevent=\"scroll\"><i class=\"sl-home\"><\/i> Portillo: Appartement 3* Une Chambre, 2056 \u20ac: Occupation 1-6 personnes, 38 - 46 m\u00b2<\/a><\/h3><div class=\"kc_accordion_content ui-accordion-content kc_clearfix\"><div class=\"kc-panel-body\"><div class=\"kc-elm kc-css-111269 kc_row kc_row_inner\"><div class=\"kc-elm kc-css-338286 kc_col-sm-6 kc_column_inner kc_col-sm-6\"><div class=\"kc_wrapper kc-col-inner-container\"><div class=\"kc-elm kc-css-549479 kc_text_block\"><\/p>\n<h5>One Bedroom + Cabin Apartment<\/h5>\n<h6>Capacity: 6 people<br \/>\nApproximately 38 - 46m\u00b2<\/h6>\n<p>\n<\/div><\/div><\/div><div class=\"kc-elm kc-css-104948 kc_col-sm-6 kc_column_inner kc_col-sm-6\"><div class=\"kc_wrapper kc-col-inner-container\">\n<div class=\"kc-elm kc-css-767516 kc-pro-button kc-button-main\">\n\t<a href=\"https:\/\/gtly.to\/RSCrMYfxK\" target=\"_blank\">\n\t\t<span class=\"creative_title\">Book Now<\/span>\t<\/a>\n<\/div>\n<\/div><\/div><\/div><div class=\"kc-elm kc-css-28146 kc_row kc_row_inner\"><div class=\"kc-elm kc-css-151059 kc_col-of-5 kc_column_inner kc_col-of-5\"><div class=\"kc_wrapper kc-col-inner-container\"><div class=\"kc-elm kc-css-763008\">\n\t<div class=\"kc-carousel_images kc-elm kc-css-763008\">\n\t\n\t\t<div class=\"kc-carousel-images owl-carousel-images kc-sync1 \" data-owl-i-options='{\"items\":\"1\",\"tablet\":\"1\",\"mobile\":\"1\",\"speed\":\"500\",\"navigation\":\"\",\"pagination\":\"\",\"autoheight\":\"\",\"progressbar\":\"\",\"delay\":\"8\",\"autoplay\":\"yes\",\"showthumb\":\"\",\"num_thumb\":\"5\"}'>\n\t\n\t\t\t\t\t<div class=\"item\">\n\t\n\t\t\t<a class=\"kc-image-link kc-pretty-photo\" data-lightbox=\"kc-lightbox\" rel=\"prettyPhoto[763008]\" href=\"https:\/\/cdn.europeangayskiweek.com\/wp\/uploads\/2019\/06\/0190011064_10.jpg\"><img decoding=\"async\" src=\"https:\/\/cdn.europeangayskiweek.com\/wp\/uploads\/2019\/06\/0190011064_10-200x200.jpg\" alt=\"\" \/><\/a>\t\n\t\t\t<\/div>\n\t\n\t\t\t\t\t<div class=\"item\">\n\t\n\t\t\t<a class=\"kc-image-link kc-pretty-photo\" data-lightbox=\"kc-lightbox\" rel=\"prettyPhoto[763008]\" href=\"https:\/\/cdn.europeangayskiweek.com\/wp\/uploads\/2019\/06\/0190011064_11.jpg\"><img decoding=\"async\" src=\"https:\/\/cdn.europeangayskiweek.com\/wp\/uploads\/2019\/06\/0190011064_11-200x200.jpg\" alt=\"\" \/><\/a>\t\n\t\t\t<\/div>\n\t\n\t\t\t\t\t<div class=\"item\">\n\t\n\t\t\t<a class=\"kc-image-link kc-pretty-photo\" data-lightbox=\"kc-lightbox\" rel=\"prettyPhoto[763008]\" href=\"https:\/\/cdn.europeangayskiweek.com\/wp\/uploads\/2019\/06\/0190011064_02.jpg\"><img decoding=\"async\" src=\"https:\/\/cdn.europeangayskiweek.com\/wp\/uploads\/2019\/06\/0190011064_02-200x200.jpg\" alt=\"\" \/><\/a>\t\n\t\t\t<\/div>\n\t\n\t\t\t\t\t<div class=\"item\">\n\t\n\t\t\t<a class=\"kc-image-link kc-pretty-photo\" data-lightbox=\"kc-lightbox\" rel=\"prettyPhoto[763008]\" href=\"https:\/\/cdn.europeangayskiweek.com\/wp\/uploads\/2019\/06\/0190011064_03.jpg\"><img decoding=\"async\" src=\"https:\/\/cdn.europeangayskiweek.com\/wp\/uploads\/2019\/06\/0190011064_03-200x200.jpg\" alt=\"\" \/><\/a>\t\n\t\t\t<\/div>\n\t\n\t\t\t\t\t<div class=\"item\">\n\t\n\t\t\t<a class=\"kc-image-link kc-pretty-photo\" data-lightbox=\"kc-lightbox\" rel=\"prettyPhoto[763008]\" href=\"https:\/\/cdn.europeangayskiweek.com\/wp\/uploads\/2019\/06\/0190011064_05.jpg\"><img decoding=\"async\" src=\"https:\/\/cdn.europeangayskiweek.com\/wp\/uploads\/2019\/06\/0190011064_05-200x200.jpg\" alt=\"\" \/><\/a>\t\n\t\t\t<\/div>\n\t\n\t\t\t\t\t<div class=\"item\">\n\t\n\t\t\t<a class=\"kc-image-link kc-pretty-photo\" data-lightbox=\"kc-lightbox\" rel=\"prettyPhoto[763008]\" href=\"https:\/\/cdn.europeangayskiweek.com\/wp\/uploads\/2019\/06\/0190011064_06.jpg\"><img decoding=\"async\" src=\"https:\/\/cdn.europeangayskiweek.com\/wp\/uploads\/2019\/06\/0190011064_06-200x200.jpg\" alt=\"\" \/><\/a>\t\n\t\t\t<\/div>\n\t\n\t\t\t\t\t<div class=\"item\">\n\t\n\t\t\t<a class=\"kc-image-link kc-pretty-photo\" data-lightbox=\"kc-lightbox\" rel=\"prettyPhoto[763008]\" href=\"https:\/\/cdn.europeangayskiweek.com\/wp\/uploads\/2019\/06\/0190011064_07.jpg\"><img decoding=\"async\" src=\"https:\/\/cdn.europeangayskiweek.com\/wp\/uploads\/2019\/06\/0190011064_07-200x200.jpg\" alt=\"\" \/><\/a>\t\n\t\t\t<\/div>\n\t\n\t\t\t\t\t<div class=\"item\">\n\t\n\t\t\t<a class=\"kc-image-link kc-pretty-photo\" data-lightbox=\"kc-lightbox\" rel=\"prettyPhoto[763008]\" href=\"https:\/\/cdn.europeangayskiweek.com\/wp\/uploads\/2019\/06\/0190011064_08.jpg\"><img decoding=\"async\" src=\"https:\/\/cdn.europeangayskiweek.com\/wp\/uploads\/2019\/06\/0190011064_08-200x200.jpg\" alt=\"\" \/><\/a>\t\n\t\t\t<\/div>\n\t\n\t\t\t\n\t\t<\/div>\n\t\n\t\t\t<\/div>\n<\/div>\n<div class=\"kc-elm kc-css-654151 kc_text_block\"><\/p>\n<p><small>Photos shown are for illustrative purpose only, showing a typical accommodation of this size, capacity and type of comfort. The accommodation you are eventually allocated may vary in style and decoration.<\/small><\/p>\n<p>\n<\/div><\/div><\/div><div class=\"kc-elm kc-css-891568 kc_col-sm-5 kc_column_inner kc_col-sm-5\"><div class=\"kc_wrapper kc-col-inner-container\"><div class=\"kc-elm kc-css-325510 kc_box_wrap \"><ul class=\"accom-feature\"><li><img decoding=\"async\" src=\"https:\/\/cdn.europeangayskiweek.com\/wp\/uploads\/2019\/06\/icons8-bathtub-filled-50-e1559802124795.png\"\/><\/li><li><p>One shower or bath with toilet<\/p><\/li><\/ul><\/div><div class=\"kc-elm kc-css-446845 kc_box_wrap \"><ul class=\"accom-feature\"><li><img decoding=\"async\" src=\"https:\/\/cdn.europeangayskiweek.com\/wp\/uploads\/2019\/06\/icons8-living-room-filled-50-e1559802692509.png\"\/><\/li><li><p>Living area with sofa bed, convertible or pull out bed, sleeping 2 person<\/p><\/li><\/ul><\/div><div class=\"kc-elm kc-css-134936 kc_box_wrap \"><ul class=\"accom-feature\"><li><img decoding=\"async\" src=\"https:\/\/cdn.europeangayskiweek.com\/wp\/uploads\/2019\/06\/icons8-bed-filled-50-e1559802774153.png\"\/><\/li><li><p>2 bunk beds in cabin or entrance hall + separate bedroom with one double bed.<br><\/p><\/li><\/ul><\/div><div class=\"kc-elm kc-css-859095 kc_box_wrap \"><ul class=\"accom-feature\"><li><img decoding=\"async\" src=\"https:\/\/cdn.europeangayskiweek.com\/wp\/uploads\/2019\/06\/icons8-cooker-filled-50-e1559802811894.png\"\/><\/li><li><p>Equipped open-plan kitchenette<br>and dining area<\/p><\/li><\/ul><\/div><\/div><\/div><div class=\"kc-elm kc-css-299887 kc_col-sm-5 kc_column_inner kc_col-sm-5\"><div class=\"kc_wrapper kc-col-inner-container\"><div class=\"kc-elm kc-css-237896 kc_text_block accom-price-table\">          \n<\/p>\n<table>\n<thead>\n<tr>\n<td>\n<h5>Occupancy 2<\/h5>\n<\/td>\n<td>\n<h5>PRIX PAR PERSONNE<\/h5>\n<\/td>\n<\/tr>\n<\/thead>\n<tbody>\n<tr>\n<td>\n<h5>1- Occupation Simple<\/h5>\n<\/td>\n<td>\n<h6>2&nbsp;049&nbsp;&euro;<\/h6>\n<\/td>\n<\/tr>\n<tr>\n<td>\n<h5>En Partage \u00e0 2<\/h5>\n<\/td>\n<td>\n<h6>1&nbsp;024,50&nbsp;&euro;<\/h6>\n<\/td>\n<\/tr>\n<tr>\n<td>\n<h5>En Partage \u00e0 3<\/h5>\n<\/td>\n<td>\n<h6>683&nbsp;&euro;<\/h6>\n<\/td>\n<\/tr>\n<tr>\n<td>\n<h5>En Partage \u00e0 4<\/h5>\n<\/td>\n<td>\n<h6>512,25&nbsp;&euro;<\/h6>\n<\/td>\n<\/tr>\n<tr>\n<td>\n<h5>En Partage \u00e0 5<\/h5>\n<\/td>\n<td>\n<h6>409,80&nbsp;&euro;<\/h6>\n<\/td>\n<\/tr>\n<tr>\n<td>\n<h5>En Partage \u00e0 6<\/h5>\n<\/td>\n<td>\n<h6>341,50&nbsp;&euro;<\/h6>\n<\/td>\n<\/tr>\n<tr>\n<td colspan=\"2\"><em><small>Les prix sont par personne et incluent l\u2019h\u00e9bergement seul 7 nuits. Les prix n\u2019incluent aucune autre option.<\/small><\/em><\/td>\n<\/tr>\n<\/tbody>\n<\/table>\n<div style=\"display:none;\" data-allocation_class=\"egsworangeclass\" data-allocation_text=\"3 Disponibles\" class=\"allocation-text\">3 Disponibles<\/div>\n<p><script>jQuery(document).ready(function() {jQuery(\".allocation-text\").each(function() {var allocationText = jQuery(this).text();var accheader = jQuery(this).closest(\".kc_accordion_section\").find(\".kc_accordion_header a\");if (!accheader.hasClass(\"appended\")) {accheader.append(\" - \" + allocationText);accheader.addClass(\"appended\"); var allocationclass= jQuery(this).data(\"allocation_class\");accheader.addClass(allocationclass);}});});<\/script>   <\/p>\n<style>    h3.kc_accordion_header.ui-accordion-header a.egswgrayclass {        background-color: #D7D7D7;     }     h3.kc_accordion_header.ui-accordion-header a.egsworangeclass {         background-color: #cf5e25;     }     h3.kc_accordion_header.ui-accordion-header a.egswredclass {         background-color: #c73131;     }<\/style>\n<p>\n<\/div><div class=\"kc-elm kc-css-381975\" style=\"height: 20px; clear: both; width:100%;\"><\/div><\/div><\/div><\/div><\/div><\/div><\/div><div class=\"kc-elm kc-css-592863 kc_accordion_section group accom-accordion\"><h3 class=\"kc_accordion_header ui-accordion-header\"><span class=\"ui-accordion-header-icon ui-icon\"><\/span><a href=\"#portillo-appartement-3-deux-chambres-3237-e-occupation-1-8-personnes-38-46-m%c2%b2\" data-prevent=\"scroll\"><i class=\"sl-home\"><\/i> Portillo: Appartement 3* Deux Chambres, 3237 \u20ac: Occupation 1-8 personnes, 38 - 46 m\u00b2<\/a><\/h3><div class=\"kc_accordion_content ui-accordion-content kc_clearfix\"><div class=\"kc-panel-body\"><div class=\"kc-elm kc-css-902272 kc_row kc_row_inner\"><div class=\"kc-elm kc-css-704723 kc_col-sm-6 kc_column_inner kc_col-sm-6\"><div class=\"kc_wrapper kc-col-inner-container\"><div class=\"kc-elm kc-css-511941 kc_text_block\"><\/p>\n<h5>One Bedroom + Cabin Apartment<\/h5>\n<h6>Capacity: 6 people<br \/>\nApproximately 38 - 46m\u00b2<\/h6>\n<p>\n<\/div><\/div><\/div><div class=\"kc-elm kc-css-467870 kc_col-sm-6 kc_column_inner kc_col-sm-6\"><div class=\"kc_wrapper kc-col-inner-container\">\n<div class=\"kc-elm kc-css-835426 kc-pro-button kc-button-main\">\n\t<a href=\"https:\/\/gtly.to\/RSCrMYfxK\" target=\"_blank\">\n\t\t<span class=\"creative_title\">Book Now<\/span>\t<\/a>\n<\/div>\n<\/div><\/div><\/div><div class=\"kc-elm kc-css-585500 kc_row kc_row_inner\"><div class=\"kc-elm kc-css-487082 kc_col-of-5 kc_column_inner kc_col-of-5\"><div class=\"kc_wrapper kc-col-inner-container\"><div class=\"kc-elm kc-css-15810\">\n\t<div class=\"kc-carousel_images kc-elm kc-css-15810\">\n\t\n\t\t<div class=\"kc-carousel-images owl-carousel-images kc-sync1 \" data-owl-i-options='{\"items\":\"1\",\"tablet\":\"1\",\"mobile\":\"1\",\"speed\":\"500\",\"navigation\":\"\",\"pagination\":\"\",\"autoheight\":\"\",\"progressbar\":\"\",\"delay\":\"8\",\"autoplay\":\"yes\",\"showthumb\":\"\",\"num_thumb\":\"5\"}'>\n\t\n\t\t\t\t\t<div class=\"item\">\n\t\n\t\t\t<a class=\"kc-image-link kc-pretty-photo\" data-lightbox=\"kc-lightbox\" rel=\"prettyPhoto[15810]\" href=\"https:\/\/cdn.europeangayskiweek.com\/wp\/uploads\/2019\/06\/0190011064_10.jpg\"><img decoding=\"async\" src=\"https:\/\/cdn.europeangayskiweek.com\/wp\/uploads\/2019\/06\/0190011064_10-200x200.jpg\" alt=\"\" \/><\/a>\t\n\t\t\t<\/div>\n\t\n\t\t\t\t\t<div class=\"item\">\n\t\n\t\t\t<a class=\"kc-image-link kc-pretty-photo\" data-lightbox=\"kc-lightbox\" rel=\"prettyPhoto[15810]\" href=\"https:\/\/cdn.europeangayskiweek.com\/wp\/uploads\/2019\/06\/0190011064_11.jpg\"><img decoding=\"async\" src=\"https:\/\/cdn.europeangayskiweek.com\/wp\/uploads\/2019\/06\/0190011064_11-200x200.jpg\" alt=\"\" \/><\/a>\t\n\t\t\t<\/div>\n\t\n\t\t\t\t\t<div class=\"item\">\n\t\n\t\t\t<a class=\"kc-image-link kc-pretty-photo\" data-lightbox=\"kc-lightbox\" rel=\"prettyPhoto[15810]\" href=\"https:\/\/cdn.europeangayskiweek.com\/wp\/uploads\/2019\/06\/0190011064_02.jpg\"><img decoding=\"async\" src=\"https:\/\/cdn.europeangayskiweek.com\/wp\/uploads\/2019\/06\/0190011064_02-200x200.jpg\" alt=\"\" \/><\/a>\t\n\t\t\t<\/div>\n\t\n\t\t\t\t\t<div class=\"item\">\n\t\n\t\t\t<a class=\"kc-image-link kc-pretty-photo\" data-lightbox=\"kc-lightbox\" rel=\"prettyPhoto[15810]\" href=\"https:\/\/cdn.europeangayskiweek.com\/wp\/uploads\/2019\/06\/0190011064_03.jpg\"><img decoding=\"async\" src=\"https:\/\/cdn.europeangayskiweek.com\/wp\/uploads\/2019\/06\/0190011064_03-200x200.jpg\" alt=\"\" \/><\/a>\t\n\t\t\t<\/div>\n\t\n\t\t\t\t\t<div class=\"item\">\n\t\n\t\t\t<a class=\"kc-image-link kc-pretty-photo\" data-lightbox=\"kc-lightbox\" rel=\"prettyPhoto[15810]\" href=\"https:\/\/cdn.europeangayskiweek.com\/wp\/uploads\/2019\/06\/0190011064_05.jpg\"><img decoding=\"async\" src=\"https:\/\/cdn.europeangayskiweek.com\/wp\/uploads\/2019\/06\/0190011064_05-200x200.jpg\" alt=\"\" \/><\/a>\t\n\t\t\t<\/div>\n\t\n\t\t\t\t\t<div class=\"item\">\n\t\n\t\t\t<a class=\"kc-image-link kc-pretty-photo\" data-lightbox=\"kc-lightbox\" rel=\"prettyPhoto[15810]\" href=\"https:\/\/cdn.europeangayskiweek.com\/wp\/uploads\/2019\/06\/0190011064_06.jpg\"><img decoding=\"async\" src=\"https:\/\/cdn.europeangayskiweek.com\/wp\/uploads\/2019\/06\/0190011064_06-200x200.jpg\" alt=\"\" \/><\/a>\t\n\t\t\t<\/div>\n\t\n\t\t\t\t\t<div class=\"item\">\n\t\n\t\t\t<a class=\"kc-image-link kc-pretty-photo\" data-lightbox=\"kc-lightbox\" rel=\"prettyPhoto[15810]\" href=\"https:\/\/cdn.europeangayskiweek.com\/wp\/uploads\/2019\/06\/0190011064_07.jpg\"><img decoding=\"async\" src=\"https:\/\/cdn.europeangayskiweek.com\/wp\/uploads\/2019\/06\/0190011064_07-200x200.jpg\" alt=\"\" \/><\/a>\t\n\t\t\t<\/div>\n\t\n\t\t\t\t\t<div class=\"item\">\n\t\n\t\t\t<a class=\"kc-image-link kc-pretty-photo\" data-lightbox=\"kc-lightbox\" rel=\"prettyPhoto[15810]\" href=\"https:\/\/cdn.europeangayskiweek.com\/wp\/uploads\/2019\/06\/0190011064_08.jpg\"><img decoding=\"async\" src=\"https:\/\/cdn.europeangayskiweek.com\/wp\/uploads\/2019\/06\/0190011064_08-200x200.jpg\" alt=\"\" \/><\/a>\t\n\t\t\t<\/div>\n\t\n\t\t\t\n\t\t<\/div>\n\t\n\t\t\t<\/div>\n<\/div>\n<div class=\"kc-elm kc-css-723148 kc_text_block\"><\/p>\n<p><small>Photos shown are for illustrative purpose only, showing a typical accommodation of this size, capacity and type of comfort. The accommodation you are eventually allocated may vary in style and decoration.<\/small><\/p>\n<p>\n<\/div><\/div><\/div><div class=\"kc-elm kc-css-50788 kc_col-sm-5 kc_column_inner kc_col-sm-5\"><div class=\"kc_wrapper kc-col-inner-container\"><div class=\"kc-elm kc-css-95227 kc_box_wrap \"><ul class=\"accom-feature\"><li><img decoding=\"async\" src=\"https:\/\/cdn.europeangayskiweek.com\/wp\/uploads\/2019\/06\/icons8-bathtub-filled-50-e1559802124795.png\"\/><\/li><li><p>One shower or bath with toilet<\/p><\/li><\/ul><\/div><div class=\"kc-elm kc-css-719021 kc_box_wrap \"><ul class=\"accom-feature\"><li><img decoding=\"async\" src=\"https:\/\/cdn.europeangayskiweek.com\/wp\/uploads\/2019\/06\/icons8-living-room-filled-50-e1559802692509.png\"\/><\/li><li><p>Living area with sofa bed, convertible or pull out bed, sleeping 2 person<\/p><\/li><\/ul><\/div><div class=\"kc-elm kc-css-316827 kc_box_wrap \"><ul class=\"accom-feature\"><li><img decoding=\"async\" src=\"https:\/\/cdn.europeangayskiweek.com\/wp\/uploads\/2019\/06\/icons8-bed-filled-50-e1559802774153.png\"\/><\/li><li><p>2 bunk beds in cabin or entrance hall + separate bedroom with one double bed.<br><\/p><\/li><\/ul><\/div><div class=\"kc-elm kc-css-360292 kc_box_wrap \"><ul class=\"accom-feature\"><li><img decoding=\"async\" src=\"https:\/\/cdn.europeangayskiweek.com\/wp\/uploads\/2019\/06\/icons8-cooker-filled-50-e1559802811894.png\"\/><\/li><li><p>Equipped open-plan kitchenette<br>and dining area<\/p><\/li><\/ul><\/div><\/div><\/div><div class=\"kc-elm kc-css-318223 kc_col-sm-5 kc_column_inner kc_col-sm-5\"><div class=\"kc_wrapper kc-col-inner-container\"><div class=\"kc-elm kc-css-237291 kc_text_block accom-price-table\">          \n<\/p>\n<table>\n<thead>\n<tr>\n<td>\n<h5>Occupancy 2<\/h5>\n<\/td>\n<td>\n<h5>PRIX PAR PERSONNE<\/h5>\n<\/td>\n<\/tr>\n<\/thead>\n<tbody>\n<tr>\n<td>\n<h5>1- Occupation Simple<\/h5>\n<\/td>\n<td>\n<h6>3&nbsp;229&nbsp;&euro;<\/h6>\n<\/td>\n<\/tr>\n<tr>\n<td>\n<h5>En Partage \u00e0 2<\/h5>\n<\/td>\n<td>\n<h6>1&nbsp;614,50&nbsp;&euro;<\/h6>\n<\/td>\n<\/tr>\n<tr>\n<td>\n<h5>En Partage \u00e0 3<\/h5>\n<\/td>\n<td>\n<h6>1&nbsp;076,33&nbsp;&euro;<\/h6>\n<\/td>\n<\/tr>\n<tr>\n<td>\n<h5>En Partage \u00e0 4<\/h5>\n<\/td>\n<td>\n<h6>807,25&nbsp;&euro;<\/h6>\n<\/td>\n<\/tr>\n<tr>\n<td>\n<h5>En Partage \u00e0 5<\/h5>\n<\/td>\n<td>\n<h6>645,80&nbsp;&euro;<\/h6>\n<\/td>\n<\/tr>\n<tr>\n<td>\n<h5>En Partage \u00e0 6<\/h5>\n<\/td>\n<td>\n<h6>538,17&nbsp;&euro;<\/h6>\n<\/td>\n<\/tr>\n<tr>\n<td>\n<h5>En Partage \u00e0 7<\/h5>\n<\/td>\n<td>\n<h6>461,28&nbsp;&euro;<\/h6>\n<\/td>\n<\/tr>\n<tr>\n<td>\n<h5>En Partage \u00e0 8<\/h5>\n<\/td>\n<td>\n<h6>403,62&nbsp;&euro;<\/h6>\n<\/td>\n<\/tr>\n<tr>\n<td colspan=\"2\"><em><small>Les prix sont par personne et incluent l\u2019h\u00e9bergement seul 7 nuits. Les prix n\u2019incluent aucune autre option.<\/small><\/em><\/td>\n<\/tr>\n<\/tbody>\n<\/table>\n<div style=\"display:none;\" data-allocation_class=\"egsworangeclass\" data-allocation_text=\"3 Disponibles\" class=\"allocation-text\">3 Disponibles<\/div>\n<p><script>jQuery(document).ready(function() {jQuery(\".allocation-text\").each(function() {var allocationText = jQuery(this).text();var accheader = jQuery(this).closest(\".kc_accordion_section\").find(\".kc_accordion_header a\");if (!accheader.hasClass(\"appended\")) {accheader.append(\" - \" + allocationText);accheader.addClass(\"appended\"); var allocationclass= jQuery(this).data(\"allocation_class\");accheader.addClass(allocationclass);}});});<\/script>   <\/p>\n<style>    h3.kc_accordion_header.ui-accordion-header a.egswgrayclass {        background-color: #D7D7D7;     }     h3.kc_accordion_header.ui-accordion-header a.egsworangeclass {         background-color: #cf5e25;     }     h3.kc_accordion_header.ui-accordion-header a.egswredclass {         background-color: #c73131;     }<\/style>\n<p>\n<\/div><div class=\"kc-elm kc-css-59576\" style=\"height: 20px; clear: both; width:100%;\"><\/div><\/div><\/div><\/div><\/div><\/div><\/div><div class=\"kc-elm kc-css-450532 kc_accordion_section group accom-accordion\"><h3 class=\"kc_accordion_header ui-accordion-header\"><span class=\"ui-accordion-header-icon ui-icon\"><\/span><a href=\"#machu-picchu-appartement-3-une-chambre-1349-e-occupation-1-5-personnes\" data-prevent=\"scroll\"><i class=\"sl-home\"><\/i> Machu Picchu: Appartement 3* Une Chambre, 1349 \u20ac: Occupation 1-5 personnes<\/a><\/h3><div class=\"kc_accordion_content ui-accordion-content kc_clearfix\"><div class=\"kc-panel-body\"><div class=\"kc-elm kc-css-366255 kc_row kc_row_inner\"><div class=\"kc-elm kc-css-851458 kc_col-sm-6 kc_column_inner kc_col-sm-6\"><div class=\"kc_wrapper kc-col-inner-container\"><div class=\"kc-elm kc-css-264761 kc_text_block\"><\/p>\n<h5>One Bedroom<\/h5>\n<h6>Capacity: 5 people<br \/>\nApproximately<\/h6>\n<p>\n<\/div><\/div><\/div><div class=\"kc-elm kc-css-349416 kc_col-sm-6 kc_column_inner kc_col-sm-6\"><div class=\"kc_wrapper kc-col-inner-container\">\n<div class=\"kc-elm kc-css-656772 kc-pro-button kc-button-main\">\n\t<a href=\"https:\/\/gtly.to\/RSCrMYfxK\" target=\"_blank\">\n\t\t<span class=\"creative_title\">Book Now<\/span>\t<\/a>\n<\/div>\n<\/div><\/div><\/div><div class=\"kc-elm kc-css-913679 kc_row kc_row_inner\"><div class=\"kc-elm kc-css-357076 kc_col-of-5 kc_column_inner kc_col-of-5\"><div class=\"kc_wrapper kc-col-inner-container\"><div class=\"kc-elm kc-css-343976\">\n\t<div class=\"kc-carousel_images kc-elm kc-css-343976\">\n\t\n\t\t<div class=\"kc-carousel-images owl-carousel-images kc-sync1 \" data-owl-i-options='{\"items\":\"1\",\"tablet\":\"1\",\"mobile\":\"1\",\"speed\":\"500\",\"navigation\":\"\",\"pagination\":\"\",\"autoheight\":\"\",\"progressbar\":\"\",\"delay\":\"8\",\"autoplay\":\"yes\",\"showthumb\":\"\",\"num_thumb\":\"5\"}'>\n\t\n\t\t\t\t\t<div class=\"item\">\n\t\n\t\t\t<a class=\"kc-image-link kc-pretty-photo\" data-lightbox=\"kc-lightbox\" rel=\"prettyPhoto[343976]\" href=\"https:\/\/cdn.europeangayskiweek.com\/wp\/uploads\/2019\/06\/0190011064_10.jpg\"><img decoding=\"async\" src=\"https:\/\/cdn.europeangayskiweek.com\/wp\/uploads\/2019\/06\/0190011064_10-200x200.jpg\" alt=\"\" \/><\/a>\t\n\t\t\t<\/div>\n\t\n\t\t\t\t\t<div class=\"item\">\n\t\n\t\t\t<a class=\"kc-image-link kc-pretty-photo\" data-lightbox=\"kc-lightbox\" rel=\"prettyPhoto[343976]\" href=\"https:\/\/cdn.europeangayskiweek.com\/wp\/uploads\/2019\/06\/0190011064_11.jpg\"><img decoding=\"async\" src=\"https:\/\/cdn.europeangayskiweek.com\/wp\/uploads\/2019\/06\/0190011064_11-200x200.jpg\" alt=\"\" \/><\/a>\t\n\t\t\t<\/div>\n\t\n\t\t\t\t\t<div class=\"item\">\n\t\n\t\t\t<a class=\"kc-image-link kc-pretty-photo\" data-lightbox=\"kc-lightbox\" rel=\"prettyPhoto[343976]\" href=\"https:\/\/cdn.europeangayskiweek.com\/wp\/uploads\/2019\/06\/0190011064_02.jpg\"><img decoding=\"async\" src=\"https:\/\/cdn.europeangayskiweek.com\/wp\/uploads\/2019\/06\/0190011064_02-200x200.jpg\" alt=\"\" \/><\/a>\t\n\t\t\t<\/div>\n\t\n\t\t\t\t\t<div class=\"item\">\n\t\n\t\t\t<a class=\"kc-image-link kc-pretty-photo\" data-lightbox=\"kc-lightbox\" rel=\"prettyPhoto[343976]\" href=\"https:\/\/cdn.europeangayskiweek.com\/wp\/uploads\/2019\/06\/0190011064_03.jpg\"><img decoding=\"async\" src=\"https:\/\/cdn.europeangayskiweek.com\/wp\/uploads\/2019\/06\/0190011064_03-200x200.jpg\" alt=\"\" \/><\/a>\t\n\t\t\t<\/div>\n\t\n\t\t\t\t\t<div class=\"item\">\n\t\n\t\t\t<a class=\"kc-image-link kc-pretty-photo\" data-lightbox=\"kc-lightbox\" rel=\"prettyPhoto[343976]\" href=\"https:\/\/cdn.europeangayskiweek.com\/wp\/uploads\/2019\/06\/0190011064_05.jpg\"><img decoding=\"async\" src=\"https:\/\/cdn.europeangayskiweek.com\/wp\/uploads\/2019\/06\/0190011064_05-200x200.jpg\" alt=\"\" \/><\/a>\t\n\t\t\t<\/div>\n\t\n\t\t\t\t\t<div class=\"item\">\n\t\n\t\t\t<a class=\"kc-image-link kc-pretty-photo\" data-lightbox=\"kc-lightbox\" rel=\"prettyPhoto[343976]\" href=\"https:\/\/cdn.europeangayskiweek.com\/wp\/uploads\/2019\/06\/0190011064_06.jpg\"><img decoding=\"async\" src=\"https:\/\/cdn.europeangayskiweek.com\/wp\/uploads\/2019\/06\/0190011064_06-200x200.jpg\" alt=\"\" \/><\/a>\t\n\t\t\t<\/div>\n\t\n\t\t\t\t\t<div class=\"item\">\n\t\n\t\t\t<a class=\"kc-image-link kc-pretty-photo\" data-lightbox=\"kc-lightbox\" rel=\"prettyPhoto[343976]\" href=\"https:\/\/cdn.europeangayskiweek.com\/wp\/uploads\/2019\/06\/0190011064_07.jpg\"><img decoding=\"async\" src=\"https:\/\/cdn.europeangayskiweek.com\/wp\/uploads\/2019\/06\/0190011064_07-200x200.jpg\" alt=\"\" \/><\/a>\t\n\t\t\t<\/div>\n\t\n\t\t\t\t\t<div class=\"item\">\n\t\n\t\t\t<a class=\"kc-image-link kc-pretty-photo\" data-lightbox=\"kc-lightbox\" rel=\"prettyPhoto[343976]\" href=\"https:\/\/cdn.europeangayskiweek.com\/wp\/uploads\/2019\/06\/0190011064_08.jpg\"><img decoding=\"async\" src=\"https:\/\/cdn.europeangayskiweek.com\/wp\/uploads\/2019\/06\/0190011064_08-200x200.jpg\" alt=\"\" \/><\/a>\t\n\t\t\t<\/div>\n\t\n\t\t\t\n\t\t<\/div>\n\t\n\t\t\t<\/div>\n<\/div>\n<div class=\"kc-elm kc-css-759677 kc_text_block\"><\/p>\n<p><small>Photos shown are for illustrative purpose only, showing a typical accommodation of this size, capacity and type of comfort. The accommodation you are eventually allocated may vary in style and decoration.<\/small><\/p>\n<p>\n<\/div><\/div><\/div><div class=\"kc-elm kc-css-831471 kc_col-sm-5 kc_column_inner kc_col-sm-5\"><div class=\"kc_wrapper kc-col-inner-container\"><div class=\"kc-elm kc-css-597287 kc_box_wrap \"><ul class=\"accom-feature\"><li><img decoding=\"async\" src=\"https:\/\/cdn.europeangayskiweek.com\/wp\/uploads\/2019\/06\/icons8-bathtub-filled-50-e1559802124795.png\"\/><\/li><li><p>One shower or bath with toilet<\/p><\/li><\/ul><\/div><div class=\"kc-elm kc-css-723435 kc_box_wrap \"><ul class=\"accom-feature\"><li><img decoding=\"async\" src=\"https:\/\/cdn.europeangayskiweek.com\/wp\/uploads\/2019\/06\/icons8-living-room-filled-50-e1559802692509.png\"\/><\/li><li><p>Living area with sofa bed, convertible or pull out bed, sleeping 2 person<\/p><\/li><\/ul><\/div><div class=\"kc-elm kc-css-641179 kc_box_wrap \"><ul class=\"accom-feature\"><li><img decoding=\"async\" src=\"https:\/\/cdn.europeangayskiweek.com\/wp\/uploads\/2019\/06\/icons8-bed-filled-50-e1559802774153.png\"\/><\/li><li><p>2 bunk beds in cabin or entrance hall + separate bedroom with one double bed.<br><\/p><\/li><\/ul><\/div><div class=\"kc-elm kc-css-199818 kc_box_wrap \"><ul class=\"accom-feature\"><li><img decoding=\"async\" src=\"https:\/\/cdn.europeangayskiweek.com\/wp\/uploads\/2019\/06\/icons8-cooker-filled-50-e1559802811894.png\"\/><\/li><li><p>Equipped open-plan kitchenette<br>and dining area<\/p><\/li><\/ul><\/div><\/div><\/div><div class=\"kc-elm kc-css-747543 kc_col-sm-5 kc_column_inner kc_col-sm-5\"><div class=\"kc_wrapper kc-col-inner-container\"><div class=\"kc-elm kc-css-768486 kc_text_block accom-price-table\">          \n<\/p>\n<table>\n<thead>\n<tr>\n<td>\n<h5>Occupancy 2<\/h5>\n<\/td>\n<td>\n<h5>PRIX PAR PERSONNE<\/h5>\n<\/td>\n<\/tr>\n<\/thead>\n<tbody>\n<tr>\n<td>\n<h5>En Occupation Simple<\/h5>\n<\/td>\n<td>\n<h6>988&nbsp;&euro;<\/h6>\n<\/td>\n<\/tr>\n<tr>\n<td>\n<h5>En partage \u00e0 2<\/h5>\n<\/td>\n<td>\n<h6>494&nbsp;&euro;<\/h6>\n<\/td>\n<\/tr>\n<tr>\n<td>\n<h5>En Partage \u00e0 3<\/h5>\n<\/td>\n<td>\n<h6>329,33&nbsp;&euro;<\/h6>\n<\/td>\n<\/tr>\n<tr>\n<td>\n<h5>En partage \u00e0 4<\/h5>\n<\/td>\n<td>\n<h6>247&nbsp;&euro;<\/h6>\n<\/td>\n<\/tr>\n<tr>\n<td>\n<h5>En Partage \u00e0 5<\/h5>\n<\/td>\n<td>\n<h6>197,60&nbsp;&euro;<\/h6>\n<\/td>\n<\/tr>\n<tr>\n<td colspan=\"2\"><em><small>Les prix sont par personne et incluent l\u2019h\u00e9bergement seul 7 nuits. Les prix n\u2019incluent aucune autre option.<\/small><\/em><\/td>\n<\/tr>\n<\/tbody>\n<\/table>\n<div style=\"display:none;\" data-allocation_class=\"egsworangeclass\" data-allocation_text=\"3 Disponibles\" class=\"allocation-text\">3 Disponibles<\/div>\n<p><script>jQuery(document).ready(function() {jQuery(\".allocation-text\").each(function() {var allocationText = jQuery(this).text();var accheader = jQuery(this).closest(\".kc_accordion_section\").find(\".kc_accordion_header a\");if (!accheader.hasClass(\"appended\")) {accheader.append(\" - \" + allocationText);accheader.addClass(\"appended\"); var allocationclass= jQuery(this).data(\"allocation_class\");accheader.addClass(allocationclass);}});});<\/script>   <\/p>\n<style>    h3.kc_accordion_header.ui-accordion-header a.egswgrayclass {        background-color: #D7D7D7;     }     h3.kc_accordion_header.ui-accordion-header a.egsworangeclass {         background-color: #cf5e25;     }     h3.kc_accordion_header.ui-accordion-header a.egswredclass {         background-color: #c73131;     }<\/style>\n<p>\n<\/div><div class=\"kc-elm kc-css-554746\" style=\"height: 20px; clear: both; width:100%;\"><\/div><\/div><\/div><\/div><\/div><\/div><\/div><div class=\"kc-elm kc-css-846081 kc_accordion_section group accom-accordion\"><h3 class=\"kc_accordion_header ui-accordion-header\"><span class=\"ui-accordion-header-icon ui-icon\"><\/span><a href=\"#machu-picchu-appartement-3-une-chambre-1619-e-occupation-1-6-personnes\" data-prevent=\"scroll\"><i class=\"sl-home\"><\/i> Machu Picchu: Appartement 3* Une Chambre, 1619 \u20ac: Occupation 1-6 personnes<\/a><\/h3><div class=\"kc_accordion_content ui-accordion-content kc_clearfix\"><div class=\"kc-panel-body\"><div class=\"kc-elm kc-css-461971 kc_row kc_row_inner\"><div class=\"kc-elm kc-css-283212 kc_col-sm-6 kc_column_inner kc_col-sm-6\"><div class=\"kc_wrapper kc-col-inner-container\"><div class=\"kc-elm kc-css-148183 kc_text_block\"><\/p>\n<h5>One Bedroom<\/h5>\n<h6>Capacity: 6 people<br \/>\nApproximately<\/h6>\n<p>\n<\/div><\/div><\/div><div class=\"kc-elm kc-css-177376 kc_col-sm-6 kc_column_inner kc_col-sm-6\"><div class=\"kc_wrapper kc-col-inner-container\">\n<div class=\"kc-elm kc-css-884147 kc-pro-button kc-button-main\">\n\t<a href=\"https:\/\/gtly.to\/RSCrMYfxK\" target=\"_blank\">\n\t\t<span class=\"creative_title\">Book Now<\/span>\t<\/a>\n<\/div>\n<\/div><\/div><\/div><div class=\"kc-elm kc-css-428788 kc_row kc_row_inner\"><div class=\"kc-elm kc-css-124055 kc_col-of-5 kc_column_inner kc_col-of-5\"><div class=\"kc_wrapper kc-col-inner-container\"><div class=\"kc-elm kc-css-913317\">\n\t<div class=\"kc-carousel_images kc-elm kc-css-913317\">\n\t\n\t\t<div class=\"kc-carousel-images owl-carousel-images kc-sync1 \" data-owl-i-options='{\"items\":\"1\",\"tablet\":\"1\",\"mobile\":\"1\",\"speed\":\"500\",\"navigation\":\"\",\"pagination\":\"\",\"autoheight\":\"\",\"progressbar\":\"\",\"delay\":\"8\",\"autoplay\":\"yes\",\"showthumb\":\"\",\"num_thumb\":\"5\"}'>\n\t\n\t\t\t\t\t<div class=\"item\">\n\t\n\t\t\t<a class=\"kc-image-link kc-pretty-photo\" data-lightbox=\"kc-lightbox\" rel=\"prettyPhoto[913317]\" href=\"https:\/\/cdn.europeangayskiweek.com\/wp\/uploads\/2019\/06\/0190011064_10.jpg\"><img decoding=\"async\" src=\"https:\/\/cdn.europeangayskiweek.com\/wp\/uploads\/2019\/06\/0190011064_10-200x200.jpg\" alt=\"\" \/><\/a>\t\n\t\t\t<\/div>\n\t\n\t\t\t\t\t<div class=\"item\">\n\t\n\t\t\t<a class=\"kc-image-link kc-pretty-photo\" data-lightbox=\"kc-lightbox\" rel=\"prettyPhoto[913317]\" href=\"https:\/\/cdn.europeangayskiweek.com\/wp\/uploads\/2019\/06\/0190011064_11.jpg\"><img decoding=\"async\" src=\"https:\/\/cdn.europeangayskiweek.com\/wp\/uploads\/2019\/06\/0190011064_11-200x200.jpg\" alt=\"\" \/><\/a>\t\n\t\t\t<\/div>\n\t\n\t\t\t\t\t<div class=\"item\">\n\t\n\t\t\t<a class=\"kc-image-link kc-pretty-photo\" data-lightbox=\"kc-lightbox\" rel=\"prettyPhoto[913317]\" href=\"https:\/\/cdn.europeangayskiweek.com\/wp\/uploads\/2019\/06\/0190011064_02.jpg\"><img decoding=\"async\" src=\"https:\/\/cdn.europeangayskiweek.com\/wp\/uploads\/2019\/06\/0190011064_02-200x200.jpg\" alt=\"\" \/><\/a>\t\n\t\t\t<\/div>\n\t\n\t\t\t\t\t<div class=\"item\">\n\t\n\t\t\t<a class=\"kc-image-link kc-pretty-photo\" data-lightbox=\"kc-lightbox\" rel=\"prettyPhoto[913317]\" href=\"https:\/\/cdn.europeangayskiweek.com\/wp\/uploads\/2019\/06\/0190011064_03.jpg\"><img decoding=\"async\" src=\"https:\/\/cdn.europeangayskiweek.com\/wp\/uploads\/2019\/06\/0190011064_03-200x200.jpg\" alt=\"\" \/><\/a>\t\n\t\t\t<\/div>\n\t\n\t\t\t\t\t<div class=\"item\">\n\t\n\t\t\t<a class=\"kc-image-link kc-pretty-photo\" data-lightbox=\"kc-lightbox\" rel=\"prettyPhoto[913317]\" href=\"https:\/\/cdn.europeangayskiweek.com\/wp\/uploads\/2019\/06\/0190011064_05.jpg\"><img decoding=\"async\" src=\"https:\/\/cdn.europeangayskiweek.com\/wp\/uploads\/2019\/06\/0190011064_05-200x200.jpg\" alt=\"\" \/><\/a>\t\n\t\t\t<\/div>\n\t\n\t\t\t\t\t<div class=\"item\">\n\t\n\t\t\t<a class=\"kc-image-link kc-pretty-photo\" data-lightbox=\"kc-lightbox\" rel=\"prettyPhoto[913317]\" href=\"https:\/\/cdn.europeangayskiweek.com\/wp\/uploads\/2019\/06\/0190011064_06.jpg\"><img decoding=\"async\" src=\"https:\/\/cdn.europeangayskiweek.com\/wp\/uploads\/2019\/06\/0190011064_06-200x200.jpg\" alt=\"\" \/><\/a>\t\n\t\t\t<\/div>\n\t\n\t\t\t\t\t<div class=\"item\">\n\t\n\t\t\t<a class=\"kc-image-link kc-pretty-photo\" data-lightbox=\"kc-lightbox\" rel=\"prettyPhoto[913317]\" href=\"https:\/\/cdn.europeangayskiweek.com\/wp\/uploads\/2019\/06\/0190011064_07.jpg\"><img decoding=\"async\" src=\"https:\/\/cdn.europeangayskiweek.com\/wp\/uploads\/2019\/06\/0190011064_07-200x200.jpg\" alt=\"\" \/><\/a>\t\n\t\t\t<\/div>\n\t\n\t\t\t\t\t<div class=\"item\">\n\t\n\t\t\t<a class=\"kc-image-link kc-pretty-photo\" data-lightbox=\"kc-lightbox\" rel=\"prettyPhoto[913317]\" href=\"https:\/\/cdn.europeangayskiweek.com\/wp\/uploads\/2019\/06\/0190011064_08.jpg\"><img decoding=\"async\" src=\"https:\/\/cdn.europeangayskiweek.com\/wp\/uploads\/2019\/06\/0190011064_08-200x200.jpg\" alt=\"\" \/><\/a>\t\n\t\t\t<\/div>\n\t\n\t\t\t\n\t\t<\/div>\n\t\n\t\t\t<\/div>\n<\/div>\n<div class=\"kc-elm kc-css-463265 kc_text_block\"><\/p>\n<p><small>Photos shown are for illustrative purpose only, showing a typical accommodation of this size, capacity and type of comfort. The accommodation you are eventually allocated may vary in style and decoration.<\/small><\/p>\n<p>\n<\/div><\/div><\/div><div class=\"kc-elm kc-css-362712 kc_col-sm-5 kc_column_inner kc_col-sm-5\"><div class=\"kc_wrapper kc-col-inner-container\"><div class=\"kc-elm kc-css-167091 kc_box_wrap \"><ul class=\"accom-feature\"><li><img decoding=\"async\" src=\"https:\/\/cdn.europeangayskiweek.com\/wp\/uploads\/2019\/06\/icons8-bathtub-filled-50-e1559802124795.png\"\/><\/li><li><p>One shower or bath with toilet<\/p><\/li><\/ul><\/div><div class=\"kc-elm kc-css-253028 kc_box_wrap \"><ul class=\"accom-feature\"><li><img decoding=\"async\" src=\"https:\/\/cdn.europeangayskiweek.com\/wp\/uploads\/2019\/06\/icons8-living-room-filled-50-e1559802692509.png\"\/><\/li><li><p>Living area with sofa bed, convertible or pull out bed, sleeping 2 person<\/p><\/li><\/ul><\/div><div class=\"kc-elm kc-css-212495 kc_box_wrap \"><ul class=\"accom-feature\"><li><img decoding=\"async\" src=\"https:\/\/cdn.europeangayskiweek.com\/wp\/uploads\/2019\/06\/icons8-bed-filled-50-e1559802774153.png\"\/><\/li><li><p>2 bunk beds in cabin or entrance hall + separate bedroom with one double bed.<br><\/p><\/li><\/ul><\/div><div class=\"kc-elm kc-css-313180 kc_box_wrap \"><ul class=\"accom-feature\"><li><img decoding=\"async\" src=\"https:\/\/cdn.europeangayskiweek.com\/wp\/uploads\/2019\/06\/icons8-cooker-filled-50-e1559802811894.png\"\/><\/li><li><p>Equipped open-plan kitchenette<br>and dining area<\/p><\/li><\/ul><\/div><\/div><\/div><div class=\"kc-elm kc-css-635958 kc_col-sm-5 kc_column_inner kc_col-sm-5\"><div class=\"kc_wrapper kc-col-inner-container\"><div class=\"kc-elm kc-css-236384 kc_text_block accom-price-table\">          \n<\/p>\n<table>\n<thead>\n<tr>\n<td>\n<h5>Occupancy 2<\/h5>\n<\/td>\n<td>\n<h5>PRIX PAR PERSONNE<\/h5>\n<\/td>\n<\/tr>\n<\/thead>\n<tbody>\n<tr>\n<td>\n<h5>En Occupation Simple<\/h5>\n<\/td>\n<td>\n<h6>1&nbsp;173&nbsp;&euro;<\/h6>\n<\/td>\n<\/tr>\n<tr>\n<td>\n<h5>En Partage \u00e0 2<\/h5>\n<\/td>\n<td>\n<h6>586,50&nbsp;&euro;<\/h6>\n<\/td>\n<\/tr>\n<tr>\n<td>\n<h5>En Partage \u00e0 3<\/h5>\n<\/td>\n<td>\n<h6>391&nbsp;&euro;<\/h6>\n<\/td>\n<\/tr>\n<tr>\n<td>\n<h5>En Partage \u00e0 4<\/h5>\n<\/td>\n<td>\n<h6>293,25&nbsp;&euro;<\/h6>\n<\/td>\n<\/tr>\n<tr>\n<td>\n<h5>En Partage \u00e0 5<\/h5>\n<\/td>\n<td>\n<h6>234,60&nbsp;&euro;<\/h6>\n<\/td>\n<\/tr>\n<tr>\n<td>\n<h5>En Partage \u00e0 6<\/h5>\n<\/td>\n<td>\n<h6>195,50&nbsp;&euro;<\/h6>\n<\/td>\n<\/tr>\n<tr>\n<td colspan=\"2\"><em><small>Les prix sont par personne et incluent l\u2019h\u00e9bergement seul 7 nuits. Les prix n\u2019incluent aucune autre option.<\/small><\/em><\/td>\n<\/tr>\n<\/tbody>\n<\/table>\n<div style=\"display:none;\" data-allocation_class=\"egsworangeclass\" data-allocation_text=\"Dernier Dispo\" class=\"allocation-text\">Dernier Dispo<\/div>\n<p><script>jQuery(document).ready(function() {jQuery(\".allocation-text\").each(function() {var allocationText = jQuery(this).text();var accheader = jQuery(this).closest(\".kc_accordion_section\").find(\".kc_accordion_header a\");if (!accheader.hasClass(\"appended\")) {accheader.append(\" - \" + allocationText);accheader.addClass(\"appended\"); var allocationclass= jQuery(this).data(\"allocation_class\");accheader.addClass(allocationclass);}});});<\/script>   <\/p>\n<style>    h3.kc_accordion_header.ui-accordion-header a.egswgrayclass {        background-color: #D7D7D7;     }     h3.kc_accordion_header.ui-accordion-header a.egsworangeclass {         background-color: #cf5e25;     }     h3.kc_accordion_header.ui-accordion-header a.egswredclass {         background-color: #c73131;     }<\/style>\n<p>\n<\/div><div class=\"kc-elm kc-css-578878\" style=\"height: 20px; clear: both; width:100%;\"><\/div><\/div><\/div><\/div><\/div><\/div><\/div><\/div>\n<\/div><\/div><\/div><\/div><\/section><\/p>\n","protected":false},"excerpt":{"rendered":"<p> [...]<\/p>\n<p><a class=\"btn btn-secondary understrap-read-more-link\" href=\"https:\/\/www.europeangayskiweek.com\/fr\/3-star-residence\/\">Read More...<\/a><\/p>\n<p> [...]<\/p>\n<p><a class=\"btn btn-secondary understrap-read-more-link\" href=\"https:\/\/www.europeangayskiweek.com\/fr\/3-star-residence\/\">Lire la suite\u2026<span class=\"screen-reader-text\"> from R\u00e9sidences 3*<\/span><\/a><\/p>\n","protected":false},"author":4,"featured_media":18850,"parent":0,"menu_order":0,"comment_status":"closed","ping_status":"closed","template":"page-templates\/fullwidthpage-accommodation.php","meta":{"footnotes":""},"class_list":["post-18358","page","type-page","status-publish","has-post-thumbnail","hentry"],"yoast_head":"<!-- This site is optimized with the Yoast SEO plugin v26.4 - https:\/\/yoast.com\/wordpress\/plugins\/seo\/ -->\r\n<title>Europe&#039;s Biggest Gay Ski Week | EGSW | 16-23 March 2024<\/title>\r\n<meta name=\"description\" content=\"European Gay Ski Week, Europe&#039;s Biggest Gay Ski Week, Brilliant skiing, Amazing Apr\u00e8s, Fabulous Shows, Hilarious Cabaret &amp; Fantastic Parties.\" \/>\r\n<meta name=\"robots\" content=\"index, follow, max-snippet:-1, max-image-preview:large, max-video-preview:-1\" \/>\r\n<link rel=\"canonical\" href=\"https:\/\/www.europeangayskiweek.com\/3-star-residence\/\" \/>\r\n<meta property=\"og:locale\" content=\"fr_FR\" \/>\r\n<meta property=\"og:type\" content=\"article\" \/>\r\n<meta property=\"og:title\" content=\"Europe&#039;s Biggest Gay Ski Week | EGSW | 16-23 March 2024\" \/>\r\n<meta property=\"og:description\" content=\"European Gay Ski Week, Europe&#039;s Biggest Gay Ski Week, Brilliant skiing, Amazing Apr\u00e8s, Fabulous Shows, Hilarious Cabaret &amp; Fantastic Parties.\" \/>\r\n<meta property=\"og:url\" content=\"https:\/\/www.europeangayskiweek.com\/3-star-residence\/\" \/>\r\n<meta property=\"og:site_name\" content=\"Europe&#039;s Biggest Gay Ski Week | EGSW | 2026 Coming Soon\" \/>\r\n<meta property=\"article:publisher\" content=\"https:\/\/www.facebook.com\/EuropeanGaySkiWeek\/\" \/>\r\n<meta property=\"article:modified_time\" content=\"2023-09-01T13:50:04+00:00\" \/>\r\n<meta property=\"og:image\" content=\"https:\/\/cdn.europeangayskiweek.com\/wp\/uploads\/2020\/07\/facebook_og.jpg\" \/>\r\n\t<meta property=\"og:image:width\" content=\"1200\" \/>\r\n\t<meta property=\"og:image:height\" content=\"630\" \/>\r\n\t<meta property=\"og:image:type\" content=\"image\/jpeg\" \/>\r\n<meta name=\"twitter:card\" content=\"summary_large_image\" \/>\r\n<meta name=\"twitter:site\" content=\"@EuropeanGaySkiW\" \/>\r\n<meta name=\"twitter:label1\" content=\"Dur\u00e9e de lecture estim\u00e9e\" \/>\n\t<meta name=\"twitter:data1\" content=\"6 minutes\" \/>\r\n<script type=\"application\/ld+json\" class=\"yoast-schema-graph\">{\"@context\":\"https:\/\/schema.org\",\"@graph\":[{\"@type\":\"WebPage\",\"@id\":\"https:\/\/www.europeangayskiweek.com\/3-star-residence\/\",\"url\":\"https:\/\/www.europeangayskiweek.com\/3-star-residence\/\",\"name\":\"Europe's Biggest Gay Ski Week | EGSW | 16-23 March 2024\",\"isPartOf\":{\"@id\":\"https:\/\/www.europeangayskiweek.com\/#website\"},\"primaryImageOfPage\":{\"@id\":\"https:\/\/www.europeangayskiweek.com\/3-star-residence\/#primaryimage\"},\"image\":{\"@id\":\"https:\/\/www.europeangayskiweek.com\/3-star-residence\/#primaryimage\"},\"thumbnailUrl\":\"https:\/\/cdn.europeangayskiweek.com\/wp\/uploads\/2023\/08\/Chamois_d-Or-9.jpg\",\"datePublished\":\"2023-08-15T06:02:30+00:00\",\"dateModified\":\"2023-09-01T13:50:04+00:00\",\"description\":\"European Gay Ski Week, Europe's Biggest Gay Ski Week, Brilliant skiing, Amazing Apr\u00e8s, Fabulous Shows, Hilarious Cabaret & Fantastic Parties.\",\"breadcrumb\":{\"@id\":\"https:\/\/www.europeangayskiweek.com\/3-star-residence\/#breadcrumb\"},\"inLanguage\":\"fr-FR\",\"potentialAction\":[{\"@type\":\"ReadAction\",\"target\":[\"https:\/\/www.europeangayskiweek.com\/3-star-residence\/\"]}]},{\"@type\":\"ImageObject\",\"inLanguage\":\"fr-FR\",\"@id\":\"https:\/\/www.europeangayskiweek.com\/3-star-residence\/#primaryimage\",\"url\":\"https:\/\/cdn.europeangayskiweek.com\/wp\/uploads\/2023\/08\/Chamois_d-Or-9.jpg\",\"contentUrl\":\"https:\/\/cdn.europeangayskiweek.com\/wp\/uploads\/2023\/08\/Chamois_d-Or-9.jpg\",\"width\":960,\"height\":720,\"caption\":\"European Gay Ski Week 2024 3 star Residence\"},{\"@type\":\"BreadcrumbList\",\"@id\":\"https:\/\/www.europeangayskiweek.com\/3-star-residence\/#breadcrumb\",\"itemListElement\":[{\"@type\":\"ListItem\",\"position\":1,\"name\":\"Home\",\"item\":\"https:\/\/www.europeangayskiweek.com\/fr\/\"},{\"@type\":\"ListItem\",\"position\":2,\"name\":\"R\u00e9sidences 3*\"}]},{\"@type\":\"WebSite\",\"@id\":\"https:\/\/www.europeangayskiweek.com\/#website\",\"url\":\"https:\/\/www.europeangayskiweek.com\/\",\"name\":\"European Gay Ski Week | The Biggest Gay Winter Sports and Music Festival | Les Arcs Paradiski | 21-28 March 2020\",\"description\":\"Europe&#039;s N\u00b01 Gay Winter Sports &amp; Music Festival | Les Arcs - Arc 1950 &amp; Arc 2000 - Paradiski | European Gay Ski Week with International DJs &amp; Artists\",\"publisher\":{\"@id\":\"https:\/\/www.europeangayskiweek.com\/#organization\"},\"potentialAction\":[{\"@type\":\"SearchAction\",\"target\":{\"@type\":\"EntryPoint\",\"urlTemplate\":\"https:\/\/www.europeangayskiweek.com\/?s={search_term_string}\"},\"query-input\":{\"@type\":\"PropertyValueSpecification\",\"valueRequired\":true,\"valueName\":\"search_term_string\"}}],\"inLanguage\":\"fr-FR\"},{\"@type\":\"Organization\",\"@id\":\"https:\/\/www.europeangayskiweek.com\/#organization\",\"name\":\"European Gay Ski Week\",\"url\":\"https:\/\/www.europeangayskiweek.com\/\",\"logo\":{\"@type\":\"ImageObject\",\"inLanguage\":\"fr-FR\",\"@id\":\"https:\/\/www.europeangayskiweek.com\/#\/schema\/logo\/image\/\",\"url\":\"https:\/\/cdn.europeangayskiweek.com\/wp\/uploads\/2019\/06\/EGSW-Dateless-Black-02b.png\",\"contentUrl\":\"https:\/\/cdn.europeangayskiweek.com\/wp\/uploads\/2019\/06\/EGSW-Dateless-Black-02b.png\",\"width\":1346,\"height\":442,\"caption\":\"European Gay Ski Week\"},\"image\":{\"@id\":\"https:\/\/www.europeangayskiweek.com\/#\/schema\/logo\/image\/\"},\"sameAs\":[\"https:\/\/www.facebook.com\/EuropeanGaySkiWeek\/\",\"https:\/\/x.com\/EuropeanGaySkiW\",\"https:\/\/www.instagram.com\/europeangayskiweek\/\",\"https:\/\/www.youtube.com\/user\/JonHuntEGSW\"]}]}<\/script>\r\n<!-- \/ Yoast SEO plugin. -->","yoast_head_json":{"title":"Europe's Biggest Gay Ski Week | EGSW | 16-23 March 2024","description":"European Gay Ski Week, Europe's Biggest Gay Ski Week, Brilliant skiing, Amazing Apr\u00e8s, Fabulous Shows, Hilarious Cabaret & Fantastic Parties.","robots":{"index":"index","follow":"follow","max-snippet":"max-snippet:-1","max-image-preview":"max-image-preview:large","max-video-preview":"max-video-preview:-1"},"canonical":"https:\/\/www.europeangayskiweek.com\/3-star-residence\/","og_locale":"fr_FR","og_type":"article","og_title":"Europe's Biggest Gay Ski Week | EGSW | 16-23 March 2024","og_description":"European Gay Ski Week, Europe's Biggest Gay Ski Week, Brilliant skiing, Amazing Apr\u00e8s, Fabulous Shows, Hilarious Cabaret & Fantastic Parties.","og_url":"https:\/\/www.europeangayskiweek.com\/3-star-residence\/","og_site_name":"Europe&#039;s Biggest Gay Ski Week | EGSW | 2026 Coming Soon","article_publisher":"https:\/\/www.facebook.com\/EuropeanGaySkiWeek\/","article_modified_time":"2023-09-01T13:50:04+00:00","og_image":[{"width":1200,"height":630,"url":"https:\/\/cdn.europeangayskiweek.com\/wp\/uploads\/2020\/07\/facebook_og.jpg","type":"image\/jpeg"}],"twitter_card":"summary_large_image","twitter_site":"@EuropeanGaySkiW","twitter_misc":{"Dur\u00e9e de lecture estim\u00e9e":"6 minutes"},"schema":{"@context":"https:\/\/schema.org","@graph":[{"@type":"WebPage","@id":"https:\/\/www.europeangayskiweek.com\/3-star-residence\/","url":"https:\/\/www.europeangayskiweek.com\/3-star-residence\/","name":"Europe's Biggest Gay Ski Week | EGSW | 16-23 March 2024","isPartOf":{"@id":"https:\/\/www.europeangayskiweek.com\/#website"},"primaryImageOfPage":{"@id":"https:\/\/www.europeangayskiweek.com\/3-star-residence\/#primaryimage"},"image":{"@id":"https:\/\/www.europeangayskiweek.com\/3-star-residence\/#primaryimage"},"thumbnailUrl":"https:\/\/cdn.europeangayskiweek.com\/wp\/uploads\/2023\/08\/Chamois_d-Or-9.jpg","datePublished":"2023-08-15T06:02:30+00:00","dateModified":"2023-09-01T13:50:04+00:00","description":"European Gay Ski Week, Europe's Biggest Gay Ski Week, Brilliant skiing, Amazing Apr\u00e8s, Fabulous Shows, Hilarious Cabaret & Fantastic Parties.","breadcrumb":{"@id":"https:\/\/www.europeangayskiweek.com\/3-star-residence\/#breadcrumb"},"inLanguage":"fr-FR","potentialAction":[{"@type":"ReadAction","target":["https:\/\/www.europeangayskiweek.com\/3-star-residence\/"]}]},{"@type":"ImageObject","inLanguage":"fr-FR","@id":"https:\/\/www.europeangayskiweek.com\/3-star-residence\/#primaryimage","url":"https:\/\/cdn.europeangayskiweek.com\/wp\/uploads\/2023\/08\/Chamois_d-Or-9.jpg","contentUrl":"https:\/\/cdn.europeangayskiweek.com\/wp\/uploads\/2023\/08\/Chamois_d-Or-9.jpg","width":960,"height":720,"caption":"European Gay Ski Week 2024 3 star Residence"},{"@type":"BreadcrumbList","@id":"https:\/\/www.europeangayskiweek.com\/3-star-residence\/#breadcrumb","itemListElement":[{"@type":"ListItem","position":1,"name":"Home","item":"https:\/\/www.europeangayskiweek.com\/fr\/"},{"@type":"ListItem","position":2,"name":"R\u00e9sidences 3*"}]},{"@type":"WebSite","@id":"https:\/\/www.europeangayskiweek.com\/#website","url":"https:\/\/www.europeangayskiweek.com\/","name":"European Gay Ski Week | The Biggest Gay Winter Sports and Music Festival | Les Arcs Paradiski | 21-28 March 2020","description":"Europe&#039;s N\u00b01 Gay Winter Sports &amp; Music Festival | Les Arcs - Arc 1950 &amp; Arc 2000 - Paradiski | European Gay Ski Week with International DJs &amp; Artists","publisher":{"@id":"https:\/\/www.europeangayskiweek.com\/#organization"},"potentialAction":[{"@type":"SearchAction","target":{"@type":"EntryPoint","urlTemplate":"https:\/\/www.europeangayskiweek.com\/?s={search_term_string}"},"query-input":{"@type":"PropertyValueSpecification","valueRequired":true,"valueName":"search_term_string"}}],"inLanguage":"fr-FR"},{"@type":"Organization","@id":"https:\/\/www.europeangayskiweek.com\/#organization","name":"European Gay Ski Week","url":"https:\/\/www.europeangayskiweek.com\/","logo":{"@type":"ImageObject","inLanguage":"fr-FR","@id":"https:\/\/www.europeangayskiweek.com\/#\/schema\/logo\/image\/","url":"https:\/\/cdn.europeangayskiweek.com\/wp\/uploads\/2019\/06\/EGSW-Dateless-Black-02b.png","contentUrl":"https:\/\/cdn.europeangayskiweek.com\/wp\/uploads\/2019\/06\/EGSW-Dateless-Black-02b.png","width":1346,"height":442,"caption":"European Gay Ski Week"},"image":{"@id":"https:\/\/www.europeangayskiweek.com\/#\/schema\/logo\/image\/"},"sameAs":["https:\/\/www.facebook.com\/EuropeanGaySkiWeek\/","https:\/\/x.com\/EuropeanGaySkiW","https:\/\/www.instagram.com\/europeangayskiweek\/","https:\/\/www.youtube.com\/user\/JonHuntEGSW"]}]}},"_links":{"self":[{"href":"https:\/\/www.europeangayskiweek.com\/fr\/wp-json\/wp\/v2\/pages\/18358","targetHints":{"allow":["GET"]}}],"collection":[{"href":"https:\/\/www.europeangayskiweek.com\/fr\/wp-json\/wp\/v2\/pages"}],"about":[{"href":"https:\/\/www.europeangayskiweek.com\/fr\/wp-json\/wp\/v2\/types\/page"}],"author":[{"embeddable":true,"href":"https:\/\/www.europeangayskiweek.com\/fr\/wp-json\/wp\/v2\/users\/4"}],"replies":[{"embeddable":true,"href":"https:\/\/www.europeangayskiweek.com\/fr\/wp-json\/wp\/v2\/comments?post=18358"}],"version-history":[{"count":5,"href":"https:\/\/www.europeangayskiweek.com\/fr\/wp-json\/wp\/v2\/pages\/18358\/revisions"}],"predecessor-version":[{"id":21560,"href":"https:\/\/www.europeangayskiweek.com\/fr\/wp-json\/wp\/v2\/pages\/18358\/revisions\/21560"}],"wp:featuredmedia":[{"embeddable":true,"href":"https:\/\/www.europeangayskiweek.com\/fr\/wp-json\/wp\/v2\/media\/18850"}],"wp:attachment":[{"href":"https:\/\/www.europeangayskiweek.com\/fr\/wp-json\/wp\/v2\/media?parent=18358"}],"curies":[{"name":"wp","href":"https:\/\/api.w.org\/{rel}","templated":true}]}}