{"id":18249,"date":"2023-08-14T11:54:44","date_gmt":"2023-08-14T10:54:44","guid":{"rendered":"https:\/\/e21.europeangayskiweek.com\/?page_id=18249"},"modified":"2025-11-14T16:32:32","modified_gmt":"2025-11-14T16:32:32","slug":"residence-4-chalet-des-neiges-plein-sud","status":"publish","type":"page","link":"https:\/\/www.europeangayskiweek.com\/fr\/residence-4-chalet-des-neiges-plein-sud\/","title":{"rendered":"R\u00e9sidence 4* Chalet des Neiges Plein Sud"},"content":{"rendered":"<p><section class=\"kc-elm kc-css-862596 kc_row\"><div class=\"kc-row-container  kc-container\"><div class=\"kc-wrap-columns\"><div class=\"kc-elm kc-css-165307 kc_col-sm-8 kc_column kc_col-sm-8\"><div class=\"kc-col-container\"><div class=\"kc-elm kc-css-648416 kc_text_block\"><\/p>\n<p>\n<span style=\"color: #ff6600;\">A vot\u00e9 #9<\/span> des 27 h\u00e9bergements sp\u00e9cialis\u00e9s \u00e0 Val Thorens sur Tripadvisor<\/p>\n<hr \/>\n<p>Le Chalet des Neiges - Plein Sud offre tout le confort souhait\u00e9 aux vacanciers souhaitant profiter des bienfaits de la montagne. Situ\u00e9 \u00e0 moins de 10 minutes du centre de la station et \u00e0 quelques m\u00e8tres des pistes de ski, il offre un cadre authentique et bois\u00e9.<\/p>\n<p>Dans cette r\u00e9sidence authentique, chaque appartement dispose d'un balcon offrant une vue imprenable sur les montagnes enneig\u00e9es. La d\u00e9coration contemporaine apporte chaleur et raffinement \u00e0 l'exp\u00e9rience des voyageurs. Parfaitement adapt\u00e9s aux groupes, ces appartements, d'une superficie allant jusqu'\u00e0 135 m\u00b2, peuvent accueillir de 4 \u00e0 12 personnes dans des conditions id\u00e9ales.<\/p>\n<p>\n<\/div>\n<div class=\"kc-elm kc-css-884560 divider_line\">\n\t<div class=\"divider_inner divider_line1\">\n\t\t\t<\/div>\n<\/div>\n<div class=\"widget master-slider-main-widget kc-elm kc-css-354818\">\n\t\t<!-- MasterSlider -->\n\t\t<div id=\"P_MS69f25ce69dc4a\" class=\"master-slider-parent ms-thumbs-template ms-parent-id-56\" style=\"max-width:800px;\"  >\n\n\t\t\t\n\t\t\t<!-- MasterSlider Main -->\n\t\t\t<div id=\"MS69f25ce69dc4a\" class=\"master-slider ms-skin-default\" >\n\t\t\t\t \t\t\t\t \n\n\t\t\t<div  class=\"ms-slide\" data-delay=\"3\" data-fill-mode=\"fill\"   >\n\t\t\t\t\t<img decoding=\"async\" src=\"https:\/\/www.europeangayskiweek.com\/wp-content\/plugins\/masterslider\/public\/assets\/css\/blank.gif\" alt=\"\" title=\"H2\" data-src=\"https:\/\/cdn.europeangayskiweek.com\/wp\/uploads\/2023\/08\/H2-800x500.jpg\" \/>\n\n\n\t<img decoding=\"async\" class=\"ms-thumb\" src=\"https:\/\/cdn.europeangayskiweek.com\/wp\/uploads\/2023\/08\/H2-127x137.jpg\" alt=\"\" \/>\n\t\t\t\t<\/div>\n\t\t\t<div  class=\"ms-slide\" data-delay=\"3\" data-fill-mode=\"fill\"   >\n\t\t\t\t\t<img decoding=\"async\" src=\"https:\/\/www.europeangayskiweek.com\/wp-content\/plugins\/masterslider\/public\/assets\/css\/blank.gif\" alt=\"\" title=\"H3\" data-src=\"https:\/\/cdn.europeangayskiweek.com\/wp\/uploads\/2023\/08\/H3-800x500.jpg\" \/>\n\n\n\t<img decoding=\"async\" class=\"ms-thumb\" src=\"https:\/\/cdn.europeangayskiweek.com\/wp\/uploads\/2023\/08\/H3-127x137.jpg\" alt=\"\" \/>\n\t\t\t\t<\/div>\n\t\t\t<div  class=\"ms-slide\" data-delay=\"3\" data-fill-mode=\"fill\"   >\n\t\t\t\t\t<img decoding=\"async\" src=\"https:\/\/www.europeangayskiweek.com\/wp-content\/plugins\/masterslider\/public\/assets\/css\/blank.gif\" alt=\"\" title=\"H4\" data-src=\"https:\/\/cdn.europeangayskiweek.com\/wp\/uploads\/2023\/08\/H4-800x500.jpg\" \/>\n\n\n\t<img decoding=\"async\" class=\"ms-thumb\" src=\"https:\/\/cdn.europeangayskiweek.com\/wp\/uploads\/2023\/08\/H4-127x137.jpg\" alt=\"\" \/>\n\t\t\t\t<\/div>\n\t\t\t<div  class=\"ms-slide\" data-delay=\"3\" data-fill-mode=\"fill\"   >\n\t\t\t\t\t<img decoding=\"async\" src=\"https:\/\/www.europeangayskiweek.com\/wp-content\/plugins\/masterslider\/public\/assets\/css\/blank.gif\" alt=\"\" title=\"H5\" data-src=\"https:\/\/cdn.europeangayskiweek.com\/wp\/uploads\/2023\/08\/H5-800x500.jpg\" \/>\n\n\n\t<img decoding=\"async\" class=\"ms-thumb\" src=\"https:\/\/cdn.europeangayskiweek.com\/wp\/uploads\/2023\/08\/H5-127x137.jpg\" alt=\"\" \/>\n\t\t\t\t<\/div>\n\t\t\t<div  class=\"ms-slide\" data-delay=\"3\" data-fill-mode=\"fill\"   >\n\t\t\t\t\t<img decoding=\"async\" src=\"https:\/\/www.europeangayskiweek.com\/wp-content\/plugins\/masterslider\/public\/assets\/css\/blank.gif\" alt=\"\" title=\"H6\" data-src=\"https:\/\/cdn.europeangayskiweek.com\/wp\/uploads\/2023\/08\/H6-800x500.jpg\" \/>\n\n\n\t<img decoding=\"async\" class=\"ms-thumb\" src=\"https:\/\/cdn.europeangayskiweek.com\/wp\/uploads\/2023\/08\/H6-127x137.jpg\" alt=\"\" \/>\n\t\t\t\t<\/div>\n\t\t\t<div  class=\"ms-slide\" data-delay=\"3\" data-fill-mode=\"fill\"   >\n\t\t\t\t\t<img decoding=\"async\" src=\"https:\/\/www.europeangayskiweek.com\/wp-content\/plugins\/masterslider\/public\/assets\/css\/blank.gif\" alt=\"\" title=\"H7\" data-src=\"https:\/\/cdn.europeangayskiweek.com\/wp\/uploads\/2023\/08\/H7-800x500.jpg\" \/>\n\n\n\t<img decoding=\"async\" class=\"ms-thumb\" src=\"https:\/\/cdn.europeangayskiweek.com\/wp\/uploads\/2023\/08\/H7-127x137.jpg\" alt=\"\" \/>\n\t\t\t\t<\/div>\n\t\t\t<div  class=\"ms-slide\" data-delay=\"3\" data-fill-mode=\"fill\"   >\n\t\t\t\t\t<img decoding=\"async\" src=\"https:\/\/www.europeangayskiweek.com\/wp-content\/plugins\/masterslider\/public\/assets\/css\/blank.gif\" alt=\"\" title=\"H8\" data-src=\"https:\/\/cdn.europeangayskiweek.com\/wp\/uploads\/2023\/08\/H8.jpg\" \/>\n\n\n\t<img decoding=\"async\" class=\"ms-thumb\" src=\"https:\/\/cdn.europeangayskiweek.com\/wp\/uploads\/2023\/08\/H8-127x137.jpg\" alt=\"\" \/>\n\t\t\t\t<\/div>\n\t\t\t<div  class=\"ms-slide\" data-delay=\"3\" data-fill-mode=\"fill\"   >\n\t\t\t\t\t<img decoding=\"async\" src=\"https:\/\/www.europeangayskiweek.com\/wp-content\/plugins\/masterslider\/public\/assets\/css\/blank.gif\" alt=\"\" title=\"H9\" data-src=\"https:\/\/cdn.europeangayskiweek.com\/wp\/uploads\/2023\/08\/H9-800x500.jpg\" \/>\n\n\n\t<img decoding=\"async\" class=\"ms-thumb\" src=\"https:\/\/cdn.europeangayskiweek.com\/wp\/uploads\/2023\/08\/H9-127x137.jpg\" alt=\"\" \/>\n\t\t\t\t<\/div>\n\t\t\t<div  class=\"ms-slide\" data-delay=\"3\" data-fill-mode=\"fill\"   >\n\t\t\t\t\t<img decoding=\"async\" src=\"https:\/\/www.europeangayskiweek.com\/wp-content\/plugins\/masterslider\/public\/assets\/css\/blank.gif\" alt=\"\" title=\"H10\" data-src=\"https:\/\/cdn.europeangayskiweek.com\/wp\/uploads\/2023\/08\/H10-800x500.jpg\" \/>\n\n\n\t<img decoding=\"async\" class=\"ms-thumb\" src=\"https:\/\/cdn.europeangayskiweek.com\/wp\/uploads\/2023\/08\/H10-127x137.jpg\" alt=\"\" \/>\n\t\t\t\t<\/div>\n\n\t\t\t<\/div>\n\t\t\t<!-- END MasterSlider Main -->\n\n\t\t\t \n\t\t<\/div>\n\t\t<!-- END MasterSlider -->\n\n\t\t<script>\n\t\t( window.MSReady = window.MSReady || [] ).push( function( $ ) {\n\n\t\t\t\"use strict\";\n\t\t\tvar masterslider_dc4a = new MasterSlider();\n\n\t\t\t\/\/ slider controls\n\t\t\tmasterslider_dc4a.control('arrows'     ,{ autohide:true, overVideo:true  });\n\t\t\tmasterslider_dc4a.control('thumblist'  ,{ autohide:false, overVideo:true, dir:'h', speed:17, inset:false, arrows:false, hover:false, customClass:'', align:'bottom',type:'thumbs', margin:5, width:127, height:137, space:5, fillMode:'fill'  });\n\t\t\tmasterslider_dc4a.control('scrollbar'  ,{ autohide:false, overVideo:true, dir:'h', inset:true, align:'top', color:'#3D3D3D' , margin:10  , width:4 });\n\t\t\t\/\/ slider setup\n\t\t\tmasterslider_dc4a.setup(\"MS69f25ce69dc4a\", {\n\t\t\t\twidth           : 800,\n\t\t\t\theight          : 500,\n\t\t\t\tminHeight       : 0,\n\t\t\t\tspace           : 0,\n\t\t\t\tstart           : 1,\n\t\t\t\tgrabCursor      : true,\n\t\t\t\tswipe           : true,\n\t\t\t\tmouse           : true,\n\t\t\t\tkeyboard        : false,\n\t\t\t\tlayout          : \"boxed\",\n\t\t\t\twheel           : false,\n\t\t\t\tautoplay        : true,\n\t\t\t\tinstantStartLayers:false,\n\t\t\t\tloop            : true,\n\t\t\t\tshuffle         : false,\n\t\t\t\tpreload         : 0,\n\t\t\t\theightLimit     : true,\n\t\t\t\tautoHeight      : false,\n\t\t\t\tsmoothHeight    : true,\n\t\t\t\tendPause        : false,\n\t\t\t\toverPause       : true,\n\t\t\t\tfillMode        : \"fill\",\n\t\t\t\tcenterControls  : true,\n\t\t\t\tstartOnAppear   : false,\n\t\t\t\tlayersMode      : \"center\",\n\t\t\t\tautofillTarget  : \"\",\n\t\t\t\thideLayers      : true,\n\t\t\t\tfullscreenMargin: 0,\n\t\t\t\tspeed           : 20,\n\t\t\t\tdir             : \"h\",\n\t\t\t\tparallaxMode    : 'swipe',\n\t\t\t\tview            : \"basic\"\n\t\t\t});\n\n\t\t\t\n\t\t\twindow.masterslider_instances = window.masterslider_instances || [];\n\t\t\twindow.masterslider_instances.push( masterslider_dc4a );\n\t\t});\n\t\t<\/script>\n\n<\/div>\n<div class=\"kc-elm kc-css-42638 divider_line\">\n\t<div class=\"divider_inner divider_line1\">\n\t\t\t<\/div>\n<\/div>\n<\/div><\/div><div class=\"kc-elm kc-css-916172 kc_col-sm-4 kc_column kc_col-sm-4 accom-sidebar\"><div class=\"kc-col-container\">\n<div class=\"kc-elm kc-css-58925 divider_line\">\n\t<div class=\"divider_inner divider_line2\">\n\t\t<i class=\"sl-home\"><\/i>\t<\/div>\n<\/div>\n<div class=\"kc-elm kc-css-31974 kc_row kc_row_inner\"><div class=\"kc-elm kc-css-456555 kc_col-sm-12 kc_column_inner kc_col-sm-12\"><div class=\"kc_wrapper kc-col-inner-container\"><div class=\"kc-elm kc-css-429605 kc_text_block\"><\/p>\n<h3 style=\"text-align: center;\">Appartements ind\u00e9pendants<\/h3>\n<p>\n<\/div><div class=\"kc-elm kc-css-677706 kc_text_block\"><\/p>\n<h5 style=\"text-align: center;\"><img loading=\"lazy\" decoding=\"async\" class=\"alignnone size-medium\" src=\"https:\/\/cdn.europeangayskiweek.com\/wp\/uploads\/2019\/06\/icons8-star-4-50.png\" alt=\"\" width=\"125\" height=\"25\" \/><\/h5>\n<h5 style=\"text-align: center;\">R\u00e9sidence 4 \u00e9toiles<\/h5>\n<p>\n<\/div><div class=\"kc-elm kc-css-867654\" style=\"height: 20px; clear: both; width:100%;\"><\/div><div class=\"kc-elm kc-css-171006 kc_text_block\"><\/p>\n<h4 style=\"text-align: center;\">Depuis 571,36&nbsp;&euro;\/personne<\/h4>\n<p>\n<\/div><\/div><\/div><\/div>\n<div class=\"kc-elm kc-css-976470 divider_line\">\n\t<div class=\"divider_inner divider_line3\">\n\t\t<span class=\"line_text\">R\u00c9SIDENCES<\/span>\t<\/div>\n<\/div>\n<div class=\"kc-elm kc-css-339317 kc_row kc_row_inner\"><div class=\"kc-elm kc-css-721845 kc_col-sm-6 kc_column_inner kc_col-sm-6\"><div class=\"kc_wrapper kc-col-inner-container\"><div class=\"kc-elm kc-css-739411 kc_box_wrap \"><ul class=\"accom-feature\"><li><img decoding=\"async\" src=\"https:\/\/cdn.europeangayskiweek.com\/wp\/uploads\/2019\/06\/icons8-skiing-filled-50-e1559807697728.png\"\/><\/li><li><p>Skiez \u00e0 l'arriv\u00e9e et au d\u00e9part<\/p><\/li><\/ul><\/div><div class=\"kc-elm kc-css-777722 kc_box_wrap \"><ul class=\"accom-feature\"><li><img decoding=\"async\" src=\"https:\/\/cdn.europeangayskiweek.com\/wp\/uploads\/2019\/06\/icons8-reception-filled-50-e1559807756935.png\"\/><\/li><li><p>R\u00e9ception<\/p><\/li><\/ul><\/div><div class=\"kc-elm kc-css-921156 kc_box_wrap \"><ul class=\"accom-feature\"><li><img decoding=\"async\" src=\"https:\/\/cdn.europeangayskiweek.com\/wp\/uploads\/2019\/06\/icons8-sauna-filled-50-e1559807793954.png\"\/><\/li><li><p>Spa<\/p><\/li><\/ul><\/div><\/div><\/div><div class=\"kc-elm kc-css-686450 kc_col-sm-6 kc_column_inner kc_col-sm-6\"><div class=\"kc_wrapper kc-col-inner-container\"><div class=\"kc-elm kc-css-252175 kc_box_wrap \"><ul class=\"accom-feature\"><li><img decoding=\"async\" src=\"https:\/\/cdn.europeangayskiweek.com\/wp\/uploads\/2019\/06\/icons8-paid-parking-filled-50-e1559807730390.png\"\/><\/li><li><p>Parking souterrain (payant)<\/p><\/li><\/ul><\/div><div class=\"kc-elm kc-css-245123 kc_box_wrap \"><ul class=\"accom-feature\"><li><img decoding=\"async\" src=\"https:\/\/cdn.europeangayskiweek.com\/wp\/uploads\/2019\/06\/icons8-swimming-pool-filled-50-e1559807823327.png\"\/><\/li><li><p>Piscine<\/p><\/li><\/ul><\/div><div class=\"kc-elm kc-css-514231 kc_box_wrap \"><ul class=\"accom-feature\"><li><img decoding=\"async\" src=\"https:\/\/cdn.europeangayskiweek.com\/wp\/uploads\/2019\/06\/icons8-bench-press-filled-50-e1559809769260.png\"\/><\/li><li><p>Aptitude<\/p><\/li><\/ul><\/div><\/div><\/div><\/div>\n<div class=\"kc-elm kc-css-806621 divider_line\">\n\t<div class=\"divider_inner divider_line3\">\n\t\t<span class=\"line_text\">INSTALLATIONS DES APPARTEMENTS<\/span>\t<\/div>\n<\/div>\n<div class=\"kc-elm kc-css-132851 kc_row kc_row_inner\"><div class=\"kc-elm kc-css-235971 kc_col-sm-6 kc_column_inner kc_col-sm-6\"><div class=\"kc_wrapper kc-col-inner-container\"><div class=\"kc-elm kc-css-301174 kc_box_wrap \"><ul class=\"accom-feature\"><li><img decoding=\"async\" src=\"https:\/\/cdn.europeangayskiweek.com\/wp\/uploads\/2019\/06\/icons8-living-room-filled-50-1-e1559808239767.png\"\/><\/li><li><p>Salon<\/p><\/li><\/ul><\/div><div class=\"kc-elm kc-css-598720 kc_box_wrap \"><ul class=\"accom-feature\"><li><img decoding=\"async\" src=\"https:\/\/cdn.europeangayskiweek.com\/wp\/uploads\/2019\/06\/icons8-cooker-filled-50-1-e1559808293514.png\"\/><\/li><li><p>Cuisine enti\u00e8rement \u00e9quip\u00e9e<\/p><\/li><\/ul><\/div><div class=\"kc-elm kc-css-849289 kc_box_wrap \"><ul class=\"accom-feature\"><li><img decoding=\"async\" src=\"https:\/\/cdn.europeangayskiweek.com\/wp\/uploads\/2019\/06\/icons8-bathtub-filled-50-1-e1559808317958.png\"\/><\/li><li><p>Salle de bain avec baignoire<\/p><\/li><\/ul><\/div><\/div><\/div><div class=\"kc-elm kc-css-485539 kc_col-sm-6 kc_column_inner kc_col-sm-6\"><div class=\"kc_wrapper kc-col-inner-container\"><div class=\"kc-elm kc-css-789245 kc_box_wrap \"><ul class=\"accom-feature\"><li><img decoding=\"async\" src=\"https:\/\/cdn.europeangayskiweek.com\/wp\/uploads\/2019\/06\/icons8-restaurant-table-filled-50-e1559807985621.png\"\/><\/li><li><p>Coin repas<\/p><\/li><\/ul><\/div><div class=\"kc-elm kc-css-806090 kc_box_wrap \"><ul class=\"accom-feature\"><li><img decoding=\"async\" src=\"https:\/\/cdn.europeangayskiweek.com\/wp\/uploads\/2019\/06\/icons8-coffee-maker-filled-50-e1559808018608.png\"\/><\/li><li><p>Cafeti\u00e8re et Bouilloire<\/p><\/li><\/ul><\/div><div class=\"kc-elm kc-css-935474 kc_box_wrap \"><ul class=\"accom-feature\"><li><img decoding=\"async\" src=\"https:\/\/cdn.europeangayskiweek.com\/wp\/uploads\/2019\/06\/icons8-wi-fi-logo-filled-50-e1559807848988.png\"\/><\/li><li><p>Internet Wi-Fi gratuit<\/p><\/li><\/ul><\/div><div class=\"kc-elm kc-css-619917 kc_box_wrap \"><ul class=\"accom-feature\"><li><img decoding=\"async\" src=\"https:\/\/cdn.europeangayskiweek.com\/wp\/uploads\/2019\/06\/icons8-hair-dryer-filled-50-e1559808042316.png\"\/><\/li><li><p>S\u00e8che-cheveux<\/p><\/li><\/ul><\/div><\/div><\/div><\/div>\n<div class=\"kc-elm kc-css-856088 divider_line\">\n\t<div class=\"divider_inner divider_line1\">\n\t\t\t<\/div>\n<\/div>\n<\/div><\/div><\/div><\/div><\/section><section id=\"rooms\" class=\"kc-elm kc-css-603254 kc_row\"><div class=\"kc-row-container  kc-container\"><div class=\"kc-wrap-columns\"><div class=\"kc-elm kc-css-832034 kc_col-sm-12 kc_column kc_col-sm-12\"><div class=\"kc-col-container\"><div data-allowopenall=\"true\" class=\"kc-elm kc-css-207641 kc_accordion_wrapper\">\n<div class=\"kc-elm kc-css-459902 kc_accordion_section group accom-accordion\"><h3 class=\"kc_accordion_header ui-accordion-header\"><span class=\"ui-accordion-header-icon ui-icon\"><\/span><a href=\"#appartement-2-chambres-2949-e-2-a-4-personnes-environ-48-m%c2%b2\" data-prevent=\"scroll\"><i class=\"sl-home\"><\/i> Appartement 2 chambres 2949 \u20ac : 2 \u00e0 4 personnes, environ 48 m\u00b2<\/a><\/h3><div class=\"kc_accordion_content ui-accordion-content kc_clearfix\"><div class=\"kc-panel-body\"><div class=\"kc-elm kc-css-940575 kc_row kc_row_inner\"><div class=\"kc-elm kc-css-763786 kc_col-sm-6 kc_column_inner kc_col-sm-6\"><div class=\"kc_wrapper kc-col-inner-container\"><div class=\"kc-elm kc-css-429501 kc_text_block\"><\/p>\n<h5>Appartement ind\u00e9pendant<\/h5>\n<h6>Capacit\u00e9\u00a0: 4 personnes<br \/>\nEnviron 48\u00a0m\u00b2<\/h6>\n<p>\n<\/div><\/div><\/div><div class=\"kc-elm kc-css-412597 kc_col-sm-6 kc_column_inner kc_col-sm-6\"><div class=\"kc_wrapper kc-col-inner-container\">\n<div class=\"kc-elm kc-css-353464 kc-pro-button kc-button-main\">\n\t<a href=\"https:\/\/www.europeangayskiweek.com\/quotes-book-now-2-2\/\" target=\"_blank\">\n\t\t<span class=\"creative_title\">R\u00e9servez maintenant<\/span>\t<\/a>\n<\/div>\n<\/div><\/div><\/div><div class=\"kc-elm kc-css-801432 kc_row kc_row_inner\"><div class=\"kc-elm kc-css-966121 kc_col-of-5 kc_column_inner kc_col-of-5\"><div class=\"kc_wrapper kc-col-inner-container\"><div class=\"kc-elm kc-css-901211 kc_shortcode kc_single_image\">\n\n        <img decoding=\"async\" src=\"https:\/\/cdn.europeangayskiweek.com\/wp\/uploads\/2023\/08\/1-vt-bvtp-apt-68_dupl-salon-723-hiv-2013-3715-200x200.jpg\" class=\"\" alt=\"\" \/>    <\/div>\n<\/div><\/div><div class=\"kc-elm kc-css-102241 kc_col-sm-5 kc_column_inner kc_col-sm-5\"><div class=\"kc_wrapper kc-col-inner-container\"><div class=\"kc-elm kc-css-509205 kc_box_wrap \"><ul class=\"accom-feature\"><li><img decoding=\"async\" src=\"https:\/\/cdn.europeangayskiweek.com\/wp\/uploads\/2019\/06\/icons8-bathtub-filled-50-e1559802124795.png\"\/><\/li><li><p>1 salle de bain, 1 salle de douche et 1 WC s\u00e9par\u00e9 (non disponible dans les appartements accessibles)<\/p><\/li><\/ul><\/div><div class=\"kc-elm kc-css-644186 kc_box_wrap \"><ul class=\"accom-feature\"><li><img decoding=\"async\" src=\"https:\/\/cdn.europeangayskiweek.com\/wp\/uploads\/2019\/06\/icons8-living-room-filled-50-e1559802692509.png\"\/><\/li><li><p>Un salon<br>(pas de couchage dans le salon)<\/p><\/li><\/ul><\/div><div class=\"kc-elm kc-css-404162 kc_box_wrap \"><ul class=\"accom-feature\"><li><img decoding=\"async\" src=\"https:\/\/cdn.europeangayskiweek.com\/wp\/uploads\/2019\/06\/icons8-bed-filled-50-e1559802774153.png\"\/><\/li><li><p>Chambre 1&nbsp;: 1 lit double et salle de bain attenante<br>Chambre 2&nbsp;: 2 lits simples.<\/p><\/li><\/ul><\/div><div class=\"kc-elm kc-css-605841 kc_box_wrap \"><ul class=\"accom-feature\"><li><img decoding=\"async\" src=\"https:\/\/cdn.europeangayskiweek.com\/wp\/uploads\/2019\/06\/icons8-cooker-filled-50-e1559802811894.png\"\/><\/li><li><ul><li>Cuisine enti\u00e8rement \u00e9quip\u00e9e<\/li><\/ul><\/li><\/ul><\/div><\/div><\/div><div class=\"kc-elm kc-css-382818 kc_col-sm-5 kc_column_inner kc_col-sm-5\"><div class=\"kc_wrapper kc-col-inner-container\"><div class=\"kc-elm kc-css-707234 kc_text_block accom-price-table\">          \n<\/p>\n<table>\n<thead>\n<tr>\n<td>\n<h5>Occupancy 2<\/h5>\n<\/td>\n<td>\n<h5>PRIX PAR PERSONNE<\/h5>\n<\/td>\n<\/tr>\n<\/thead>\n<tbody>\n<tr>\n<td>\n<h5>En Occupation Simple<\/h5>\n<\/td>\n<td>\n<h6>2&nbsp;949&nbsp;&euro;<\/h6>\n<\/td>\n<\/tr>\n<tr>\n<td>\n<h5>En Partage \u00e0 2<\/h5>\n<\/td>\n<td>\n<h6>1&nbsp;474,50&nbsp;&euro;<\/h6>\n<\/td>\n<\/tr>\n<tr>\n<td>\n<h5>En Partage \u00e0 3<\/h5>\n<\/td>\n<td>\n<h6>983&nbsp;&euro;<\/h6>\n<\/td>\n<\/tr>\n<tr>\n<td>\n<h5>En Partage \u00e0 4<\/h5>\n<\/td>\n<td>\n<h6>737,25&nbsp;&euro;<\/h6>\n<\/td>\n<\/tr>\n<tr>\n<td colspan=\"2\"><em><small>Les prix sont par personne et incluent l\u2019h\u00e9bergement seul 7 nuits. Les prix n\u2019incluent aucune autre option.<\/small><\/em><\/td>\n<\/tr>\n<\/tbody>\n<\/table>\n<div style=\"display:none;\" data-allocation_class=\"egswredclass\" data-allocation_text=\"EPUIS\u00c9\" class=\"allocation-text\">EPUIS\u00c9<\/div>\n<p><script>jQuery(document).ready(function() {jQuery(\".allocation-text\").each(function() {var allocationText = jQuery(this).text();var accheader = jQuery(this).closest(\".kc_accordion_section\").find(\".kc_accordion_header a\");if (!accheader.hasClass(\"appended\")) {accheader.append(\" - \" + allocationText);accheader.addClass(\"appended\"); var allocationclass= jQuery(this).data(\"allocation_class\");accheader.addClass(allocationclass);}});});<\/script>   <\/p>\n<style>    h3.kc_accordion_header.ui-accordion-header a.egswgrayclass {        background-color: #D7D7D7;     }     h3.kc_accordion_header.ui-accordion-header a.egsworangeclass {         background-color: #cf5e25;     }     h3.kc_accordion_header.ui-accordion-header a.egswredclass {         background-color: #c73131;     }<\/style>\n<p>\n<\/div><div class=\"kc-elm kc-css-402183\" style=\"height: 20px; clear: both; width:100%;\"><\/div><\/div><\/div><\/div><\/div><\/div><\/div><div class=\"kc-elm kc-css-632249 kc_accordion_section group accom-accordion\"><h3 class=\"kc_accordion_header ui-accordion-header\"><span class=\"ui-accordion-header-icon ui-icon\"><\/span><a href=\"#appartement-3-chambres-4139-e-3-6-personnes-environ-75-m%c2%b2\" data-prevent=\"scroll\"><i class=\"sl-home\"><\/i> Appartement 3 chambres 4139 \u20ac : 3-6 personnes, environ 75 m\u00b2<\/a><\/h3><div class=\"kc_accordion_content ui-accordion-content kc_clearfix\"><div class=\"kc-panel-body\"><div class=\"kc-elm kc-css-58135 kc_row kc_row_inner\"><div class=\"kc-elm kc-css-684234 kc_col-sm-6 kc_column_inner kc_col-sm-6\"><div class=\"kc_wrapper kc-col-inner-container\"><div class=\"kc-elm kc-css-852512 kc_text_block\"><\/p>\n<h5>Appartement ind\u00e9pendant<\/h5>\n<h6>Capacit\u00e9\u00a0: 6 personnes<br \/>\nEnviron 75\u00a0m\u00b2<\/h6>\n<p>\n<\/div><\/div><\/div><div class=\"kc-elm kc-css-148696 kc_col-sm-6 kc_column_inner kc_col-sm-6\"><div class=\"kc_wrapper kc-col-inner-container\">\n<div class=\"kc-elm kc-css-157530 kc-pro-button kc-button-main\">\n\t<a href=\"https:\/\/www.europeangayskiweek.com\/quotes-book-now-2-2\/\" target=\"_blank\">\n\t\t<span class=\"creative_title\">R\u00e9servez maintenant<\/span>\t<\/a>\n<\/div>\n<\/div><\/div><\/div><div class=\"kc-elm kc-css-758007 kc_row kc_row_inner\"><div class=\"kc-elm kc-css-281385 kc_col-of-5 kc_column_inner kc_col-of-5\"><div class=\"kc_wrapper kc-col-inner-container\"><div class=\"kc-elm kc-css-614990 kc_shortcode kc_single_image\">\n\n        <img decoding=\"async\" src=\"https:\/\/cdn.europeangayskiweek.com\/wp\/uploads\/2023\/08\/1-platinium-types-appartement-6-8prest-sejour-200x200.jpg\" class=\"\" alt=\"\" \/>    <\/div>\n<\/div><\/div><div class=\"kc-elm kc-css-887138 kc_col-sm-5 kc_column_inner kc_col-sm-5\"><div class=\"kc_wrapper kc-col-inner-container\"><div class=\"kc-elm kc-css-638147 kc_box_wrap \"><ul class=\"accom-feature\"><li><img decoding=\"async\" src=\"https:\/\/cdn.europeangayskiweek.com\/wp\/uploads\/2019\/06\/icons8-bathtub-filled-50-e1559802124795.png\"\/><\/li><li><ul><li>Deux salles d'eau<\/li><li>Une salle de bain<\/li><li>Deux toilettes s\u00e9par\u00e9es<\/li><\/ul><\/li><\/ul><\/div><div class=\"kc-elm kc-css-245435 kc_box_wrap \"><ul class=\"accom-feature\"><li><img decoding=\"async\" src=\"https:\/\/cdn.europeangayskiweek.com\/wp\/uploads\/2019\/06\/icons8-living-room-filled-50-e1559802692509.png\"\/><\/li><li><p>Un salon avec chemin\u00e9e<\/p><\/li><\/ul><\/div><div class=\"kc-elm kc-css-819982 kc_box_wrap \"><ul class=\"accom-feature\"><li><img decoding=\"async\" src=\"https:\/\/cdn.europeangayskiweek.com\/wp\/uploads\/2019\/06\/icons8-bed-filled-50-e1559802774153.png\"\/><\/li><li><p>Chambre 1&nbsp;: 1 lit double<br>Chambre 2&nbsp;: 2 lits simples ou 1 lit double<br>Chambre 3&nbsp;: 2 lits simples ou 1 lit double<\/p><\/li><\/ul><\/div><div class=\"kc-elm kc-css-112998 kc_box_wrap \"><ul class=\"accom-feature\"><li><img decoding=\"async\" src=\"https:\/\/cdn.europeangayskiweek.com\/wp\/uploads\/2019\/06\/icons8-cooker-filled-50-e1559802811894.png\"\/><\/li><li><p>Cuisine \u00e9quip\u00e9e<\/p><\/li><\/ul><\/div><\/div><\/div><div class=\"kc-elm kc-css-660405 kc_col-sm-5 kc_column_inner kc_col-sm-5\"><div class=\"kc_wrapper kc-col-inner-container\"><div class=\"kc-elm kc-css-462893 kc_text_block accom-price-table\">          \n<\/p>\n<table>\n<thead>\n<tr>\n<td>\n<h5>Occupancy 2<\/h5>\n<\/td>\n<td>\n<h5>PRIX PAR PERSONNE<\/h5>\n<\/td>\n<\/tr>\n<\/thead>\n<tbody>\n<tr>\n<td>\n<h5>En Occupation Simple<\/h5>\n<\/td>\n<td>\n<h6>4&nbsp;139&nbsp;&euro;<\/h6>\n<\/td>\n<\/tr>\n<tr>\n<td>\n<h5>En Partage \u00e0 2<\/h5>\n<\/td>\n<td>\n<h6>2&nbsp;069,50&nbsp;&euro;<\/h6>\n<\/td>\n<\/tr>\n<tr>\n<td>\n<h5>En Partage \u00e0 3<\/h5>\n<\/td>\n<td>\n<h6>1&nbsp;379,67&nbsp;&euro;<\/h6>\n<\/td>\n<\/tr>\n<tr>\n<td>\n<h5>En Partage \u00e0 4<\/h5>\n<\/td>\n<td>\n<h6>1&nbsp;034,75&nbsp;&euro;<\/h6>\n<\/td>\n<\/tr>\n<tr>\n<td>\n<h5>En Partage \u00e0 5<\/h5>\n<\/td>\n<td>\n<h6>827,80&nbsp;&euro;<\/h6>\n<\/td>\n<\/tr>\n<tr>\n<td>\n<h5>En Partage \u00e0 6<\/h5>\n<\/td>\n<td>\n<h6>689,83&nbsp;&euro;<\/h6>\n<\/td>\n<\/tr>\n<tr>\n<td colspan=\"2\"><em><small>Les prix sont par personne et incluent l\u2019h\u00e9bergement seul 7 nuits. Les prix n\u2019incluent aucune autre option.<\/small><\/em><\/td>\n<\/tr>\n<\/tbody>\n<\/table>\n<div style=\"display:none;\" data-allocation_class=\"egswredclass\" data-allocation_text=\"EPUIS\u00c9\" class=\"allocation-text\">EPUIS\u00c9<\/div>\n<p><script>jQuery(document).ready(function() {jQuery(\".allocation-text\").each(function() {var allocationText = jQuery(this).text();var accheader = jQuery(this).closest(\".kc_accordion_section\").find(\".kc_accordion_header a\");if (!accheader.hasClass(\"appended\")) {accheader.append(\" - \" + allocationText);accheader.addClass(\"appended\"); var allocationclass= jQuery(this).data(\"allocation_class\");accheader.addClass(allocationclass);}});});<\/script>   <\/p>\n<style>    h3.kc_accordion_header.ui-accordion-header a.egswgrayclass {        background-color: #D7D7D7;     }     h3.kc_accordion_header.ui-accordion-header a.egsworangeclass {         background-color: #cf5e25;     }     h3.kc_accordion_header.ui-accordion-header a.egswredclass {         background-color: #c73131;     }<\/style>\n<p>\n<\/div><div class=\"kc-elm kc-css-831628\" style=\"height: 20px; clear: both; width:100%;\"><\/div><\/div><\/div><\/div><\/div><\/div><\/div><div class=\"kc-elm kc-css-254691 kc_accordion_section group accom-accordion\"><h3 class=\"kc_accordion_header ui-accordion-header\"><span class=\"ui-accordion-header-icon ui-icon\"><\/span><a href=\"#appartement-4-chambres-4999-e-4-8-personnes-environ-95-m%c2%b2\" data-prevent=\"scroll\"><i class=\"sl-home\"><\/i> Appartement 4 chambres 4999 \u20ac 4-8 personnes, environ 95 m\u00b2<\/a><\/h3><div class=\"kc_accordion_content ui-accordion-content kc_clearfix\"><div class=\"kc-panel-body\"><div class=\"kc-elm kc-css-210176 kc_row kc_row_inner\"><div class=\"kc-elm kc-css-660317 kc_col-sm-6 kc_column_inner kc_col-sm-6\"><div class=\"kc_wrapper kc-col-inner-container\"><div class=\"kc-elm kc-css-408249 kc_text_block\"><\/p>\n<h5>Appartement ind\u00e9pendant<\/h5>\n<h6>Capacit\u00e9\u00a0: 8 personnes<br \/>\nEnviron 95\u00a0m\u00b2<\/h6>\n<p>\n<\/div><\/div><\/div><div class=\"kc-elm kc-css-534456 kc_col-sm-6 kc_column_inner kc_col-sm-6\"><div class=\"kc_wrapper kc-col-inner-container\">\n<div class=\"kc-elm kc-css-740437 kc-pro-button kc-button-main\">\n\t<a href=\"https:\/\/www.europeangayskiweek.com\/quotes-book-now-2-2\/\" target=\"_blank\">\n\t\t<span class=\"creative_title\">R\u00e9servez maintenant<\/span>\t<\/a>\n<\/div>\n<\/div><\/div><\/div><div class=\"kc-elm kc-css-995418 kc_row kc_row_inner\"><div class=\"kc-elm kc-css-122954 kc_col-of-5 kc_column_inner kc_col-of-5\"><div class=\"kc_wrapper kc-col-inner-container\"><div class=\"kc-elm kc-css-109697 kc_shortcode kc_single_image\">\n\n        <img decoding=\"async\" src=\"https:\/\/cdn.europeangayskiweek.com\/wp\/uploads\/2023\/08\/1-platinium-types-appartement-6-8prest-sejour-200x200.jpg\" class=\"\" alt=\"\" \/>    <\/div>\n<\/div><\/div><div class=\"kc-elm kc-css-98501 kc_col-sm-5 kc_column_inner kc_col-sm-5\"><div class=\"kc_wrapper kc-col-inner-container\"><div class=\"kc-elm kc-css-821293 kc_box_wrap \"><ul class=\"accom-feature\"><li><img decoding=\"async\" src=\"https:\/\/cdn.europeangayskiweek.com\/wp\/uploads\/2019\/06\/icons8-bathtub-filled-50-e1559802124795.png\"\/><\/li><li><ul><li>Quatre salles de bains\/douche<\/li><li>Deux toilettes dont au moins une s\u00e9par\u00e9e.<\/li><\/ul><\/li><\/ul><\/div><div class=\"kc-elm kc-css-523007 kc_box_wrap \"><ul class=\"accom-feature\"><li><img decoding=\"async\" src=\"https:\/\/cdn.europeangayskiweek.com\/wp\/uploads\/2019\/06\/icons8-living-room-filled-50-e1559802692509.png\"\/><\/li><li><p>Un salon avec chemin\u00e9e<\/p><\/li><\/ul><\/div><div class=\"kc-elm kc-css-969260 kc_box_wrap \"><ul class=\"accom-feature\"><li><img decoding=\"async\" src=\"https:\/\/cdn.europeangayskiweek.com\/wp\/uploads\/2019\/06\/icons8-bed-filled-50-e1559802774153.png\"\/><\/li><li><p>1 chambre avec 1 lit double et 3 chambres avec 2 lits simples.<\/p><\/li><\/ul><\/div><div class=\"kc-elm kc-css-17004 kc_box_wrap \"><ul class=\"accom-feature\"><li><img decoding=\"async\" src=\"https:\/\/cdn.europeangayskiweek.com\/wp\/uploads\/2019\/06\/icons8-cooker-filled-50-e1559802811894.png\"\/><\/li><li><p>Cuisine \u00e9quip\u00e9e<\/p><\/li><\/ul><\/div><\/div><\/div><div class=\"kc-elm kc-css-79207 kc_col-sm-5 kc_column_inner kc_col-sm-5\"><div class=\"kc_wrapper kc-col-inner-container\"><div class=\"kc-elm kc-css-789403 kc_text_block accom-price-table\">          \n<\/p>\n<table>\n<thead>\n<tr>\n<td>\n<h5>Occupancy 2<\/h5>\n<\/td>\n<td>\n<h5>PRIX PAR PERSONNE<\/h5>\n<\/td>\n<\/tr>\n<\/thead>\n<tbody>\n<tr>\n<td>\n<h5>En Occupation Simple<\/h5>\n<\/td>\n<td>\n<h6>4&nbsp;999&nbsp;&euro;<\/h6>\n<\/td>\n<\/tr>\n<tr>\n<td>\n<h5>En Personne \u00e0 2<\/h5>\n<\/td>\n<td>\n<h6>2&nbsp;499,50&nbsp;&euro;<\/h6>\n<\/td>\n<\/tr>\n<tr>\n<td>\n<h5>En Partage \u00e0 3<\/h5>\n<\/td>\n<td>\n<h6>1&nbsp;666,33&nbsp;&euro;<\/h6>\n<\/td>\n<\/tr>\n<tr>\n<td>\n<h5>En Partage \u00e0 4<\/h5>\n<\/td>\n<td>\n<h6>1&nbsp;249,75&nbsp;&euro;<\/h6>\n<\/td>\n<\/tr>\n<tr>\n<td>\n<h5>En Partage \u00e0 5<\/h5>\n<\/td>\n<td>\n<h6>999,80&nbsp;&euro;<\/h6>\n<\/td>\n<\/tr>\n<tr>\n<td>\n<h5>En Partage \u00e0 6<\/h5>\n<\/td>\n<td>\n<h6>833,17&nbsp;&euro;<\/h6>\n<\/td>\n<\/tr>\n<tr>\n<td>\n<h5>En Partage \u00e0 7<\/h5>\n<\/td>\n<td>\n<h6>714,14&nbsp;&euro;<\/h6>\n<\/td>\n<\/tr>\n<tr>\n<td>\n<h5>En Partage \u00e0 8<\/h5>\n<\/td>\n<td>\n<h6>624,88&nbsp;&euro;<\/h6>\n<\/td>\n<\/tr>\n<tr>\n<td colspan=\"2\"><em><small>Les prix sont par personne et incluent l\u2019h\u00e9bergement seul 7 nuits. Les prix n\u2019incluent aucune autre option.<\/small><\/em><\/td>\n<\/tr>\n<\/tbody>\n<\/table>\n<div style=\"display:none;\" data-allocation_class=\"egswredclass\" data-allocation_text=\"EPUIS\u00c9\" class=\"allocation-text\">EPUIS\u00c9<\/div>\n<p><script>jQuery(document).ready(function() {jQuery(\".allocation-text\").each(function() {var allocationText = jQuery(this).text();var accheader = jQuery(this).closest(\".kc_accordion_section\").find(\".kc_accordion_header a\");if (!accheader.hasClass(\"appended\")) {accheader.append(\" - \" + allocationText);accheader.addClass(\"appended\"); var allocationclass= jQuery(this).data(\"allocation_class\");accheader.addClass(allocationclass);}});});<\/script>   <\/p>\n<style>    h3.kc_accordion_header.ui-accordion-header a.egswgrayclass {        background-color: #D7D7D7;     }     h3.kc_accordion_header.ui-accordion-header a.egsworangeclass {         background-color: #cf5e25;     }     h3.kc_accordion_header.ui-accordion-header a.egswredclass {         background-color: #c73131;     }<\/style>\n<p>\n<\/div><div class=\"kc-elm kc-css-229877\" style=\"height: 20px; clear: both; width:100%;\"><\/div><\/div><\/div><\/div><\/div><\/div><\/div><div class=\"kc-elm kc-css-749019 kc_accordion_section group accom-accordion\"><h3 class=\"kc_accordion_header ui-accordion-header\"><span class=\"ui-accordion-header-icon ui-icon\"><\/span><a href=\"#appartement-6-chambres-6999-e-6-12-personnes-environ-150-m%c2%b2\" data-prevent=\"scroll\"><i class=\"sl-home\"><\/i> Appartement 6 chambres 6999 \u20ac : 6-12 personnes, environ 150 m\u00b2<\/a><\/h3><div class=\"kc_accordion_content ui-accordion-content kc_clearfix\"><div class=\"kc-panel-body\"><div class=\"kc-elm kc-css-923322 kc_row kc_row_inner\"><div class=\"kc-elm kc-css-899711 kc_col-sm-6 kc_column_inner kc_col-sm-6\"><div class=\"kc_wrapper kc-col-inner-container\"><div class=\"kc-elm kc-css-286796 kc_text_block\"><\/p>\n<h5>Appartement ind\u00e9pendant<\/h5>\n<h6>Capacit\u00e9\u00a0: 12 personnes<br \/>\nEnviron 150\u00a0m\u00b2<\/h6>\n<p>\n<\/div><\/div><\/div><div class=\"kc-elm kc-css-811420 kc_col-sm-6 kc_column_inner kc_col-sm-6\"><div class=\"kc_wrapper kc-col-inner-container\">\n<div class=\"kc-elm kc-css-748403 kc-pro-button kc-button-main\">\n\t<a href=\"https:\/\/www.europeangayskiweek.com\/quotes-book-now-2-2\/\" target=\"_blank\">\n\t\t<span class=\"creative_title\">R\u00e9servez maintenant<\/span>\t<\/a>\n<\/div>\n<\/div><\/div><\/div><div class=\"kc-elm kc-css-231798 kc_row kc_row_inner\"><div class=\"kc-elm kc-css-666605 kc_col-of-5 kc_column_inner kc_col-of-5\"><div class=\"kc_wrapper kc-col-inner-container\"><div class=\"kc-elm kc-css-336624 kc_shortcode kc_single_image\">\n\n        <img decoding=\"async\" src=\"https:\/\/cdn.europeangayskiweek.com\/wp\/uploads\/2023\/08\/1-platinium-types-appartement-10-12pers-cuisine-1-200x200.jpg\" class=\"\" alt=\"\" \/>    <\/div>\n<\/div><\/div><div class=\"kc-elm kc-css-813779 kc_col-sm-5 kc_column_inner kc_col-sm-5\"><div class=\"kc_wrapper kc-col-inner-container\"><div class=\"kc-elm kc-css-450867 kc_box_wrap \"><ul class=\"accom-feature\"><li><img decoding=\"async\" src=\"https:\/\/cdn.europeangayskiweek.com\/wp\/uploads\/2019\/06\/icons8-living-room-filled-50-e1559802692509.png\"\/><\/li><li><p>Salon avec chemin\u00e9e, dining area and t\u00e9l\u00e9vision<\/p><p>Plusieurs balcons expos\u00e9s plein Sud<br><\/p><\/li><\/ul><\/div><div class=\"kc-elm kc-css-247577 kc_box_wrap \"><ul class=\"accom-feature\"><li><img decoding=\"async\" src=\"https:\/\/cdn.europeangayskiweek.com\/wp\/uploads\/2019\/06\/icons8-bed-filled-50-e1559802774153.png\"\/><\/li><li><p>Dispositions pour dormir<br><\/p><\/li><\/ul><\/div><div class=\"kc-elm kc-css-819406 kc_box_wrap \"><ul class=\"accom-feature\"><li><\/li><li><p><strong>Chambre 1:<\/strong> 1 lit double<br><\/p><p><strong>Chambre 2:<\/strong> 2 lits simples<\/p><p><strong>Chambre 3:<\/strong> 2 lits simples<\/p><p><strong>Chambre 4:<\/strong> 2 lits simples<\/p><p><strong>Chambre 5:<\/strong> 2 lits simples<\/p><p><strong>Chambre 6:<\/strong> 2 lits simples<\/p><\/li><\/ul><\/div><div class=\"kc-elm kc-css-152314 kc_box_wrap \"><ul class=\"accom-feature\"><li><img decoding=\"async\" src=\"https:\/\/cdn.europeangayskiweek.com\/wp\/uploads\/2019\/06\/icons8-bathtub-filled-50-e1559802124795.png\"\/><\/li><li><p>6 salles de douch\/bains<br><\/p><p>2 <strong>ou<\/strong> 3 toilettes (dont deux s\u00e9par\u00e9s minimum)<\/p><\/li><\/ul><\/div><div class=\"kc-elm kc-css-313415 kc_box_wrap \"><ul class=\"accom-feature\"><li><img decoding=\"async\" src=\"https:\/\/cdn.europeangayskiweek.com\/wp\/uploads\/2019\/06\/icons8-cooker-filled-50-e1559802811894.png\"\/><\/li><li><p>Cuisine \u00e9quip\u00e9e<br><\/p><\/li><\/ul><\/div><div class=\"kc-elm kc-css-963881 kc_box_wrap \"><ul class=\"accom-feature\"><li><\/li><li><ul><li>Four \u00e9lectrique<br><\/li><li>Micro-ondes<br><\/li><li>Lave-vaisselle<\/li><li>Plaques de cuisson vitroc\u00e9ramiques<br><\/li><li>R\u00e9frig\u00e9rateur \/ Comg\u00e9lateur<br><\/li><li>Cafeti\u00e8re \u00e9lectrique \u00e0 filtre<br><\/li><li>Bouilloire<\/li><li>Grille-pain<br><\/li><\/ul><\/li><\/ul><\/div><\/div><\/div><div class=\"kc-elm kc-css-702085 kc_col-sm-5 kc_column_inner kc_col-sm-5\"><div class=\"kc_wrapper kc-col-inner-container\"><div class=\"kc-elm kc-css-736300 kc_text_block accom-price-table\">          \n<\/p>\n<table>\n<thead>\n<tr>\n<td>\n<h5>Occupancy 2<\/h5>\n<\/td>\n<td>\n<h5>PRIX PAR PERSONNE<\/h5>\n<\/td>\n<\/tr>\n<\/thead>\n<tbody>\n<tr>\n<td>\n<h5>En Occupation Simple<\/h5>\n<\/td>\n<td>\n<h6>6&nbsp;999&nbsp;&euro;<\/h6>\n<\/td>\n<\/tr>\n<tr>\n<td>\n<h5>En Partage \u00e0 2<\/h5>\n<\/td>\n<td>\n<h6>3&nbsp;499,50&nbsp;&euro;<\/h6>\n<\/td>\n<\/tr>\n<tr>\n<td>\n<h5>En Partage \u00e0 3<\/h5>\n<\/td>\n<td>\n<h6>2&nbsp;333&nbsp;&euro;<\/h6>\n<\/td>\n<\/tr>\n<tr>\n<td>\n<h5>En Partage \u00e0 4<\/h5>\n<\/td>\n<td>\n<h6>1&nbsp;749,75&nbsp;&euro;<\/h6>\n<\/td>\n<\/tr>\n<tr>\n<td>\n<h5>En Partage \u00e0 5<\/h5>\n<\/td>\n<td>\n<h6>1&nbsp;399,80&nbsp;&euro;<\/h6>\n<\/td>\n<\/tr>\n<tr>\n<td>\n<h5>En Partage \u00e0 6<\/h5>\n<\/td>\n<td>\n<h6>1&nbsp;166,50&nbsp;&euro;<\/h6>\n<\/td>\n<\/tr>\n<tr>\n<td>\n<h5>En Partage \u00e0 7<\/h5>\n<\/td>\n<td>\n<h6>999,86&nbsp;&euro;<\/h6>\n<\/td>\n<\/tr>\n<tr>\n<td>\n<h5>En Partage \u00e0 8<\/h5>\n<\/td>\n<td>\n<h6>874,88&nbsp;&euro;<\/h6>\n<\/td>\n<\/tr>\n<tr>\n<td>\n<h5>En Partage \u00e0 9<\/h5>\n<\/td>\n<td>\n<h6>777,67&nbsp;&euro;<\/h6>\n<\/td>\n<\/tr>\n<tr>\n<td>\n<h5>En Partage \u00e0 10<\/h5>\n<\/td>\n<td>\n<h6>699,90&nbsp;&euro;<\/h6>\n<\/td>\n<\/tr>\n<tr>\n<td>\n<h5>En Partage \u00e0 11<\/h5>\n<\/td>\n<td>\n<h6>636,27&nbsp;&euro;<\/h6>\n<\/td>\n<\/tr>\n<tr>\n<td>\n<h5>En Partage \u00e0 12<\/h5>\n<\/td>\n<td>\n<h6>583,25&nbsp;&euro;<\/h6>\n<\/td>\n<\/tr>\n<tr>\n<td colspan=\"2\"><em><small>Les prix sont par personne et incluent l\u2019h\u00e9bergement seul 7 nuits. Les prix n\u2019incluent aucune autre option.<\/small><\/em><\/td>\n<\/tr>\n<\/tbody>\n<\/table>\n<div style=\"display:none;\" data-allocation_class=\"egswredclass\" data-allocation_text=\"EPUIS\u00c9\" class=\"allocation-text\">EPUIS\u00c9<\/div>\n<p><script>jQuery(document).ready(function() {jQuery(\".allocation-text\").each(function() {var allocationText = jQuery(this).text();var accheader = jQuery(this).closest(\".kc_accordion_section\").find(\".kc_accordion_header a\");if (!accheader.hasClass(\"appended\")) {accheader.append(\" - \" + allocationText);accheader.addClass(\"appended\"); var allocationclass= jQuery(this).data(\"allocation_class\");accheader.addClass(allocationclass);}});});<\/script>   <\/p>\n<style>    h3.kc_accordion_header.ui-accordion-header a.egswgrayclass {        background-color: #D7D7D7;     }     h3.kc_accordion_header.ui-accordion-header a.egsworangeclass {         background-color: #cf5e25;     }     h3.kc_accordion_header.ui-accordion-header a.egswredclass {         background-color: #c73131;     }<\/style>\n<p>\n<\/div><div class=\"kc-elm kc-css-56386\" style=\"height: 20px; clear: both; width:100%;\"><\/div><\/div><\/div><\/div><\/div><\/div><\/div><div class=\"kc-elm kc-css-439972 kc_accordion_section group accom-accordion\"><h3 class=\"kc_accordion_header ui-accordion-header\"><span class=\"ui-accordion-header-icon ui-icon\"><\/span><a href=\"#appartement-7-chambres-7999-e-7-14-personnes-environ-160-m%c2%b2\" data-prevent=\"scroll\"><i class=\"sl-home\"><\/i> Appartement 7 chambres 7999 \u20ac : 7-14 personnes, environ 160 m\u00b2<\/a><\/h3><div class=\"kc_accordion_content ui-accordion-content kc_clearfix\"><div class=\"kc-panel-body\"><div class=\"kc-elm kc-css-949994 kc_row kc_row_inner\"><div class=\"kc-elm kc-css-724235 kc_col-sm-6 kc_column_inner kc_col-sm-6\"><div class=\"kc_wrapper kc-col-inner-container\"><div class=\"kc-elm kc-css-474205 kc_text_block\"><\/p>\n<h5>Appartement ind\u00e9pendant<\/h5>\n<h6>Capacit\u00e9\u00a0: 14 personnes<br \/>\nEnviron 160\u00a0m\u00b2<\/h6>\n<p>\n<\/div><\/div><\/div><div class=\"kc-elm kc-css-799187 kc_col-sm-6 kc_column_inner kc_col-sm-6\"><div class=\"kc_wrapper kc-col-inner-container\">\n<div class=\"kc-elm kc-css-836638 kc-pro-button kc-button-main\">\n\t<a href=\"https:\/\/www.europeangayskiweek.com\/quotes-book-now-2-2\/\" target=\"_blank\">\n\t\t<span class=\"creative_title\">R\u00e9servez maintenant<\/span>\t<\/a>\n<\/div>\n<\/div><\/div><\/div><div class=\"kc-elm kc-css-669580 kc_row kc_row_inner\"><div class=\"kc-elm kc-css-489193 kc_col-of-5 kc_column_inner kc_col-of-5\"><div class=\"kc_wrapper kc-col-inner-container\"><div class=\"kc-elm kc-css-87706 kc_shortcode kc_single_image\">\n\n        <img decoding=\"async\" src=\"https:\/\/cdn.europeangayskiweek.com\/wp\/uploads\/2023\/08\/1-platinium-types-appartement-10-12pers-cuisine-1-200x200.jpg\" class=\"\" alt=\"\" \/>    <\/div>\n<\/div><\/div><div class=\"kc-elm kc-css-838139 kc_col-sm-5 kc_column_inner kc_col-sm-5\"><div class=\"kc_wrapper kc-col-inner-container\"><div class=\"kc-elm kc-css-422565 kc_box_wrap \"><ul class=\"accom-feature\"><li><img decoding=\"async\" src=\"https:\/\/cdn.europeangayskiweek.com\/wp\/uploads\/2019\/06\/icons8-bathtub-filled-50-e1559802124795.png\"\/><\/li><li><ul><li>Cinq salles d'eau<\/li><li>Deux salles de bains<\/li><li>Trois WC, dont deux s\u00e9par\u00e9s<\/li><\/ul><\/li><\/ul><\/div><div class=\"kc-elm kc-css-766134 kc_box_wrap \"><ul class=\"accom-feature\"><li><img decoding=\"async\" src=\"https:\/\/cdn.europeangayskiweek.com\/wp\/uploads\/2019\/06\/icons8-living-room-filled-50-e1559802692509.png\"\/><\/li><li><p>Un salon avec chemin\u00e9e<\/p><\/li><\/ul><\/div><div class=\"kc-elm kc-css-80367 kc_box_wrap \"><ul class=\"accom-feature\"><li><img decoding=\"async\" src=\"https:\/\/cdn.europeangayskiweek.com\/wp\/uploads\/2019\/06\/icons8-bed-filled-50-e1559802774153.png\"\/><\/li><li><p>1 chambre avec 1 lit double et 6 chambres avec 2 lits simples.<\/p><\/li><\/ul><\/div><div class=\"kc-elm kc-css-815400 kc_box_wrap \"><ul class=\"accom-feature\"><li><img decoding=\"async\" src=\"https:\/\/cdn.europeangayskiweek.com\/wp\/uploads\/2019\/06\/icons8-cooker-filled-50-e1559802811894.png\"\/><\/li><li><p>Kitchenette ouverte \u00e9quip\u00e9e<br>et coin repas<\/p><\/li><\/ul><\/div><\/div><\/div><div class=\"kc-elm kc-css-496285 kc_col-sm-5 kc_column_inner kc_col-sm-5\"><div class=\"kc_wrapper kc-col-inner-container\"><div class=\"kc-elm kc-css-455699 kc_text_block accom-price-table\">          \n<\/p>\n<table>\n<thead>\n<tr>\n<td>\n<h5>Occupancy 2<\/h5>\n<\/td>\n<td>\n<h5>PRIX PAR PERSONNE<\/h5>\n<\/td>\n<\/tr>\n<\/thead>\n<tbody>\n<tr>\n<td>\n<h5>En Occupation Simple<\/h5>\n<\/td>\n<td>\n<h6>7&nbsp;999&nbsp;&euro;<\/h6>\n<\/td>\n<\/tr>\n<tr>\n<td>\n<h5>En partage \u00e0 2<\/h5>\n<\/td>\n<td>\n<h6>3&nbsp;999,50&nbsp;&euro;<\/h6>\n<\/td>\n<\/tr>\n<tr>\n<td>\n<h5>En Partage \u00e0 3<\/h5>\n<\/td>\n<td>\n<h6>2&nbsp;666,33&nbsp;&euro;<\/h6>\n<\/td>\n<\/tr>\n<tr>\n<td>\n<h5>En Partage \u00e0 4<\/h5>\n<\/td>\n<td>\n<h6>1&nbsp;999,75&nbsp;&euro;<\/h6>\n<\/td>\n<\/tr>\n<tr>\n<td>\n<h5>En Partage \u00e0 5<\/h5>\n<\/td>\n<td>\n<h6>1&nbsp;599,80&nbsp;&euro;<\/h6>\n<\/td>\n<\/tr>\n<tr>\n<td>\n<h5>En Partage \u00e0 6<\/h5>\n<\/td>\n<td>\n<h6>1&nbsp;333,17&nbsp;&euro;<\/h6>\n<\/td>\n<\/tr>\n<tr>\n<td>\n<h5>En Partage \u00e0 7<\/h5>\n<\/td>\n<td>\n<h6>1&nbsp;142,71&nbsp;&euro;<\/h6>\n<\/td>\n<\/tr>\n<tr>\n<td>\n<h5>En Partage \u00e0 8<\/h5>\n<\/td>\n<td>\n<h6>999,88&nbsp;&euro;<\/h6>\n<\/td>\n<\/tr>\n<tr>\n<td>\n<h5>En Partage \u00e0 9<\/h5>\n<\/td>\n<td>\n<h6>888,78&nbsp;&euro;<\/h6>\n<\/td>\n<\/tr>\n<tr>\n<td>\n<h5>En Partage \u00e0 10<\/h5>\n<\/td>\n<td>\n<h6>799,90&nbsp;&euro;<\/h6>\n<\/td>\n<\/tr>\n<tr>\n<td>\n<h5>En Partage \u00e0 11<\/h5>\n<\/td>\n<td>\n<h6>727,18&nbsp;&euro;<\/h6>\n<\/td>\n<\/tr>\n<tr>\n<td>\n<h5>En Partage \u00e0 12<\/h5>\n<\/td>\n<td>\n<h6>666,58&nbsp;&euro;<\/h6>\n<\/td>\n<\/tr>\n<tr>\n<td>\n<h5>En Partage \u00e0 13<\/h5>\n<\/td>\n<td>\n<h6>615,31&nbsp;&euro;<\/h6>\n<\/td>\n<\/tr>\n<tr>\n<td>\n<h5>En Partage \u00e0 14<\/h5>\n<\/td>\n<td>\n<h6>571,36&nbsp;&euro;<\/h6>\n<\/td>\n<\/tr>\n<tr>\n<td colspan=\"2\"><em><small>Les prix sont par personne et incluent l\u2019h\u00e9bergement seul 7 nuits. Les prix n\u2019incluent aucune autre option.<\/small><\/em><\/td>\n<\/tr>\n<\/tbody>\n<\/table>\n<div style=\"display:none;\" data-allocation_class=\"egswredclass\" data-allocation_text=\"EPUIS\u00c9\" class=\"allocation-text\">EPUIS\u00c9<\/div>\n<p><script>jQuery(document).ready(function() {jQuery(\".allocation-text\").each(function() {var allocationText = jQuery(this).text();var accheader = jQuery(this).closest(\".kc_accordion_section\").find(\".kc_accordion_header a\");if (!accheader.hasClass(\"appended\")) {accheader.append(\" - \" + allocationText);accheader.addClass(\"appended\"); var allocationclass= jQuery(this).data(\"allocation_class\");accheader.addClass(allocationclass);}});});<\/script>   <\/p>\n<style>    h3.kc_accordion_header.ui-accordion-header a.egswgrayclass {        background-color: #D7D7D7;     }     h3.kc_accordion_header.ui-accordion-header a.egsworangeclass {         background-color: #cf5e25;     }     h3.kc_accordion_header.ui-accordion-header a.egswredclass {         background-color: #c73131;     }<\/style>\n<p>\n<\/div><div class=\"kc-elm kc-css-763985\" style=\"height: 20px; clear: both; width:100%;\"><\/div><\/div><\/div><\/div><\/div><\/div><\/div><\/div>\n<\/div><\/div><\/div><\/div><\/section><\/p>\n","protected":false},"excerpt":{"rendered":"<p> [...]<\/p>\n<p><a class=\"btn btn-secondary understrap-read-more-link\" href=\"https:\/\/www.europeangayskiweek.com\/fr\/residence-4-chalet-des-neiges-plein-sud\/\">Read More...<\/a><\/p>\n<p> [...]<\/p>\n<p><a class=\"btn btn-secondary understrap-read-more-link\" href=\"https:\/\/www.europeangayskiweek.com\/fr\/residence-4-chalet-des-neiges-plein-sud\/\">Lire la suite\u2026<span class=\"screen-reader-text\"> from R\u00e9sidence 4* Chalet des Neiges Plein Sud<\/span><\/a><\/p>\n","protected":false},"author":4,"featured_media":18254,"parent":0,"menu_order":0,"comment_status":"closed","ping_status":"closed","template":"page-templates\/fullwidthpage-accommodation.php","meta":{"footnotes":""},"class_list":["post-18249","page","type-page","status-publish","has-post-thumbnail","hentry"],"yoast_head":"<!-- This site is optimized with the Yoast SEO plugin v26.4 - https:\/\/yoast.com\/wordpress\/plugins\/seo\/ -->\r\n<title>R\u00e9sidence 4* Chalet des Neiges Plein Sud - Europe&#039;s Biggest Gay Ski Week | EGSW | 2026 Coming Soon<\/title>\r\n<meta name=\"description\" content=\"European Gay Ski Week la plus grande semaine de ski gay d&#039;Europe, du ski brillant, un Apres Ski incroyable, des spectacles fabuleux, un cabaret hilarant et des soir\u00e9es fantastiques.\" \/>\r\n<meta name=\"robots\" content=\"index, follow, max-snippet:-1, max-image-preview:large, max-video-preview:-1\" \/>\r\n<link rel=\"canonical\" href=\"https:\/\/www.europeangayskiweek.com\/fr\/residence-4-chalet-des-neiges-plein-sud\/\" \/>\r\n<meta property=\"og:locale\" content=\"fr_FR\" \/>\r\n<meta property=\"og:type\" content=\"article\" \/>\r\n<meta property=\"og:title\" content=\"R\u00e9sidence 4* Chalet des Neiges Plein Sud - Europe&#039;s Biggest Gay Ski Week | EGSW | 2026 Coming Soon\" \/>\r\n<meta property=\"og:description\" content=\"European Gay Ski Week la plus grande semaine de ski gay d&#039;Europe, du ski brillant, un Apres Ski incroyable, des spectacles fabuleux, un cabaret hilarant et des soir\u00e9es fantastiques.\" \/>\r\n<meta property=\"og:url\" content=\"https:\/\/www.europeangayskiweek.com\/fr\/residence-4-chalet-des-neiges-plein-sud\/\" \/>\r\n<meta property=\"og:site_name\" content=\"Europe&#039;s Biggest Gay Ski Week | EGSW | 2026 Coming Soon\" \/>\r\n<meta property=\"article:publisher\" content=\"https:\/\/www.facebook.com\/EuropeanGaySkiWeek\/\" \/>\r\n<meta property=\"article:modified_time\" content=\"2025-11-14T16:32:32+00:00\" \/>\r\n<meta property=\"og:image\" content=\"https:\/\/cdn.europeangayskiweek.com\/wp\/uploads\/2020\/07\/facebook_og.jpg\" \/>\r\n\t<meta property=\"og:image:width\" content=\"1200\" \/>\r\n\t<meta property=\"og:image:height\" content=\"630\" \/>\r\n\t<meta property=\"og:image:type\" content=\"image\/jpeg\" \/>\r\n<meta name=\"twitter:card\" content=\"summary_large_image\" \/>\r\n<meta name=\"twitter:site\" content=\"@EuropeanGaySkiW\" \/>\r\n<meta name=\"twitter:label1\" content=\"Dur\u00e9e de lecture estim\u00e9e\" \/>\n\t<meta name=\"twitter:data1\" content=\"4 minutes\" \/>\r\n<script type=\"application\/ld+json\" class=\"yoast-schema-graph\">{\"@context\":\"https:\/\/schema.org\",\"@graph\":[{\"@type\":\"WebPage\",\"@id\":\"https:\/\/www.europeangayskiweek.com\/fr\/residence-4-chalet-des-neiges-plein-sud\/\",\"url\":\"https:\/\/www.europeangayskiweek.com\/fr\/residence-4-chalet-des-neiges-plein-sud\/\",\"name\":\"R\u00e9sidence 4* Chalet des Neiges Plein Sud - Europe&#039;s Biggest Gay Ski Week | EGSW | 2026 Coming Soon\",\"isPartOf\":{\"@id\":\"https:\/\/www.europeangayskiweek.com\/#website\"},\"primaryImageOfPage\":{\"@id\":\"https:\/\/www.europeangayskiweek.com\/fr\/residence-4-chalet-des-neiges-plein-sud\/#primaryimage\"},\"image\":{\"@id\":\"https:\/\/www.europeangayskiweek.com\/fr\/residence-4-chalet-des-neiges-plein-sud\/#primaryimage\"},\"thumbnailUrl\":\"https:\/\/cdn.europeangayskiweek.com\/wp\/uploads\/2023\/08\/H1.jpg\",\"datePublished\":\"2023-08-14T10:54:44+00:00\",\"dateModified\":\"2025-11-14T16:32:32+00:00\",\"description\":\"European Gay Ski Week la plus grande semaine de ski gay d'Europe, du ski brillant, un Apres Ski incroyable, des spectacles fabuleux, un cabaret hilarant et des soir\u00e9es fantastiques.\",\"breadcrumb\":{\"@id\":\"https:\/\/www.europeangayskiweek.com\/fr\/residence-4-chalet-des-neiges-plein-sud\/#breadcrumb\"},\"inLanguage\":\"fr-FR\",\"potentialAction\":[{\"@type\":\"ReadAction\",\"target\":[\"https:\/\/www.europeangayskiweek.com\/fr\/residence-4-chalet-des-neiges-plein-sud\/\"]}]},{\"@type\":\"ImageObject\",\"inLanguage\":\"fr-FR\",\"@id\":\"https:\/\/www.europeangayskiweek.com\/fr\/residence-4-chalet-des-neiges-plein-sud\/#primaryimage\",\"url\":\"https:\/\/cdn.europeangayskiweek.com\/wp\/uploads\/2023\/08\/H1.jpg\",\"contentUrl\":\"https:\/\/cdn.europeangayskiweek.com\/wp\/uploads\/2023\/08\/H1.jpg\",\"width\":1024,\"height\":683},{\"@type\":\"BreadcrumbList\",\"@id\":\"https:\/\/www.europeangayskiweek.com\/fr\/residence-4-chalet-des-neiges-plein-sud\/#breadcrumb\",\"itemListElement\":[{\"@type\":\"ListItem\",\"position\":1,\"name\":\"Home\",\"item\":\"https:\/\/www.europeangayskiweek.com\/fr\/\"},{\"@type\":\"ListItem\",\"position\":2,\"name\":\"R\u00e9sidence 4* Chalet des Neiges Plein Sud\"}]},{\"@type\":\"WebSite\",\"@id\":\"https:\/\/www.europeangayskiweek.com\/#website\",\"url\":\"https:\/\/www.europeangayskiweek.com\/\",\"name\":\"European Gay Ski Week | The Biggest Gay Winter Sports and Music Festival | Les Arcs Paradiski | 21-28 March 2020\",\"description\":\"Europe&#039;s N\u00b01 Gay Winter Sports &amp; Music Festival | Les Arcs - Arc 1950 &amp; Arc 2000 - Paradiski | European Gay Ski Week with International DJs &amp; Artists\",\"publisher\":{\"@id\":\"https:\/\/www.europeangayskiweek.com\/#organization\"},\"potentialAction\":[{\"@type\":\"SearchAction\",\"target\":{\"@type\":\"EntryPoint\",\"urlTemplate\":\"https:\/\/www.europeangayskiweek.com\/?s={search_term_string}\"},\"query-input\":{\"@type\":\"PropertyValueSpecification\",\"valueRequired\":true,\"valueName\":\"search_term_string\"}}],\"inLanguage\":\"fr-FR\"},{\"@type\":\"Organization\",\"@id\":\"https:\/\/www.europeangayskiweek.com\/#organization\",\"name\":\"European Gay Ski Week\",\"url\":\"https:\/\/www.europeangayskiweek.com\/\",\"logo\":{\"@type\":\"ImageObject\",\"inLanguage\":\"fr-FR\",\"@id\":\"https:\/\/www.europeangayskiweek.com\/#\/schema\/logo\/image\/\",\"url\":\"https:\/\/cdn.europeangayskiweek.com\/wp\/uploads\/2019\/06\/EGSW-Dateless-Black-02b.png\",\"contentUrl\":\"https:\/\/cdn.europeangayskiweek.com\/wp\/uploads\/2019\/06\/EGSW-Dateless-Black-02b.png\",\"width\":1346,\"height\":442,\"caption\":\"European Gay Ski Week\"},\"image\":{\"@id\":\"https:\/\/www.europeangayskiweek.com\/#\/schema\/logo\/image\/\"},\"sameAs\":[\"https:\/\/www.facebook.com\/EuropeanGaySkiWeek\/\",\"https:\/\/x.com\/EuropeanGaySkiW\",\"https:\/\/www.instagram.com\/europeangayskiweek\/\",\"https:\/\/www.youtube.com\/user\/JonHuntEGSW\"]}]}<\/script>\r\n<!-- \/ Yoast SEO plugin. -->","yoast_head_json":{"title":"R\u00e9sidence 4* Chalet des Neiges Plein Sud - Europe&#039;s Biggest Gay Ski Week | EGSW | 2026 Coming Soon","description":"European Gay Ski Week la plus grande semaine de ski gay d'Europe, du ski brillant, un Apres Ski incroyable, des spectacles fabuleux, un cabaret hilarant et des soir\u00e9es fantastiques.","robots":{"index":"index","follow":"follow","max-snippet":"max-snippet:-1","max-image-preview":"max-image-preview:large","max-video-preview":"max-video-preview:-1"},"canonical":"https:\/\/www.europeangayskiweek.com\/fr\/residence-4-chalet-des-neiges-plein-sud\/","og_locale":"fr_FR","og_type":"article","og_title":"R\u00e9sidence 4* Chalet des Neiges Plein Sud - Europe&#039;s Biggest Gay Ski Week | EGSW | 2026 Coming Soon","og_description":"European Gay Ski Week la plus grande semaine de ski gay d'Europe, du ski brillant, un Apres Ski incroyable, des spectacles fabuleux, un cabaret hilarant et des soir\u00e9es fantastiques.","og_url":"https:\/\/www.europeangayskiweek.com\/fr\/residence-4-chalet-des-neiges-plein-sud\/","og_site_name":"Europe&#039;s Biggest Gay Ski Week | EGSW | 2026 Coming Soon","article_publisher":"https:\/\/www.facebook.com\/EuropeanGaySkiWeek\/","article_modified_time":"2025-11-14T16:32:32+00:00","og_image":[{"width":1200,"height":630,"url":"https:\/\/cdn.europeangayskiweek.com\/wp\/uploads\/2020\/07\/facebook_og.jpg","type":"image\/jpeg"}],"twitter_card":"summary_large_image","twitter_site":"@EuropeanGaySkiW","twitter_misc":{"Dur\u00e9e de lecture estim\u00e9e":"4 minutes"},"schema":{"@context":"https:\/\/schema.org","@graph":[{"@type":"WebPage","@id":"https:\/\/www.europeangayskiweek.com\/fr\/residence-4-chalet-des-neiges-plein-sud\/","url":"https:\/\/www.europeangayskiweek.com\/fr\/residence-4-chalet-des-neiges-plein-sud\/","name":"R\u00e9sidence 4* Chalet des Neiges Plein Sud - Europe&#039;s Biggest Gay Ski Week | EGSW | 2026 Coming Soon","isPartOf":{"@id":"https:\/\/www.europeangayskiweek.com\/#website"},"primaryImageOfPage":{"@id":"https:\/\/www.europeangayskiweek.com\/fr\/residence-4-chalet-des-neiges-plein-sud\/#primaryimage"},"image":{"@id":"https:\/\/www.europeangayskiweek.com\/fr\/residence-4-chalet-des-neiges-plein-sud\/#primaryimage"},"thumbnailUrl":"https:\/\/cdn.europeangayskiweek.com\/wp\/uploads\/2023\/08\/H1.jpg","datePublished":"2023-08-14T10:54:44+00:00","dateModified":"2025-11-14T16:32:32+00:00","description":"European Gay Ski Week la plus grande semaine de ski gay d'Europe, du ski brillant, un Apres Ski incroyable, des spectacles fabuleux, un cabaret hilarant et des soir\u00e9es fantastiques.","breadcrumb":{"@id":"https:\/\/www.europeangayskiweek.com\/fr\/residence-4-chalet-des-neiges-plein-sud\/#breadcrumb"},"inLanguage":"fr-FR","potentialAction":[{"@type":"ReadAction","target":["https:\/\/www.europeangayskiweek.com\/fr\/residence-4-chalet-des-neiges-plein-sud\/"]}]},{"@type":"ImageObject","inLanguage":"fr-FR","@id":"https:\/\/www.europeangayskiweek.com\/fr\/residence-4-chalet-des-neiges-plein-sud\/#primaryimage","url":"https:\/\/cdn.europeangayskiweek.com\/wp\/uploads\/2023\/08\/H1.jpg","contentUrl":"https:\/\/cdn.europeangayskiweek.com\/wp\/uploads\/2023\/08\/H1.jpg","width":1024,"height":683},{"@type":"BreadcrumbList","@id":"https:\/\/www.europeangayskiweek.com\/fr\/residence-4-chalet-des-neiges-plein-sud\/#breadcrumb","itemListElement":[{"@type":"ListItem","position":1,"name":"Home","item":"https:\/\/www.europeangayskiweek.com\/fr\/"},{"@type":"ListItem","position":2,"name":"R\u00e9sidence 4* Chalet des Neiges Plein Sud"}]},{"@type":"WebSite","@id":"https:\/\/www.europeangayskiweek.com\/#website","url":"https:\/\/www.europeangayskiweek.com\/","name":"European Gay Ski Week | The Biggest Gay Winter Sports and Music Festival | Les Arcs Paradiski | 21-28 March 2020","description":"Europe&#039;s N\u00b01 Gay Winter Sports &amp; Music Festival | Les Arcs - Arc 1950 &amp; Arc 2000 - Paradiski | European Gay Ski Week with International DJs &amp; Artists","publisher":{"@id":"https:\/\/www.europeangayskiweek.com\/#organization"},"potentialAction":[{"@type":"SearchAction","target":{"@type":"EntryPoint","urlTemplate":"https:\/\/www.europeangayskiweek.com\/?s={search_term_string}"},"query-input":{"@type":"PropertyValueSpecification","valueRequired":true,"valueName":"search_term_string"}}],"inLanguage":"fr-FR"},{"@type":"Organization","@id":"https:\/\/www.europeangayskiweek.com\/#organization","name":"European Gay Ski Week","url":"https:\/\/www.europeangayskiweek.com\/","logo":{"@type":"ImageObject","inLanguage":"fr-FR","@id":"https:\/\/www.europeangayskiweek.com\/#\/schema\/logo\/image\/","url":"https:\/\/cdn.europeangayskiweek.com\/wp\/uploads\/2019\/06\/EGSW-Dateless-Black-02b.png","contentUrl":"https:\/\/cdn.europeangayskiweek.com\/wp\/uploads\/2019\/06\/EGSW-Dateless-Black-02b.png","width":1346,"height":442,"caption":"European Gay Ski Week"},"image":{"@id":"https:\/\/www.europeangayskiweek.com\/#\/schema\/logo\/image\/"},"sameAs":["https:\/\/www.facebook.com\/EuropeanGaySkiWeek\/","https:\/\/x.com\/EuropeanGaySkiW","https:\/\/www.instagram.com\/europeangayskiweek\/","https:\/\/www.youtube.com\/user\/JonHuntEGSW"]}]}},"_links":{"self":[{"href":"https:\/\/www.europeangayskiweek.com\/fr\/wp-json\/wp\/v2\/pages\/18249","targetHints":{"allow":["GET"]}}],"collection":[{"href":"https:\/\/www.europeangayskiweek.com\/fr\/wp-json\/wp\/v2\/pages"}],"about":[{"href":"https:\/\/www.europeangayskiweek.com\/fr\/wp-json\/wp\/v2\/types\/page"}],"author":[{"embeddable":true,"href":"https:\/\/www.europeangayskiweek.com\/fr\/wp-json\/wp\/v2\/users\/4"}],"replies":[{"embeddable":true,"href":"https:\/\/www.europeangayskiweek.com\/fr\/wp-json\/wp\/v2\/comments?post=18249"}],"version-history":[{"count":15,"href":"https:\/\/www.europeangayskiweek.com\/fr\/wp-json\/wp\/v2\/pages\/18249\/revisions"}],"predecessor-version":[{"id":24126,"href":"https:\/\/www.europeangayskiweek.com\/fr\/wp-json\/wp\/v2\/pages\/18249\/revisions\/24126"}],"wp:featuredmedia":[{"embeddable":true,"href":"https:\/\/www.europeangayskiweek.com\/fr\/wp-json\/wp\/v2\/media\/18254"}],"wp:attachment":[{"href":"https:\/\/www.europeangayskiweek.com\/fr\/wp-json\/wp\/v2\/media?parent=18249"}],"curies":[{"name":"wp","href":"https:\/\/api.w.org\/{rel}","templated":true}]}}