{"id":16829,"date":"2022-08-25T14:20:06","date_gmt":"2022-08-25T13:20:06","guid":{"rendered":"https:\/\/e21.europeangayskiweek.com\/?page_id=16829"},"modified":"2024-07-24T14:39:23","modified_gmt":"2024-07-24T13:39:23","slug":"hebergement-a-la-carte-3","status":"publish","type":"page","link":"https:\/\/www.europeangayskiweek.com\/fr\/hebergement-a-la-carte-3\/","title":{"rendered":"H\u00e9bergement a la carte..."},"content":{"rendered":"<p><section class=\"kc-elm kc-css-718436 kc_row\"><div class=\"kc-row-container  kc-container\"><div class=\"kc-wrap-columns\"><div class=\"kc-elm kc-css-173243 kc_col-sm-12 kc_column kc_col-sm-12\"><div class=\"kc-col-container\"><div class=\"kc-elm kc-css-404675\" style=\"height: 60px; clear: both; width:100%;\"><\/div><div class=\"kc-elm kc-css-672416 kc_row kc_row_inner\"><div class=\"kc-elm kc-css-380342 kc_col-sm-4 kc_column_inner kc_col-sm-4\"><div class=\"kc_wrapper kc-col-inner-container\"><div class=\"kc-elm kc-css-102441 kc_text_block\"><\/p>\n<h4 style=\"text-align: center;\">5-\u00c9TOILES?<\/h4>\n<p>Si vous souhaitez rester dans un h\u00e9bergement 5 \u00e9toiles tout au long de la semaine, choisissez la r\u00e9sidence haut de gamme <a href=\"https:\/\/www.europeangayskiweek.com\/fr\/the-accommodation\/arc-1950-le-village-premium-residence\/\">Arc 1950 Le Village.<\/a> Ce serait une station de ski plus parfaite si Walt Disney l&#039;avait con\u00e7ue lui-m\u00eame. Si vous opter pour le petit-d\u00e9jeuner, il sera disponible dans un restaurant situ\u00e9 \u00e0 Arc 1950, Le Village.<\/p>\n<p><span style=\"font-style: inherit;\">C\u00f4t\u00e9 Aarc 2000, pour le secret le mieux gard\u00e9 parmi les offres 5 \u00e9toiles, consultez <a href=\"https:\/\/www.europeangayskiweek.com\/fr\/the-accommodation\/la-source-des-arcs\/\">La Sources des Arcs.<\/a>\u00a0<\/span><\/p>\n<p>\n<\/div><\/div><\/div><div class=\"kc-elm kc-css-123376 kc_col-sm-4 kc_column_inner kc_col-sm-4\"><div class=\"kc_wrapper kc-col-inner-container\"><div class=\"kc-elm kc-css-537681 kc_text_block\"><\/p>\n<h4 style=\"text-align: center;\">4-\u00c9TOILES?<\/h4>\n<p><span style=\"font-style: inherit;\">Pour les r\u00e9sidences 4 \u00e9toiles Nous avons\u00a0\u00a0<\/span><a style=\"font-style: inherit;\" href=\"https:\/\/www.europeangayskiweek.com\/fr\/the-accommodation\/la-cime-des-arcs\/\">La Cime des Arcs<\/a><span style=\"font-style: inherit;\"> sur la Place Olympique.<\/span><\/p>\n<p>\n<\/div><\/div><\/div><div class=\"kc-elm kc-css-865794 kc_col-sm-4 kc_column_inner kc_col-sm-4\"><div class=\"kc_wrapper kc-col-inner-container\"><div class=\"kc-elm kc-css-783668 kc_text_block\"><\/p>\n<h4 style=\"text-align: center;\">3 or 2-\u00c9TOILES?<\/h4>\n<p>Tous nos <a href=\"https:\/\/www.europeangayskiweek.com\/fr\/the-accommodation\/2-3-residences\/\">h\u00e9bergements 3 \u00e9toiles et 2 \u00e9toiles<\/a> seront dans des r\u00e9sidences entourant la Place Olympic \u00e0 Arc 2000, proches de tout et \u00e0 un prix raisonnable. Pour ceux qui le souhaitent, l\u2019option petit-d\u00e9jeuner sera disponible \u00e0 l\u2019h\u00f4tel EGSW Host.<\/p>\n<p>\n<\/div><\/div><\/div><\/div><\/div><\/div><\/div><\/div><\/section><section class=\"kc-elm kc-css-108319 kc_row\"><div class=\"kc-row-container  kc-container\"><div class=\"kc-wrap-columns\"><div class=\"kc-elm kc-css-567322 kc_col-sm-12 kc_column kc_col-sm-12\"><div class=\"kc-col-container\"><div class=\"kc-elm kc-css-480883\" style=\"height: 60px; clear: both; width:100%;\"><\/div><div class=\"kc-elm kc-css-995490 kc_row kc_row_inner\"><div class=\"kc-elm kc-css-848767 kc_col-sm-4 kc_column_inner kc_col-sm-4\"><div class=\"kc_wrapper kc-col-inner-container\"><div class=\"kc-elm kc-css-842875 kc_text_block\"><\/p>\n<h4 style=\"text-align: center;\">5-\u00c9TOILES?<\/h4>\n<p>Si vous souhaitez rester dans un h\u00e9bergement 5 \u00e9toiles tout au long de la semaine, choisissez la r\u00e9sidence haut de gamme <a href=\"https:\/\/www.europeangayskiweek.com\/fr\/the-accommodation\/arc-1950-le-village-premium-residence\/\">Arc 1950 Le Village.<\/a> Ce serait une station de ski plus parfaite si Walt Disney l&#039;avait con\u00e7ue lui-m\u00eame. Si vous opter pour le petit-d\u00e9jeuner, il sera disponible dans un restaurant situ\u00e9 \u00e0 Arc 1950, Le Village.<\/p>\n<p><span style=\"font-style: inherit;\">C\u00f4t\u00e9 Aarc 2000, pour le secret le mieux gard\u00e9 parmi les offres 5 \u00e9toiles, consultez <a href=\"https:\/\/www.europeangayskiweek.com\/fr\/the-accommodation\/la-source-des-arcs\/\">La Sources des Arcs.<\/a> Et si vous Voulez vous faire choyer dans un h\u00f4tel haut-de-gamme, faites-vous plaisir au maximum au <a href=\"https:\/\/www.europeangayskiweek.com\/fr\/the-accommodation\/taj-i-mah\/\">Taj-i Mah<\/a>.<\/span><\/p>\n<p>\n<\/div><\/div><\/div><div class=\"kc-elm kc-css-472107 kc_col-sm-4 kc_column_inner kc_col-sm-4\"><div class=\"kc_wrapper kc-col-inner-container\"><div class=\"kc-elm kc-css-39095 kc_text_block\"><\/p>\n<h4 style=\"text-align: center;\">4-\u00c9TOILES?<\/h4>\n<p>Si vous souhaitez \u00eatre au c\u0153ur de l&#039;\u00e9v\u00e9nement, choisissez l&#039;h\u00f4tel h\u00f4te EGSW,4 \u00e9toiles , r\u00e9cemment r\u00e9nov\u00e9 <a href=\"https:\/\/www.europeangayskiweek.com\/fr\/the-accommodation\/nouvel-hotel-hote-les-melezes-egsw-2020\/\">Club MMV Les M\u00e9l\u00e8zes.<\/a><\/p>\n<p><span style=\"font-style: inherit;\">Pour les r\u00e9sidences 4 \u00e9toiles Nous avons le choix entre deux, <a href=\"https:\/\/www.europeangayskiweek.com\/fr\/the-accommodation\/la-cime-des-arcs\/\">La Cime des Arcs<\/a> sur la Place Olympique et la <a href=\"https:\/\/www.europeangayskiweek.com\/fr\/the-accommodation\/les-arolles\/\">R\u00e9sidence Arolles<\/a> adjacente \u00e0 l&#039;h\u00f4tel h\u00f4te EGSW.<\/span><\/p>\n<p><span style=\"font-style: inherit;\">Si vous optez pour un h\u00e9bergement ind\u00e9pendant et que vous prenez notre option \"petit-d\u00e9jeuner\", celui-ci sera servi dans notre h\u00f4tel h\u00f4te. Votre meilleur choix sera donc la R\u00e9sidence Arolles.<\/span><\/p>\n<p>\n<\/div><\/div><\/div><div class=\"kc-elm kc-css-840344 kc_col-sm-4 kc_column_inner kc_col-sm-4\"><div class=\"kc_wrapper kc-col-inner-container\"><div class=\"kc-elm kc-css-312140 kc_text_block\"><\/p>\n<h4 style=\"text-align: center;\">3 or 2-\u00c9TOILES?<\/h4>\n<p>Tous nos <a href=\"https:\/\/www.europeangayskiweek.com\/fr\/the-accommodation\/2-3-residences\/\">h\u00e9bergements 3 \u00e9toiles et 2 \u00e9toiles<\/a> seront dans des r\u00e9sidences entourant la Place Olympic \u00e0 Arc 2000, proches de tout et \u00e0 un prix raisonnable. Pour ceux qui le souhaitent, l\u2019option petit-d\u00e9jeuner sera disponible \u00e0 l\u2019h\u00f4tel EGSW Host.<\/p>\n<p>\n<\/div><\/div><\/div><\/div><\/div><\/div><\/div><\/div><\/section><section class=\"kc-elm kc-css-396773 kc_row\"><div class=\"kc-row-container  kc-container\"><div class=\"kc-wrap-columns\"><div class=\"kc-elm kc-css-816228 kc_col-sm-12 kc_column kc_col-sm-12\"><div class=\"kc-col-container\">\n<div class=\"kc-elm kc-css-920395 divider_line\">\n\t<div class=\"divider_inner divider_line1\">\n\t\t\t<\/div>\n<\/div>\n<div class=\"kc-elm kc-css-566030\" style=\"height: 40px; clear: both; width:100%;\"><\/div><div class=\"kc-elm kc-css-36891 kc_row kc_row_inner\"><div class=\"kc-elm kc-css-991198 kc_col-sm-2 kc_column_inner kc_col-sm-2\"><div class=\"kc_wrapper kc-col-inner-container\"><\/div><\/div><div class=\"kc-elm kc-css-103424 kc_col-sm-8 kc_column_inner kc_col-sm-8\"><div class=\"kc_wrapper kc-col-inner-container\"><div class=\"kc-elm kc-css-118022 kc_text_block\"><\/p>\n<h2 style=\"text-align: center;\"><span style=\"color: #ff6600;\">Notre promesse de prix!<\/span><\/h2>\n<p>Nous nous assurons que nous avons les prix les moins chers disponibles. Si vous trouvez moins cher, nous vous remboursons. Ceci est notre garantie de promesse de prix.<\/p>\n<p style=\"text-align: center;\"><a href=\"https:\/\/www.europeangayskiweek.com\/fr\/accommodation-price-promise\/\"><img loading=\"lazy\" decoding=\"async\" class=\"alignnone size-medium\" src=\"https:\/\/cdn.europeangayskiweek.com\/wp\/uploads\/2019\/06\/BTN-pricepromise-50-fr.png\" alt=\"\" width=\"250\" height=\"100\" \/><\/a><\/p>\n<p>\n<\/div><\/div><\/div><div class=\"kc-elm kc-css-925330 kc_col-sm-2 kc_column_inner kc_col-sm-2\"><div class=\"kc_wrapper kc-col-inner-container\"><\/div><\/div><\/div><\/div><\/div><\/div><\/div><\/section><section id=\"alacarte-hotels\" class=\"kc-elm kc-css-984870 kc_row\"><div class=\"kc-row-container  kc-container\"><div class=\"kc-wrap-columns\"><div class=\"kc-elm kc-css-148834 kc_column kc_col-sm-12\"><div class=\"kc-col-container\">\n<div class=\"kc-elm kc-css-118738 divider_line\">\n\t<div class=\"divider_inner divider_line1\">\n\t\t\t<\/div>\n<\/div>\n<div class=\"kc-elm kc-css-964299 kc_text_block\"><\/p>\n<h5 style=\"text-align: center;\"><span style=\"color: #800000;\">H\u00f4tels<\/span><\/h5>\n<h6 style=\"text-align: center;\">Les d\u00e9tails de nos h\u00e9bergements h\u00f4teliers seront publi\u00e9s le 1er septembre 2022<\/h6>\n<p>\n<\/div><\/div><\/div><\/div><\/div><\/section><section class=\"kc-elm kc-css-910961 kc_row\"><div class=\"kc-row-container  kc-container\"><div class=\"kc-wrap-columns\"><div class=\"kc-elm kc-css-67568 kc_col-sm-12 kc_column kc_col-sm-12\"><div class=\"kc-col-container\"><div class=\"kc-elm kc-css-259724 kc_row kc_row_inner\"><div class=\"kc-elm kc-css-943837 kc_col-of-5 kc_column_inner kc_col-of-5\"><div class=\"kc_wrapper kc-col-inner-container\"><div class=\"kc-elm kc-css-230157\">\n\t<div class=\"kc-carousel_images kc-elm kc-css-230157\">\n\t\n\t\t<div class=\"kc-carousel-images owl-carousel-images kc-sync1  owl-nav-round\" data-owl-i-options='{\"items\":\"1\",\"tablet\":\"1\",\"mobile\":\"1\",\"speed\":\"100\",\"navigation\":\"yes\",\"pagination\":\"\",\"autoheight\":\"\",\"progressbar\":\"\",\"delay\":\"8\",\"autoplay\":\"\",\"showthumb\":\"yes\",\"num_thumb\":\"4\"}'>\n\t\n\t\t\t\t\t<div class=\"item\">\n\t\n\t\t\t\t\t\t\t<img decoding=\"async\" src=\"https:\/\/cdn.europeangayskiweek.com\/wp\/uploads\/2019\/06\/hotel-arc-2000-melezes-chambre-17-200x200.jpg\"  alt=\"\"\/>\n\t\n\t\t\t\t\n\t\t\t<\/div>\n\t\n\t\t\t\t\t<div class=\"item\">\n\t\n\t\t\t\t\t\t\t<img decoding=\"async\" src=\"https:\/\/cdn.europeangayskiweek.com\/wp\/uploads\/2019\/06\/hotel-arc-2000-melezes-chambre-28-200x200.jpg\"  alt=\"\"\/>\n\t\n\t\t\t\t\n\t\t\t<\/div>\n\t\n\t\t\t\t\t<div class=\"item\">\n\t\n\t\t\t\t\t\t\t<img decoding=\"async\" src=\"https:\/\/cdn.europeangayskiweek.com\/wp\/uploads\/2019\/06\/hotel-arc-2000-melezes-chambre-50-200x200.jpg\"  alt=\"\"\/>\n\t\n\t\t\t\t\n\t\t\t<\/div>\n\t\n\t\t\t\t\t<div class=\"item\">\n\t\n\t\t\t\t\t\t\t<img decoding=\"async\" src=\"https:\/\/cdn.europeangayskiweek.com\/wp\/uploads\/2019\/06\/hotel-arc-2000-melezes-sdb-25-200x200.jpg\"  alt=\"\"\/>\n\t\n\t\t\t\t\n\t\t\t<\/div>\n\t\n\t\t\t\t\t<div class=\"item\">\n\t\n\t\t\t\t\t\t\t<img decoding=\"async\" src=\"https:\/\/cdn.europeangayskiweek.com\/wp\/uploads\/2019\/06\/hotel-arc-2000-melezes-reception5-200x200.jpg\"  alt=\"\"\/>\n\t\n\t\t\t\t\n\t\t\t<\/div>\n\t\n\t\t\t\t\t<div class=\"item\">\n\t\n\t\t\t\t\t\t\t<img decoding=\"async\" src=\"https:\/\/cdn.europeangayskiweek.com\/wp\/uploads\/2019\/06\/hotel-arc-2000-melezes-restaurant-85-200x200.jpg\"  alt=\"\"\/>\n\t\n\t\t\t\t\n\t\t\t<\/div>\n\t\n\t\t\t\t\t<div class=\"item\">\n\t\n\t\t\t\t\t\t\t<img decoding=\"async\" src=\"https:\/\/cdn.europeangayskiweek.com\/wp\/uploads\/2019\/06\/hotel-arc-2000-melezes-salon-3-200x200.jpg\"  alt=\"\"\/>\n\t\n\t\t\t\t\n\t\t\t<\/div>\n\t\n\t\t\t\t\t<div class=\"item\">\n\t\n\t\t\t\t\t\t\t<img decoding=\"async\" src=\"https:\/\/cdn.europeangayskiweek.com\/wp\/uploads\/2019\/06\/hotel-arc-2000-melezes-bar-81-200x200.jpg\"  alt=\"\"\/>\n\t\n\t\t\t\t\n\t\t\t<\/div>\n\t\n\t\t\t\n\t\t<\/div>\n\t\n\t\t\t\n\t\t<div class=\"kc-sync2 owl-carousel\">\n\t\t\t\t\n\t\t\t\t<div class=\"item\">\n\t\t\t\t\t<img decoding=\"async\" src=\"https:\/\/cdn.europeangayskiweek.com\/wp\/uploads\/2019\/06\/hotel-arc-2000-melezes-chambre-17-200x200.jpg\" alt=\"\" \/>\n\t\t\t\t<\/div>\n\t\n\t\t\t\t\n\t\t\t\t<div class=\"item\">\n\t\t\t\t\t<img decoding=\"async\" src=\"https:\/\/cdn.europeangayskiweek.com\/wp\/uploads\/2019\/06\/hotel-arc-2000-melezes-chambre-28-200x200.jpg\" alt=\"\" \/>\n\t\t\t\t<\/div>\n\t\n\t\t\t\t\n\t\t\t\t<div class=\"item\">\n\t\t\t\t\t<img decoding=\"async\" src=\"https:\/\/cdn.europeangayskiweek.com\/wp\/uploads\/2019\/06\/hotel-arc-2000-melezes-chambre-50-200x200.jpg\" alt=\"\" \/>\n\t\t\t\t<\/div>\n\t\n\t\t\t\t\n\t\t\t\t<div class=\"item\">\n\t\t\t\t\t<img decoding=\"async\" src=\"https:\/\/cdn.europeangayskiweek.com\/wp\/uploads\/2019\/06\/hotel-arc-2000-melezes-sdb-25-200x200.jpg\" alt=\"\" \/>\n\t\t\t\t<\/div>\n\t\n\t\t\t\t\n\t\t\t\t<div class=\"item\">\n\t\t\t\t\t<img decoding=\"async\" src=\"https:\/\/cdn.europeangayskiweek.com\/wp\/uploads\/2019\/06\/hotel-arc-2000-melezes-reception5-200x200.jpg\" alt=\"\" \/>\n\t\t\t\t<\/div>\n\t\n\t\t\t\t\n\t\t\t\t<div class=\"item\">\n\t\t\t\t\t<img decoding=\"async\" src=\"https:\/\/cdn.europeangayskiweek.com\/wp\/uploads\/2019\/06\/hotel-arc-2000-melezes-restaurant-85-200x200.jpg\" alt=\"\" \/>\n\t\t\t\t<\/div>\n\t\n\t\t\t\t\n\t\t\t\t<div class=\"item\">\n\t\t\t\t\t<img decoding=\"async\" src=\"https:\/\/cdn.europeangayskiweek.com\/wp\/uploads\/2019\/06\/hotel-arc-2000-melezes-salon-3-200x200.jpg\" alt=\"\" \/>\n\t\t\t\t<\/div>\n\t\n\t\t\t\t\n\t\t\t\t<div class=\"item\">\n\t\t\t\t\t<img decoding=\"async\" src=\"https:\/\/cdn.europeangayskiweek.com\/wp\/uploads\/2019\/06\/hotel-arc-2000-melezes-bar-81-200x200.jpg\" alt=\"\" \/>\n\t\t\t\t<\/div>\n\t\n\t\t\t\t\t<\/div>\n\t\n\t\t\t<\/div>\n<\/div>\n<\/div><\/div><div class=\"kc-elm kc-css-693852 kc_col-sm-10 kc_column_inner kc_col-sm-10\"><div class=\"kc_wrapper kc-col-inner-container\"><div class=\"kc-elm kc-css-854894 kc_text_block\"><\/p>\n<h5><a href=\"https:\/\/www.europeangayskiweek.com\/fr\/the-accommodation\/nouvel-hotel-hote-les-melezes-egsw-2020\/\">H\u00f4tel H\u00f4te Les M\u00e9l\u00e8zes 4*<\/a><\/h5>\n<h6>Chambres simple, double, triple ou quadruples pour 1 \u00e0 4 personnes.<\/h6>\n<p>Meilleur choix - Demi-pension incluse : petit d\u00e9jeuner et d\u00eener buffet.<br \/>Chambres spacieuses avec vue montagne. Centre de bien-\u00eatre\/Spa. Bar.<\/p>\n<p>\n<\/div><div class=\"kc-elm kc-css-243213 kc_row kc_row_inner\"><div class=\"kc-elm kc-css-788313 kc_col-sm-6 kc_column_inner kc_col-sm-6 accomm-listing-icons\"><div class=\"kc_wrapper kc-col-inner-container\"><div class=\"kc-elm kc-css-191788 kc_box_wrap \"><div class=\"accomm-listing-icons-item\"><div class=\"one-one\"><img decoding=\"async\" src=\"https:\/\/cdn.europeangayskiweek.com\/wp\/uploads\/2019\/06\/icons8-bathtub-filled-50-1-e1559808317958.png\"\/>Salle de bains priv\u00e9e<\/div><\/div><div class=\"accomm-listing-icons-item\"><div class=\"one-one\"><img decoding=\"async\" src=\"https:\/\/cdn.europeangayskiweek.com\/wp\/uploads\/2019\/06\/icons8-reception-filled-50-e1559807756935.png\"\/>R\u00e9ception 24h\/24<\/div><\/div><div class=\"accomm-listing-icons-item\"><div class=\"one-one\"><img decoding=\"async\" src=\"https:\/\/cdn.europeangayskiweek.com\/wp\/uploads\/2019\/06\/icons8-dinner-plate-filled-50.png\"\/>Demi-pension<\/div><\/div><div class=\"accomm-listing-icons-item\"><div class=\"one-one\"><img decoding=\"async\" src=\"https:\/\/cdn.europeangayskiweek.com\/wp\/uploads\/2019\/06\/icons8-wi-fi-logo-filled-50-e1559807848988.png\"\/>Wi-Fi<\/div><\/div><div class=\"accomm-listing-icons-item\"><div class=\"one-one\"><img decoding=\"async\" src=\"https:\/\/cdn.europeangayskiweek.com\/wp\/uploads\/2019\/06\/icons8-skiing-filled-50-e1559807697728.png\"\/>Acc\u00e8s direct aux pistes<\/div><\/div><div class=\"accomm-listing-icons-item\"><div class=\"one-one\"><img decoding=\"async\" src=\"https:\/\/cdn.europeangayskiweek.com\/wp\/uploads\/2019\/06\/icons8-ski-resort-filled-50.png\"\/>Vue montagne<\/div><\/div><\/div><\/div><\/div><div class=\"kc-elm kc-css-585942 kc_col-sm-6 kc_column_inner kc_col-sm-6\"><div class=\"kc_wrapper kc-col-inner-container\"><div class=\"kc-elm kc-css-509383 kc_text_block\"><\/p>\n<h6 style=\"text-align: left;\">Prix \u00e0 partir de 799&nbsp;&euro;<\/h6>\n<p>\n<\/div>\n<div class=\"kc-elm kc-css-337188\">\n\t<a class=\"kc_button\" href=\"https:\/\/www.europeangayskiweek.com\/fr\/the-accommodation\/nouvel-hotel-hote-les-melezes-egsw-2020\/\" target=\"_self\" title=\"NEW EGSW 2020 Host Hotel Les M\u00e9l\u00e8zes\" onclick=\"\">\n\t\tEn savoir plus\t<\/a>\n<\/div>\n<\/div><\/div><\/div><\/div><\/div><\/div><\/div><\/div><\/div><\/div><\/section><section class=\"kc-elm kc-css-980494 kc_row\"><div class=\"kc-row-container  kc-container\"><div class=\"kc-wrap-columns\"><div class=\"kc-elm kc-css-312138 kc_col-sm-12 kc_column kc_col-sm-12\"><div class=\"kc-col-container\"><div class=\"kc-elm kc-css-305086 kc_row kc_row_inner\"><div class=\"kc-elm kc-css-809059 kc_col-of-5 kc_column_inner kc_col-of-5\"><div class=\"kc_wrapper kc-col-inner-container\"><div class=\"kc-elm kc-css-447035\">\n\t<div class=\"kc-carousel_images kc-elm kc-css-447035\">\n\t\n\t\t<div class=\"kc-carousel-images owl-carousel-images kc-sync1  owl-nav-round\" data-owl-i-options='{\"items\":\"1\",\"tablet\":\"1\",\"mobile\":\"1\",\"speed\":\"100\",\"navigation\":\"yes\",\"pagination\":\"\",\"autoheight\":\"\",\"progressbar\":\"\",\"delay\":\"8\",\"autoplay\":\"\",\"showthumb\":\"yes\",\"num_thumb\":\"4\"}'>\n\t\n\t\t\t\t\t<div class=\"item\">\n\t\n\t\t\t\t\t\t\t<img decoding=\"async\" src=\"https:\/\/cdn.europeangayskiweek.com\/wp\/uploads\/2019\/07\/cf-tajimah-exterieurs-15-200x200.jpg\"  alt=\"\"\/>\n\t\n\t\t\t\t\n\t\t\t<\/div>\n\t\n\t\t\t\t\t<div class=\"item\">\n\t\n\t\t\t\t\t\t\t<img decoding=\"async\" src=\"https:\/\/cdn.europeangayskiweek.com\/wp\/uploads\/2019\/07\/cf-tajimah-chambres-et-sdb-20-chambre-club-200x200.jpg\"  alt=\"\"\/>\n\t\n\t\t\t\t\n\t\t\t<\/div>\n\t\n\t\t\t\t\t<div class=\"item\">\n\t\n\t\t\t\t\t\t\t<img decoding=\"async\" src=\"https:\/\/cdn.europeangayskiweek.com\/wp\/uploads\/2019\/07\/cf-tajimah-chambres-et-sdb-02-suite-mezzanine-200x200.jpg\"  alt=\"\"\/>\n\t\n\t\t\t\t\n\t\t\t<\/div>\n\t\n\t\t\t\t\t<div class=\"item\">\n\t\n\t\t\t\t\t\t\t<img decoding=\"async\" src=\"https:\/\/cdn.europeangayskiweek.com\/wp\/uploads\/2019\/07\/cf-tajimah-chambres-et-sdb-43-baignoire-200x200.jpg\"  alt=\"\"\/>\n\t\n\t\t\t\t\n\t\t\t<\/div>\n\t\n\t\t\t\t\t<div class=\"item\">\n\t\n\t\t\t\t\t\t\t<img decoding=\"async\" src=\"https:\/\/cdn.europeangayskiweek.com\/wp\/uploads\/2019\/07\/cf-tajimah-ambiances-salon-accueil-18-200x200.jpg\"  alt=\"\"\/>\n\t\n\t\t\t\t\n\t\t\t<\/div>\n\t\n\t\t\t\t\t<div class=\"item\">\n\t\n\t\t\t\t\t\t\t<img decoding=\"async\" src=\"https:\/\/cdn.europeangayskiweek.com\/wp\/uploads\/2019\/07\/cf-tajimah-spa-1-200x200.jpg\"  alt=\"\"\/>\n\t\n\t\t\t\t\n\t\t\t<\/div>\n\t\n\t\t\t\t\t<div class=\"item\">\n\t\n\t\t\t\t\t\t\t<img decoding=\"async\" src=\"https:\/\/cdn.europeangayskiweek.com\/wp\/uploads\/2019\/07\/cf-tajimah-spa-5-200x200.jpg\"  alt=\"\"\/>\n\t\n\t\t\t\t\n\t\t\t<\/div>\n\t\n\t\t\t\t\t<div class=\"item\">\n\t\n\t\t\t\t\t\t\t<img decoding=\"async\" src=\"https:\/\/cdn.europeangayskiweek.com\/wp\/uploads\/2019\/07\/cf-tajimah-spa-18-200x200.jpg\"  alt=\"\"\/>\n\t\n\t\t\t\t\n\t\t\t<\/div>\n\t\n\t\t\t\n\t\t<\/div>\n\t\n\t\t\t\n\t\t<div class=\"kc-sync2 owl-carousel\">\n\t\t\t\t\n\t\t\t\t<div class=\"item\">\n\t\t\t\t\t<img decoding=\"async\" src=\"https:\/\/cdn.europeangayskiweek.com\/wp\/uploads\/2019\/07\/cf-tajimah-exterieurs-15-200x200.jpg\" alt=\"\" \/>\n\t\t\t\t<\/div>\n\t\n\t\t\t\t\n\t\t\t\t<div class=\"item\">\n\t\t\t\t\t<img decoding=\"async\" src=\"https:\/\/cdn.europeangayskiweek.com\/wp\/uploads\/2019\/07\/cf-tajimah-chambres-et-sdb-20-chambre-club-200x200.jpg\" alt=\"\" \/>\n\t\t\t\t<\/div>\n\t\n\t\t\t\t\n\t\t\t\t<div class=\"item\">\n\t\t\t\t\t<img decoding=\"async\" src=\"https:\/\/cdn.europeangayskiweek.com\/wp\/uploads\/2019\/07\/cf-tajimah-chambres-et-sdb-02-suite-mezzanine-200x200.jpg\" alt=\"\" \/>\n\t\t\t\t<\/div>\n\t\n\t\t\t\t\n\t\t\t\t<div class=\"item\">\n\t\t\t\t\t<img decoding=\"async\" src=\"https:\/\/cdn.europeangayskiweek.com\/wp\/uploads\/2019\/07\/cf-tajimah-chambres-et-sdb-43-baignoire-200x200.jpg\" alt=\"\" \/>\n\t\t\t\t<\/div>\n\t\n\t\t\t\t\n\t\t\t\t<div class=\"item\">\n\t\t\t\t\t<img decoding=\"async\" src=\"https:\/\/cdn.europeangayskiweek.com\/wp\/uploads\/2019\/07\/cf-tajimah-ambiances-salon-accueil-18-200x200.jpg\" alt=\"\" \/>\n\t\t\t\t<\/div>\n\t\n\t\t\t\t\n\t\t\t\t<div class=\"item\">\n\t\t\t\t\t<img decoding=\"async\" src=\"https:\/\/cdn.europeangayskiweek.com\/wp\/uploads\/2019\/07\/cf-tajimah-spa-1-200x200.jpg\" alt=\"\" \/>\n\t\t\t\t<\/div>\n\t\n\t\t\t\t\n\t\t\t\t<div class=\"item\">\n\t\t\t\t\t<img decoding=\"async\" src=\"https:\/\/cdn.europeangayskiweek.com\/wp\/uploads\/2019\/07\/cf-tajimah-spa-5-200x200.jpg\" alt=\"\" \/>\n\t\t\t\t<\/div>\n\t\n\t\t\t\t\n\t\t\t\t<div class=\"item\">\n\t\t\t\t\t<img decoding=\"async\" src=\"https:\/\/cdn.europeangayskiweek.com\/wp\/uploads\/2019\/07\/cf-tajimah-spa-18-200x200.jpg\" alt=\"\" \/>\n\t\t\t\t<\/div>\n\t\n\t\t\t\t\t<\/div>\n\t\n\t\t\t<\/div>\n<\/div>\n<\/div><\/div><div class=\"kc-elm kc-css-974899 kc_col-sm-10 kc_column_inner kc_col-sm-10\"><div class=\"kc_wrapper kc-col-inner-container\"><div class=\"kc-elm kc-css-164256 kc_text_block\"><\/p>\n<h5><a href=\"https:\/\/www.europeangayskiweek.com\/fr\/the-accommodation\/taj-i-mah\/\">Taj-I Mah 5*<\/a><\/h5>\n<h6>Chambres simple ou double et communicantes pour 1 \u00e0 4 personnes.<\/h6>\n<p>Avec son emplacement parfait juste sur les pistes, \u00e0 seulement quelques m\u00e8tres de l&#039;Apr\u00e8s-Ski, le Taj-I Mah est le choix id\u00e9al pour profiter de European Gay Ski Week version luxe.<\/p>\n<p>\n<\/div><div class=\"kc-elm kc-css-960592 kc_row kc_row_inner\"><div class=\"kc-elm kc-css-482434 kc_col-sm-6 kc_column_inner kc_col-sm-6 accomm-listing-icons\"><div class=\"kc_wrapper kc-col-inner-container\"><div class=\"kc-elm kc-css-356413 kc_box_wrap \"><div class=\"accomm-listing-icons-item\"><div class=\"one-one\"><img decoding=\"async\" src=\"https:\/\/cdn.europeangayskiweek.com\/wp\/uploads\/2019\/06\/icons8-bathtub-filled-50-1-e1559808317958.png\"\/>Salle de bains priv\u00e9e<\/div><\/div><div class=\"accomm-listing-icons-item\"><div class=\"one-one\"><img decoding=\"async\" src=\"https:\/\/cdn.europeangayskiweek.com\/wp\/uploads\/2019\/06\/icons8-swimming-pool-filled-50-e1559807823327.png\"\/>Piscine<\/div><\/div><div class=\"accomm-listing-icons-item\"><div class=\"one-one\"><img decoding=\"async\" src=\"https:\/\/cdn.europeangayskiweek.com\/wp\/uploads\/2019\/06\/icons8-cocktail-filled-50-e1562058576407.png\"\/>Bar Lounge<\/div><\/div><div class=\"accomm-listing-icons-item\"><div class=\"one-one\"><img decoding=\"async\" src=\"https:\/\/cdn.europeangayskiweek.com\/wp\/uploads\/2019\/06\/icons8-wi-fi-logo-filled-50-e1559807848988.png\"\/>Wi-Fi<\/div><\/div><div class=\"accomm-listing-icons-item\"><div class=\"one-one\"><img decoding=\"async\" src=\"https:\/\/cdn.europeangayskiweek.com\/wp\/uploads\/2019\/06\/icons8-sauna-filled-50-e1559807793954.png\"\/>Bien-\u00eatre<\/div><\/div><div class=\"accomm-listing-icons-item\"><div class=\"one-one\"><img decoding=\"async\" src=\"https:\/\/cdn.europeangayskiweek.com\/wp\/uploads\/2019\/06\/icons8-dinner-plate-filled-50.png\"\/>Restaurant<\/div><\/div><\/div><\/div><\/div><div class=\"kc-elm kc-css-631262 kc_col-sm-6 kc_column_inner kc_col-sm-6\"><div class=\"kc_wrapper kc-col-inner-container\"><div class=\"kc-elm kc-css-391803 kc_text_block\"><\/p>\n<h6>Prix \u00e0 partir de 1&nbsp;280&nbsp;&euro;<\/h6>\n<p>\n<\/div>\n<div class=\"kc-elm kc-css-783780\">\n\t<a class=\"kc_button\" href=\"https:\/\/www.europeangayskiweek.com\/fr\/the-accommodation\/taj-i-mah\/\" target=\"_self\" title=\"NEW EGSW 2020 Host Hotel Les M\u00e9l\u00e8zes\" onclick=\"\">\n\t\tEn savoir plus\t<\/a>\n<\/div>\n<\/div><\/div><\/div><\/div><\/div><\/div><\/div><\/div><\/div><\/div><\/section><section id=\"alacarte-apartments\" class=\"kc-elm kc-css-241898 kc_row\"><div class=\"kc-row-container  kc-container\"><div class=\"kc-wrap-columns\"><div class=\"kc-elm kc-css-621704 kc_column kc_col-sm-12\"><div class=\"kc-col-container\"><div class=\"kc-elm kc-css-96995 kc_text_block\"><\/p>\n<h5 style=\"text-align: center;\"><span style=\"color: #800000;\">Appartements<\/span><\/h5>\n<p>\n<\/div><\/div><\/div><\/div><\/div><\/section><section class=\"kc-elm kc-css-361824 kc_row\"><div class=\"kc-row-container  kc-container\"><div class=\"kc-wrap-columns\"><div class=\"kc-elm kc-css-420823 kc_col-sm-12 kc_column kc_col-sm-12\"><div class=\"kc-col-container\"><div class=\"kc-elm kc-css-595981 kc_row kc_row_inner\"><div class=\"kc-elm kc-css-199413 kc_col-of-5 kc_column_inner kc_col-of-5\"><div class=\"kc_wrapper kc-col-inner-container\"><div class=\"kc-elm kc-css-127\">\n\t<div class=\"kc-carousel_images kc-elm kc-css-127\">\n\t\n\t\t<div class=\"kc-carousel-images owl-carousel-images kc-sync1  owl-nav-round\" data-owl-i-options='{\"items\":\"1\",\"tablet\":\"1\",\"mobile\":\"1\",\"speed\":\"100\",\"navigation\":\"yes\",\"pagination\":\"\",\"autoheight\":\"\",\"progressbar\":\"\",\"delay\":\"8\",\"autoplay\":\"\",\"showthumb\":\"yes\",\"num_thumb\":\"4\"}'>\n\t\n\t\t\t\t\t<div class=\"item\">\n\t\n\t\t\t\t\t\t\t<img decoding=\"async\" src=\"https:\/\/cdn.europeangayskiweek.com\/wp\/uploads\/2019\/06\/0190011064_02-200x200.jpg\"  alt=\"\"\/>\n\t\n\t\t\t\t\n\t\t\t<\/div>\n\t\n\t\t\t\t\t<div class=\"item\">\n\t\n\t\t\t\t\t\t\t<img decoding=\"async\" src=\"https:\/\/cdn.europeangayskiweek.com\/wp\/uploads\/2019\/06\/CIS-Studio-4p-0190011315_09-VA1315R-1-200x200.jpg\"  alt=\"\"\/>\n\t\n\t\t\t\t\n\t\t\t<\/div>\n\t\n\t\t\t\t\t<div class=\"item\">\n\t\n\t\t\t\t\t\t\t<img decoding=\"async\" src=\"https:\/\/cdn.europeangayskiweek.com\/wp\/uploads\/2019\/06\/0190011142_01-200x200.jpg\"  alt=\"\"\/>\n\t\n\t\t\t\t\n\t\t\t<\/div>\n\t\n\t\t\t\t\t<div class=\"item\">\n\t\n\t\t\t\t\t\t\t<img decoding=\"async\" src=\"https:\/\/cdn.europeangayskiweek.com\/wp\/uploads\/2019\/06\/CIS-Studio-4p-0190030403_01-BEL403R-1-200x200.jpg\"  alt=\"\"\/>\n\t\n\t\t\t\t\n\t\t\t<\/div>\n\t\n\t\t\t\t\t<div class=\"item\">\n\t\n\t\t\t\t\t\t\t<img decoding=\"async\" src=\"https:\/\/cdn.europeangayskiweek.com\/wp\/uploads\/2019\/06\/CIS-Studio-4p-0903000094_10-AIR160-200x200.jpg\"  alt=\"\"\/>\n\t\n\t\t\t\t\n\t\t\t<\/div>\n\t\n\t\t\t\t\t<div class=\"item\">\n\t\n\t\t\t\t\t\t\t<img decoding=\"async\" src=\"https:\/\/cdn.europeangayskiweek.com\/wp\/uploads\/2019\/06\/0190011064_11-200x200.jpg\"  alt=\"\"\/>\n\t\n\t\t\t\t\n\t\t\t<\/div>\n\t\n\t\t\t\t\t<div class=\"item\">\n\t\n\t\t\t\t\t\t\t<img decoding=\"async\" src=\"https:\/\/cdn.europeangayskiweek.com\/wp\/uploads\/2019\/06\/0190011142_02-200x200.jpg\"  alt=\"\"\/>\n\t\n\t\t\t\t\n\t\t\t<\/div>\n\t\n\t\t\t\t\t<div class=\"item\">\n\t\n\t\t\t\t\t\t\t<img decoding=\"async\" src=\"https:\/\/cdn.europeangayskiweek.com\/wp\/uploads\/2019\/06\/CIS-Studio-4p-0190011315_06-VA1315R-1-200x200.jpg\"  alt=\"\"\/>\n\t\n\t\t\t\t\n\t\t\t<\/div>\n\t\n\t\t\t\t\t<div class=\"item\">\n\t\n\t\t\t\t\t\t\t<img decoding=\"async\" src=\"https:\/\/cdn.europeangayskiweek.com\/wp\/uploads\/2019\/06\/0190011142_06-200x200.jpg\"  alt=\"\"\/>\n\t\n\t\t\t\t\n\t\t\t<\/div>\n\t\n\t\t\t\t\t<div class=\"item\">\n\t\n\t\t\t\t\t\t\t<img decoding=\"async\" src=\"https:\/\/cdn.europeangayskiweek.com\/wp\/uploads\/2019\/06\/0190011142_10-200x200.jpg\"  alt=\"\"\/>\n\t\n\t\t\t\t\n\t\t\t<\/div>\n\t\n\t\t\t\t\t<div class=\"item\">\n\t\n\t\t\t\t\t\t\t<img decoding=\"async\" src=\"https:\/\/cdn.europeangayskiweek.com\/wp\/uploads\/2019\/06\/CIS-Studio-4p-0190020701_07-FB0701R-1-200x200.jpg\"  alt=\"\"\/>\n\t\n\t\t\t\t\n\t\t\t<\/div>\n\t\n\t\t\t\n\t\t<\/div>\n\t\n\t\t\t\n\t\t<div class=\"kc-sync2 owl-carousel\">\n\t\t\t\t\n\t\t\t\t<div class=\"item\">\n\t\t\t\t\t<img decoding=\"async\" src=\"https:\/\/cdn.europeangayskiweek.com\/wp\/uploads\/2019\/06\/0190011064_02-200x200.jpg\" alt=\"\" \/>\n\t\t\t\t<\/div>\n\t\n\t\t\t\t\n\t\t\t\t<div class=\"item\">\n\t\t\t\t\t<img decoding=\"async\" src=\"https:\/\/cdn.europeangayskiweek.com\/wp\/uploads\/2019\/06\/CIS-Studio-4p-0190011315_09-VA1315R-1-200x200.jpg\" alt=\"\" \/>\n\t\t\t\t<\/div>\n\t\n\t\t\t\t\n\t\t\t\t<div class=\"item\">\n\t\t\t\t\t<img decoding=\"async\" src=\"https:\/\/cdn.europeangayskiweek.com\/wp\/uploads\/2019\/06\/0190011142_01-200x200.jpg\" alt=\"\" \/>\n\t\t\t\t<\/div>\n\t\n\t\t\t\t\n\t\t\t\t<div class=\"item\">\n\t\t\t\t\t<img decoding=\"async\" src=\"https:\/\/cdn.europeangayskiweek.com\/wp\/uploads\/2019\/06\/CIS-Studio-4p-0190030403_01-BEL403R-1-200x200.jpg\" alt=\"\" \/>\n\t\t\t\t<\/div>\n\t\n\t\t\t\t\n\t\t\t\t<div class=\"item\">\n\t\t\t\t\t<img decoding=\"async\" src=\"https:\/\/cdn.europeangayskiweek.com\/wp\/uploads\/2019\/06\/CIS-Studio-4p-0903000094_10-AIR160-200x200.jpg\" alt=\"\" \/>\n\t\t\t\t<\/div>\n\t\n\t\t\t\t\n\t\t\t\t<div class=\"item\">\n\t\t\t\t\t<img decoding=\"async\" src=\"https:\/\/cdn.europeangayskiweek.com\/wp\/uploads\/2019\/06\/0190011064_11-200x200.jpg\" alt=\"\" \/>\n\t\t\t\t<\/div>\n\t\n\t\t\t\t\n\t\t\t\t<div class=\"item\">\n\t\t\t\t\t<img decoding=\"async\" src=\"https:\/\/cdn.europeangayskiweek.com\/wp\/uploads\/2019\/06\/0190011142_02-200x200.jpg\" alt=\"\" \/>\n\t\t\t\t<\/div>\n\t\n\t\t\t\t\n\t\t\t\t<div class=\"item\">\n\t\t\t\t\t<img decoding=\"async\" src=\"https:\/\/cdn.europeangayskiweek.com\/wp\/uploads\/2019\/06\/CIS-Studio-4p-0190011315_06-VA1315R-1-200x200.jpg\" alt=\"\" \/>\n\t\t\t\t<\/div>\n\t\n\t\t\t\t\n\t\t\t\t<div class=\"item\">\n\t\t\t\t\t<img decoding=\"async\" src=\"https:\/\/cdn.europeangayskiweek.com\/wp\/uploads\/2019\/06\/0190011142_06-200x200.jpg\" alt=\"\" \/>\n\t\t\t\t<\/div>\n\t\n\t\t\t\t\n\t\t\t\t<div class=\"item\">\n\t\t\t\t\t<img decoding=\"async\" src=\"https:\/\/cdn.europeangayskiweek.com\/wp\/uploads\/2019\/06\/0190011142_10-200x200.jpg\" alt=\"\" \/>\n\t\t\t\t<\/div>\n\t\n\t\t\t\t\n\t\t\t\t<div class=\"item\">\n\t\t\t\t\t<img decoding=\"async\" src=\"https:\/\/cdn.europeangayskiweek.com\/wp\/uploads\/2019\/06\/CIS-Studio-4p-0190020701_07-FB0701R-1-200x200.jpg\" alt=\"\" \/>\n\t\t\t\t<\/div>\n\t\n\t\t\t\t\t<\/div>\n\t\n\t\t\t<\/div>\n<\/div>\n<\/div><\/div><div class=\"kc-elm kc-css-524803 kc_col-sm-10 kc_column_inner kc_col-sm-10\"><div class=\"kc_wrapper kc-col-inner-container\"><div class=\"kc-elm kc-css-130042 kc_text_block\"><\/p>\n<h5><a href=\"https:\/\/www.europeangayskiweek.com\/the-accommodation\/2-3-residences\/\">2* & 3* Residences<\/a><\/h5>\n<p><strong>2* Studios for 1 - 4 people<\/strong><br \/><strong>3* 1 & 2 bedroom apartments for 1 - 6 people.<\/strong><\/p>\n<p>Self-catered, well located, fully equipped kitchen, all that can be expected from 2* or 3* studios or apartments: good value and convenient.<\/p>\n<p>\n<\/div><div class=\"kc-elm kc-css-433992 kc_row kc_row_inner\"><div class=\"kc-elm kc-css-549593 kc_col-sm-6 kc_column_inner kc_col-sm-6 accomm-listing-icons\"><div class=\"kc_wrapper kc-col-inner-container\"><div class=\"kc-elm kc-css-31301 kc_box_wrap \"><div class=\"accomm-listing-icons-item\"><div class=\"one-one\"><img decoding=\"async\" src=\"https:\/\/cdn.europeangayskiweek.com\/wp\/uploads\/2019\/06\/icons8-bathtub-filled-50-1-e1559808317958.png\"\/>Private bathroom<\/div><\/div><div class=\"accomm-listing-icons-item\"><div class=\"one-one\"><img decoding=\"async\" src=\"https:\/\/cdn.europeangayskiweek.com\/wp\/uploads\/2019\/06\/icons8-cooker-filled-50-1-e1559808293514.png\"\/>Fully equipped Kitchen<\/div><\/div><div class=\"accomm-listing-icons-item\"><div class=\"one-one\"><img decoding=\"async\" src=\"https:\/\/cdn.europeangayskiweek.com\/wp\/uploads\/2019\/06\/icons8-coffee-maker-filled-50-e1559808018608.png\"\/>Coffee Maker and kettle<\/div><\/div><div class=\"accomm-listing-icons-item\"><div class=\"one-one\"><img decoding=\"async\" src=\"https:\/\/cdn.europeangayskiweek.com\/wp\/uploads\/2019\/06\/icons8-restaurant-table-filled-50-e1559807985621.png\"\/>Dining area<\/div><\/div><div class=\"accomm-listing-icons-item\"><div class=\"one-one\"><img decoding=\"async\" src=\"https:\/\/cdn.europeangayskiweek.com\/wp\/uploads\/2019\/06\/icons8-living-room-filled-50-1-e1559808239767.png\"\/>Lounge \/ sitting area<\/div><\/div><div class=\"accomm-listing-icons-item\"><div class=\"one-one\"><img decoding=\"async\" src=\"https:\/\/cdn.europeangayskiweek.com\/wp\/uploads\/2019\/06\/icons8-ski-resort-filled-50.png\"\/>Mountain view<\/div><\/div><\/div><\/div><\/div><div class=\"kc-elm kc-css-672400 kc_col-sm-6 kc_column_inner kc_col-sm-6\"><div class=\"kc_wrapper kc-col-inner-container\"><div class=\"kc-elm kc-css-919010 kc_text_block\"><\/p>\n<h6>Prices From\u00a0119,80&nbsp;&euro;<\/h6>\n<p>\n<\/div>\n<div class=\"kc-elm kc-css-510625\">\n\t<a class=\"kc_button\" href=\"https:\/\/www.europeangayskiweek.com\/the-accommodation\/2-3-residences\/\" target=\"_self\" title=\"NEW EGSW 2020 Host Hotel Les M\u00e9l\u00e8zes\" onclick=\"\">\n\t\tMore Info\t<\/a>\n<\/div>\n<\/div><\/div><\/div><\/div><\/div><\/div><\/div><\/div><\/div><\/div><\/section><section class=\"kc-elm kc-css-102192 kc_row\"><div class=\"kc-row-container  kc-container\"><div class=\"kc-wrap-columns\"><div class=\"kc-elm kc-css-180439 kc_col-sm-12 kc_column kc_col-sm-12\"><div class=\"kc-col-container\"><div class=\"kc-elm kc-css-568923 kc_row kc_row_inner\"><div class=\"kc-elm kc-css-600511 kc_col-of-5 kc_column_inner kc_col-of-5\"><div class=\"kc_wrapper kc-col-inner-container\"><div class=\"kc-elm kc-css-382084\">\n\t<div class=\"kc-carousel_images kc-elm kc-css-382084\">\n\t\n\t\t<div class=\"kc-carousel-images owl-carousel-images kc-sync1  owl-nav-round\" data-owl-i-options='{\"items\":\"1\",\"tablet\":\"1\",\"mobile\":\"1\",\"speed\":\"100\",\"navigation\":\"yes\",\"pagination\":\"\",\"autoheight\":\"\",\"progressbar\":\"\",\"delay\":\"8\",\"autoplay\":\"\",\"showthumb\":\"yes\",\"num_thumb\":\"4\"}'>\n\t\n\t\t\t\t\t<div class=\"item\">\n\t\n\t\t\t\t\t\t\t<img decoding=\"async\" src=\"https:\/\/cdn.europeangayskiweek.com\/wp\/uploads\/2019\/06\/0190011064_02-200x200.jpg\"  alt=\"\"\/>\n\t\n\t\t\t\t\n\t\t\t<\/div>\n\t\n\t\t\t\t\t<div class=\"item\">\n\t\n\t\t\t\t\t\t\t<img decoding=\"async\" src=\"https:\/\/cdn.europeangayskiweek.com\/wp\/uploads\/2019\/06\/CIS-Studio-4p-0190011315_09-VA1315R-1-200x200.jpg\"  alt=\"\"\/>\n\t\n\t\t\t\t\n\t\t\t<\/div>\n\t\n\t\t\t\t\t<div class=\"item\">\n\t\n\t\t\t\t\t\t\t<img decoding=\"async\" src=\"https:\/\/cdn.europeangayskiweek.com\/wp\/uploads\/2019\/06\/0190011142_01-200x200.jpg\"  alt=\"\"\/>\n\t\n\t\t\t\t\n\t\t\t<\/div>\n\t\n\t\t\t\t\t<div class=\"item\">\n\t\n\t\t\t\t\t\t\t<img decoding=\"async\" src=\"https:\/\/cdn.europeangayskiweek.com\/wp\/uploads\/2019\/06\/CIS-Studio-4p-0190030403_01-BEL403R-1-200x200.jpg\"  alt=\"\"\/>\n\t\n\t\t\t\t\n\t\t\t<\/div>\n\t\n\t\t\t\t\t<div class=\"item\">\n\t\n\t\t\t\t\t\t\t<img decoding=\"async\" src=\"https:\/\/cdn.europeangayskiweek.com\/wp\/uploads\/2019\/06\/CIS-Studio-4p-0903000094_10-AIR160-200x200.jpg\"  alt=\"\"\/>\n\t\n\t\t\t\t\n\t\t\t<\/div>\n\t\n\t\t\t\t\t<div class=\"item\">\n\t\n\t\t\t\t\t\t\t<img decoding=\"async\" src=\"https:\/\/cdn.europeangayskiweek.com\/wp\/uploads\/2019\/06\/0190011064_11-200x200.jpg\"  alt=\"\"\/>\n\t\n\t\t\t\t\n\t\t\t<\/div>\n\t\n\t\t\t\t\t<div class=\"item\">\n\t\n\t\t\t\t\t\t\t<img decoding=\"async\" src=\"https:\/\/cdn.europeangayskiweek.com\/wp\/uploads\/2019\/06\/0190011142_02-200x200.jpg\"  alt=\"\"\/>\n\t\n\t\t\t\t\n\t\t\t<\/div>\n\t\n\t\t\t\t\t<div class=\"item\">\n\t\n\t\t\t\t\t\t\t<img decoding=\"async\" src=\"https:\/\/cdn.europeangayskiweek.com\/wp\/uploads\/2019\/06\/CIS-Studio-4p-0190011315_06-VA1315R-1-200x200.jpg\"  alt=\"\"\/>\n\t\n\t\t\t\t\n\t\t\t<\/div>\n\t\n\t\t\t\t\t<div class=\"item\">\n\t\n\t\t\t\t\t\t\t<img decoding=\"async\" src=\"https:\/\/cdn.europeangayskiweek.com\/wp\/uploads\/2019\/06\/0190011142_06-200x200.jpg\"  alt=\"\"\/>\n\t\n\t\t\t\t\n\t\t\t<\/div>\n\t\n\t\t\t\t\t<div class=\"item\">\n\t\n\t\t\t\t\t\t\t<img decoding=\"async\" src=\"https:\/\/cdn.europeangayskiweek.com\/wp\/uploads\/2019\/06\/0190011142_10-200x200.jpg\"  alt=\"\"\/>\n\t\n\t\t\t\t\n\t\t\t<\/div>\n\t\n\t\t\t\t\t<div class=\"item\">\n\t\n\t\t\t\t\t\t\t<img decoding=\"async\" src=\"https:\/\/cdn.europeangayskiweek.com\/wp\/uploads\/2019\/06\/CIS-Studio-4p-0190020701_07-FB0701R-1-200x200.jpg\"  alt=\"\"\/>\n\t\n\t\t\t\t\n\t\t\t<\/div>\n\t\n\t\t\t\n\t\t<\/div>\n\t\n\t\t\t\n\t\t<div class=\"kc-sync2 owl-carousel\">\n\t\t\t\t\n\t\t\t\t<div class=\"item\">\n\t\t\t\t\t<img decoding=\"async\" src=\"https:\/\/cdn.europeangayskiweek.com\/wp\/uploads\/2019\/06\/0190011064_02-200x200.jpg\" alt=\"\" \/>\n\t\t\t\t<\/div>\n\t\n\t\t\t\t\n\t\t\t\t<div class=\"item\">\n\t\t\t\t\t<img decoding=\"async\" src=\"https:\/\/cdn.europeangayskiweek.com\/wp\/uploads\/2019\/06\/CIS-Studio-4p-0190011315_09-VA1315R-1-200x200.jpg\" alt=\"\" \/>\n\t\t\t\t<\/div>\n\t\n\t\t\t\t\n\t\t\t\t<div class=\"item\">\n\t\t\t\t\t<img decoding=\"async\" src=\"https:\/\/cdn.europeangayskiweek.com\/wp\/uploads\/2019\/06\/0190011142_01-200x200.jpg\" alt=\"\" \/>\n\t\t\t\t<\/div>\n\t\n\t\t\t\t\n\t\t\t\t<div class=\"item\">\n\t\t\t\t\t<img decoding=\"async\" src=\"https:\/\/cdn.europeangayskiweek.com\/wp\/uploads\/2019\/06\/CIS-Studio-4p-0190030403_01-BEL403R-1-200x200.jpg\" alt=\"\" \/>\n\t\t\t\t<\/div>\n\t\n\t\t\t\t\n\t\t\t\t<div class=\"item\">\n\t\t\t\t\t<img decoding=\"async\" src=\"https:\/\/cdn.europeangayskiweek.com\/wp\/uploads\/2019\/06\/CIS-Studio-4p-0903000094_10-AIR160-200x200.jpg\" alt=\"\" \/>\n\t\t\t\t<\/div>\n\t\n\t\t\t\t\n\t\t\t\t<div class=\"item\">\n\t\t\t\t\t<img decoding=\"async\" src=\"https:\/\/cdn.europeangayskiweek.com\/wp\/uploads\/2019\/06\/0190011064_11-200x200.jpg\" alt=\"\" \/>\n\t\t\t\t<\/div>\n\t\n\t\t\t\t\n\t\t\t\t<div class=\"item\">\n\t\t\t\t\t<img decoding=\"async\" src=\"https:\/\/cdn.europeangayskiweek.com\/wp\/uploads\/2019\/06\/0190011142_02-200x200.jpg\" alt=\"\" \/>\n\t\t\t\t<\/div>\n\t\n\t\t\t\t\n\t\t\t\t<div class=\"item\">\n\t\t\t\t\t<img decoding=\"async\" src=\"https:\/\/cdn.europeangayskiweek.com\/wp\/uploads\/2019\/06\/CIS-Studio-4p-0190011315_06-VA1315R-1-200x200.jpg\" alt=\"\" \/>\n\t\t\t\t<\/div>\n\t\n\t\t\t\t\n\t\t\t\t<div class=\"item\">\n\t\t\t\t\t<img decoding=\"async\" src=\"https:\/\/cdn.europeangayskiweek.com\/wp\/uploads\/2019\/06\/0190011142_06-200x200.jpg\" alt=\"\" \/>\n\t\t\t\t<\/div>\n\t\n\t\t\t\t\n\t\t\t\t<div class=\"item\">\n\t\t\t\t\t<img decoding=\"async\" src=\"https:\/\/cdn.europeangayskiweek.com\/wp\/uploads\/2019\/06\/0190011142_10-200x200.jpg\" alt=\"\" \/>\n\t\t\t\t<\/div>\n\t\n\t\t\t\t\n\t\t\t\t<div class=\"item\">\n\t\t\t\t\t<img decoding=\"async\" src=\"https:\/\/cdn.europeangayskiweek.com\/wp\/uploads\/2019\/06\/CIS-Studio-4p-0190020701_07-FB0701R-1-200x200.jpg\" alt=\"\" \/>\n\t\t\t\t<\/div>\n\t\n\t\t\t\t\t<\/div>\n\t\n\t\t\t<\/div>\n<\/div>\n<\/div><\/div><div class=\"kc-elm kc-css-815938 kc_col-sm-10 kc_column_inner kc_col-sm-10\"><div class=\"kc_wrapper kc-col-inner-container\"><div class=\"kc-elm kc-css-713457 kc_text_block\"><\/p>\n<h5><a href=\"https:\/\/www.europeangayskiweek.com\/fr\/the-accommodation\/2-3-residences\/\">R\u00e9sidences 2* & 3*<\/a><\/h5>\n<h6>Studio ou appartements de 1 \u00e0 6 personnes.<\/h6>\n<p>Tr\u00e8s bien situ\u00e9es, logements autonomes avec cuisines \u00e9quip\u00e9es, tout ce que vous pouvez attendre d&#039;un 2\/3*: des studios et appartements modestes mais confortables.<\/p>\n<p>\n<\/div><div class=\"kc-elm kc-css-640880 kc_row kc_row_inner\"><div class=\"kc-elm kc-css-172679 kc_col-sm-6 kc_column_inner kc_col-sm-6 accomm-listing-icons\"><div class=\"kc_wrapper kc-col-inner-container\"><div class=\"kc-elm kc-css-828246 kc_box_wrap \"><div class=\"accomm-listing-icons-item\"><div class=\"one-one\"><img decoding=\"async\" src=\"https:\/\/cdn.europeangayskiweek.com\/wp\/uploads\/2019\/06\/icons8-bathtub-filled-50-1-e1559808317958.png\"\/>Salle de bains priv\u00e9e<\/div><\/div><div class=\"accomm-listing-icons-item\"><div class=\"one-one\"><img decoding=\"async\" src=\"https:\/\/cdn.europeangayskiweek.com\/wp\/uploads\/2019\/06\/icons8-cooker-filled-50-1-e1559808293514.png\"\/>Cuisine \u00e9quip\u00e9e<\/div><\/div><div class=\"accomm-listing-icons-item\"><div class=\"one-one\"><img decoding=\"async\" src=\"https:\/\/cdn.europeangayskiweek.com\/wp\/uploads\/2019\/06\/icons8-coffee-maker-filled-50-e1559808018608.png\"\/>Cafeti\u00e8re et bouilloire<\/div><\/div><div class=\"accomm-listing-icons-item\"><div class=\"one-one\"><img decoding=\"async\" src=\"https:\/\/cdn.europeangayskiweek.com\/wp\/uploads\/2019\/06\/icons8-restaurant-table-filled-50-e1559807985621.png\"\/>Espace repas<\/div><\/div><div class=\"accomm-listing-icons-item\"><div class=\"one-one\"><img decoding=\"async\" src=\"https:\/\/cdn.europeangayskiweek.com\/wp\/uploads\/2019\/06\/icons8-living-room-filled-50-1-e1559808239767.png\"\/>Salon<\/div><\/div><div class=\"accomm-listing-icons-item\"><div class=\"one-one\"><img decoding=\"async\" src=\"https:\/\/cdn.europeangayskiweek.com\/wp\/uploads\/2019\/06\/icons8-ski-resort-filled-50.png\"\/>Vue Montagne<\/div><\/div><\/div><\/div><\/div><div class=\"kc-elm kc-css-969849 kc_col-sm-6 kc_column_inner kc_col-sm-6\"><div class=\"kc_wrapper kc-col-inner-container\"><div class=\"kc-elm kc-css-70702 kc_text_block\"><\/p>\n<h6>Prix \u00e0 partir de 119,80&nbsp;&euro;<\/h6>\n<p>\n<\/div>\n<div class=\"kc-elm kc-css-927331\">\n\t<a class=\"kc_button\" href=\"https:\/\/www.europeangayskiweek.com\/fr\/the-accommodation\/2-3-residences\/\" target=\"_self\" title=\"NEW EGSW 2020 Host Hotel Les M\u00e9l\u00e8zes\" onclick=\"\">\n\t\tEn savoir plus\t<\/a>\n<\/div>\n<\/div><\/div><\/div><\/div><\/div><\/div><\/div><\/div><\/div><\/div><\/section><section class=\"kc-elm kc-css-599166 kc_row\"><div class=\"kc-row-container  kc-container\"><div class=\"kc-wrap-columns\"><div class=\"kc-elm kc-css-959463 kc_col-sm-12 kc_column kc_col-sm-12\"><div class=\"kc-col-container\"><div class=\"kc-elm kc-css-332193 kc_row kc_row_inner\"><div class=\"kc-elm kc-css-505224 kc_col-of-5 kc_column_inner kc_col-of-5\"><div class=\"kc_wrapper kc-col-inner-container\"><div class=\"kc-elm kc-css-799261\">\n\t<div class=\"kc-carousel_images kc-elm kc-css-799261\">\n\t\n\t\t<div class=\"kc-carousel-images owl-carousel-images kc-sync1  owl-nav-round\" data-owl-i-options='{\"items\":\"1\",\"tablet\":\"1\",\"mobile\":\"1\",\"speed\":\"100\",\"navigation\":\"yes\",\"pagination\":\"\",\"autoheight\":\"\",\"progressbar\":\"\",\"delay\":\"8\",\"autoplay\":\"\",\"showthumb\":\"yes\",\"num_thumb\":\"4\"}'>\n\t\n\t\t\t\t\t<div class=\"item\">\n\t\n\t\t\t\t\t\t\t<img decoding=\"async\" src=\"https:\/\/cdn.europeangayskiweek.com\/wp\/uploads\/2019\/06\/3011311-1.jpg-975x650-1-200x200.jpg\"  alt=\"\"\/>\n\t\n\t\t\t\t\n\t\t\t<\/div>\n\t\n\t\t\t\t\t<div class=\"item\">\n\t\n\t\t\t\t\t\t\t<img decoding=\"async\" src=\"https:\/\/cdn.europeangayskiweek.com\/wp\/uploads\/2019\/06\/3370970.jpg-975x650-200x200.jpg\"  alt=\"\"\/>\n\t\n\t\t\t\t\n\t\t\t<\/div>\n\t\n\t\t\t\t\t<div class=\"item\">\n\t\n\t\t\t\t\t\t\t<img decoding=\"async\" src=\"https:\/\/cdn.europeangayskiweek.com\/wp\/uploads\/2019\/06\/939763.jpg-975x650-200x200.jpg\"  alt=\"\"\/>\n\t\n\t\t\t\t\n\t\t\t<\/div>\n\t\n\t\t\t\t\t<div class=\"item\">\n\t\n\t\t\t\t\t\t\t<img decoding=\"async\" src=\"https:\/\/cdn.europeangayskiweek.com\/wp\/uploads\/2019\/06\/939758.jpg-975x650-200x200.jpg\"  alt=\"\"\/>\n\t\n\t\t\t\t\n\t\t\t<\/div>\n\t\n\t\t\t\t\t<div class=\"item\">\n\t\n\t\t\t\t\t\t\t<img decoding=\"async\" src=\"https:\/\/cdn.europeangayskiweek.com\/wp\/uploads\/2019\/06\/arolles-13-b-1-200x200.jpg\"  alt=\"\"\/>\n\t\n\t\t\t\t\n\t\t\t<\/div>\n\t\n\t\t\t\t\t<div class=\"item\">\n\t\n\t\t\t\t\t\t\t<img decoding=\"async\" src=\"https:\/\/cdn.europeangayskiweek.com\/wp\/uploads\/2019\/06\/939774.jpg-975x650-200x200.jpg\"  alt=\"\"\/>\n\t\n\t\t\t\t\n\t\t\t<\/div>\n\t\n\t\t\t\t\t<div class=\"item\">\n\t\n\t\t\t\t\t\t\t<img decoding=\"async\" src=\"https:\/\/cdn.europeangayskiweek.com\/wp\/uploads\/2019\/06\/939773-1.jpg-975x650-1-200x200.jpg\"  alt=\"\"\/>\n\t\n\t\t\t\t\n\t\t\t<\/div>\n\t\n\t\t\t\t\t<div class=\"item\">\n\t\n\t\t\t\t\t\t\t<img decoding=\"async\" src=\"https:\/\/cdn.europeangayskiweek.com\/wp\/uploads\/2019\/06\/939776.jpg-975x650-200x200.jpg\"  alt=\"\"\/>\n\t\n\t\t\t\t\n\t\t\t<\/div>\n\t\n\t\t\t\t\t<div class=\"item\">\n\t\n\t\t\t\t\t\t\t<img decoding=\"async\" src=\"https:\/\/cdn.europeangayskiweek.com\/wp\/uploads\/2019\/06\/939760.jpg-975x650-200x200.jpg\"  alt=\"\"\/>\n\t\n\t\t\t\t\n\t\t\t<\/div>\n\t\n\t\t\t\t\t<div class=\"item\">\n\t\n\t\t\t\t\t\t\t<img decoding=\"async\" src=\"https:\/\/cdn.europeangayskiweek.com\/wp\/uploads\/2019\/06\/939726.jpg-975x650-200x200.jpg\"  alt=\"\"\/>\n\t\n\t\t\t\t\n\t\t\t<\/div>\n\t\n\t\t\t\t\t<div class=\"item\">\n\t\n\t\t\t\t\t\t\t<img decoding=\"async\" src=\"https:\/\/cdn.europeangayskiweek.com\/wp\/uploads\/2019\/06\/3370971.jpg-975x650-200x200.jpg\"  alt=\"\"\/>\n\t\n\t\t\t\t\n\t\t\t<\/div>\n\t\n\t\t\t\t\t<div class=\"item\">\n\t\n\t\t\t\t\t\t\t<img decoding=\"async\" src=\"https:\/\/cdn.europeangayskiweek.com\/wp\/uploads\/2019\/06\/939728.jpg-975x650-200x200.jpg\"  alt=\"\"\/>\n\t\n\t\t\t\t\n\t\t\t<\/div>\n\t\n\t\t\t\n\t\t<\/div>\n\t\n\t\t\t\n\t\t<div class=\"kc-sync2 owl-carousel\">\n\t\t\t\t\n\t\t\t\t<div class=\"item\">\n\t\t\t\t\t<img decoding=\"async\" src=\"https:\/\/cdn.europeangayskiweek.com\/wp\/uploads\/2019\/06\/3011311-1.jpg-975x650-1-200x200.jpg\" alt=\"\" \/>\n\t\t\t\t<\/div>\n\t\n\t\t\t\t\n\t\t\t\t<div class=\"item\">\n\t\t\t\t\t<img decoding=\"async\" src=\"https:\/\/cdn.europeangayskiweek.com\/wp\/uploads\/2019\/06\/3370970.jpg-975x650-200x200.jpg\" alt=\"\" \/>\n\t\t\t\t<\/div>\n\t\n\t\t\t\t\n\t\t\t\t<div class=\"item\">\n\t\t\t\t\t<img decoding=\"async\" src=\"https:\/\/cdn.europeangayskiweek.com\/wp\/uploads\/2019\/06\/939763.jpg-975x650-200x200.jpg\" alt=\"\" \/>\n\t\t\t\t<\/div>\n\t\n\t\t\t\t\n\t\t\t\t<div class=\"item\">\n\t\t\t\t\t<img decoding=\"async\" src=\"https:\/\/cdn.europeangayskiweek.com\/wp\/uploads\/2019\/06\/939758.jpg-975x650-200x200.jpg\" alt=\"\" \/>\n\t\t\t\t<\/div>\n\t\n\t\t\t\t\n\t\t\t\t<div class=\"item\">\n\t\t\t\t\t<img decoding=\"async\" src=\"https:\/\/cdn.europeangayskiweek.com\/wp\/uploads\/2019\/06\/arolles-13-b-1-200x200.jpg\" alt=\"\" \/>\n\t\t\t\t<\/div>\n\t\n\t\t\t\t\n\t\t\t\t<div class=\"item\">\n\t\t\t\t\t<img decoding=\"async\" src=\"https:\/\/cdn.europeangayskiweek.com\/wp\/uploads\/2019\/06\/939774.jpg-975x650-200x200.jpg\" alt=\"\" \/>\n\t\t\t\t<\/div>\n\t\n\t\t\t\t\n\t\t\t\t<div class=\"item\">\n\t\t\t\t\t<img decoding=\"async\" src=\"https:\/\/cdn.europeangayskiweek.com\/wp\/uploads\/2019\/06\/939773-1.jpg-975x650-1-200x200.jpg\" alt=\"\" \/>\n\t\t\t\t<\/div>\n\t\n\t\t\t\t\n\t\t\t\t<div class=\"item\">\n\t\t\t\t\t<img decoding=\"async\" src=\"https:\/\/cdn.europeangayskiweek.com\/wp\/uploads\/2019\/06\/939776.jpg-975x650-200x200.jpg\" alt=\"\" \/>\n\t\t\t\t<\/div>\n\t\n\t\t\t\t\n\t\t\t\t<div class=\"item\">\n\t\t\t\t\t<img decoding=\"async\" src=\"https:\/\/cdn.europeangayskiweek.com\/wp\/uploads\/2019\/06\/939760.jpg-975x650-200x200.jpg\" alt=\"\" \/>\n\t\t\t\t<\/div>\n\t\n\t\t\t\t\n\t\t\t\t<div class=\"item\">\n\t\t\t\t\t<img decoding=\"async\" src=\"https:\/\/cdn.europeangayskiweek.com\/wp\/uploads\/2019\/06\/939726.jpg-975x650-200x200.jpg\" alt=\"\" \/>\n\t\t\t\t<\/div>\n\t\n\t\t\t\t\n\t\t\t\t<div class=\"item\">\n\t\t\t\t\t<img decoding=\"async\" src=\"https:\/\/cdn.europeangayskiweek.com\/wp\/uploads\/2019\/06\/3370971.jpg-975x650-200x200.jpg\" alt=\"\" \/>\n\t\t\t\t<\/div>\n\t\n\t\t\t\t\n\t\t\t\t<div class=\"item\">\n\t\t\t\t\t<img decoding=\"async\" src=\"https:\/\/cdn.europeangayskiweek.com\/wp\/uploads\/2019\/06\/939728.jpg-975x650-200x200.jpg\" alt=\"\" \/>\n\t\t\t\t<\/div>\n\t\n\t\t\t\t\t<\/div>\n\t\n\t\t\t<\/div>\n<\/div>\n<\/div><\/div><div class=\"kc-elm kc-css-374595 kc_col-sm-10 kc_column_inner kc_col-sm-10\"><div class=\"kc_wrapper kc-col-inner-container\"><div class=\"kc-elm kc-css-374132 kc_text_block\"><\/p>\n<h5><a href=\"https:\/\/www.europeangayskiweek.com\/fr\/the-accommodation\/les-arolles\/\">R\u00e9sidence Arolles 4*<\/a><\/h5>\n<h6>Appartements de 2 \u00e0 7 chambres pour 2 \u00e0 16 personnes.<\/h6>\n<p>Le confort est la r\u00e8gle dans ces appartements spacieux et confortables, qui donnent sur les montagnes environnantes.\u00a0Situ\u00e9 dans le quartier calme de la station de ski Arc 2000, vous acc\u00e9derez aux pistes en empruntant le t\u00e9l\u00e9ski gratuit <strong>Rhodos<\/strong> situ\u00e9 \u00e0 proximit\u00e9 de la r\u00e9sidence (150 m).<\/p>\n<p>\n<\/div><div class=\"kc-elm kc-css-786542 kc_row kc_row_inner\"><div class=\"kc-elm kc-css-752907 kc_col-sm-6 kc_column_inner kc_col-sm-6 accomm-listing-icons\"><div class=\"kc_wrapper kc-col-inner-container\"><div class=\"kc-elm kc-css-379987 kc_box_wrap \"><div class=\"accomm-listing-icons-item\"><div class=\"one-one\"><img decoding=\"async\" src=\"https:\/\/cdn.europeangayskiweek.com\/wp\/uploads\/2019\/06\/icons8-swimming-pool-filled-50-e1559807823327.png\"\/>Piscine<\/div><\/div><div class=\"accomm-listing-icons-item\"><div class=\"one-one\"><img decoding=\"async\" src=\"https:\/\/cdn.europeangayskiweek.com\/wp\/uploads\/2019\/06\/icons8-bench-press-filled-50-e1559809769260.png\"\/>Gym<\/div><\/div><div class=\"accomm-listing-icons-item\"><div class=\"one-one\"><img decoding=\"async\" src=\"https:\/\/cdn.europeangayskiweek.com\/wp\/uploads\/2019\/06\/icons8-bathtub-filled-50-1-e1559808317958.png\"\/>Salle de bains priv\u00e9e<\/div><\/div><div class=\"accomm-listing-icons-item\"><div class=\"one-one\"><img decoding=\"async\" src=\"https:\/\/cdn.europeangayskiweek.com\/wp\/uploads\/2019\/06\/icons8-living-room-filled-50-1-e1559808239767.png\"\/>Salon<\/div><\/div><div class=\"accomm-listing-icons-item\"><div class=\"one-one\"><img decoding=\"async\" src=\"https:\/\/cdn.europeangayskiweek.com\/wp\/uploads\/2019\/06\/icons8-cooker-filled-50-1-e1559808293514.png\"\/>Cuine \u00e9quip\u00e9e<\/div><\/div><div class=\"accomm-listing-icons-item\"><div class=\"one-one\"><img decoding=\"async\" src=\"https:\/\/cdn.europeangayskiweek.com\/wp\/uploads\/2019\/06\/icons8-restaurant-table-filled-50-e1559807985621.png\"\/>Espace repas<\/div><\/div><\/div><\/div><\/div><div class=\"kc-elm kc-css-725484 kc_col-sm-6 kc_column_inner kc_col-sm-6\"><div class=\"kc_wrapper kc-col-inner-container\"><div class=\"kc-elm kc-css-280964 kc_text_block\"><\/p>\n<h6>Prix \u00e0 partir de 268,62&nbsp;&euro;<\/h6>\n<p>\n<\/div>\n<div class=\"kc-elm kc-css-597050\">\n\t<a class=\"kc_button\" href=\"https:\/\/www.europeangayskiweek.com\/fr\/the-accommodation\/les-arolles\/\" target=\"_self\" title=\"NEW EGSW 2020 Host Hotel Les M\u00e9l\u00e8zes\" onclick=\"\">\n\t\tEn savoir plus\t<\/a>\n<\/div>\n<\/div><\/div><\/div><\/div><\/div><\/div><\/div><\/div><\/div><\/div><\/section><section class=\"kc-elm kc-css-874010 kc_row\"><div class=\"kc-row-container  kc-container\"><div class=\"kc-wrap-columns\"><div class=\"kc-elm kc-css-664830 kc_col-sm-12 kc_column kc_col-sm-12\"><div class=\"kc-col-container\"><div class=\"kc-elm kc-css-31137 kc_row kc_row_inner\"><div class=\"kc-elm kc-css-790412 kc_col-of-5 kc_column_inner kc_col-of-5\"><div class=\"kc_wrapper kc-col-inner-container\"><div class=\"kc-elm kc-css-441003\">\n\t<div class=\"kc-carousel_images kc-elm kc-css-441003\">\n\t\n\t\t<div class=\"kc-carousel-images owl-carousel-images kc-sync1  owl-nav-round\" data-owl-i-options='{\"items\":\"1\",\"tablet\":\"1\",\"mobile\":\"1\",\"speed\":\"100\",\"navigation\":\"yes\",\"pagination\":\"\",\"autoheight\":\"\",\"progressbar\":\"\",\"delay\":\"8\",\"autoplay\":\"\",\"showthumb\":\"yes\",\"num_thumb\":\"4\"}'>\n\t\n\t\t\t\t\t<div class=\"item\">\n\t\n\t\t\t\t\t\t\t<img decoding=\"async\" src=\"https:\/\/cdn.europeangayskiweek.com\/wp\/uploads\/2019\/06\/ext-004-photo-g-piel-recadee-200x200.jpg\"  alt=\"\"\/>\n\t\n\t\t\t\t\n\t\t\t<\/div>\n\t\n\t\t\t\t\t<div class=\"item\">\n\t\n\t\t\t\t\t\t\t<img decoding=\"async\" src=\"https:\/\/cdn.europeangayskiweek.com\/wp\/uploads\/2019\/06\/img-1514-200x200.jpg\"  alt=\"\"\/>\n\t\n\t\t\t\t\n\t\t\t<\/div>\n\t\n\t\t\t\t\t<div class=\"item\">\n\t\n\t\t\t\t\t\t\t<img decoding=\"async\" src=\"https:\/\/cdn.europeangayskiweek.com\/wp\/uploads\/2019\/06\/sejour-photos-g-piel-001-200x200.jpg\"  alt=\"\"\/>\n\t\n\t\t\t\t\n\t\t\t<\/div>\n\t\n\t\t\t\t\t<div class=\"item\">\n\t\n\t\t\t\t\t\t\t<img decoding=\"async\" src=\"https:\/\/cdn.europeangayskiweek.com\/wp\/uploads\/2019\/06\/img-1493-200x200.jpg\"  alt=\"\"\/>\n\t\n\t\t\t\t\n\t\t\t<\/div>\n\t\n\t\t\t\t\t<div class=\"item\">\n\t\n\t\t\t\t\t\t\t<img decoding=\"async\" src=\"https:\/\/cdn.europeangayskiweek.com\/wp\/uploads\/2019\/06\/940038.jpg-975x650-200x200.jpg\"  alt=\"\"\/>\n\t\n\t\t\t\t\n\t\t\t<\/div>\n\t\n\t\t\t\t\t<div class=\"item\">\n\t\n\t\t\t\t\t\t\t<img decoding=\"async\" src=\"https:\/\/cdn.europeangayskiweek.com\/wp\/uploads\/2019\/06\/img-1511-200x200.jpg\"  alt=\"\"\/>\n\t\n\t\t\t\t\n\t\t\t<\/div>\n\t\n\t\t\t\t\t<div class=\"item\">\n\t\n\t\t\t\t\t\t\t<img decoding=\"async\" src=\"https:\/\/cdn.europeangayskiweek.com\/wp\/uploads\/2019\/06\/940002.jpg-975x650-200x200.jpg\"  alt=\"\"\/>\n\t\n\t\t\t\t\n\t\t\t<\/div>\n\t\n\t\t\t\t\t<div class=\"item\">\n\t\n\t\t\t\t\t\t\t<img decoding=\"async\" src=\"https:\/\/cdn.europeangayskiweek.com\/wp\/uploads\/2019\/06\/940004.jpg-975x650-200x200.jpg\"  alt=\"\"\/>\n\t\n\t\t\t\t\n\t\t\t<\/div>\n\t\n\t\t\t\t\t<div class=\"item\">\n\t\n\t\t\t\t\t\t\t<img decoding=\"async\" src=\"https:\/\/cdn.europeangayskiweek.com\/wp\/uploads\/2019\/06\/940006.jpg-975x650-200x200.jpg\"  alt=\"\"\/>\n\t\n\t\t\t\t\n\t\t\t<\/div>\n\t\n\t\t\t\t\t<div class=\"item\">\n\t\n\t\t\t\t\t\t\t<img decoding=\"async\" src=\"https:\/\/cdn.europeangayskiweek.com\/wp\/uploads\/2019\/06\/3370956.jpg-975x650-200x200.jpg\"  alt=\"\"\/>\n\t\n\t\t\t\t\n\t\t\t<\/div>\n\t\n\t\t\t\t\t<div class=\"item\">\n\t\n\t\t\t\t\t\t\t<img decoding=\"async\" src=\"https:\/\/cdn.europeangayskiweek.com\/wp\/uploads\/2019\/06\/939985.jpg-975x650-200x200.jpg\"  alt=\"\"\/>\n\t\n\t\t\t\t\n\t\t\t<\/div>\n\t\n\t\t\t\n\t\t<\/div>\n\t\n\t\t\t\n\t\t<div class=\"kc-sync2 owl-carousel\">\n\t\t\t\t\n\t\t\t\t<div class=\"item\">\n\t\t\t\t\t<img decoding=\"async\" src=\"https:\/\/cdn.europeangayskiweek.com\/wp\/uploads\/2019\/06\/ext-004-photo-g-piel-recadee-200x200.jpg\" alt=\"\" \/>\n\t\t\t\t<\/div>\n\t\n\t\t\t\t\n\t\t\t\t<div class=\"item\">\n\t\t\t\t\t<img decoding=\"async\" src=\"https:\/\/cdn.europeangayskiweek.com\/wp\/uploads\/2019\/06\/img-1514-200x200.jpg\" alt=\"\" \/>\n\t\t\t\t<\/div>\n\t\n\t\t\t\t\n\t\t\t\t<div class=\"item\">\n\t\t\t\t\t<img decoding=\"async\" src=\"https:\/\/cdn.europeangayskiweek.com\/wp\/uploads\/2019\/06\/sejour-photos-g-piel-001-200x200.jpg\" alt=\"\" \/>\n\t\t\t\t<\/div>\n\t\n\t\t\t\t\n\t\t\t\t<div class=\"item\">\n\t\t\t\t\t<img decoding=\"async\" src=\"https:\/\/cdn.europeangayskiweek.com\/wp\/uploads\/2019\/06\/img-1493-200x200.jpg\" alt=\"\" \/>\n\t\t\t\t<\/div>\n\t\n\t\t\t\t\n\t\t\t\t<div class=\"item\">\n\t\t\t\t\t<img decoding=\"async\" src=\"https:\/\/cdn.europeangayskiweek.com\/wp\/uploads\/2019\/06\/940038.jpg-975x650-200x200.jpg\" alt=\"\" \/>\n\t\t\t\t<\/div>\n\t\n\t\t\t\t\n\t\t\t\t<div class=\"item\">\n\t\t\t\t\t<img decoding=\"async\" src=\"https:\/\/cdn.europeangayskiweek.com\/wp\/uploads\/2019\/06\/img-1511-200x200.jpg\" alt=\"\" \/>\n\t\t\t\t<\/div>\n\t\n\t\t\t\t\n\t\t\t\t<div class=\"item\">\n\t\t\t\t\t<img decoding=\"async\" src=\"https:\/\/cdn.europeangayskiweek.com\/wp\/uploads\/2019\/06\/940002.jpg-975x650-200x200.jpg\" alt=\"\" \/>\n\t\t\t\t<\/div>\n\t\n\t\t\t\t\n\t\t\t\t<div class=\"item\">\n\t\t\t\t\t<img decoding=\"async\" src=\"https:\/\/cdn.europeangayskiweek.com\/wp\/uploads\/2019\/06\/940004.jpg-975x650-200x200.jpg\" alt=\"\" \/>\n\t\t\t\t<\/div>\n\t\n\t\t\t\t\n\t\t\t\t<div class=\"item\">\n\t\t\t\t\t<img decoding=\"async\" src=\"https:\/\/cdn.europeangayskiweek.com\/wp\/uploads\/2019\/06\/940006.jpg-975x650-200x200.jpg\" alt=\"\" \/>\n\t\t\t\t<\/div>\n\t\n\t\t\t\t\n\t\t\t\t<div class=\"item\">\n\t\t\t\t\t<img decoding=\"async\" src=\"https:\/\/cdn.europeangayskiweek.com\/wp\/uploads\/2019\/06\/3370956.jpg-975x650-200x200.jpg\" alt=\"\" \/>\n\t\t\t\t<\/div>\n\t\n\t\t\t\t\n\t\t\t\t<div class=\"item\">\n\t\t\t\t\t<img decoding=\"async\" src=\"https:\/\/cdn.europeangayskiweek.com\/wp\/uploads\/2019\/06\/939985.jpg-975x650-200x200.jpg\" alt=\"\" \/>\n\t\t\t\t<\/div>\n\t\n\t\t\t\t\t<\/div>\n\t\n\t\t\t<\/div>\n<\/div>\n<\/div><\/div><div class=\"kc-elm kc-css-905411 kc_col-sm-10 kc_column_inner kc_col-sm-10\"><div class=\"kc_wrapper kc-col-inner-container\"><div class=\"kc-elm kc-css-908596 kc_text_block\"><\/p>\n<h5><a href=\"https:\/\/www.europeangayskiweek.com\/fr\/the-accommodation\/la-cime-des-arcs\/\">La C\u00eeme des Arcs 4*<\/a><\/h5>\n<h6>Appartements de 1 \u00e0 chambres pour 1 \u00e0 8 personnes.<\/h6>\n<p>La r\u00e9sidence Chalet des Neiges Cime des Arcs **** est situ\u00e9e directement sur les pistes, au centre de la station de ski Arc 2000.\u00a0Vous profiterez d&#039;une vue imprenable sur le domaine skiable.<\/p>\n<p>\n<\/div><div class=\"kc-elm kc-css-55679 kc_row kc_row_inner\"><div class=\"kc-elm kc-css-610673 kc_col-sm-6 kc_column_inner kc_col-sm-6 accomm-listing-icons\"><div class=\"kc_wrapper kc-col-inner-container\"><div class=\"kc-elm kc-css-434671 kc_box_wrap \"><div class=\"accomm-listing-icons-item\"><div class=\"one-one\"><img decoding=\"async\" src=\"https:\/\/cdn.europeangayskiweek.com\/wp\/uploads\/2019\/06\/icons8-bathtub-filled-50-1-e1559808317958.png\"\/>Salle de bains priv\u00e9e<\/div><\/div><div class=\"accomm-listing-icons-item\"><div class=\"one-one\"><img decoding=\"async\" src=\"https:\/\/cdn.europeangayskiweek.com\/wp\/uploads\/2019\/06\/icons8-swimming-pool-filled-50-e1559807823327.png\"\/>Piscine<\/div><\/div><div class=\"accomm-listing-icons-item\"><div class=\"one-one\"><img decoding=\"async\" src=\"https:\/\/cdn.europeangayskiweek.com\/wp\/uploads\/2019\/06\/icons8-living-room-filled-50-1-e1559808239767.png\"\/>Salon<\/div><\/div><div class=\"accomm-listing-icons-item\"><div class=\"one-one\"><img decoding=\"async\" src=\"https:\/\/cdn.europeangayskiweek.com\/wp\/uploads\/2019\/06\/icons8-wi-fi-logo-filled-50-e1559807848988.png\"\/>Wi-Fi<\/div><\/div><div class=\"accomm-listing-icons-item\"><div class=\"one-one\"><img decoding=\"async\" src=\"https:\/\/cdn.europeangayskiweek.com\/wp\/uploads\/2019\/06\/icons8-cooker-filled-50-1-e1559808293514.png\"\/>Cuisine \u00e9quip\u00e9e<\/div><\/div><div class=\"accomm-listing-icons-item\"><div class=\"one-one\"><img decoding=\"async\" src=\"https:\/\/cdn.europeangayskiweek.com\/wp\/uploads\/2019\/06\/icons8-restaurant-table-filled-50-e1559807985621.png\"\/>Espace repas<\/div><\/div><\/div><\/div><\/div><div class=\"kc-elm kc-css-208015 kc_col-sm-6 kc_column_inner kc_col-sm-6\"><div class=\"kc_wrapper kc-col-inner-container\"><div class=\"kc-elm kc-css-32830 kc_text_block\"><\/p>\n<h6>Prix \u00e0 partir de 222,33&nbsp;&euro;<\/h6>\n<p>\n<\/div>\n<div class=\"kc-elm kc-css-446631\">\n\t<a class=\"kc_button\" href=\"https:\/\/www.europeangayskiweek.com\/fr\/the-accommodation\/la-cime-des-arcs\/\" target=\"_self\" title=\"NEW EGSW 2020 Host Hotel Les M\u00e9l\u00e8zes\" onclick=\"\">\n\t\tEn savoir plus\t<\/a>\n<\/div>\n<\/div><\/div><\/div><\/div><\/div><\/div><\/div><\/div><\/div><\/div><\/section><section class=\"kc-elm kc-css-33926 kc_row\"><div class=\"kc-row-container  kc-container\"><div class=\"kc-wrap-columns\"><div class=\"kc-elm kc-css-876178 kc_col-sm-12 kc_column kc_col-sm-12\"><div class=\"kc-col-container\"><div class=\"kc-elm kc-css-220051 kc_row kc_row_inner\"><div class=\"kc-elm kc-css-540188 kc_col-of-5 kc_column_inner kc_col-of-5\"><div class=\"kc_wrapper kc-col-inner-container\"><div class=\"kc-elm kc-css-390570\">\n\t<div class=\"kc-carousel_images kc-elm kc-css-390570\">\n\t\n\t\t<div class=\"kc-carousel-images owl-carousel-images kc-sync1  owl-nav-round\" data-owl-i-options='{\"items\":\"1\",\"tablet\":\"1\",\"mobile\":\"1\",\"speed\":\"100\",\"navigation\":\"yes\",\"pagination\":\"\",\"autoheight\":\"\",\"progressbar\":\"\",\"delay\":\"8\",\"autoplay\":\"\",\"showthumb\":\"yes\",\"num_thumb\":\"4\"}'>\n\t\n\t\t\t\t\t<div class=\"item\">\n\t\n\t\t\t\t\t\t\t<img decoding=\"async\" src=\"https:\/\/cdn.europeangayskiweek.com\/wp\/uploads\/2019\/06\/vacances-hiver-residence-premium-arc-1950-le-village-arc-1950-AWL_28322_43-200x200.jpg\"  alt=\"\"\/>\n\t\n\t\t\t\t\n\t\t\t<\/div>\n\t\n\t\t\t\t\t<div class=\"item\">\n\t\n\t\t\t\t\t\t\t<img decoding=\"async\" src=\"https:\/\/cdn.europeangayskiweek.com\/wp\/uploads\/2019\/06\/Arc1950-Premium-Superior-5p10-WEB_84434_43-200x200.jpg\"  alt=\"\"\/>\n\t\n\t\t\t\t\n\t\t\t<\/div>\n\t\n\t\t\t\t\t<div class=\"item\">\n\t\n\t\t\t\t\t\t\t<img decoding=\"async\" src=\"https:\/\/cdn.europeangayskiweek.com\/wp\/uploads\/2019\/06\/Arc1950-Premium-standard-4p08-WEB_84406_43-200x200.jpg\"  alt=\"\"\/>\n\t\n\t\t\t\t\n\t\t\t<\/div>\n\t\n\t\t\t\t\t<div class=\"item\">\n\t\n\t\t\t\t\t\t\t<img decoding=\"async\" src=\"https:\/\/cdn.europeangayskiweek.com\/wp\/uploads\/2019\/06\/Arc1950-Premium-Superior-4p08-WEB_107789_43-200x200.jpg\"  alt=\"\"\/>\n\t\n\t\t\t\t\n\t\t\t<\/div>\n\t\n\t\t\t\t\t<div class=\"item\">\n\t\n\t\t\t\t\t\t\t<img decoding=\"async\" src=\"https:\/\/cdn.europeangayskiweek.com\/wp\/uploads\/2019\/06\/Arc1950-Premium-Superior-4p08-WEB_107794_43-200x200.jpg\"  alt=\"\"\/>\n\t\n\t\t\t\t\n\t\t\t<\/div>\n\t\n\t\t\t\t\t<div class=\"item\">\n\t\n\t\t\t\t\t\t\t<img decoding=\"async\" src=\"https:\/\/cdn.europeangayskiweek.com\/wp\/uploads\/2019\/06\/Arc1950-Premium-Superior-5p10-WEB_84426_34-200x200.jpg\"  alt=\"\"\/>\n\t\n\t\t\t\t\n\t\t\t<\/div>\n\t\n\t\t\t\t\t<div class=\"item\">\n\t\n\t\t\t\t\t\t\t<img decoding=\"async\" src=\"https:\/\/cdn.europeangayskiweek.com\/wp\/uploads\/2019\/06\/Living_Room-200x200.jpg\"  alt=\"\"\/>\n\t\n\t\t\t\t\n\t\t\t<\/div>\n\t\n\t\t\t\t\t<div class=\"item\">\n\t\n\t\t\t\t\t\t\t<img decoding=\"async\" src=\"https:\/\/cdn.europeangayskiweek.com\/wp\/uploads\/2019\/06\/Arc1950-Premium-Superior-5p10-WEB_84443_43-200x200.jpg\"  alt=\"\"\/>\n\t\n\t\t\t\t\n\t\t\t<\/div>\n\t\n\t\t\t\t\t<div class=\"item\">\n\t\n\t\t\t\t\t\t\t<img decoding=\"async\" src=\"https:\/\/cdn.europeangayskiweek.com\/wp\/uploads\/2019\/06\/Arc1950-Premium-Superior-5p10-hebergement-residence-premium-arc-1950-le-village-arc-1950-AWL_84449_43-200x200.jpg\"  alt=\"\"\/>\n\t\n\t\t\t\t\n\t\t\t<\/div>\n\t\n\t\t\t\n\t\t<\/div>\n\t\n\t\t\t\n\t\t<div class=\"kc-sync2 owl-carousel\">\n\t\t\t\t\n\t\t\t\t<div class=\"item\">\n\t\t\t\t\t<img decoding=\"async\" src=\"https:\/\/cdn.europeangayskiweek.com\/wp\/uploads\/2019\/06\/vacances-hiver-residence-premium-arc-1950-le-village-arc-1950-AWL_28322_43-200x200.jpg\" alt=\"\" \/>\n\t\t\t\t<\/div>\n\t\n\t\t\t\t\n\t\t\t\t<div class=\"item\">\n\t\t\t\t\t<img decoding=\"async\" src=\"https:\/\/cdn.europeangayskiweek.com\/wp\/uploads\/2019\/06\/Arc1950-Premium-Superior-5p10-WEB_84434_43-200x200.jpg\" alt=\"\" \/>\n\t\t\t\t<\/div>\n\t\n\t\t\t\t\n\t\t\t\t<div class=\"item\">\n\t\t\t\t\t<img decoding=\"async\" src=\"https:\/\/cdn.europeangayskiweek.com\/wp\/uploads\/2019\/06\/Arc1950-Premium-standard-4p08-WEB_84406_43-200x200.jpg\" alt=\"\" \/>\n\t\t\t\t<\/div>\n\t\n\t\t\t\t\n\t\t\t\t<div class=\"item\">\n\t\t\t\t\t<img decoding=\"async\" src=\"https:\/\/cdn.europeangayskiweek.com\/wp\/uploads\/2019\/06\/Arc1950-Premium-Superior-4p08-WEB_107789_43-200x200.jpg\" alt=\"\" \/>\n\t\t\t\t<\/div>\n\t\n\t\t\t\t\n\t\t\t\t<div class=\"item\">\n\t\t\t\t\t<img decoding=\"async\" src=\"https:\/\/cdn.europeangayskiweek.com\/wp\/uploads\/2019\/06\/Arc1950-Premium-Superior-4p08-WEB_107794_43-200x200.jpg\" alt=\"\" \/>\n\t\t\t\t<\/div>\n\t\n\t\t\t\t\n\t\t\t\t<div class=\"item\">\n\t\t\t\t\t<img decoding=\"async\" src=\"https:\/\/cdn.europeangayskiweek.com\/wp\/uploads\/2019\/06\/Arc1950-Premium-Superior-5p10-WEB_84426_34-200x200.jpg\" alt=\"\" \/>\n\t\t\t\t<\/div>\n\t\n\t\t\t\t\n\t\t\t\t<div class=\"item\">\n\t\t\t\t\t<img decoding=\"async\" src=\"https:\/\/cdn.europeangayskiweek.com\/wp\/uploads\/2019\/06\/Living_Room-200x200.jpg\" alt=\"\" \/>\n\t\t\t\t<\/div>\n\t\n\t\t\t\t\n\t\t\t\t<div class=\"item\">\n\t\t\t\t\t<img decoding=\"async\" src=\"https:\/\/cdn.europeangayskiweek.com\/wp\/uploads\/2019\/06\/Arc1950-Premium-Superior-5p10-WEB_84443_43-200x200.jpg\" alt=\"\" \/>\n\t\t\t\t<\/div>\n\t\n\t\t\t\t\n\t\t\t\t<div class=\"item\">\n\t\t\t\t\t<img decoding=\"async\" src=\"https:\/\/cdn.europeangayskiweek.com\/wp\/uploads\/2019\/06\/Arc1950-Premium-Superior-5p10-hebergement-residence-premium-arc-1950-le-village-arc-1950-AWL_84449_43-200x200.jpg\" alt=\"\" \/>\n\t\t\t\t<\/div>\n\t\n\t\t\t\t\t<\/div>\n\t\n\t\t\t<\/div>\n<\/div>\n<\/div><\/div><div class=\"kc-elm kc-css-845225 kc_col-sm-10 kc_column_inner kc_col-sm-10\"><div class=\"kc_wrapper kc-col-inner-container\"><div class=\"kc-elm kc-css-916605 kc_text_block\"><\/p>\n<h5><a href=\"https:\/\/www.europeangayskiweek.com\/fr\/the-accommodation\/arc-1950-le-village-premium-residence\/\">Arc 1950 Le Village Premium Residence 5*<\/a><\/h5>\n<h6>Appartements de 1 \u00e0 4 chambres de 1 \u00e0 10 personnes<\/h6>\n<p>La R\u00e9sidence Pierre & Vacances Premium Arc 1950 Le Village est un village de ski pi\u00e9tonnier offrant une vue sur le Mont Blanc. Il comprend 8 r\u00e9sidences 5 \u00e9toiles de styles diff\u00e9rents, toutes avec acc\u00e8s direct aux pistes.<\/p>\n<p>\n<\/div><div class=\"kc-elm kc-css-822174 kc_row kc_row_inner\"><div class=\"kc-elm kc-css-861998 kc_col-sm-6 kc_column_inner kc_col-sm-6 accomm-listing-icons\"><div class=\"kc_wrapper kc-col-inner-container\"><div class=\"kc-elm kc-css-923514 kc_box_wrap \"><div class=\"accomm-listing-icons-item\"><div class=\"one-one\"><img decoding=\"async\" src=\"https:\/\/cdn.europeangayskiweek.com\/wp\/uploads\/2019\/06\/icons8-bathtub-filled-50-1-e1559808317958.png\"\/>Salle de bians priv\u00e9e<\/div><\/div><div class=\"accomm-listing-icons-item\"><div class=\"one-one\"><img decoding=\"async\" src=\"https:\/\/cdn.europeangayskiweek.com\/wp\/uploads\/2019\/06\/icons8-swimming-pool-filled-50-e1559807823327.png\"\/>Piscine<\/div><\/div><div class=\"accomm-listing-icons-item\"><div class=\"one-one\"><img decoding=\"async\" src=\"https:\/\/cdn.europeangayskiweek.com\/wp\/uploads\/2019\/06\/icons8-living-room-filled-50-1-e1559808239767.png\"\/>Salon<\/div><\/div><div class=\"accomm-listing-icons-item\"><div class=\"one-one\"><img decoding=\"async\" src=\"https:\/\/cdn.europeangayskiweek.com\/wp\/uploads\/2019\/06\/icons8-wi-fi-logo-filled-50-e1559807848988.png\"\/>Wi-Fi<\/div><\/div><div class=\"accomm-listing-icons-item\"><div class=\"one-one\"><img decoding=\"async\" src=\"https:\/\/cdn.europeangayskiweek.com\/wp\/uploads\/2019\/06\/icons8-cooker-filled-50-1-e1559808293514.png\"\/>Cuisine \u00e9quip\u00e9e<\/div><\/div><div class=\"accomm-listing-icons-item\"><div class=\"one-one\"><img decoding=\"async\" src=\"https:\/\/cdn.europeangayskiweek.com\/wp\/uploads\/2019\/06\/icons8-restaurant-table-filled-50-e1559807985621.png\"\/>Espace repas<\/div><\/div><\/div><\/div><\/div><div class=\"kc-elm kc-css-504824 kc_col-sm-6 kc_column_inner kc_col-sm-6\"><div class=\"kc_wrapper kc-col-inner-container\"><div class=\"kc-elm kc-css-43793 kc_text_block\"><\/p>\n<h6>Prix \u00e0 partir de 282,50&nbsp;&euro;<\/h6>\n<p>\n<\/div>\n<div class=\"kc-elm kc-css-885066\">\n\t<a class=\"kc_button\" href=\"https:\/\/www.europeangayskiweek.com\/fr\/the-accommodation\/arc-1950-le-village-premium-residence\/\" target=\"_self\" title=\"NEW EGSW 2020 Host Hotel Les M\u00e9l\u00e8zes\" onclick=\"\">\n\t\tEn savoir plus\t<\/a>\n<\/div>\n<\/div><\/div><\/div><\/div><\/div><\/div><\/div><\/div><\/div><\/div><\/section><section class=\"kc-elm kc-css-301357 kc_row\"><div class=\"kc-row-container  kc-container\"><div class=\"kc-wrap-columns\"><div class=\"kc-elm kc-css-767801 kc_col-sm-12 kc_column kc_col-sm-12\"><div class=\"kc-col-container\"><div class=\"kc-elm kc-css-287303 kc_row kc_row_inner\"><div class=\"kc-elm kc-css-60902 kc_col-of-5 kc_column_inner kc_col-of-5\"><div class=\"kc_wrapper kc-col-inner-container\"><div class=\"kc-elm kc-css-372306\">\n\t<div class=\"kc-carousel_images kc-elm kc-css-372306\">\n\t\n\t\t<div class=\"kc-carousel-images owl-carousel-images kc-sync1  owl-nav-round\" data-owl-i-options='{\"items\":\"1\",\"tablet\":\"1\",\"mobile\":\"1\",\"speed\":\"100\",\"navigation\":\"yes\",\"pagination\":\"\",\"autoheight\":\"\",\"progressbar\":\"\",\"delay\":\"8\",\"autoplay\":\"\",\"showthumb\":\"yes\",\"num_thumb\":\"4\"}'>\n\t\n\t\t\t\t\t<div class=\"item\">\n\t\n\t\t\t\t\t\t\t<img decoding=\"async\" src=\"https:\/\/cdn.europeangayskiweek.com\/wp\/uploads\/2019\/06\/27-200x200.jpg\"  alt=\"\"\/>\n\t\n\t\t\t\t\n\t\t\t<\/div>\n\t\n\t\t\t\t\t<div class=\"item\">\n\t\n\t\t\t\t\t\t\t<img decoding=\"async\" src=\"https:\/\/cdn.europeangayskiweek.com\/wp\/uploads\/2019\/06\/26-200x200.jpg\"  alt=\"\"\/>\n\t\n\t\t\t\t\n\t\t\t<\/div>\n\t\n\t\t\t\t\t<div class=\"item\">\n\t\n\t\t\t\t\t\t\t<img decoding=\"async\" src=\"https:\/\/cdn.europeangayskiweek.com\/wp\/uploads\/2019\/06\/Bedroom1-200x200.jpg\"  alt=\"\"\/>\n\t\n\t\t\t\t\n\t\t\t<\/div>\n\t\n\t\t\t\t\t<div class=\"item\">\n\t\n\t\t\t\t\t\t\t<img decoding=\"async\" src=\"https:\/\/cdn.europeangayskiweek.com\/wp\/uploads\/2019\/06\/Kitchen3-200x200.jpg\"  alt=\"\"\/>\n\t\n\t\t\t\t\n\t\t\t<\/div>\n\t\n\t\t\t\t\t<div class=\"item\">\n\t\n\t\t\t\t\t\t\t<img decoding=\"async\" src=\"https:\/\/cdn.europeangayskiweek.com\/wp\/uploads\/2019\/06\/Source-des-Arcs-4-pieces-living-200x200.jpg\"  alt=\"\"\/>\n\t\n\t\t\t\t\n\t\t\t<\/div>\n\t\n\t\t\t\t\t<div class=\"item\">\n\t\n\t\t\t\t\t\t\t<img decoding=\"async\" src=\"https:\/\/cdn.europeangayskiweek.com\/wp\/uploads\/2019\/06\/Reception2-200x200.jpg\"  alt=\"\"\/>\n\t\n\t\t\t\t\n\t\t\t<\/div>\n\t\n\t\t\t\t\t<div class=\"item\">\n\t\n\t\t\t\t\t\t\t<img decoding=\"async\" src=\"https:\/\/cdn.europeangayskiweek.com\/wp\/uploads\/2019\/06\/Reception-200x200.jpg\"  alt=\"\"\/>\n\t\n\t\t\t\t\n\t\t\t<\/div>\n\t\n\t\t\t\t\t<div class=\"item\">\n\t\n\t\t\t\t\t\t\t<img decoding=\"async\" src=\"https:\/\/cdn.europeangayskiweek.com\/wp\/uploads\/2019\/06\/piscine-spa-bien-etre-200x200.jpg\"  alt=\"\"\/>\n\t\n\t\t\t\t\n\t\t\t<\/div>\n\t\n\t\t\t\n\t\t<\/div>\n\t\n\t\t\t\n\t\t<div class=\"kc-sync2 owl-carousel\">\n\t\t\t\t\n\t\t\t\t<div class=\"item\">\n\t\t\t\t\t<img decoding=\"async\" src=\"https:\/\/cdn.europeangayskiweek.com\/wp\/uploads\/2019\/06\/27-200x200.jpg\" alt=\"\" \/>\n\t\t\t\t<\/div>\n\t\n\t\t\t\t\n\t\t\t\t<div class=\"item\">\n\t\t\t\t\t<img decoding=\"async\" src=\"https:\/\/cdn.europeangayskiweek.com\/wp\/uploads\/2019\/06\/26-200x200.jpg\" alt=\"\" \/>\n\t\t\t\t<\/div>\n\t\n\t\t\t\t\n\t\t\t\t<div class=\"item\">\n\t\t\t\t\t<img decoding=\"async\" src=\"https:\/\/cdn.europeangayskiweek.com\/wp\/uploads\/2019\/06\/Bedroom1-200x200.jpg\" alt=\"\" \/>\n\t\t\t\t<\/div>\n\t\n\t\t\t\t\n\t\t\t\t<div class=\"item\">\n\t\t\t\t\t<img decoding=\"async\" src=\"https:\/\/cdn.europeangayskiweek.com\/wp\/uploads\/2019\/06\/Kitchen3-200x200.jpg\" alt=\"\" \/>\n\t\t\t\t<\/div>\n\t\n\t\t\t\t\n\t\t\t\t<div class=\"item\">\n\t\t\t\t\t<img decoding=\"async\" src=\"https:\/\/cdn.europeangayskiweek.com\/wp\/uploads\/2019\/06\/Source-des-Arcs-4-pieces-living-200x200.jpg\" alt=\"\" \/>\n\t\t\t\t<\/div>\n\t\n\t\t\t\t\n\t\t\t\t<div class=\"item\">\n\t\t\t\t\t<img decoding=\"async\" src=\"https:\/\/cdn.europeangayskiweek.com\/wp\/uploads\/2019\/06\/Reception2-200x200.jpg\" alt=\"\" \/>\n\t\t\t\t<\/div>\n\t\n\t\t\t\t\n\t\t\t\t<div class=\"item\">\n\t\t\t\t\t<img decoding=\"async\" src=\"https:\/\/cdn.europeangayskiweek.com\/wp\/uploads\/2019\/06\/Reception-200x200.jpg\" alt=\"\" \/>\n\t\t\t\t<\/div>\n\t\n\t\t\t\t\n\t\t\t\t<div class=\"item\">\n\t\t\t\t\t<img decoding=\"async\" src=\"https:\/\/cdn.europeangayskiweek.com\/wp\/uploads\/2019\/06\/piscine-spa-bien-etre-200x200.jpg\" alt=\"\" \/>\n\t\t\t\t<\/div>\n\t\n\t\t\t\t\t<\/div>\n\t\n\t\t\t<\/div>\n<\/div>\n<\/div><\/div><div class=\"kc-elm kc-css-958948 kc_col-sm-10 kc_column_inner kc_col-sm-10\"><div class=\"kc_wrapper kc-col-inner-container\"><div class=\"kc-elm kc-css-841319 kc_text_block\"><\/p>\n<h5><a href=\"https:\/\/www.europeangayskiweek.com\/fr\/the-accommodation\/la-source-des-arcs\/\">La Source des Arcs 5*<\/a><\/h5>\n<p>C&#039;est une r\u00e9sidence tr\u00e8s populaire de l&#039;Arc 2000 avec un emplacement incroyable au bord des pistes.<\/p>\n<p>\n<\/div><div class=\"kc-elm kc-css-143049 kc_row kc_row_inner test-class\"><div class=\"kc-elm kc-css-853886 kc_col-sm-6 kc_column_inner kc_col-sm-6 accomm-listing-icons\"><div class=\"kc_wrapper kc-col-inner-container\"><div class=\"kc-elm kc-css-931922 kc_box_wrap \"><div class=\"accomm-listing-icons-item\"><div class=\"one-one\"><img decoding=\"async\" src=\"https:\/\/cdn.europeangayskiweek.com\/wp\/uploads\/2019\/06\/icons8-bathtub-filled-50-1-e1559808317958.png\"\/>Salle de bains priv\u00e9e<\/div><\/div><div class=\"accomm-listing-icons-item\"><div class=\"one-one\"><img decoding=\"async\" src=\"https:\/\/cdn.europeangayskiweek.com\/wp\/uploads\/2019\/06\/icons8-swimming-pool-filled-50-e1559807823327.png\"\/>Piscine<\/div><\/div><div class=\"accomm-listing-icons-item\"><div class=\"one-one\"><img decoding=\"async\" src=\"https:\/\/cdn.europeangayskiweek.com\/wp\/uploads\/2019\/06\/icons8-living-room-filled-50-1-e1559808239767.png\"\/>Salon<\/div><\/div><div class=\"accomm-listing-icons-item\"><div class=\"one-one\"><img decoding=\"async\" src=\"https:\/\/cdn.europeangayskiweek.com\/wp\/uploads\/2019\/06\/icons8-wi-fi-logo-filled-50-e1559807848988.png\"\/>Wi-Fi<\/div><\/div><div class=\"accomm-listing-icons-item\"><div class=\"one-one\"><img decoding=\"async\" src=\"https:\/\/cdn.europeangayskiweek.com\/wp\/uploads\/2019\/06\/icons8-cooker-filled-50-1-e1559808293514.png\"\/>Cuisine \u00e9quip\u00e9e<\/div><\/div><div class=\"accomm-listing-icons-item\"><div class=\"one-one\"><img decoding=\"async\" src=\"https:\/\/cdn.europeangayskiweek.com\/wp\/uploads\/2019\/06\/icons8-restaurant-table-filled-50-e1559807985621.png\"\/>Espace repas<\/div><\/div><\/div><\/div><\/div><div class=\"kc-elm kc-css-864069 kc_col-sm-6 kc_column_inner kc_col-sm-6\"><div class=\"kc_wrapper kc-col-inner-container\"><div class=\"kc-elm kc-css-748925 kc_text_block\"><\/p>\n<h6>Prix \u00e0 partir de 442,17&nbsp;&euro;<\/h6>\n<p>\n<\/div>\n<div class=\"kc-elm kc-css-619786\">\n\t<a class=\"kc_button\" href=\"https:\/\/www.europeangayskiweek.com\/fr\/the-accommodation\/la-source-des-arcs\/\" target=\"_self\" title=\"NEW EGSW 2020 Host Hotel Les M\u00e9l\u00e8zes\" onclick=\"\">\n\t\tEn savoir plus\t<\/a>\n<\/div>\n<\/div><\/div><\/div><\/div><\/div><\/div><\/div><\/div><\/div><\/div><\/section><section class=\"kc-elm kc-css-643532 kc_row\"><div class=\"kc-row-container  kc-container\"><div class=\"kc-wrap-columns\"><div class=\"kc-elm kc-css-40511 kc_col-sm-12 kc_column kc_col-sm-12\"><div class=\"kc-col-container\"><div class=\"kc-elm kc-css-160113\" style=\"height: 91px; clear: both; width:100%;\"><\/div><div class=\"kc-elm kc-css-923964 kc_shortcode kc_single_image\">\n\n        <img decoding=\"async\" src=\"https:\/\/cdn.europeangayskiweek.com\/wp\/uploads\/2021\/06\/Les-Arcs-1950-2000-orientation-map.jpg\" class=\"\" alt=\"\" \/>    <\/div>\n<div class=\"kc-elm kc-css-58233\" style=\"height: 91px; clear: both; width:100%;\"><\/div><\/div><\/div><\/div><\/div><\/section><\/p>\n","protected":false},"excerpt":{"rendered":"<p> [...]<\/p>\n<p><a class=\"btn btn-secondary understrap-read-more-link\" href=\"https:\/\/www.europeangayskiweek.com\/fr\/hebergement-a-la-carte-3\/\">Read More...<\/a><\/p>\n<p> [...]<\/p>\n<p><a class=\"btn btn-secondary understrap-read-more-link\" href=\"https:\/\/www.europeangayskiweek.com\/fr\/hebergement-a-la-carte-3\/\">Lire la suite\u2026<span class=\"screen-reader-text\"> from H\u00e9bergement a la carte...<\/span><\/a><\/p>\n","protected":false},"author":4,"featured_media":0,"parent":0,"menu_order":3,"comment_status":"closed","ping_status":"closed","template":"page-templates\/fullwidthpage-upto1440.php","meta":{"footnotes":""},"class_list":["post-16829","page","type-page","status-publish","hentry"],"yoast_head":"<!-- This site is optimized with the Yoast SEO plugin v26.4 - https:\/\/yoast.com\/wordpress\/plugins\/seo\/ -->\r\n<title>La Plus Grande Gay Ski Week d&#039;Europe | EGSW | 22-29 Mar 2025<\/title>\r\n<meta name=\"description\" content=\"European Gay Ski Week, la plus grande semaine de ski gay d&#039;Europe, un brillant Apr\u00e8s, des spectacles fabuleux, un cabaret hilarant et des soir\u00e9es fantastiques.\" \/>\r\n<meta name=\"robots\" content=\"index, follow, max-snippet:-1, max-image-preview:large, max-video-preview:-1\" \/>\r\n<link rel=\"canonical\" href=\"https:\/\/www.europeangayskiweek.com\/fr\/hebergement-a-la-carte-3\/\" \/>\r\n<meta property=\"og:locale\" content=\"fr_FR\" \/>\r\n<meta property=\"og:type\" content=\"article\" \/>\r\n<meta property=\"og:title\" content=\"La Plus Grande Gay Ski Week d&#039;Europe | EGSW | 22-29 Mar 2025\" \/>\r\n<meta property=\"og:description\" content=\"European Gay Ski Week, la plus grande semaine de ski gay d&#039;Europe, un brillant Apr\u00e8s, des spectacles fabuleux, un cabaret hilarant et des soir\u00e9es fantastiques.\" \/>\r\n<meta property=\"og:url\" content=\"https:\/\/www.europeangayskiweek.com\/fr\/hebergement-a-la-carte-3\/\" \/>\r\n<meta property=\"og:site_name\" content=\"Europe&#039;s Biggest Gay Ski Week | EGSW | 2026 Coming Soon\" \/>\r\n<meta property=\"article:publisher\" content=\"https:\/\/www.facebook.com\/EuropeanGaySkiWeek\/\" \/>\r\n<meta property=\"article:modified_time\" content=\"2024-07-24T13:39:23+00:00\" \/>\r\n<meta property=\"og:image\" content=\"https:\/\/cdn.europeangayskiweek.com\/wp\/uploads\/2020\/07\/facebook_og.jpg\" \/>\r\n\t<meta property=\"og:image:width\" content=\"1200\" \/>\r\n\t<meta property=\"og:image:height\" content=\"630\" \/>\r\n\t<meta property=\"og:image:type\" content=\"image\/jpeg\" \/>\r\n<meta name=\"twitter:card\" content=\"summary_large_image\" \/>\r\n<meta name=\"twitter:site\" content=\"@EuropeanGaySkiW\" \/>\r\n<meta name=\"twitter:label1\" content=\"Dur\u00e9e de lecture estim\u00e9e\" \/>\n\t<meta name=\"twitter:data1\" content=\"7 minutes\" \/>\r\n<script type=\"application\/ld+json\" class=\"yoast-schema-graph\">{\"@context\":\"https:\/\/schema.org\",\"@graph\":[{\"@type\":\"WebPage\",\"@id\":\"https:\/\/www.europeangayskiweek.com\/fr\/hebergement-a-la-carte-3\/\",\"url\":\"https:\/\/www.europeangayskiweek.com\/fr\/hebergement-a-la-carte-3\/\",\"name\":\"La Plus Grande Gay Ski Week d'Europe | EGSW | 22-29 Mar 2025\",\"isPartOf\":{\"@id\":\"https:\/\/www.europeangayskiweek.com\/#website\"},\"primaryImageOfPage\":{\"@id\":\"https:\/\/www.europeangayskiweek.com\/fr\/hebergement-a-la-carte-3\/#primaryimage\"},\"image\":{\"@id\":\"https:\/\/www.europeangayskiweek.com\/fr\/hebergement-a-la-carte-3\/#primaryimage\"},\"thumbnailUrl\":\"https:\/\/cdn.europeangayskiweek.com\/wp\/uploads\/2019\/06\/BTN-pricepromise-50-fr.png\",\"datePublished\":\"2022-08-25T13:20:06+00:00\",\"dateModified\":\"2024-07-24T13:39:23+00:00\",\"description\":\"European Gay Ski Week, la plus grande semaine de ski gay d'Europe, un brillant Apr\u00e8s, des spectacles fabuleux, un cabaret hilarant et des soir\u00e9es fantastiques.\",\"breadcrumb\":{\"@id\":\"https:\/\/www.europeangayskiweek.com\/fr\/hebergement-a-la-carte-3\/#breadcrumb\"},\"inLanguage\":\"fr-FR\",\"potentialAction\":[{\"@type\":\"ReadAction\",\"target\":[\"https:\/\/www.europeangayskiweek.com\/fr\/hebergement-a-la-carte-3\/\"]}]},{\"@type\":\"ImageObject\",\"inLanguage\":\"fr-FR\",\"@id\":\"https:\/\/www.europeangayskiweek.com\/fr\/hebergement-a-la-carte-3\/#primaryimage\",\"url\":\"https:\/\/cdn.europeangayskiweek.com\/wp\/uploads\/2019\/06\/BTN-pricepromise-50-fr.png\",\"contentUrl\":\"https:\/\/cdn.europeangayskiweek.com\/wp\/uploads\/2019\/06\/BTN-pricepromise-50-fr.png\"},{\"@type\":\"BreadcrumbList\",\"@id\":\"https:\/\/www.europeangayskiweek.com\/fr\/hebergement-a-la-carte-3\/#breadcrumb\",\"itemListElement\":[{\"@type\":\"ListItem\",\"position\":1,\"name\":\"Home\",\"item\":\"https:\/\/www.europeangayskiweek.com\/fr\/\"},{\"@type\":\"ListItem\",\"position\":2,\"name\":\"H\u00e9bergement a la carte...\"}]},{\"@type\":\"WebSite\",\"@id\":\"https:\/\/www.europeangayskiweek.com\/#website\",\"url\":\"https:\/\/www.europeangayskiweek.com\/\",\"name\":\"European Gay Ski Week | The Biggest Gay Winter Sports and Music Festival | Les Arcs Paradiski | 21-28 March 2020\",\"description\":\"Europe&#039;s N\u00b01 Gay Winter Sports &amp; Music Festival | Les Arcs - Arc 1950 &amp; Arc 2000 - Paradiski | European Gay Ski Week with International DJs &amp; Artists\",\"publisher\":{\"@id\":\"https:\/\/www.europeangayskiweek.com\/#organization\"},\"potentialAction\":[{\"@type\":\"SearchAction\",\"target\":{\"@type\":\"EntryPoint\",\"urlTemplate\":\"https:\/\/www.europeangayskiweek.com\/?s={search_term_string}\"},\"query-input\":{\"@type\":\"PropertyValueSpecification\",\"valueRequired\":true,\"valueName\":\"search_term_string\"}}],\"inLanguage\":\"fr-FR\"},{\"@type\":\"Organization\",\"@id\":\"https:\/\/www.europeangayskiweek.com\/#organization\",\"name\":\"European Gay Ski Week\",\"url\":\"https:\/\/www.europeangayskiweek.com\/\",\"logo\":{\"@type\":\"ImageObject\",\"inLanguage\":\"fr-FR\",\"@id\":\"https:\/\/www.europeangayskiweek.com\/#\/schema\/logo\/image\/\",\"url\":\"https:\/\/cdn.europeangayskiweek.com\/wp\/uploads\/2019\/06\/EGSW-Dateless-Black-02b.png\",\"contentUrl\":\"https:\/\/cdn.europeangayskiweek.com\/wp\/uploads\/2019\/06\/EGSW-Dateless-Black-02b.png\",\"width\":1346,\"height\":442,\"caption\":\"European Gay Ski Week\"},\"image\":{\"@id\":\"https:\/\/www.europeangayskiweek.com\/#\/schema\/logo\/image\/\"},\"sameAs\":[\"https:\/\/www.facebook.com\/EuropeanGaySkiWeek\/\",\"https:\/\/x.com\/EuropeanGaySkiW\",\"https:\/\/www.instagram.com\/europeangayskiweek\/\",\"https:\/\/www.youtube.com\/user\/JonHuntEGSW\"]}]}<\/script>\r\n<!-- \/ Yoast SEO plugin. -->","yoast_head_json":{"title":"La Plus Grande Gay Ski Week d'Europe | EGSW | 22-29 Mar 2025","description":"European Gay Ski Week, la plus grande semaine de ski gay d'Europe, un brillant Apr\u00e8s, des spectacles fabuleux, un cabaret hilarant et des soir\u00e9es fantastiques.","robots":{"index":"index","follow":"follow","max-snippet":"max-snippet:-1","max-image-preview":"max-image-preview:large","max-video-preview":"max-video-preview:-1"},"canonical":"https:\/\/www.europeangayskiweek.com\/fr\/hebergement-a-la-carte-3\/","og_locale":"fr_FR","og_type":"article","og_title":"La Plus Grande Gay Ski Week d'Europe | EGSW | 22-29 Mar 2025","og_description":"European Gay Ski Week, la plus grande semaine de ski gay d'Europe, un brillant Apr\u00e8s, des spectacles fabuleux, un cabaret hilarant et des soir\u00e9es fantastiques.","og_url":"https:\/\/www.europeangayskiweek.com\/fr\/hebergement-a-la-carte-3\/","og_site_name":"Europe&#039;s Biggest Gay Ski Week | EGSW | 2026 Coming Soon","article_publisher":"https:\/\/www.facebook.com\/EuropeanGaySkiWeek\/","article_modified_time":"2024-07-24T13:39:23+00:00","og_image":[{"width":1200,"height":630,"url":"https:\/\/cdn.europeangayskiweek.com\/wp\/uploads\/2020\/07\/facebook_og.jpg","type":"image\/jpeg"}],"twitter_card":"summary_large_image","twitter_site":"@EuropeanGaySkiW","twitter_misc":{"Dur\u00e9e de lecture estim\u00e9e":"7 minutes"},"schema":{"@context":"https:\/\/schema.org","@graph":[{"@type":"WebPage","@id":"https:\/\/www.europeangayskiweek.com\/fr\/hebergement-a-la-carte-3\/","url":"https:\/\/www.europeangayskiweek.com\/fr\/hebergement-a-la-carte-3\/","name":"La Plus Grande Gay Ski Week d'Europe | EGSW | 22-29 Mar 2025","isPartOf":{"@id":"https:\/\/www.europeangayskiweek.com\/#website"},"primaryImageOfPage":{"@id":"https:\/\/www.europeangayskiweek.com\/fr\/hebergement-a-la-carte-3\/#primaryimage"},"image":{"@id":"https:\/\/www.europeangayskiweek.com\/fr\/hebergement-a-la-carte-3\/#primaryimage"},"thumbnailUrl":"https:\/\/cdn.europeangayskiweek.com\/wp\/uploads\/2019\/06\/BTN-pricepromise-50-fr.png","datePublished":"2022-08-25T13:20:06+00:00","dateModified":"2024-07-24T13:39:23+00:00","description":"European Gay Ski Week, la plus grande semaine de ski gay d'Europe, un brillant Apr\u00e8s, des spectacles fabuleux, un cabaret hilarant et des soir\u00e9es fantastiques.","breadcrumb":{"@id":"https:\/\/www.europeangayskiweek.com\/fr\/hebergement-a-la-carte-3\/#breadcrumb"},"inLanguage":"fr-FR","potentialAction":[{"@type":"ReadAction","target":["https:\/\/www.europeangayskiweek.com\/fr\/hebergement-a-la-carte-3\/"]}]},{"@type":"ImageObject","inLanguage":"fr-FR","@id":"https:\/\/www.europeangayskiweek.com\/fr\/hebergement-a-la-carte-3\/#primaryimage","url":"https:\/\/cdn.europeangayskiweek.com\/wp\/uploads\/2019\/06\/BTN-pricepromise-50-fr.png","contentUrl":"https:\/\/cdn.europeangayskiweek.com\/wp\/uploads\/2019\/06\/BTN-pricepromise-50-fr.png"},{"@type":"BreadcrumbList","@id":"https:\/\/www.europeangayskiweek.com\/fr\/hebergement-a-la-carte-3\/#breadcrumb","itemListElement":[{"@type":"ListItem","position":1,"name":"Home","item":"https:\/\/www.europeangayskiweek.com\/fr\/"},{"@type":"ListItem","position":2,"name":"H\u00e9bergement a la carte..."}]},{"@type":"WebSite","@id":"https:\/\/www.europeangayskiweek.com\/#website","url":"https:\/\/www.europeangayskiweek.com\/","name":"European Gay Ski Week | The Biggest Gay Winter Sports and Music Festival | Les Arcs Paradiski | 21-28 March 2020","description":"Europe&#039;s N\u00b01 Gay Winter Sports &amp; Music Festival | Les Arcs - Arc 1950 &amp; Arc 2000 - Paradiski | European Gay Ski Week with International DJs &amp; Artists","publisher":{"@id":"https:\/\/www.europeangayskiweek.com\/#organization"},"potentialAction":[{"@type":"SearchAction","target":{"@type":"EntryPoint","urlTemplate":"https:\/\/www.europeangayskiweek.com\/?s={search_term_string}"},"query-input":{"@type":"PropertyValueSpecification","valueRequired":true,"valueName":"search_term_string"}}],"inLanguage":"fr-FR"},{"@type":"Organization","@id":"https:\/\/www.europeangayskiweek.com\/#organization","name":"European Gay Ski Week","url":"https:\/\/www.europeangayskiweek.com\/","logo":{"@type":"ImageObject","inLanguage":"fr-FR","@id":"https:\/\/www.europeangayskiweek.com\/#\/schema\/logo\/image\/","url":"https:\/\/cdn.europeangayskiweek.com\/wp\/uploads\/2019\/06\/EGSW-Dateless-Black-02b.png","contentUrl":"https:\/\/cdn.europeangayskiweek.com\/wp\/uploads\/2019\/06\/EGSW-Dateless-Black-02b.png","width":1346,"height":442,"caption":"European Gay Ski Week"},"image":{"@id":"https:\/\/www.europeangayskiweek.com\/#\/schema\/logo\/image\/"},"sameAs":["https:\/\/www.facebook.com\/EuropeanGaySkiWeek\/","https:\/\/x.com\/EuropeanGaySkiW","https:\/\/www.instagram.com\/europeangayskiweek\/","https:\/\/www.youtube.com\/user\/JonHuntEGSW"]}]}},"_links":{"self":[{"href":"https:\/\/www.europeangayskiweek.com\/fr\/wp-json\/wp\/v2\/pages\/16829","targetHints":{"allow":["GET"]}}],"collection":[{"href":"https:\/\/www.europeangayskiweek.com\/fr\/wp-json\/wp\/v2\/pages"}],"about":[{"href":"https:\/\/www.europeangayskiweek.com\/fr\/wp-json\/wp\/v2\/types\/page"}],"author":[{"embeddable":true,"href":"https:\/\/www.europeangayskiweek.com\/fr\/wp-json\/wp\/v2\/users\/4"}],"replies":[{"embeddable":true,"href":"https:\/\/www.europeangayskiweek.com\/fr\/wp-json\/wp\/v2\/comments?post=16829"}],"version-history":[{"count":9,"href":"https:\/\/www.europeangayskiweek.com\/fr\/wp-json\/wp\/v2\/pages\/16829\/revisions"}],"predecessor-version":[{"id":20719,"href":"https:\/\/www.europeangayskiweek.com\/fr\/wp-json\/wp\/v2\/pages\/16829\/revisions\/20719"}],"wp:attachment":[{"href":"https:\/\/www.europeangayskiweek.com\/fr\/wp-json\/wp\/v2\/media?parent=16829"}],"curies":[{"name":"wp","href":"https:\/\/api.w.org\/{rel}","templated":true}]}}