{"id":15895,"date":"2020-07-13T14:32:38","date_gmt":"2020-07-13T13:32:38","guid":{"rendered":"https:\/\/e21.europeangayskiweek.com\/?page_id=15895"},"modified":"2020-07-13T15:04:04","modified_gmt":"2020-07-13T14:04:04","slug":"inscrivez-vous-pour-reserver","status":"publish","type":"page","link":"https:\/\/www.europeangayskiweek.com\/fr\/inscrivez-vous-pour-reserver\/","title":{"rendered":"Inscrivez-vous pour r\u00e9server"},"content":{"rendered":"<p><section class=\"kc-elm kc-css-646194 kc_row\"><div class=\"kc-row-container  kc-container\"><div class=\"kc-wrap-columns\"><div class=\"kc-elm kc-css-694796 kc_col-sm-12 kc_column kc_col-sm-12\"><div class=\"kc-col-container\"><div class=\"kc-elm kc-css-353802\" style=\"height: 60px; clear: both; width:100%;\"><\/div><\/div><\/div><\/div><\/div><\/section><section class=\"kc-elm kc-css-153209 kc_row\"><div class=\"kc-row-container  kc-container\"><div class=\"kc-wrap-columns\"><div class=\"kc-elm kc-css-268859 kc_col-sm-6 kc_column kc_col-sm-6\"><div class=\"kc-col-container\">\n<div class=\"kc-elm kc-css-710575 kc-title-wrap \">\n\n\t<h2 class=\"kc_title\">R\u00e9servez avec H\u00e9bergement<\/h2>\n<\/div>\n<div class=\"kc-elm kc-css-537097\" style=\"height: 20px; clear: both; width:100%;\"><\/div><div class=\"kc-elm kc-css-503796 kc_text_block\"><\/p>\n<p>R\u00e9servez votre forfait complet pour vous-m\u00eame, ou avec vos amis !<\/p>\n<p>\n<\/div><\/div><\/div><div class=\"kc-elm kc-css-515775 kc_col-sm-6 kc_column kc_col-sm-6\"><div class=\"kc-col-container\">\n<div class=\"kc-elm kc-css-747499 kc-title-wrap \">\n\n\t<h2 class=\"kc_title\">R\u00e9servez sans h\u00e9bergement<\/h2>\n<\/div>\n<div class=\"kc-elm kc-css-127161\" style=\"height: 20px; clear: both; width:100%;\"><\/div><div class=\"kc-elm kc-css-519098 kc_text_block\"><\/p>\n<p>Vous avez d\u00e9j\u00e0 un h\u00e9bergement ou souhaitez en r\u00e9server un d'autre autre mani\u00e8re ?<\/p>\n<p>\n<\/div><\/div><\/div><\/div><\/div><\/section><section class=\"kc-elm kc-css-387591 kc_row\"><div class=\"kc-row-container  kc-container\"><div class=\"kc-wrap-columns\"><div class=\"kc-elm kc-css-276243 kc_col-sm-6 kc_column kc_col-sm-6\"><div class=\"kc-col-container\">\n<div class=\"kc-elm kc-css-973312 kc-pro-button kc-button-main\">\n\t<a href=\"https:\/\/booking.europeangayskiweek.com\/Booking.aspx?mode=1&#038;action=1&#038;LanguageId=2\" title=\"Book Now With Accommodation\">\n\t\t<span class=\"creative_title\">R\u00e9servez avec H\u00e9bergement<\/span>\t<\/a>\n<\/div>\n<div class=\"kc-elm kc-css-127550\" style=\"height: 20px; clear: both; width:100%;\"><\/div>\n<div class=\"kc-elm kc-css-885007\">\n\t<a class=\"kc_button\" href=\"https:\/\/booking.europeangayskiweek.com\/Booking.aspx?mode=2&amp;action=1&amp;LanguageId=2\" target=\"_self\" title=\"Get a Quote\" onclick=\"\">\n\t\tObtenez un devis\t<\/a>\n<\/div>\n<\/div><\/div><div class=\"kc-elm kc-css-132937 kc_col-sm-6 kc_column kc_col-sm-6\"><div class=\"kc-col-container\">\n<div class=\"kc-elm kc-css-121889 kc-pro-button kc-button-main\">\n\t<a href=\"https:\/\/booking.europeangayskiweek.com\/Booking.aspx?mode=1&#038;action=4&#038;LanguageId=2\" title=\"Book Now Without Accommodation\">\n\t\t<span class=\"creative_title\">R\u00e9servez sans h\u00e9bergement<\/span>\t<\/a>\n<\/div>\n<div class=\"kc-elm kc-css-709694\" style=\"height: 20px; clear: both; width:100%;\"><\/div>\n<div class=\"kc-elm kc-css-102307\">\n\t<a class=\"kc_button\" href=\"https:\/\/booking.europeangayskiweek.com\/Booking.aspx?mode=2&amp;action=4&amp;LanguageId=2\" target=\"_self\" title=\"Get a Quote\" onclick=\"\">\n\t\tObtenez un devis\t<\/a>\n<\/div>\n<div class=\"kc-elm kc-css-755886\" style=\"height: 20px; clear: both; width:100%;\"><\/div><div class=\"kc-elm kc-css-142278 kc_text_block\"><\/p>\n<h5 style=\"text-align: center;\"><span style=\"font-style: inherit;\">Attendez !<\/span><\/h5>\n<p style=\"text-align: center;\"><span style=\"font-style: inherit;\">Connaissez-vous notre Guarantie Prix ?<br \/>\nNous vous garantissons les prix les plus bas sur les h\u00e9bergement.<\/span><\/p>\n<p style=\"text-align: center;\"><span style=\"font-style: inherit;\"><a href=\"https:\/\/www.europeangayskiweek.com\/the-accommodation\/accommodation-price-promise\/\"><img loading=\"lazy\" decoding=\"async\" class=\"alignnone size-full\" src=\"https:\/\/cdn.europeangayskiweek.com\/wp\/uploads\/2019\/06\/BTN-pricepromise-50-fr.png\" alt=\"\" width=\"250\" height=\"100\" \/><\/a><\/span><\/p>\n<p>\n<\/div><\/div><\/div><\/div><\/div><\/section><section class=\"kc-elm kc-css-184782 kc_row\"><div class=\"kc-row-container  kc-container\"><div class=\"kc-wrap-columns\"><div class=\"kc-elm kc-css-867106 kc_col-sm-12 kc_column kc_col-sm-12\"><div class=\"kc-col-container\"><div class=\"kc-elm kc-css-24558\" style=\"height: 60px; clear: both; width:100%;\"><\/div><\/div><\/div><\/div><\/div><\/section><section class=\"kc-elm kc-css-639750 kc_row\"><div class=\"kc-row-container  kc-container\"><div class=\"kc-wrap-columns\"><div class=\"kc-elm kc-css-325760 kc_col-sm-2 kc_column kc_col-sm-2\"><div class=\"kc-col-container\"><\/div><\/div><div class=\"kc-elm kc-css-623669 kc_col-sm-8 kc_column kc_col-sm-8\"><div class=\"kc-col-container\"><div class=\"kc-elm kc-css-386771 kc_text_block\"><\/p>\n<h1 style=\"text-align: center;\">La r\u00e9servation n'est pas encore ouverte !<\/h1>\n<h3 style=\"text-align: center;\">Inscrivez-vous \u00e0 notre liste de diffusion pour \u00eatre inform\u00e9.e de l'ouverture des r\u00e9servations.<\/h3>\n<p>\n<\/div><\/div><\/div><div class=\"kc-elm kc-css-39575 kc_col-sm-2 kc_column kc_col-sm-2\"><div class=\"kc-col-container\"><\/div><\/div><\/div><\/div><\/section><\/p>\n","protected":false},"excerpt":{"rendered":"<p> [...]<\/p>\n<p><a class=\"btn btn-secondary understrap-read-more-link\" href=\"https:\/\/www.europeangayskiweek.com\/fr\/inscrivez-vous-pour-reserver\/\">Read More...<\/a><\/p>\n<p> [...]<\/p>\n<p><a class=\"btn btn-secondary understrap-read-more-link\" href=\"https:\/\/www.europeangayskiweek.com\/fr\/inscrivez-vous-pour-reserver\/\">Lire la suite\u2026<span class=\"screen-reader-text\"> from Inscrivez-vous pour r\u00e9server<\/span><\/a><\/p>\n","protected":false},"author":4,"featured_media":0,"parent":0,"menu_order":6,"comment_status":"closed","ping_status":"closed","template":"page-templates\/fullwidthpage-upto1440.php","meta":{"footnotes":""},"class_list":["post-15895","page","type-page","status-publish","hentry"],"yoast_head":"<!-- This site is optimized with the Yoast SEO plugin v26.4 - https:\/\/yoast.com\/wordpress\/plugins\/seo\/ -->\r\n<title>Europe&#039;s Biggest Gay Ski Week | EGSW | 2026 Coming Soon - Inscrivez-vous pour r\u00e9server<\/title>\r\n<meta name=\"description\" content=\"Europe&#039;s No1 LGBT Winter Sport &amp; Music Festival | Arc 1950 &amp; Arc 2000 | Paradiski | Gay Ski Week &amp; parties with International DJs &amp; Artists | BOOK NOW!\" \/>\r\n<meta name=\"robots\" content=\"index, follow, max-snippet:-1, max-image-preview:large, max-video-preview:-1\" \/>\r\n<link rel=\"canonical\" href=\"https:\/\/www.europeangayskiweek.com\/fr\/inscrivez-vous-pour-reserver\/\" \/>\r\n<meta property=\"og:locale\" content=\"fr_FR\" \/>\r\n<meta property=\"og:type\" content=\"article\" \/>\r\n<meta property=\"og:title\" content=\"Europe&#039;s Biggest Gay Ski Week | EGSW | 2026 Coming Soon - Inscrivez-vous pour r\u00e9server\" \/>\r\n<meta property=\"og:description\" content=\"Europe&#039;s No1 LGBT Winter Sport &amp; Music Festival | Arc 1950 &amp; Arc 2000 | Paradiski | Gay Ski Week &amp; parties with International DJs &amp; Artists | BOOK NOW!\" \/>\r\n<meta property=\"og:url\" content=\"https:\/\/www.europeangayskiweek.com\/fr\/inscrivez-vous-pour-reserver\/\" \/>\r\n<meta property=\"og:site_name\" content=\"Europe&#039;s Biggest Gay Ski Week | EGSW | 2026 Coming Soon\" \/>\r\n<meta property=\"article:publisher\" content=\"https:\/\/www.facebook.com\/EuropeanGaySkiWeek\/\" \/>\r\n<meta property=\"article:modified_time\" content=\"2020-07-13T14:04:04+00:00\" \/>\r\n<meta property=\"og:image\" content=\"https:\/\/cdn.europeangayskiweek.com\/wp\/uploads\/2020\/07\/facebook_og.jpg\" \/>\r\n\t<meta property=\"og:image:width\" content=\"1200\" \/>\r\n\t<meta property=\"og:image:height\" content=\"630\" \/>\r\n\t<meta property=\"og:image:type\" content=\"image\/jpeg\" \/>\r\n<meta name=\"twitter:card\" content=\"summary_large_image\" \/>\r\n<meta name=\"twitter:site\" content=\"@EuropeanGaySkiW\" \/>\r\n<script type=\"application\/ld+json\" class=\"yoast-schema-graph\">{\"@context\":\"https:\/\/schema.org\",\"@graph\":[{\"@type\":\"WebPage\",\"@id\":\"https:\/\/www.europeangayskiweek.com\/fr\/inscrivez-vous-pour-reserver\/\",\"url\":\"https:\/\/www.europeangayskiweek.com\/fr\/inscrivez-vous-pour-reserver\/\",\"name\":\"Europe&#039;s Biggest Gay Ski Week | EGSW | 2026 Coming Soon - Inscrivez-vous pour r\u00e9server\",\"isPartOf\":{\"@id\":\"https:\/\/www.europeangayskiweek.com\/#website\"},\"datePublished\":\"2020-07-13T13:32:38+00:00\",\"dateModified\":\"2020-07-13T14:04:04+00:00\",\"description\":\"Europe's No1 LGBT Winter Sport & Music Festival | Arc 1950 & Arc 2000 | Paradiski | Gay Ski Week & parties with International DJs & Artists | BOOK NOW!\",\"breadcrumb\":{\"@id\":\"https:\/\/www.europeangayskiweek.com\/fr\/inscrivez-vous-pour-reserver\/#breadcrumb\"},\"inLanguage\":\"fr-FR\",\"potentialAction\":[{\"@type\":\"ReadAction\",\"target\":[\"https:\/\/www.europeangayskiweek.com\/fr\/inscrivez-vous-pour-reserver\/\"]}]},{\"@type\":\"BreadcrumbList\",\"@id\":\"https:\/\/www.europeangayskiweek.com\/fr\/inscrivez-vous-pour-reserver\/#breadcrumb\",\"itemListElement\":[{\"@type\":\"ListItem\",\"position\":1,\"name\":\"Home\",\"item\":\"https:\/\/www.europeangayskiweek.com\/fr\/\"},{\"@type\":\"ListItem\",\"position\":2,\"name\":\"Inscrivez-vous pour r\u00e9server\"}]},{\"@type\":\"WebSite\",\"@id\":\"https:\/\/www.europeangayskiweek.com\/#website\",\"url\":\"https:\/\/www.europeangayskiweek.com\/\",\"name\":\"European Gay Ski Week | The Biggest Gay Winter Sports and Music Festival | Les Arcs Paradiski | 21-28 March 2020\",\"description\":\"Europe&#039;s N\u00b01 Gay Winter Sports &amp; Music Festival | Les Arcs - Arc 1950 &amp; Arc 2000 - Paradiski | European Gay Ski Week with International DJs &amp; Artists\",\"publisher\":{\"@id\":\"https:\/\/www.europeangayskiweek.com\/#organization\"},\"potentialAction\":[{\"@type\":\"SearchAction\",\"target\":{\"@type\":\"EntryPoint\",\"urlTemplate\":\"https:\/\/www.europeangayskiweek.com\/?s={search_term_string}\"},\"query-input\":{\"@type\":\"PropertyValueSpecification\",\"valueRequired\":true,\"valueName\":\"search_term_string\"}}],\"inLanguage\":\"fr-FR\"},{\"@type\":\"Organization\",\"@id\":\"https:\/\/www.europeangayskiweek.com\/#organization\",\"name\":\"European Gay Ski Week\",\"url\":\"https:\/\/www.europeangayskiweek.com\/\",\"logo\":{\"@type\":\"ImageObject\",\"inLanguage\":\"fr-FR\",\"@id\":\"https:\/\/www.europeangayskiweek.com\/#\/schema\/logo\/image\/\",\"url\":\"https:\/\/cdn.europeangayskiweek.com\/wp\/uploads\/2019\/06\/EGSW-Dateless-Black-02b.png\",\"contentUrl\":\"https:\/\/cdn.europeangayskiweek.com\/wp\/uploads\/2019\/06\/EGSW-Dateless-Black-02b.png\",\"width\":1346,\"height\":442,\"caption\":\"European Gay Ski Week\"},\"image\":{\"@id\":\"https:\/\/www.europeangayskiweek.com\/#\/schema\/logo\/image\/\"},\"sameAs\":[\"https:\/\/www.facebook.com\/EuropeanGaySkiWeek\/\",\"https:\/\/x.com\/EuropeanGaySkiW\",\"https:\/\/www.instagram.com\/europeangayskiweek\/\",\"https:\/\/www.youtube.com\/user\/JonHuntEGSW\"]}]}<\/script>\r\n<!-- \/ Yoast SEO plugin. -->","yoast_head_json":{"title":"Europe&#039;s Biggest Gay Ski Week | EGSW | 2026 Coming Soon - Inscrivez-vous pour r\u00e9server","description":"Europe's No1 LGBT Winter Sport & Music Festival | Arc 1950 & Arc 2000 | Paradiski | Gay Ski Week & parties with International DJs & Artists | BOOK NOW!","robots":{"index":"index","follow":"follow","max-snippet":"max-snippet:-1","max-image-preview":"max-image-preview:large","max-video-preview":"max-video-preview:-1"},"canonical":"https:\/\/www.europeangayskiweek.com\/fr\/inscrivez-vous-pour-reserver\/","og_locale":"fr_FR","og_type":"article","og_title":"Europe&#039;s Biggest Gay Ski Week | EGSW | 2026 Coming Soon - Inscrivez-vous pour r\u00e9server","og_description":"Europe's No1 LGBT Winter Sport & Music Festival | Arc 1950 & Arc 2000 | Paradiski | Gay Ski Week & parties with International DJs & Artists | BOOK NOW!","og_url":"https:\/\/www.europeangayskiweek.com\/fr\/inscrivez-vous-pour-reserver\/","og_site_name":"Europe&#039;s Biggest Gay Ski Week | EGSW | 2026 Coming Soon","article_publisher":"https:\/\/www.facebook.com\/EuropeanGaySkiWeek\/","article_modified_time":"2020-07-13T14:04:04+00:00","og_image":[{"width":1200,"height":630,"url":"https:\/\/cdn.europeangayskiweek.com\/wp\/uploads\/2020\/07\/facebook_og.jpg","type":"image\/jpeg"}],"twitter_card":"summary_large_image","twitter_site":"@EuropeanGaySkiW","schema":{"@context":"https:\/\/schema.org","@graph":[{"@type":"WebPage","@id":"https:\/\/www.europeangayskiweek.com\/fr\/inscrivez-vous-pour-reserver\/","url":"https:\/\/www.europeangayskiweek.com\/fr\/inscrivez-vous-pour-reserver\/","name":"Europe&#039;s Biggest Gay Ski Week | EGSW | 2026 Coming Soon - Inscrivez-vous pour r\u00e9server","isPartOf":{"@id":"https:\/\/www.europeangayskiweek.com\/#website"},"datePublished":"2020-07-13T13:32:38+00:00","dateModified":"2020-07-13T14:04:04+00:00","description":"Europe's No1 LGBT Winter Sport & Music Festival | Arc 1950 & Arc 2000 | Paradiski | Gay Ski Week & parties with International DJs & Artists | BOOK NOW!","breadcrumb":{"@id":"https:\/\/www.europeangayskiweek.com\/fr\/inscrivez-vous-pour-reserver\/#breadcrumb"},"inLanguage":"fr-FR","potentialAction":[{"@type":"ReadAction","target":["https:\/\/www.europeangayskiweek.com\/fr\/inscrivez-vous-pour-reserver\/"]}]},{"@type":"BreadcrumbList","@id":"https:\/\/www.europeangayskiweek.com\/fr\/inscrivez-vous-pour-reserver\/#breadcrumb","itemListElement":[{"@type":"ListItem","position":1,"name":"Home","item":"https:\/\/www.europeangayskiweek.com\/fr\/"},{"@type":"ListItem","position":2,"name":"Inscrivez-vous pour r\u00e9server"}]},{"@type":"WebSite","@id":"https:\/\/www.europeangayskiweek.com\/#website","url":"https:\/\/www.europeangayskiweek.com\/","name":"European Gay Ski Week | The Biggest Gay Winter Sports and Music Festival | Les Arcs Paradiski | 21-28 March 2020","description":"Europe&#039;s N\u00b01 Gay Winter Sports &amp; Music Festival | Les Arcs - Arc 1950 &amp; Arc 2000 - Paradiski | European Gay Ski Week with International DJs &amp; Artists","publisher":{"@id":"https:\/\/www.europeangayskiweek.com\/#organization"},"potentialAction":[{"@type":"SearchAction","target":{"@type":"EntryPoint","urlTemplate":"https:\/\/www.europeangayskiweek.com\/?s={search_term_string}"},"query-input":{"@type":"PropertyValueSpecification","valueRequired":true,"valueName":"search_term_string"}}],"inLanguage":"fr-FR"},{"@type":"Organization","@id":"https:\/\/www.europeangayskiweek.com\/#organization","name":"European Gay Ski Week","url":"https:\/\/www.europeangayskiweek.com\/","logo":{"@type":"ImageObject","inLanguage":"fr-FR","@id":"https:\/\/www.europeangayskiweek.com\/#\/schema\/logo\/image\/","url":"https:\/\/cdn.europeangayskiweek.com\/wp\/uploads\/2019\/06\/EGSW-Dateless-Black-02b.png","contentUrl":"https:\/\/cdn.europeangayskiweek.com\/wp\/uploads\/2019\/06\/EGSW-Dateless-Black-02b.png","width":1346,"height":442,"caption":"European Gay Ski Week"},"image":{"@id":"https:\/\/www.europeangayskiweek.com\/#\/schema\/logo\/image\/"},"sameAs":["https:\/\/www.facebook.com\/EuropeanGaySkiWeek\/","https:\/\/x.com\/EuropeanGaySkiW","https:\/\/www.instagram.com\/europeangayskiweek\/","https:\/\/www.youtube.com\/user\/JonHuntEGSW"]}]}},"_links":{"self":[{"href":"https:\/\/www.europeangayskiweek.com\/fr\/wp-json\/wp\/v2\/pages\/15895","targetHints":{"allow":["GET"]}}],"collection":[{"href":"https:\/\/www.europeangayskiweek.com\/fr\/wp-json\/wp\/v2\/pages"}],"about":[{"href":"https:\/\/www.europeangayskiweek.com\/fr\/wp-json\/wp\/v2\/types\/page"}],"author":[{"embeddable":true,"href":"https:\/\/www.europeangayskiweek.com\/fr\/wp-json\/wp\/v2\/users\/4"}],"replies":[{"embeddable":true,"href":"https:\/\/www.europeangayskiweek.com\/fr\/wp-json\/wp\/v2\/comments?post=15895"}],"version-history":[{"count":5,"href":"https:\/\/www.europeangayskiweek.com\/fr\/wp-json\/wp\/v2\/pages\/15895\/revisions"}],"predecessor-version":[{"id":15904,"href":"https:\/\/www.europeangayskiweek.com\/fr\/wp-json\/wp\/v2\/pages\/15895\/revisions\/15904"}],"wp:attachment":[{"href":"https:\/\/www.europeangayskiweek.com\/fr\/wp-json\/wp\/v2\/media?parent=15895"}],"curies":[{"name":"wp","href":"https:\/\/api.w.org\/{rel}","templated":true}]}}