{"id":13636,"date":"2017-08-08T12:27:08","date_gmt":"2017-08-08T11:27:08","guid":{"rendered":"https:\/\/e21.europeangayskiweek.com\/?page_id=13636"},"modified":"2025-09-07T15:04:39","modified_gmt":"2025-09-07T14:04:39","slug":"pass_evenement","status":"publish","type":"page","link":"https:\/\/www.europeangayskiweek.com\/fr\/pass_evenement\/","title":{"rendered":"Pass \u00c9v\u00e9nement"},"content":{"rendered":"<section class=\"kc-elm kc-css-771060 kc_row\"><div class=\"kc-row-container  kc-container\"><div class=\"kc-wrap-columns\"><div class=\"kc-elm kc-css-557247 kc_col-sm-12 kc_column kc_col-sm-12\"><div class=\"kc-col-container\"><div class=\"kc-elm kc-css-942990\" style=\"height: 60px; clear: both; width:100%;\"><\/div><div class=\"kc-elm kc-css-961206 kc_row kc_row_inner\"><div class=\"kc-elm kc-css-753915 kc_col-sm-2 kc_column_inner kc_col-sm-2\"><div class=\"kc_wrapper kc-col-inner-container\"><\/div><\/div><div class=\"kc-elm kc-css-228159 kc_col-sm-8 kc_column_inner kc_col-sm-8\"><div class=\"kc_wrapper kc-col-inner-container\"><div class=\"kc-elm kc-css-521774 kc_text_block\"><\/p>\n<p>\nVotre s\u00e9same pour le plaisir et l&#039;\u00e9l\u00e9ment le plus essentiel dont vous avez besoin. Il vous donne une entr\u00e9e gratuite et illimit\u00e9e aux \u00e9v\u00e9nements de nos clubs et un large \u00e9ventail de r\u00e9ductions et d&#039;offres exclusives de nos magasins de ski et restaurants partenaires.<\/p>\n<p>\n<\/div><\/div><\/div><div class=\"kc-elm kc-css-869224 kc_col-sm-2 kc_column_inner kc_col-sm-2\"><div class=\"kc_wrapper kc-col-inner-container\"><\/div><\/div><\/div><div class=\"kc-elm kc-css-9959\" style=\"height: 60px; clear: both; width:100%;\"><\/div><div class=\"kc-elm kc-css-91103 kc_text_block\"><\/p>\n<h1 style=\"text-align: center;\"><span style=\"color: #ff0000;\">Le Pass \u00c9v\u00e9nement<\/span><\/h1>\n<h3 style=\"text-align: center;\">Les B\u00e9n\u00e9fices<\/h3>\n<p>\n<\/div><div class=\"kc-elm kc-css-307051\" style=\"height: 40px; clear: both; width:100%;\"><\/div><div class=\"kc-elm kc-css-137365 kc_row kc_row_inner\"><div class=\"kc-elm kc-css-817975 kc_col-sm-6 kc_column_inner kc_col-sm-6\"><div class=\"kc_wrapper kc-col-inner-container\"><div class=\"kc-elm kc-css-918295 kc_shortcode kc_single_image\">\n\n        <img decoding=\"async\" src=\"https:\/\/cdn.europeangayskiweek.com\/wp\/uploads\/2019\/06\/party-colored-200x200.png\" class=\"\" alt=\"\" \/>    <\/div>\n\n<div class=\"kc-elm kc-css-894895 kc-title-wrap \">\n\n\t<h2 class=\"kc_title\">Les Soir\u00e9es<\/h2>\n<\/div>\n<div class=\"kc-elm kc-css-782264 kc_text_block\"><\/p>\n<ul>\n<li><b>Entr\u00e9e gratuite \u00e0 notre fameux Apr\u00e8s Ski quotidiennement.<\/b><\/li>\n<li><b>Entr\u00e9e gratuite <\/b><b> et exclusive \u00e0 TOUS les \u00e9v\u00e9nements nocturnes : spectacles, animations, soir\u00e9es clubbing\/DJ, avec plusieurs \u00e9v\u00e9nements chaque soir. (except\u00e9 Pool-Party, soir\u00e9e Raclette et Fondue et Mountain Lunch en suppl\u00e9ment)<\/b><b><\/b><\/li>\n<\/ul>\n<p>\n<\/div><\/div><\/div><div class=\"kc-elm kc-css-922051 kc_col-sm-6 kc_column_inner kc_col-sm-6\"><div class=\"kc_wrapper kc-col-inner-container\"><div class=\"kc-elm kc-css-157490 kc_shortcode kc_single_image\">\n\n        <img decoding=\"async\" src=\"https:\/\/cdn.europeangayskiweek.com\/wp\/uploads\/2019\/06\/skiing-colored-200x200.png\" class=\"\" alt=\"\" \/>    <\/div>\n\n<div class=\"kc-elm kc-css-985626 kc-title-wrap \">\n\n\t<h2 class=\"kc_title\">SKI & EQUIPEMENTS<\/h2>\n<\/div>\n<div class=\"kc-elm kc-css-523433 kc_text_block\"><\/p>\n<ul>\n<li><b>Location de mat\u00e9riel de ski ou de snowboard \u00e0 prix r\u00e9duit (r\u00e9servation obligatoire sur notre site web)<\/b><\/li>\n<li><b>Acc\u00e8s \u00e0 notre \u00e9cole de ski EGSW exclusive - cours de ski ou de snowboard avec un maximum de 9 personnes (r\u00e9servation obligatoire sur notre site Web) \u00e1 prix r\u00e9duit<\/b><\/li>\n<li><b>Un forfait de ski \u00e0 prix r\u00e9duit.<\/b><\/li>\n<li><b>Acc\u00e9dez aux groupes guid\u00e9s par EGSW pour le ski ou le snowboard (sous r\u00e9serve de disponibilit\u00e9).<\/b><\/li>\n<\/ul>\n<p>\n<\/div><\/div><\/div><\/div><div class=\"kc-elm kc-css-812745 kc_row kc_row_inner\"><div class=\"kc-elm kc-css-470078 kc_col-sm-6 kc_column_inner kc_col-sm-6\"><div class=\"kc_wrapper kc-col-inner-container\"><div class=\"kc-elm kc-css-129006 kc_shortcode kc_single_image\">\n\n        <img decoding=\"async\" src=\"https:\/\/cdn.europeangayskiweek.com\/wp\/uploads\/2019\/06\/food-wine-colored-200x200.png\" class=\"\" alt=\"\" \/>    <\/div>\n\n<div class=\"kc-elm kc-css-524079 kc-title-wrap \">\n\n\t<h2 class=\"kc_title\">NOURRITURE & BOISSON<\/h2>\n<\/div>\n<div class=\"kc-elm kc-css-914332 kc_text_block\"><\/p>\n<ul>\n<li><b>Les d\u00e9tenteurs du pass sont trait\u00e9s avec des offres \u00e0 prix r\u00e9duit sur la nourriture et les boissons dans nos \u00e9tablissements partenaires.<\/b><\/li>\n<li><b style=\"font-style: inherit;\">Acc\u00e8s \u00e0 nos terrasses privatis\u00e9es de restaurants d&#039;altitude pour les d\u00e9jeuners de groupes.<\/b><\/li>\n<li><b>B\u00e9n\u00e9ficiez de r\u00e9ductions sur votre additions dans tous les restaurants affichant le logo EGSW.<\/b><\/li>\n<\/ul>\n<p>\n<\/div><\/div><\/div><div class=\"kc-elm kc-css-575476 kc_col-sm-6 kc_column_inner kc_col-sm-6\"><div class=\"kc_wrapper kc-col-inner-container\"><div class=\"kc-elm kc-css-112347 kc_shortcode kc_single_image\">\n\n        <img decoding=\"async\" src=\"https:\/\/cdn.europeangayskiweek.com\/wp\/uploads\/2019\/06\/bus-colored-200x200.png\" class=\"\" alt=\"\" \/>    <\/div>\n\n<div class=\"kc-elm kc-css-665523 kc-title-wrap \">\n\n\t<h2 class=\"kc_title\">TRANSPORT<\/h2>\n<\/div>\n<div class=\"kc-elm kc-css-36708 kc_text_block\"><\/p>\n<ul>\n<li><b>Prix r\u00e9duits pour les transferts EGSW en autocar depuis et vers l&#039;a\u00e9roport local (Gen\u00e8ve).<\/b><\/li>\n<li><\/li>\n<\/ul>\n<p>\n<\/div><\/div><\/div><\/div><div class=\"kc-elm kc-css-387052 kc_row kc_row_inner\"><div class=\"kc-elm kc-css-429531 kc_col-sm-2 kc_column_inner kc_col-sm-2\"><div class=\"kc_wrapper kc-col-inner-container\"><\/div><\/div><div class=\"kc-elm kc-css-174283 kc_col-sm-8 kc_column_inner kc_col-sm-8\"><div class=\"kc_wrapper kc-col-inner-container\"><div class=\"kc-elm kc-css-78173 kc_text_block\"><\/p>\n<p style=\"text-align: center;\"><strong>IMPORTANT<\/strong> \u2013 Tous nos \u00e9v\u00e9nements sont r\u00e9serv\u00e9s aux <em>d\u00e9tenteurs d&#039;un pass. <\/em><\/p>\n<p style=\"text-align: center;\">Si vous ne disposez pas d&#039;un pass \u00e9v\u00e9nementiel, vous <strong>NE SEREZ PAS<\/strong> admis.<\/p>\n<p>\n<\/div><\/div><\/div><div class=\"kc-elm kc-css-160120 kc_col-sm-2 kc_column_inner kc_col-sm-2\"><div class=\"kc_wrapper kc-col-inner-container\"><\/div><\/div><\/div><div class=\"kc-elm kc-css-93289 kc_row kc_row_inner\"><div class=\"kc-elm kc-css-636920 kc_col-sm-12 kc_column_inner kc_col-sm-12\"><div class=\"kc_wrapper kc-col-inner-container\">\n<div class=\"kc-elm kc-css-628442 kc-title-wrap \">\n\n\t<h2 class=\"kc_title\">Tarifs & R\u00e9ductions<\/h2>\n<\/div>\n<div class=\"kc-elm kc-css-285145 kc_text_block fw-table\"><\/p>\n<table>\n<thead>\n<tr class=\"heading-row\">\n<th class=\"default-col\">R\u00e9servation et p\u00e9riodes de r\u00e9duction<\/th>\n<th class=\"default-col\">Prix r\u00e9duit si achet\u00e9 avec forfait et h\u00e9bergement<\/th>\n<th class=\"default-col\">Prix r\u00e9duit si achet\u00e9 avec h\u00e9bergement ou forfait<\/th>\n<th class=\"default-col\">Prix r\u00e9duit pour les r\u00e9servations anticip\u00e9es<\/th>\n<\/tr>\n<\/thead>\n<tbody>\n<tr class=\"default-row\">\n<td class=\"default-col\" style=\"text-align: center;\">Pass \u00e9v\u00e9nement si achet\u00e9<br \/>avant le 19 ao\u00fbt<\/td>\n<td class=\"default-col\" style=\"text-align: center;\">\u20ac 140<\/td>\n<td class=\"default-col\" style=\"text-align: center;\">\u20ac 240<\/td>\n<td class=\"default-col\" style=\"text-align: center;\">\u20ac 400<\/td>\n<\/tr>\n<tr>\n<td class=\"default-col\" style=\"text-align: center;\">Pass \u00e9v\u00e9nement si achet\u00e9<br style=\"--tw-border-spacing-x: 0; --tw-border-spacing-y: 0; --tw-translate-x: 0; --tw-translate-y: 0; --tw-rotate: 0; --tw-skew-x: 0; --tw-skew-y: 0; --tw-scale-x: 1; --tw-scale-y: 1; --tw-pan-x: ; --tw-pan-y: ; --tw-pinch-zoom: ; --tw-scroll-snap-strictness: proximity; --tw-ordinal: ; --tw-slashed-zero: ; --tw-numeric-figure: ; --tw-numeric-spacing: ; --tw-numeric-fraction: ; --tw-ring-inset: ; --tw-ring-offset-width: 0px; --tw-ring-offset-color: #fff; --tw-ring-color: #3b82f680; --tw-ring-offset-shadow: 0 0 #0000; --tw-ring-shadow: 0 0 #0000; --tw-shadow: 0 0 #0000; --tw-shadow-colored: 0 0 #0000; --tw-blur: ; --tw-brightness: ; --tw-contrast: ; --tw-grayscale: ; --tw-hue-rotate: ; --tw-invert: ; --tw-saturate: ; --tw-sepia: ; --tw-drop-shadow: ; --tw-backdrop-blur: ; --tw-backdrop-brightness: ; --tw-backdrop-contrast: ; --tw-backdrop-grayscale: ; --tw-backdrop-hue-rotate: ; --tw-backdrop-invert: ; --tw-backdrop-opacity: ; --tw-backdrop-saturate: ; --tw-backdrop-sepia: ;\">du 20 ao\u00fbt\u00a0au 19 septembre<\/td>\n<td class=\"default-col\" style=\"text-align: center;\">\u20ac 150<\/td>\n<td class=\"default-col\" style=\"text-align: center;\">\u20ac 250<\/td>\n<td class=\"default-col\" style=\"text-align: center;\">\u20ac 400<\/td>\n<\/tr>\n<\/tbody>\n<tbody>\n<tr class=\"default-row\">\n<td class=\"default-col\" style=\"text-align: center;\">Pass \u00e9v\u00e9nement si achet\u00e9<br \/>du 20 septembre au 19 octobre<\/td>\n<td class=\"default-col\" style=\"text-align: center;\">\u20ac 160<\/td>\n<td class=\"default-col\" style=\"text-align: center;\">\u20ac 260<\/td>\n<td class=\"default-col\" style=\"text-align: center;\">\u20ac 400<\/td>\n<\/tr>\n<tr class=\"default-row\">\n<td class=\"default-col\" style=\"text-align: center;\">Pass \u00e9v\u00e9nement si achet\u00e9<br \/>du 20 octobre\u00a0au 19 novembre<\/td>\n<td class=\"default-col\" style=\"text-align: center;\">\u20ac 170<\/td>\n<td class=\"default-col\" style=\"text-align: center;\">\u20ac 270<\/td>\n<td class=\"default-col\" style=\"text-align: center;\">\u20ac 400<\/td>\n<\/tr>\n<tr class=\"default-row\">\n<td class=\"default-col\" style=\"text-align: center;\">Pass \u00e9v\u00e9nement si achet\u00e9<br \/>du 20 novembre au 19 d\u00e9cembre<\/td>\n<td class=\"default-col\" style=\"text-align: center;\">\u20ac 180<\/td>\n<td class=\"default-col\" style=\"text-align: center;\">\u20ac 280<\/td>\n<td class=\"default-col\" style=\"text-align: center;\">\u20ac 400<\/td>\n<\/tr>\n<tr class=\"default-row\">\n<td class=\"default-col\" style=\"text-align: center;\">E\u00e9vent passe si achet\u00e9<br \/>du 20 d\u00e9cembre au 19 janvier<\/td>\n<td class=\"default-col\" style=\"text-align: center;\">\u20ac 190<\/td>\n<td class=\"default-col\" style=\"text-align: center;\">\u20ac 290<\/td>\n<td class=\"default-col\" style=\"text-align: center;\">\u20ac 400<\/td>\n<\/tr>\n<tr class=\"default-row\">\n<td class=\"default-col\" style=\"text-align: center;\">Pass \u00e9v\u00e9nement si achet\u00e9<br \/>du 20 janvier au 19 f\u00e9vrier<\/td>\n<td class=\"default-col\" style=\"text-align: center;\">\u20ac 200<\/td>\n<td class=\"default-col\" style=\"text-align: center;\">\u20ac 300<\/td>\n<td class=\"default-col\" style=\"text-align: center;\">\u20ac 400<\/td>\n<\/tr>\n<tr class=\"default-row\">\n<td class=\"default-col\" style=\"text-align: center;\">Pass \u00e9v\u00e9nement si achet\u00e9 \u00e0 partir du 20 f\u00e9vrier<\/td>\n<td class=\"default-col\" style=\"text-align: center;\">\u20ac 210<\/td>\n<td class=\"default-col\" style=\"text-align: center;\">\u20ac 310<\/td>\n<td class=\"default-col\" style=\"text-align: center;\">\u20ac 400<\/td>\n<\/tr>\n<\/tbody>\n<\/table>\n<p>\n<\/div><\/div><\/div><\/div><\/div><\/div><\/div><\/div><\/section>\n","protected":false},"excerpt":{"rendered":"<p> [...]<\/p>\n<p><a class=\"btn btn-secondary understrap-read-more-link\" href=\"https:\/\/www.europeangayskiweek.com\/fr\/pass_evenement\/\">Read More...<\/a><\/p>\n<p> [...]<\/p>\n<p><a class=\"btn btn-secondary understrap-read-more-link\" href=\"https:\/\/www.europeangayskiweek.com\/fr\/pass_evenement\/\">Lire la suite\u2026<span class=\"screen-reader-text\"> from Pass \u00c9v\u00e9nement<\/span><\/a><\/p>\n","protected":false},"author":4,"featured_media":0,"parent":0,"menu_order":3,"comment_status":"closed","ping_status":"closed","template":"page-templates\/fullwidthpage-upto1440.php","meta":{"footnotes":""},"class_list":["post-13636","page","type-page","status-publish","hentry"],"yoast_head":"<!-- This site is optimized with the Yoast SEO plugin v26.4 - https:\/\/yoast.com\/wordpress\/plugins\/seo\/ -->\r\n<title>La Plus Grande Gay Ski Week d&#039;Europe | EGSW | 22-29 Mar 2025<\/title>\r\n<meta name=\"description\" content=\"European Gay Ski Week, la plus grande semaine de ski gay d&#039;Europe, un brillant Apr\u00e8s, des spectacles fabuleux, un cabaret hilarant et des soir\u00e9es fantastiques.\" \/>\r\n<meta name=\"robots\" content=\"index, follow, max-snippet:-1, max-image-preview:large, max-video-preview:-1\" \/>\r\n<link rel=\"canonical\" href=\"https:\/\/www.europeangayskiweek.com\/fr\/pass_evenement\/\" \/>\r\n<meta property=\"og:locale\" content=\"fr_FR\" \/>\r\n<meta property=\"og:type\" content=\"article\" \/>\r\n<meta property=\"og:title\" content=\"La Plus Grande Gay Ski Week d&#039;Europe | EGSW | 22-29 Mar 2025\" \/>\r\n<meta property=\"og:description\" content=\"European Gay Ski Week, la plus grande semaine de ski gay d&#039;Europe, un brillant Apr\u00e8s, des spectacles fabuleux, un cabaret hilarant et des soir\u00e9es fantastiques.\" \/>\r\n<meta property=\"og:url\" content=\"https:\/\/www.europeangayskiweek.com\/fr\/pass_evenement\/\" \/>\r\n<meta property=\"og:site_name\" content=\"Europe&#039;s Biggest Gay Ski Week | EGSW | 2026 Coming Soon\" \/>\r\n<meta property=\"article:publisher\" content=\"https:\/\/www.facebook.com\/EuropeanGaySkiWeek\/\" \/>\r\n<meta property=\"article:modified_time\" content=\"2025-09-07T14:04:39+00:00\" \/>\r\n<meta property=\"og:image\" content=\"https:\/\/cdn.europeangayskiweek.com\/wp\/uploads\/2019\/12\/facebook_og.jpg\" \/>\r\n<meta name=\"twitter:card\" content=\"summary_large_image\" \/>\r\n<meta name=\"twitter:site\" content=\"@EuropeanGaySkiW\" \/>\r\n<meta name=\"twitter:label1\" content=\"Dur\u00e9e de lecture estim\u00e9e\" \/>\n\t<meta name=\"twitter:data1\" content=\"3 minutes\" \/>\r\n<script type=\"application\/ld+json\" class=\"yoast-schema-graph\">{\"@context\":\"https:\/\/schema.org\",\"@graph\":[{\"@type\":\"WebPage\",\"@id\":\"https:\/\/www.europeangayskiweek.com\/fr\/pass_evenement\/\",\"url\":\"https:\/\/www.europeangayskiweek.com\/fr\/pass_evenement\/\",\"name\":\"La Plus Grande Gay Ski Week d'Europe | EGSW | 22-29 Mar 2025\",\"isPartOf\":{\"@id\":\"https:\/\/www.europeangayskiweek.com\/#website\"},\"primaryImageOfPage\":{\"@id\":\"https:\/\/www.europeangayskiweek.com\/fr\/pass_evenement\/#primaryimage\"},\"image\":{\"@id\":\"https:\/\/www.europeangayskiweek.com\/fr\/pass_evenement\/#primaryimage\"},\"thumbnailUrl\":\"https:\/\/cdn.europeangayskiweek.com\/wp\/uploads\/2019\/06\/party-colored-200x200.png\",\"datePublished\":\"2017-08-08T11:27:08+00:00\",\"dateModified\":\"2025-09-07T14:04:39+00:00\",\"description\":\"European Gay Ski Week, la plus grande semaine de ski gay d'Europe, un brillant Apr\u00e8s, des spectacles fabuleux, un cabaret hilarant et des soir\u00e9es fantastiques.\",\"breadcrumb\":{\"@id\":\"https:\/\/www.europeangayskiweek.com\/fr\/pass_evenement\/#breadcrumb\"},\"inLanguage\":\"fr-FR\",\"potentialAction\":[{\"@type\":\"ReadAction\",\"target\":[\"https:\/\/www.europeangayskiweek.com\/fr\/pass_evenement\/\"]}]},{\"@type\":\"ImageObject\",\"inLanguage\":\"fr-FR\",\"@id\":\"https:\/\/www.europeangayskiweek.com\/fr\/pass_evenement\/#primaryimage\",\"url\":\"https:\/\/cdn.europeangayskiweek.com\/wp\/uploads\/2019\/06\/party-colored-200x200.png\",\"contentUrl\":\"https:\/\/cdn.europeangayskiweek.com\/wp\/uploads\/2019\/06\/party-colored-200x200.png\"},{\"@type\":\"BreadcrumbList\",\"@id\":\"https:\/\/www.europeangayskiweek.com\/fr\/pass_evenement\/#breadcrumb\",\"itemListElement\":[{\"@type\":\"ListItem\",\"position\":1,\"name\":\"Home\",\"item\":\"https:\/\/www.europeangayskiweek.com\/fr\/\"},{\"@type\":\"ListItem\",\"position\":2,\"name\":\"Pass \u00c9v\u00e9nement\"}]},{\"@type\":\"WebSite\",\"@id\":\"https:\/\/www.europeangayskiweek.com\/#website\",\"url\":\"https:\/\/www.europeangayskiweek.com\/\",\"name\":\"European Gay Ski Week | The Biggest Gay Winter Sports and Music Festival | Les Arcs Paradiski | 21-28 March 2020\",\"description\":\"Europe&#039;s N\u00b01 Gay Winter Sports &amp; Music Festival | Les Arcs - Arc 1950 &amp; Arc 2000 - Paradiski | European Gay Ski Week with International DJs &amp; Artists\",\"publisher\":{\"@id\":\"https:\/\/www.europeangayskiweek.com\/#organization\"},\"potentialAction\":[{\"@type\":\"SearchAction\",\"target\":{\"@type\":\"EntryPoint\",\"urlTemplate\":\"https:\/\/www.europeangayskiweek.com\/?s={search_term_string}\"},\"query-input\":{\"@type\":\"PropertyValueSpecification\",\"valueRequired\":true,\"valueName\":\"search_term_string\"}}],\"inLanguage\":\"fr-FR\"},{\"@type\":\"Organization\",\"@id\":\"https:\/\/www.europeangayskiweek.com\/#organization\",\"name\":\"European Gay Ski Week\",\"url\":\"https:\/\/www.europeangayskiweek.com\/\",\"logo\":{\"@type\":\"ImageObject\",\"inLanguage\":\"fr-FR\",\"@id\":\"https:\/\/www.europeangayskiweek.com\/#\/schema\/logo\/image\/\",\"url\":\"https:\/\/cdn.europeangayskiweek.com\/wp\/uploads\/2019\/06\/EGSW-Dateless-Black-02b.png\",\"contentUrl\":\"https:\/\/cdn.europeangayskiweek.com\/wp\/uploads\/2019\/06\/EGSW-Dateless-Black-02b.png\",\"width\":1346,\"height\":442,\"caption\":\"European Gay Ski Week\"},\"image\":{\"@id\":\"https:\/\/www.europeangayskiweek.com\/#\/schema\/logo\/image\/\"},\"sameAs\":[\"https:\/\/www.facebook.com\/EuropeanGaySkiWeek\/\",\"https:\/\/x.com\/EuropeanGaySkiW\",\"https:\/\/www.instagram.com\/europeangayskiweek\/\",\"https:\/\/www.youtube.com\/user\/JonHuntEGSW\"]}]}<\/script>\r\n<!-- \/ Yoast SEO plugin. -->","yoast_head_json":{"title":"La Plus Grande Gay Ski Week d'Europe | EGSW | 22-29 Mar 2025","description":"European Gay Ski Week, la plus grande semaine de ski gay d'Europe, un brillant Apr\u00e8s, des spectacles fabuleux, un cabaret hilarant et des soir\u00e9es fantastiques.","robots":{"index":"index","follow":"follow","max-snippet":"max-snippet:-1","max-image-preview":"max-image-preview:large","max-video-preview":"max-video-preview:-1"},"canonical":"https:\/\/www.europeangayskiweek.com\/fr\/pass_evenement\/","og_locale":"fr_FR","og_type":"article","og_title":"La Plus Grande Gay Ski Week d'Europe | EGSW | 22-29 Mar 2025","og_description":"European Gay Ski Week, la plus grande semaine de ski gay d'Europe, un brillant Apr\u00e8s, des spectacles fabuleux, un cabaret hilarant et des soir\u00e9es fantastiques.","og_url":"https:\/\/www.europeangayskiweek.com\/fr\/pass_evenement\/","og_site_name":"Europe&#039;s Biggest Gay Ski Week | EGSW | 2026 Coming Soon","article_publisher":"https:\/\/www.facebook.com\/EuropeanGaySkiWeek\/","article_modified_time":"2025-09-07T14:04:39+00:00","og_image":[{"url":"https:\/\/cdn.europeangayskiweek.com\/wp\/uploads\/2019\/12\/facebook_og.jpg","type":"","width":"","height":""}],"twitter_card":"summary_large_image","twitter_site":"@EuropeanGaySkiW","twitter_misc":{"Dur\u00e9e de lecture estim\u00e9e":"3 minutes"},"schema":{"@context":"https:\/\/schema.org","@graph":[{"@type":"WebPage","@id":"https:\/\/www.europeangayskiweek.com\/fr\/pass_evenement\/","url":"https:\/\/www.europeangayskiweek.com\/fr\/pass_evenement\/","name":"La Plus Grande Gay Ski Week d'Europe | EGSW | 22-29 Mar 2025","isPartOf":{"@id":"https:\/\/www.europeangayskiweek.com\/#website"},"primaryImageOfPage":{"@id":"https:\/\/www.europeangayskiweek.com\/fr\/pass_evenement\/#primaryimage"},"image":{"@id":"https:\/\/www.europeangayskiweek.com\/fr\/pass_evenement\/#primaryimage"},"thumbnailUrl":"https:\/\/cdn.europeangayskiweek.com\/wp\/uploads\/2019\/06\/party-colored-200x200.png","datePublished":"2017-08-08T11:27:08+00:00","dateModified":"2025-09-07T14:04:39+00:00","description":"European Gay Ski Week, la plus grande semaine de ski gay d'Europe, un brillant Apr\u00e8s, des spectacles fabuleux, un cabaret hilarant et des soir\u00e9es fantastiques.","breadcrumb":{"@id":"https:\/\/www.europeangayskiweek.com\/fr\/pass_evenement\/#breadcrumb"},"inLanguage":"fr-FR","potentialAction":[{"@type":"ReadAction","target":["https:\/\/www.europeangayskiweek.com\/fr\/pass_evenement\/"]}]},{"@type":"ImageObject","inLanguage":"fr-FR","@id":"https:\/\/www.europeangayskiweek.com\/fr\/pass_evenement\/#primaryimage","url":"https:\/\/cdn.europeangayskiweek.com\/wp\/uploads\/2019\/06\/party-colored-200x200.png","contentUrl":"https:\/\/cdn.europeangayskiweek.com\/wp\/uploads\/2019\/06\/party-colored-200x200.png"},{"@type":"BreadcrumbList","@id":"https:\/\/www.europeangayskiweek.com\/fr\/pass_evenement\/#breadcrumb","itemListElement":[{"@type":"ListItem","position":1,"name":"Home","item":"https:\/\/www.europeangayskiweek.com\/fr\/"},{"@type":"ListItem","position":2,"name":"Pass \u00c9v\u00e9nement"}]},{"@type":"WebSite","@id":"https:\/\/www.europeangayskiweek.com\/#website","url":"https:\/\/www.europeangayskiweek.com\/","name":"European Gay Ski Week | The Biggest Gay Winter Sports and Music Festival | Les Arcs Paradiski | 21-28 March 2020","description":"Europe&#039;s N\u00b01 Gay Winter Sports &amp; Music Festival | Les Arcs - Arc 1950 &amp; Arc 2000 - Paradiski | European Gay Ski Week with International DJs &amp; Artists","publisher":{"@id":"https:\/\/www.europeangayskiweek.com\/#organization"},"potentialAction":[{"@type":"SearchAction","target":{"@type":"EntryPoint","urlTemplate":"https:\/\/www.europeangayskiweek.com\/?s={search_term_string}"},"query-input":{"@type":"PropertyValueSpecification","valueRequired":true,"valueName":"search_term_string"}}],"inLanguage":"fr-FR"},{"@type":"Organization","@id":"https:\/\/www.europeangayskiweek.com\/#organization","name":"European Gay Ski Week","url":"https:\/\/www.europeangayskiweek.com\/","logo":{"@type":"ImageObject","inLanguage":"fr-FR","@id":"https:\/\/www.europeangayskiweek.com\/#\/schema\/logo\/image\/","url":"https:\/\/cdn.europeangayskiweek.com\/wp\/uploads\/2019\/06\/EGSW-Dateless-Black-02b.png","contentUrl":"https:\/\/cdn.europeangayskiweek.com\/wp\/uploads\/2019\/06\/EGSW-Dateless-Black-02b.png","width":1346,"height":442,"caption":"European Gay Ski Week"},"image":{"@id":"https:\/\/www.europeangayskiweek.com\/#\/schema\/logo\/image\/"},"sameAs":["https:\/\/www.facebook.com\/EuropeanGaySkiWeek\/","https:\/\/x.com\/EuropeanGaySkiW","https:\/\/www.instagram.com\/europeangayskiweek\/","https:\/\/www.youtube.com\/user\/JonHuntEGSW"]}]}},"_links":{"self":[{"href":"https:\/\/www.europeangayskiweek.com\/fr\/wp-json\/wp\/v2\/pages\/13636","targetHints":{"allow":["GET"]}}],"collection":[{"href":"https:\/\/www.europeangayskiweek.com\/fr\/wp-json\/wp\/v2\/pages"}],"about":[{"href":"https:\/\/www.europeangayskiweek.com\/fr\/wp-json\/wp\/v2\/types\/page"}],"author":[{"embeddable":true,"href":"https:\/\/www.europeangayskiweek.com\/fr\/wp-json\/wp\/v2\/users\/4"}],"replies":[{"embeddable":true,"href":"https:\/\/www.europeangayskiweek.com\/fr\/wp-json\/wp\/v2\/comments?post=13636"}],"version-history":[{"count":16,"href":"https:\/\/www.europeangayskiweek.com\/fr\/wp-json\/wp\/v2\/pages\/13636\/revisions"}],"predecessor-version":[{"id":23530,"href":"https:\/\/www.europeangayskiweek.com\/fr\/wp-json\/wp\/v2\/pages\/13636\/revisions\/23530"}],"wp:attachment":[{"href":"https:\/\/www.europeangayskiweek.com\/fr\/wp-json\/wp\/v2\/media?parent=13636"}],"curies":[{"name":"wp","href":"https:\/\/api.w.org\/{rel}","templated":true}]}}