{"id":13632,"date":"2019-02-11T12:42:08","date_gmt":"2019-02-11T12:42:08","guid":{"rendered":"https:\/\/e21.europeangayskiweek.com\/?page_id=13632"},"modified":"2024-07-24T15:52:45","modified_gmt":"2024-07-24T14:52:45","slug":"mountain-lunch","status":"publish","type":"page","link":"https:\/\/www.europeangayskiweek.com\/fr\/programme-activites-de-jour-et-evenements\/mountain-lunch\/","title":{"rendered":"Le Mountain Lunch"},"content":{"rendered":"<p><section class=\"kc-elm kc-css-661178 kc_row\"><div class=\"kc-row-container  kc-container\"><div class=\"kc-wrap-columns\"><div class=\"kc-elm kc-css-973094 kc_col-sm-2 kc_column kc_col-sm-2\"><div class=\"kc-col-container\"><\/div><\/div><div class=\"kc-elm kc-css-868618 kc_col-sm-8 kc_column kc_col-sm-8\"><div class=\"kc-col-container\"><div class=\"kc-elm kc-css-987211\" style=\"height: 60px; clear: both; width:100%;\"><\/div><div class=\"kc-elm kc-css-358209 kc_text_block\"><\/p>\n<p>\nEGSW prend en charge les restaurants et organise des soir\u00e9es conviviales dans des lieux choisis par les clients. Il y a actuellement peu de places disponibles pour ces trois options, mais elles se vendent tous les ans, alors faites vite pour r\u00e9server votre place!<\/p>\n<p>\n<\/div><div class=\"kc-elm kc-css-255053\" style=\"height: 60px; clear: both; width:100%;\"><\/div><\/div><\/div><div class=\"kc-elm kc-css-541882 kc_col-sm-2 kc_column kc_col-sm-2\"><div class=\"kc-col-container\"><\/div><\/div><\/div><\/div><\/section><section class=\"kc-elm kc-css-701864 kc_row\"><div class=\"kc-row-container  kc-container\"><div class=\"kc-wrap-columns\"><div class=\"kc-elm kc-css-515882 kc_col-sm-6 kc_column kc_col-sm-6\"><div class=\"kc-col-container\"><div class=\"kc-elm kc-css-335754 kc_text_block\"><\/p>\n<h3>The Mountain Lunch<\/h3>\n<hr \/>\n<h5>20\u20ac<\/h5>\n<p>The Mountain Lunch ( D\u00e9jeuner \u00e1 la Montagne) est un \u00e9v\u00e9nement unique et passionnant sp\u00e9cialement cr\u00e9\u00e9 pour EGSW 2019. Dans le cadre alpin idyllique d&#039;Arc 1950, nous avons cr\u00e9\u00e9 une zone de restauration sp\u00e9ciale pour accueillir cet \u00e9v\u00e9nement unique.<\/p>\n<p><span style=\"font-style: inherit;\">Un d\u00e9licieux menu \u00e0 la carte (option v\u00e9g\u00e9tarienne disponible) et du vin vous attendra dans cet endroit magnifique pour rencontrer tous vos amis (anciens et nouveaux).<\/span><\/p>\n<p>\n<\/div><\/div><\/div><div class=\"kc-elm kc-css-690579 kc_col-sm-6 kc_column kc_col-sm-6\"><div class=\"kc-col-container\"><div class=\"widget master-slider-main-widget kc-elm kc-css-673334\">\n\t\t<!-- MasterSlider -->\n\t\t<div id=\"P_MS69f179ab742b8\" class=\"master-slider-parent ms-parent-id-26\" style=\"max-width:600px;\"  >\n\n\t\t\t\n\t\t\t<!-- MasterSlider Main -->\n\t\t\t<div id=\"MS69f179ab742b8\" class=\"master-slider ms-skin-default\" >\n\t\t\t\t \t\t\t\t \n\t\t\t<div  class=\"ms-slide\" data-delay=\"3\" data-fill-mode=\"fill\"   >\n\t\t\t\t\t<img decoding=\"async\" src=\"https:\/\/www.europeangayskiweek.com\/wp-content\/plugins\/masterslider\/public\/assets\/css\/blank.gif\" alt=\"\" title=\"mountain-lunch-1\" data-src=\"https:\/\/cdn.europeangayskiweek.com\/wp\/uploads\/2019\/06\/mountain-lunch-1.jpg\" \/>\n\n\n\t\t\t\t<\/div>\n\t\t\t<div  class=\"ms-slide\" data-delay=\"3\" data-fill-mode=\"fill\"   >\n\t\t\t\t\t<img decoding=\"async\" src=\"https:\/\/www.europeangayskiweek.com\/wp-content\/plugins\/masterslider\/public\/assets\/css\/blank.gif\" alt=\"\" title=\"mountain-lunch\" data-src=\"https:\/\/cdn.europeangayskiweek.com\/wp\/uploads\/2019\/06\/mountain-lunch.jpg\" \/>\n\n\n\t\t\t\t<\/div>\n\t\t\t<div  class=\"ms-slide\" data-delay=\"3\" data-fill-mode=\"fill\"   >\n\t\t\t\t\t<img decoding=\"async\" src=\"https:\/\/www.europeangayskiweek.com\/wp-content\/plugins\/masterslider\/public\/assets\/css\/blank.gif\" alt=\"\" title=\"mountain-lunch-2\" data-src=\"https:\/\/cdn.europeangayskiweek.com\/wp\/uploads\/2019\/06\/mountain-lunch-2.jpg\" \/>\n\n\n\t\t\t\t<\/div>\n\t\t\t<div  class=\"ms-slide\" data-delay=\"3\" data-fill-mode=\"fill\"   >\n\t\t\t\t\t<img decoding=\"async\" src=\"https:\/\/www.europeangayskiweek.com\/wp-content\/plugins\/masterslider\/public\/assets\/css\/blank.gif\" alt=\"\" title=\"mountain-lunch-4\" data-src=\"https:\/\/cdn.europeangayskiweek.com\/wp\/uploads\/2019\/06\/mountain-lunch-4.jpg\" \/>\n\n\n\t\t\t\t<\/div>\n\t\t\t<div  class=\"ms-slide\" data-delay=\"3\" data-fill-mode=\"fill\"   >\n\t\t\t\t\t<img decoding=\"async\" src=\"https:\/\/www.europeangayskiweek.com\/wp-content\/plugins\/masterslider\/public\/assets\/css\/blank.gif\" alt=\"\" title=\"mountain-lunch-\" data-src=\"https:\/\/cdn.europeangayskiweek.com\/wp\/uploads\/2019\/06\/mountain-lunch-.jpg\" \/>\n\n\n\t\t\t\t<\/div>\n\t\t\t<div  class=\"ms-slide\" data-delay=\"3\" data-fill-mode=\"fill\"   >\n\t\t\t\t\t<img decoding=\"async\" src=\"https:\/\/www.europeangayskiweek.com\/wp-content\/plugins\/masterslider\/public\/assets\/css\/blank.gif\" alt=\"\" title=\"EGSW16_0638\" data-src=\"https:\/\/cdn.europeangayskiweek.com\/wp\/uploads\/2023\/07\/EGSW16_0638-scaled.jpg\" \/>\n\n\n\t\t\t\t<\/div>\n\t\t\t<div  class=\"ms-slide\" data-delay=\"3\" data-fill-mode=\"fill\"   >\n\t\t\t\t\t<img decoding=\"async\" src=\"https:\/\/www.europeangayskiweek.com\/wp-content\/plugins\/masterslider\/public\/assets\/css\/blank.gif\" alt=\"\" title=\"EGSW16_0654\" data-src=\"https:\/\/cdn.europeangayskiweek.com\/wp\/uploads\/2023\/07\/EGSW16_0654-scaled.jpg\" \/>\n\n\n\t\t\t\t<\/div>\n\t\t\t<div  class=\"ms-slide\" data-delay=\"3\" data-fill-mode=\"fill\"   >\n\t\t\t\t\t<img decoding=\"async\" src=\"https:\/\/www.europeangayskiweek.com\/wp-content\/plugins\/masterslider\/public\/assets\/css\/blank.gif\" alt=\"\" title=\"EGSW16_0662\" data-src=\"https:\/\/cdn.europeangayskiweek.com\/wp\/uploads\/2023\/07\/EGSW16_0662-scaled.jpg\" \/>\n\n\n\t\t\t\t<\/div>\n\t\t\t<div  class=\"ms-slide\" data-delay=\"3\" data-fill-mode=\"fill\"   >\n\t\t\t\t\t<img decoding=\"async\" src=\"https:\/\/www.europeangayskiweek.com\/wp-content\/plugins\/masterslider\/public\/assets\/css\/blank.gif\" alt=\"\" title=\"EGSW16_0656\" data-src=\"https:\/\/cdn.europeangayskiweek.com\/wp\/uploads\/2023\/07\/EGSW16_0656-scaled.jpg\" \/>\n\n\n\t\t\t\t<\/div>\n\n\t\t\t<\/div>\n\t\t\t<!-- END MasterSlider Main -->\n\n\t\t\t \n\t\t<\/div>\n\t\t<!-- END MasterSlider -->\n\n\t\t<script>\n\t\t( window.MSReady = window.MSReady || [] ).push( function( $ ) {\n\n\t\t\t\"use strict\";\n\t\t\tvar masterslider_42b8 = new MasterSlider();\n\n\t\t\t\/\/ slider controls\n\t\t\t\/\/ slider setup\n\t\t\tmasterslider_42b8.setup(\"MS69f179ab742b8\", {\n\t\t\t\twidth           : 600,\n\t\t\t\theight          : 450,\n\t\t\t\tminHeight       : 0,\n\t\t\t\tspace           : 0,\n\t\t\t\tstart           : 1,\n\t\t\t\tgrabCursor      : true,\n\t\t\t\tswipe           : true,\n\t\t\t\tmouse           : true,\n\t\t\t\tkeyboard        : false,\n\t\t\t\tlayout          : \"boxed\",\n\t\t\t\twheel           : false,\n\t\t\t\tautoplay        : true,\n\t\t\t\tinstantStartLayers:false,\n\t\t\t\tloop            : true,\n\t\t\t\tshuffle         : false,\n\t\t\t\tpreload         : 0,\n\t\t\t\theightLimit     : true,\n\t\t\t\tautoHeight      : false,\n\t\t\t\tsmoothHeight    : true,\n\t\t\t\tendPause        : false,\n\t\t\t\toverPause       : false,\n\t\t\t\tfillMode        : \"fill\",\n\t\t\t\tcenterControls  : true,\n\t\t\t\tstartOnAppear   : false,\n\t\t\t\tlayersMode      : \"center\",\n\t\t\t\tautofillTarget  : \"\",\n\t\t\t\thideLayers      : false,\n\t\t\t\tfullscreenMargin: 0,\n\t\t\t\tspeed           : 20,\n\t\t\t\tdir             : \"h\",\n\t\t\t\tparallaxMode    : 'swipe',\n\t\t\t\tview            : \"fade\"\n\t\t\t});\n\n\t\t\t\n\t\t\twindow.masterslider_instances = window.masterslider_instances || [];\n\t\t\twindow.masterslider_instances.push( masterslider_42b8 );\n\t\t});\n\t\t<\/script>\n\n<\/div><\/div><\/div><\/div><\/div><\/section><\/p>\n","protected":false},"excerpt":{"rendered":"<p> [...]<\/p>\n<p><a class=\"btn btn-secondary understrap-read-more-link\" href=\"https:\/\/www.europeangayskiweek.com\/fr\/programme-activites-de-jour-et-evenements\/mountain-lunch\/\">Read More...<\/a><\/p>\n<p> [...]<\/p>\n<p><a class=\"btn btn-secondary understrap-read-more-link\" href=\"https:\/\/www.europeangayskiweek.com\/fr\/programme-activites-de-jour-et-evenements\/mountain-lunch\/\">Lire la suite\u2026<span class=\"screen-reader-text\"> from Le Mountain Lunch<\/span><\/a><\/p>\n","protected":false},"author":4,"featured_media":0,"parent":13631,"menu_order":2,"comment_status":"closed","ping_status":"closed","template":"page-templates\/fullwidthpage-upto1440.php","meta":{"footnotes":""},"class_list":["post-13632","page","type-page","status-publish","hentry"],"yoast_head":"<!-- This site is optimized with the Yoast SEO plugin v26.4 - https:\/\/yoast.com\/wordpress\/plugins\/seo\/ -->\r\n<title>La Plus Grande Gay Ski Week d&#039;Europe | EGSW | 22-29 Mar 2025<\/title>\r\n<meta name=\"description\" content=\"European Gay Ski Week, la plus grande semaine de ski gay d&#039;Europe, un brillant Apr\u00e8s, des spectacles fabuleux, un cabaret hilarant et des soir\u00e9es fantastiques.\" \/>\r\n<meta name=\"robots\" content=\"index, follow, max-snippet:-1, max-image-preview:large, max-video-preview:-1\" \/>\r\n<link rel=\"canonical\" href=\"https:\/\/www.europeangayskiweek.com\/fr\/programme-activites-de-jour-et-evenements\/mountain-lunch\/\" \/>\r\n<meta property=\"og:locale\" content=\"fr_FR\" \/>\r\n<meta property=\"og:type\" content=\"article\" \/>\r\n<meta property=\"og:title\" content=\"La Plus Grande Gay Ski Week d&#039;Europe | EGSW | 22-29 Mar 2025\" \/>\r\n<meta property=\"og:description\" content=\"European Gay Ski Week, la plus grande semaine de ski gay d&#039;Europe, un brillant Apr\u00e8s, des spectacles fabuleux, un cabaret hilarant et des soir\u00e9es fantastiques.\" \/>\r\n<meta property=\"og:url\" content=\"https:\/\/www.europeangayskiweek.com\/fr\/programme-activites-de-jour-et-evenements\/mountain-lunch\/\" \/>\r\n<meta property=\"og:site_name\" content=\"Europe&#039;s Biggest Gay Ski Week | EGSW | 2026 Coming Soon\" \/>\r\n<meta property=\"article:publisher\" content=\"https:\/\/www.facebook.com\/EuropeanGaySkiWeek\/\" \/>\r\n<meta property=\"article:modified_time\" content=\"2024-07-24T14:52:45+00:00\" \/>\r\n<meta property=\"og:image\" content=\"https:\/\/cdn.europeangayskiweek.com\/wp\/uploads\/2019\/12\/facebook_og.jpg\" \/>\r\n<meta name=\"twitter:card\" content=\"summary_large_image\" \/>\r\n<meta name=\"twitter:site\" content=\"@EuropeanGaySkiW\" \/>\r\n<meta name=\"twitter:label1\" content=\"Dur\u00e9e de lecture estim\u00e9e\" \/>\n\t<meta name=\"twitter:data1\" content=\"1 minute\" \/>\r\n<script type=\"application\/ld+json\" class=\"yoast-schema-graph\">{\"@context\":\"https:\/\/schema.org\",\"@graph\":[{\"@type\":\"WebPage\",\"@id\":\"https:\/\/www.europeangayskiweek.com\/fr\/programme-activites-de-jour-et-evenements\/mountain-lunch\/\",\"url\":\"https:\/\/www.europeangayskiweek.com\/fr\/programme-activites-de-jour-et-evenements\/mountain-lunch\/\",\"name\":\"La Plus Grande Gay Ski Week d'Europe | EGSW | 22-29 Mar 2025\",\"isPartOf\":{\"@id\":\"https:\/\/www.europeangayskiweek.com\/#website\"},\"primaryImageOfPage\":{\"@id\":\"https:\/\/www.europeangayskiweek.com\/fr\/programme-activites-de-jour-et-evenements\/mountain-lunch\/#primaryimage\"},\"image\":{\"@id\":\"https:\/\/www.europeangayskiweek.com\/fr\/programme-activites-de-jour-et-evenements\/mountain-lunch\/#primaryimage\"},\"thumbnailUrl\":\"https:\/\/www.europeangayskiweek.com\/wp-content\/plugins\/masterslider\/public\/assets\/css\/blank.gif\",\"datePublished\":\"2019-02-11T12:42:08+00:00\",\"dateModified\":\"2024-07-24T14:52:45+00:00\",\"description\":\"European Gay Ski Week, la plus grande semaine de ski gay d'Europe, un brillant Apr\u00e8s, des spectacles fabuleux, un cabaret hilarant et des soir\u00e9es fantastiques.\",\"breadcrumb\":{\"@id\":\"https:\/\/www.europeangayskiweek.com\/fr\/programme-activites-de-jour-et-evenements\/mountain-lunch\/#breadcrumb\"},\"inLanguage\":\"fr-FR\",\"potentialAction\":[{\"@type\":\"ReadAction\",\"target\":[\"https:\/\/www.europeangayskiweek.com\/fr\/programme-activites-de-jour-et-evenements\/mountain-lunch\/\"]}]},{\"@type\":\"ImageObject\",\"inLanguage\":\"fr-FR\",\"@id\":\"https:\/\/www.europeangayskiweek.com\/fr\/programme-activites-de-jour-et-evenements\/mountain-lunch\/#primaryimage\",\"url\":\"https:\/\/www.europeangayskiweek.com\/wp-content\/plugins\/masterslider\/public\/assets\/css\/blank.gif\",\"contentUrl\":\"https:\/\/www.europeangayskiweek.com\/wp-content\/plugins\/masterslider\/public\/assets\/css\/blank.gif\"},{\"@type\":\"BreadcrumbList\",\"@id\":\"https:\/\/www.europeangayskiweek.com\/fr\/programme-activites-de-jour-et-evenements\/mountain-lunch\/#breadcrumb\",\"itemListElement\":[{\"@type\":\"ListItem\",\"position\":1,\"name\":\"Home\",\"item\":\"https:\/\/www.europeangayskiweek.com\/fr\/\"},{\"@type\":\"ListItem\",\"position\":2,\"name\":\"Programme Activit\u00e9s de jour et Ev\u00e9nements\",\"item\":\"https:\/\/www.europeangayskiweek.com\/fr\/programme-activites-de-jour-et-evenements\/\"},{\"@type\":\"ListItem\",\"position\":3,\"name\":\"Le Mountain Lunch\"}]},{\"@type\":\"WebSite\",\"@id\":\"https:\/\/www.europeangayskiweek.com\/#website\",\"url\":\"https:\/\/www.europeangayskiweek.com\/\",\"name\":\"European Gay Ski Week | The Biggest Gay Winter Sports and Music Festival | Les Arcs Paradiski | 21-28 March 2020\",\"description\":\"Europe&#039;s N\u00b01 Gay Winter Sports &amp; Music Festival | Les Arcs - Arc 1950 &amp; Arc 2000 - Paradiski | European Gay Ski Week with International DJs &amp; Artists\",\"publisher\":{\"@id\":\"https:\/\/www.europeangayskiweek.com\/#organization\"},\"potentialAction\":[{\"@type\":\"SearchAction\",\"target\":{\"@type\":\"EntryPoint\",\"urlTemplate\":\"https:\/\/www.europeangayskiweek.com\/?s={search_term_string}\"},\"query-input\":{\"@type\":\"PropertyValueSpecification\",\"valueRequired\":true,\"valueName\":\"search_term_string\"}}],\"inLanguage\":\"fr-FR\"},{\"@type\":\"Organization\",\"@id\":\"https:\/\/www.europeangayskiweek.com\/#organization\",\"name\":\"European Gay Ski Week\",\"url\":\"https:\/\/www.europeangayskiweek.com\/\",\"logo\":{\"@type\":\"ImageObject\",\"inLanguage\":\"fr-FR\",\"@id\":\"https:\/\/www.europeangayskiweek.com\/#\/schema\/logo\/image\/\",\"url\":\"https:\/\/cdn.europeangayskiweek.com\/wp\/uploads\/2019\/06\/EGSW-Dateless-Black-02b.png\",\"contentUrl\":\"https:\/\/cdn.europeangayskiweek.com\/wp\/uploads\/2019\/06\/EGSW-Dateless-Black-02b.png\",\"width\":1346,\"height\":442,\"caption\":\"European Gay Ski Week\"},\"image\":{\"@id\":\"https:\/\/www.europeangayskiweek.com\/#\/schema\/logo\/image\/\"},\"sameAs\":[\"https:\/\/www.facebook.com\/EuropeanGaySkiWeek\/\",\"https:\/\/x.com\/EuropeanGaySkiW\",\"https:\/\/www.instagram.com\/europeangayskiweek\/\",\"https:\/\/www.youtube.com\/user\/JonHuntEGSW\"]}]}<\/script>\r\n<!-- \/ Yoast SEO plugin. -->","yoast_head_json":{"title":"La Plus Grande Gay Ski Week d'Europe | EGSW | 22-29 Mar 2025","description":"European Gay Ski Week, la plus grande semaine de ski gay d'Europe, un brillant Apr\u00e8s, des spectacles fabuleux, un cabaret hilarant et des soir\u00e9es fantastiques.","robots":{"index":"index","follow":"follow","max-snippet":"max-snippet:-1","max-image-preview":"max-image-preview:large","max-video-preview":"max-video-preview:-1"},"canonical":"https:\/\/www.europeangayskiweek.com\/fr\/programme-activites-de-jour-et-evenements\/mountain-lunch\/","og_locale":"fr_FR","og_type":"article","og_title":"La Plus Grande Gay Ski Week d'Europe | EGSW | 22-29 Mar 2025","og_description":"European Gay Ski Week, la plus grande semaine de ski gay d'Europe, un brillant Apr\u00e8s, des spectacles fabuleux, un cabaret hilarant et des soir\u00e9es fantastiques.","og_url":"https:\/\/www.europeangayskiweek.com\/fr\/programme-activites-de-jour-et-evenements\/mountain-lunch\/","og_site_name":"Europe&#039;s Biggest Gay Ski Week | EGSW | 2026 Coming Soon","article_publisher":"https:\/\/www.facebook.com\/EuropeanGaySkiWeek\/","article_modified_time":"2024-07-24T14:52:45+00:00","og_image":[{"url":"https:\/\/cdn.europeangayskiweek.com\/wp\/uploads\/2019\/12\/facebook_og.jpg","type":"","width":"","height":""}],"twitter_card":"summary_large_image","twitter_site":"@EuropeanGaySkiW","twitter_misc":{"Dur\u00e9e de lecture estim\u00e9e":"1 minute"},"schema":{"@context":"https:\/\/schema.org","@graph":[{"@type":"WebPage","@id":"https:\/\/www.europeangayskiweek.com\/fr\/programme-activites-de-jour-et-evenements\/mountain-lunch\/","url":"https:\/\/www.europeangayskiweek.com\/fr\/programme-activites-de-jour-et-evenements\/mountain-lunch\/","name":"La Plus Grande Gay Ski Week d'Europe | EGSW | 22-29 Mar 2025","isPartOf":{"@id":"https:\/\/www.europeangayskiweek.com\/#website"},"primaryImageOfPage":{"@id":"https:\/\/www.europeangayskiweek.com\/fr\/programme-activites-de-jour-et-evenements\/mountain-lunch\/#primaryimage"},"image":{"@id":"https:\/\/www.europeangayskiweek.com\/fr\/programme-activites-de-jour-et-evenements\/mountain-lunch\/#primaryimage"},"thumbnailUrl":"https:\/\/www.europeangayskiweek.com\/wp-content\/plugins\/masterslider\/public\/assets\/css\/blank.gif","datePublished":"2019-02-11T12:42:08+00:00","dateModified":"2024-07-24T14:52:45+00:00","description":"European Gay Ski Week, la plus grande semaine de ski gay d'Europe, un brillant Apr\u00e8s, des spectacles fabuleux, un cabaret hilarant et des soir\u00e9es fantastiques.","breadcrumb":{"@id":"https:\/\/www.europeangayskiweek.com\/fr\/programme-activites-de-jour-et-evenements\/mountain-lunch\/#breadcrumb"},"inLanguage":"fr-FR","potentialAction":[{"@type":"ReadAction","target":["https:\/\/www.europeangayskiweek.com\/fr\/programme-activites-de-jour-et-evenements\/mountain-lunch\/"]}]},{"@type":"ImageObject","inLanguage":"fr-FR","@id":"https:\/\/www.europeangayskiweek.com\/fr\/programme-activites-de-jour-et-evenements\/mountain-lunch\/#primaryimage","url":"https:\/\/www.europeangayskiweek.com\/wp-content\/plugins\/masterslider\/public\/assets\/css\/blank.gif","contentUrl":"https:\/\/www.europeangayskiweek.com\/wp-content\/plugins\/masterslider\/public\/assets\/css\/blank.gif"},{"@type":"BreadcrumbList","@id":"https:\/\/www.europeangayskiweek.com\/fr\/programme-activites-de-jour-et-evenements\/mountain-lunch\/#breadcrumb","itemListElement":[{"@type":"ListItem","position":1,"name":"Home","item":"https:\/\/www.europeangayskiweek.com\/fr\/"},{"@type":"ListItem","position":2,"name":"Programme Activit\u00e9s de jour et Ev\u00e9nements","item":"https:\/\/www.europeangayskiweek.com\/fr\/programme-activites-de-jour-et-evenements\/"},{"@type":"ListItem","position":3,"name":"Le Mountain Lunch"}]},{"@type":"WebSite","@id":"https:\/\/www.europeangayskiweek.com\/#website","url":"https:\/\/www.europeangayskiweek.com\/","name":"European Gay Ski Week | The Biggest Gay Winter Sports and Music Festival | Les Arcs Paradiski | 21-28 March 2020","description":"Europe&#039;s N\u00b01 Gay Winter Sports &amp; Music Festival | Les Arcs - Arc 1950 &amp; Arc 2000 - Paradiski | European Gay Ski Week with International DJs &amp; Artists","publisher":{"@id":"https:\/\/www.europeangayskiweek.com\/#organization"},"potentialAction":[{"@type":"SearchAction","target":{"@type":"EntryPoint","urlTemplate":"https:\/\/www.europeangayskiweek.com\/?s={search_term_string}"},"query-input":{"@type":"PropertyValueSpecification","valueRequired":true,"valueName":"search_term_string"}}],"inLanguage":"fr-FR"},{"@type":"Organization","@id":"https:\/\/www.europeangayskiweek.com\/#organization","name":"European Gay Ski Week","url":"https:\/\/www.europeangayskiweek.com\/","logo":{"@type":"ImageObject","inLanguage":"fr-FR","@id":"https:\/\/www.europeangayskiweek.com\/#\/schema\/logo\/image\/","url":"https:\/\/cdn.europeangayskiweek.com\/wp\/uploads\/2019\/06\/EGSW-Dateless-Black-02b.png","contentUrl":"https:\/\/cdn.europeangayskiweek.com\/wp\/uploads\/2019\/06\/EGSW-Dateless-Black-02b.png","width":1346,"height":442,"caption":"European Gay Ski Week"},"image":{"@id":"https:\/\/www.europeangayskiweek.com\/#\/schema\/logo\/image\/"},"sameAs":["https:\/\/www.facebook.com\/EuropeanGaySkiWeek\/","https:\/\/x.com\/EuropeanGaySkiW","https:\/\/www.instagram.com\/europeangayskiweek\/","https:\/\/www.youtube.com\/user\/JonHuntEGSW"]}]}},"_links":{"self":[{"href":"https:\/\/www.europeangayskiweek.com\/fr\/wp-json\/wp\/v2\/pages\/13632","targetHints":{"allow":["GET"]}}],"collection":[{"href":"https:\/\/www.europeangayskiweek.com\/fr\/wp-json\/wp\/v2\/pages"}],"about":[{"href":"https:\/\/www.europeangayskiweek.com\/fr\/wp-json\/wp\/v2\/types\/page"}],"author":[{"embeddable":true,"href":"https:\/\/www.europeangayskiweek.com\/fr\/wp-json\/wp\/v2\/users\/4"}],"replies":[{"embeddable":true,"href":"https:\/\/www.europeangayskiweek.com\/fr\/wp-json\/wp\/v2\/comments?post=13632"}],"version-history":[{"count":10,"href":"https:\/\/www.europeangayskiweek.com\/fr\/wp-json\/wp\/v2\/pages\/13632\/revisions"}],"predecessor-version":[{"id":20749,"href":"https:\/\/www.europeangayskiweek.com\/fr\/wp-json\/wp\/v2\/pages\/13632\/revisions\/20749"}],"up":[{"embeddable":true,"href":"https:\/\/www.europeangayskiweek.com\/fr\/wp-json\/wp\/v2\/pages\/13631"}],"wp:attachment":[{"href":"https:\/\/www.europeangayskiweek.com\/fr\/wp-json\/wp\/v2\/media?parent=13632"}],"curies":[{"name":"wp","href":"https:\/\/api.w.org\/{rel}","templated":true}]}}