{"id":13560,"date":"2019-06-24T14:24:47","date_gmt":"2019-06-24T13:24:47","guid":{"rendered":"https:\/\/www.2020.europeangayskiweek.com\/?page_id=13560"},"modified":"2024-07-24T14:20:37","modified_gmt":"2024-07-24T13:20:37","slug":"how-to-book","status":"publish","type":"page","link":"https:\/\/www.europeangayskiweek.com\/fr\/how-to-book\/","title":{"rendered":"Comment R\u00e9server ?"},"content":{"rendered":"<p><section class=\"kc-elm kc-css-689367 kc_row\"><div class=\"kc-row-container  kc-container\"><div class=\"kc-wrap-columns\"><div class=\"kc-elm kc-css-997970 kc_col-sm-12 kc_column kc_col-sm-12\"><div class=\"kc-col-container\"><div class=\"kc-elm kc-css-576177\" style=\"height: 60px; clear: both; width:100%;\"><\/div><div class=\"kc-elm kc-css-647918 kc_text_block\"><\/p>\n<h1 style=\"text-align: center;\">R\u00e9servez votre voyage<\/h1>\n<h1 style=\"text-align: center;\">\u00e0 la Gay Ski Week num\u00e9ro 1 en Europe<\/h1>\n<p>\n<\/div><div class=\"kc-elm kc-css-381123\" style=\"height: 40px; clear: both; width:100%;\"><\/div><\/div><\/div><\/div><\/div><\/section><section class=\"kc-elm kc-css-656393 kc_row\"><div class=\"kc-row-container  kc-container\"><div class=\"kc-wrap-columns\"><div class=\"kc-elm kc-css-640343 kc_col-sm-2 kc_column kc_col-sm-2\"><div class=\"kc-col-container\"><\/div><\/div><div class=\"kc-elm kc-css-749601 kc_col-sm-8 kc_column kc_col-sm-8\"><div class=\"kc-col-container\"><div class=\"kc-elm kc-css-439045 kc_shortcode kc_single_image\">\n\n        <img decoding=\"async\" src=\"https:\/\/cdn.europeangayskiweek.com\/wp\/uploads\/2019\/06\/1-choose-your-accommodation-fr.png\" class=\"\" alt=\"\" \/>    <\/div>\n<div class=\"kc-elm kc-css-51940 kc_row kc_row_inner\"><div class=\"kc-elm kc-css-127458 kc_col-sm-4 kc_column_inner kc_col-sm-4\"><div class=\"kc_wrapper kc-col-inner-container\"><div class=\"kc-elm kc-css-845121 kc_text_block\"><\/p>\n<p class=\"lead\" style=\"text-align: center;\">Pour vous-m\u00eame<\/p>\n<p>\n<\/div>\n<div class=\"kc-elm kc-css-853785 divider_line how-to-book-divider-private\">\n\t<div class=\"divider_inner divider_line1\">\n\t\t\t<\/div>\n<\/div>\n<div class=\"kc-elm kc-css-42339 kc_shortcode kc_single_image\">\n\n        <a  href=\"https:\/\/www.2020.europeangayskiweek.com\/the-accommodation\/\" title=\"The Accommodation\" target=\"_self\">\n        <img decoding=\"async\" src=\"https:\/\/cdn.europeangayskiweek.com\/wp\/uploads\/2019\/06\/private-accommodation.png\" class=\"\" alt=\"\" \/>    <\/a>\n    <\/div>\n<\/div><\/div><div class=\"kc-elm kc-css-308121 kc_col-sm-1 kc_column_inner kc_col-sm-1\"><div class=\"kc_wrapper kc-col-inner-container\"><div class=\"kc-elm kc-css-948211 kc_text_block\"><\/p>\n<h2>ou<\/h2>\n<p>\n<\/div><\/div><\/div><div class=\"kc-elm kc-css-70034 kc_col-sm-7 kc_column_inner kc_col-sm-7\"><div class=\"kc_wrapper kc-col-inner-container\"><div class=\"kc-elm kc-css-205388 kc_text_block\"><\/p>\n<p class=\"lead\" style=\"text-align: center;\">partag\u00e9<\/p>\n<p>\n<\/div>\n<div class=\"kc-elm kc-css-76148 divider_line how-to-book-divider\">\n\t<div class=\"divider_inner divider_line1\">\n\t\t\t<\/div>\n<\/div>\n<div class=\"kc-elm kc-css-234196 kc_row kc_row_inner\"><div class=\"kc-elm kc-css-172745 kc_col-sm-6 kc_column_inner kc_col-sm-6\"><div class=\"kc_wrapper kc-col-inner-container\"><div class=\"kc-elm kc-css-614131 kc_shortcode kc_single_image\">\n\n        <a  href=\"https:\/\/www.2020.europeangayskiweek.com\/the-accommodation\/shared-accommodation\/\" title=\"Shared Accommodation\" target=\"_self\">\n        <img decoding=\"async\" src=\"https:\/\/cdn.europeangayskiweek.com\/wp\/uploads\/2019\/06\/random-roommate-title-1.png\" class=\"\" alt=\"\" \/>    <\/a>\n    <\/div>\n<\/div><\/div><div class=\"kc-elm kc-css-769007 kc_col-sm-6 kc_column_inner kc_col-sm-6\"><div class=\"kc_wrapper kc-col-inner-container\"><div class=\"kc-elm kc-css-907385 kc_shortcode kc_single_image\">\n\n        <a  href=\"https:\/\/www.2020.europeangayskiweek.com\/the-accommodation\/shared-accommodation\/\" title=\"Shared Accommodation\" target=\"_self\">\n        <img decoding=\"async\" src=\"https:\/\/cdn.europeangayskiweek.com\/wp\/uploads\/2019\/06\/Shared-Accommodation-title-1.png\" class=\"\" alt=\"\" \/>    <\/a>\n    <\/div>\n<\/div><\/div><\/div><div class=\"kc-elm kc-css-406986\" style=\"height: 20px; clear: both; width:100%;\"><\/div><div class=\"kc-elm kc-css-413418 kc_text_block\"><\/p>\n<p style=\"text-align: center;\">et rejoignez <a href=\"https:\/\/www.europeangayskiweek.com\/fr\/solo-travellers\/\">la table des Voyageurs Solo<\/a> !<\/p>\n<p>\n<\/div><\/div><\/div><\/div><div class=\"kc-elm kc-css-876113\" style=\"height: 40px; clear: both; width:100%;\"><\/div><div class=\"kc-elm kc-css-713464 kc_row kc_row_inner\"><div class=\"kc-elm kc-css-362611 kc_col-sm-6 kc_column_inner kc_col-sm-6\"><div class=\"kc_wrapper kc-col-inner-container\"><div class=\"kc-elm kc-css-343226 kc_row kc_row_inner\"><div class=\"kc-elm kc-css-728378 kc_col-sm-8 kc_column_inner kc_col-sm-8\"><div class=\"kc_wrapper kc-col-inner-container\"><div class=\"kc-elm kc-css-263912 kc_text_block\"><\/p>\n<h5>R\u00e9duction FULL HOUSE<\/h5>\n<p>Si vous remplissez un studio ou appartement compl\u00e8tement avec votre groupe, vous recevrez une r\u00e9duction suppl\u00e9mentaire de 10%<\/p>\n<p>\n<\/div><\/div><\/div><div class=\"kc-elm kc-css-86965 kc_col-sm-3 kc_column_inner kc_col-sm-3\"><div class=\"kc_wrapper kc-col-inner-container\"><div class=\"kc-elm kc-css-989044 kc_shortcode kc_single_image\">\n\n        <img decoding=\"async\" src=\"https:\/\/cdn.europeangayskiweek.com\/wp\/uploads\/2019\/06\/FullDiscount.png\" class=\"\" alt=\"\" \/>    <\/div>\n<\/div><\/div><\/div><\/div><\/div><div class=\"kc-elm kc-css-396825 kc_col-sm-6 kc_column_inner kc_col-sm-6\"><div class=\"kc_wrapper kc-col-inner-container\"><div class=\"kc-elm kc-css-147998 kc_row kc_row_inner\"><div class=\"kc-elm kc-css-738016 kc_col-sm-8 kc_column_inner kc_col-sm-8\"><div class=\"kc_wrapper kc-col-inner-container\"><div class=\"kc-elm kc-css-791742 kc_text_block\"><\/p>\n<h5>Garantie Prix<\/h5>\n<p>Nous vous garantissons le meilleur prix sur les h\u00e9bergements. Si vou strouvez moins cher ailleurs, nous vous remboursons la diff\u00e9rents. <a href=\"https:\/\/www.europeangayskiweek.com\/fr\/accommodation-price-promise\/\">Voir les conditions<\/a>.<\/p>\n<p>\n<\/div><\/div><\/div><div class=\"kc-elm kc-css-271868 kc_col-sm-3 kc_column_inner kc_col-sm-3\"><div class=\"kc_wrapper kc-col-inner-container\"><div class=\"kc-elm kc-css-85215 kc_shortcode kc_single_image\">\n\n        <img decoding=\"async\" src=\"https:\/\/cdn.europeangayskiweek.com\/wp\/uploads\/2019\/06\/how-to-book-price-promise.png\" class=\"\" alt=\"\" \/>    <\/div>\n<\/div><\/div><\/div><\/div><\/div><\/div><div class=\"kc-elm kc-css-715863\" style=\"height: 20px; clear: both; width:100%;\"><\/div><div class=\"kc-elm kc-css-939877 kc_shortcode kc_single_image\">\n\n        <img decoding=\"async\" src=\"https:\/\/cdn.europeangayskiweek.com\/wp\/uploads\/2019\/06\/2-complete-your-package-fr.png\" class=\"\" alt=\"\" \/>    <\/div>\n<div class=\"kc-elm kc-css-823042 kc_text_block\"><\/p>\n<p class=\"lead\" style=\"text-align: center;\">avec un\u00a0<a href=\"https:\/\/www.europeangayskiweek.com\/fr\/special-dinner-nights-and-parties\/the-event-pass\/\"><img loading=\"lazy\" decoding=\"async\" class=\"alignnone size-full\" src=\"https:\/\/cdn.europeangayskiweek.com\/wp\/uploads\/2019\/06\/icon-event-pass.png\" alt=\"\" width=\"104\" height=\"133\" \/><\/a>\u00a0et un<a href=\"https:\/\/www.europeangayskiweek.com\/fr\/the-skiing-and-boarding\/paradiski-lift-passes\/\"><img loading=\"lazy\" decoding=\"async\" class=\"alignnone size-full\" src=\"https:\/\/cdn.europeangayskiweek.com\/wp\/uploads\/2019\/06\/icon-lift-pass.png\" alt=\"\" width=\"104\" height=\"133\" \/><\/a><\/p>\n<p>\n<\/div><div class=\"kc-elm kc-css-733652\" style=\"height: 20px; clear: both; width:100%;\"><\/div><div class=\"kc-elm kc-css-869644 kc_shortcode kc_single_image\">\n\n        <img decoding=\"async\" src=\"https:\/\/cdn.europeangayskiweek.com\/wp\/uploads\/2019\/06\/3-add-your-options-fr.png\" class=\"\" alt=\"\" \/>    <\/div>\n<div class=\"kc-elm kc-css-952106\" style=\"height: 20px; clear: both; width:100%;\"><\/div><div class=\"kc-elm kc-css-218211 kc_row kc_row_inner\"><div class=\"kc-elm kc-css-752327 kc_col-sm-6 kc_column_inner kc_col-sm-6\"><div class=\"kc_wrapper kc-col-inner-container\"><div class=\"kc-elm kc-css-106463 kc_row kc_row_inner\"><div class=\"kc-elm kc-css-638316 kc_col-sm-8 kc_column_inner kc_col-sm-8\"><div class=\"kc_wrapper kc-col-inner-container\"><div class=\"kc-elm kc-css-34890 kc_text_block\"><\/p>\n<p style=\"text-align: right;\">location de mat\u00e9riel ski\/snowboard et v\u00eatement de ski<\/p>\n<p>\n<\/div><\/div><\/div><div class=\"kc-elm kc-css-309471 kc_col-sm-4 kc_column_inner kc_col-sm-4\"><div class=\"kc_wrapper kc-col-inner-container\"><div class=\"kc-elm kc-css-891718 kc_shortcode kc_single_image\">\n\n        <a  href=\"https:\/\/www.europeangayskiweek.com\/fr\/the-skiing-and-boarding\/equipment-hire\/\" title=\"Equipment & Clothes Hire\" target=\"_self\">\n        <img decoding=\"async\" src=\"https:\/\/cdn.europeangayskiweek.com\/wp\/uploads\/2019\/06\/icon-equipment.png\" class=\"\" alt=\"\" \/>    <\/a>\n    <\/div>\n<\/div><\/div><\/div><\/div><\/div><div class=\"kc-elm kc-css-584403 kc_col-sm-6 kc_column_inner kc_col-sm-6\"><div class=\"kc_wrapper kc-col-inner-container\"><div class=\"kc-elm kc-css-417405 kc_row kc_row_inner\"><div class=\"kc-elm kc-css-654995 kc_col-sm-4 kc_column_inner kc_col-sm-4\"><div class=\"kc_wrapper kc-col-inner-container\"><div class=\"kc-elm kc-css-285956 kc_shortcode kc_single_image\">\n\n        <a  href=\"https:\/\/www.europeangayskiweek.com\/fr\/the-skiing-and-boarding\/hosted-ski-snowboard-groups\/\" title=\"Hosted Ski & Snowboard Groups\" target=\"_self\">\n        <img decoding=\"async\" src=\"https:\/\/cdn.europeangayskiweek.com\/wp\/uploads\/2019\/06\/icon-skiing.png\" class=\"\" alt=\"\" \/>    <\/a>\n    <\/div>\n<\/div><\/div><div class=\"kc-elm kc-css-765024 kc_col-sm-8 kc_column_inner kc_col-sm-8\"><div class=\"kc_wrapper kc-col-inner-container\"><div class=\"kc-elm kc-css-79798 kc_text_block\"><\/p>\n<p>\ninscrivez-vous \u00e0 l&#039;un de nos goupes guid\u00e9s, \u00e9cole de ski, groupes ou le\u00e7ons hors piste...<\/p>\n<p>\n<\/div><\/div><\/div><\/div><\/div><\/div><\/div><div class=\"kc-elm kc-css-56400\" style=\"height: 20px; clear: both; width:100%;\"><\/div><div class=\"kc-elm kc-css-902896 kc_row kc_row_inner\"><div class=\"kc-elm kc-css-734190 kc_col-sm-6 kc_column_inner kc_col-sm-6\"><div class=\"kc_wrapper kc-col-inner-container\"><div class=\"kc-elm kc-css-520145 kc_row kc_row_inner\"><div class=\"kc-elm kc-css-311276 kc_col-sm-8 kc_column_inner kc_col-sm-8\"><div class=\"kc_wrapper kc-col-inner-container\"><div class=\"kc-elm kc-css-264358 kc_text_block\"><\/p>\n<p style=\"text-align: right;\">Ne ratez pas nos d\u00eeners sp\u00e9ciaux raclettes ou fondue, et notre d\u00eener de bienvenue!<\/p>\n<p>\n<\/div><\/div><\/div><div class=\"kc-elm kc-css-922502 kc_col-sm-4 kc_column_inner kc_col-sm-4\"><div class=\"kc_wrapper kc-col-inner-container\"><div class=\"kc-elm kc-css-455404 kc_shortcode kc_single_image\">\n\n        <a  href=\"https:\/\/www.europeangayskiweek.com\/fr\/the-accommodation\/half-board-breakfast-dinner-option\/fondue-raclette-dinner-nights\/\" title=\"Special Dinner Nights and Parties\" target=\"_self\">\n        <img decoding=\"async\" src=\"https:\/\/cdn.europeangayskiweek.com\/wp\/uploads\/2019\/06\/icon-fondue.png\" class=\"\" alt=\"\" \/>    <\/a>\n    <\/div>\n<\/div><\/div><\/div><\/div><\/div><div class=\"kc-elm kc-css-458632 kc_col-sm-6 kc_column_inner kc_col-sm-6\"><div class=\"kc_wrapper kc-col-inner-container\"><div class=\"kc-elm kc-css-134835 kc_row kc_row_inner\"><div class=\"kc-elm kc-css-280733 kc_col-sm-4 kc_column_inner kc_col-sm-4\"><div class=\"kc_wrapper kc-col-inner-container\"><div class=\"kc-elm kc-css-114521 kc_shortcode kc_single_image\">\n\n        <a  href=\"https:\/\/www.europeangayskiweek.com\/fr\/the-accommodation\/half-board-breakfast-dinner-option\/\" title=\"Demi-pension, petits d\u00e9jeuners et d\u00eeners\" target=\"_self\">\n        <img decoding=\"async\" src=\"https:\/\/cdn.europeangayskiweek.com\/wp\/uploads\/2019\/06\/icon-food-options.png\" class=\"\" alt=\"\" \/>    <\/a>\n    <\/div>\n<\/div><\/div><div class=\"kc-elm kc-css-114928 kc_col-sm-8 kc_column_inner kc_col-sm-8\"><div class=\"kc_wrapper kc-col-inner-container\"><div class=\"kc-elm kc-css-769866 kc_text_block\"><\/p>\n<p>\nchoisissez une option de petits d\u00e9jeuners, d\u00eeners ou la demi-pension \u00e0 notre h\u00f4tel h\u00f4te.<\/p>\n<p>\n<\/div><\/div><\/div><\/div><\/div><\/div><\/div><div class=\"kc-elm kc-css-191852\" style=\"height: 20px; clear: both; width:100%;\"><\/div><div class=\"kc-elm kc-css-768693 kc_row kc_row_inner\"><div class=\"kc-elm kc-css-182946 kc_col-sm-6 kc_column_inner kc_col-sm-6\"><div class=\"kc_wrapper kc-col-inner-container\"><div class=\"kc-elm kc-css-260801 kc_row kc_row_inner\"><div class=\"kc-elm kc-css-312702 kc_col-sm-8 kc_column_inner kc_col-sm-8\"><div class=\"kc_wrapper kc-col-inner-container\"><div class=\"kc-elm kc-css-778426 kc_text_block\"><\/p>\n<p style=\"text-align: right;\">r\u00e9servez votre billet pour notre l\u00e9gendaire Pool Party<\/p>\n<p>\n<\/div><\/div><\/div><div class=\"kc-elm kc-css-345503 kc_col-sm-4 kc_column_inner kc_col-sm-4\"><div class=\"kc_wrapper kc-col-inner-container\"><div class=\"kc-elm kc-css-223725 kc_shortcode kc_single_image\">\n\n        <a  href=\"https:\/\/www.europeangayskiweek.com\/fr\/special-dinner-nights-and-parties\/\" title=\"Pool Party\" target=\"_self\">\n        <img decoding=\"async\" src=\"https:\/\/cdn.europeangayskiweek.com\/wp\/uploads\/2019\/06\/icon-poolparty.png\" class=\"\" alt=\"\" \/>    <\/a>\n    <\/div>\n<\/div><\/div><\/div><\/div><\/div><div class=\"kc-elm kc-css-555518 kc_col-sm-6 kc_column_inner kc_col-sm-6\"><div class=\"kc_wrapper kc-col-inner-container\"><div class=\"kc-elm kc-css-406724 kc_row kc_row_inner\"><div class=\"kc-elm kc-css-922628 kc_col-sm-4 kc_column_inner kc_col-sm-4\"><div class=\"kc_wrapper kc-col-inner-container\"><div class=\"kc-elm kc-css-14463 kc_shortcode kc_single_image\">\n\n        <a  href=\"https:\/\/www.europeangayskiweek.com\/fr\/getting-to-egsw\/\" title=\"Travelling to EGSW\" target=\"_self\">\n        <img decoding=\"async\" src=\"https:\/\/cdn.europeangayskiweek.com\/wp\/uploads\/2019\/06\/icon-transfer.png\" class=\"\" alt=\"\" \/>    <\/a>\n    <\/div>\n<\/div><\/div><div class=\"kc-elm kc-css-452584 kc_col-sm-8 kc_column_inner kc_col-sm-8\"><div class=\"kc_wrapper kc-col-inner-container\"><div class=\"kc-elm kc-css-671291 kc_text_block\"><\/p>\n<p>\nSi vous arrivez sur l&#039;a\u00e9roport de Gen\u00e8ve, r\u00e9servez votre transfert avec l&#039;un de nos cars.<\/p>\n<p>\n<\/div><\/div><\/div><\/div><\/div><\/div><\/div><div class=\"kc-elm kc-css-854194\" style=\"height: 20px; clear: both; width:100%;\"><\/div><div class=\"kc-elm kc-css-151742 kc_row kc_row_inner\"><div class=\"kc-elm kc-css-204302 kc_col-sm-4 kc_column_inner kc_col-sm-4\"><div class=\"kc_wrapper kc-col-inner-container\"><\/div><\/div><div class=\"kc-elm kc-css-409489 kc_col-sm-4 kc_column_inner kc_col-sm-4\"><div class=\"kc_wrapper kc-col-inner-container\"><div class=\"kc-elm kc-css-592465 kc_shortcode kc_single_image\">\n\n        <a  href=\"https:\/\/www.europeangayskiweek.com\/fr\/ski-week-virgin\/egsw-tokens\/\" title=\"EGSW Token System\" target=\"_self\">\n        <img decoding=\"async\" src=\"https:\/\/cdn.europeangayskiweek.com\/wp\/uploads\/2019\/06\/icon-tokens.png\" class=\"\" alt=\"\" \/>    <\/a>\n    <\/div>\n<\/div><\/div><div class=\"kc-elm kc-css-391995 kc_col-sm-4 kc_column_inner kc_col-sm-4\"><div class=\"kc_wrapper kc-col-inner-container\"><div class=\"kc-elm kc-css-240712 kc_text_block\"><\/p>\n<p>\nAchetez vos jetons de consommation \u00e0 l&#039;avance, et soyez pr\u00eat \u00e0 d\u00e9marrer la f\u00eate d\u00e8s votre arriv\u00e9e !<\/p>\n<p>\n<\/div><\/div><\/div><\/div><div class=\"kc-elm kc-css-193206\" style=\"height: 20px; clear: both; width:100%;\"><\/div><div class=\"kc-elm kc-css-360053 kc_shortcode kc_single_image\">\n\n        <img decoding=\"async\" src=\"https:\/\/cdn.europeangayskiweek.com\/wp\/uploads\/2019\/06\/4-confirm-your-booking-fr.png\" class=\"\" alt=\"\" \/>    <\/div>\n<div class=\"kc-elm kc-css-351641\" style=\"height: 20px; clear: both; width:100%;\"><\/div><div class=\"kc-elm kc-css-290127 kc_row kc_row_inner\"><div class=\"kc-elm kc-css-246109 kc_col-sm-4 kc_column_inner kc_col-sm-4\"><div class=\"kc_wrapper kc-col-inner-container\"><div class=\"kc-elm kc-css-658492 kc_shortcode kc_single_image\">\n\n        <a  href=\"https:\/\/www.europeangayskiweek.com\/fr\/ski-week-virgin\/snow-miles\/\" title=\"Snow Miles\" target=\"_self\">\n        <img decoding=\"async\" src=\"https:\/\/cdn.europeangayskiweek.com\/wp\/uploads\/2019\/06\/Snow-Miles-Logo.jpg\" class=\"\" alt=\"\" \/>    <\/a>\n    <\/div>\n<\/div><\/div><div class=\"kc-elm kc-css-228991 kc_col-sm-8 kc_column_inner kc_col-sm-8\"><div class=\"kc_wrapper kc-col-inner-container\"><div class=\"kc-elm kc-css-717360 kc_text_block\"><\/p>\n<p style=\"font-size: 1.6em;\">Accumulez vos Snow Miles ou utilisez ceux acquis les ann\u00e9es pass\u00e9es pour recevoir encore plus de r\u00e9duction !<\/p>\n<p>\n<\/div><\/div><\/div><\/div><div class=\"kc-elm kc-css-582712 kc_text_block\"><\/p>\n<p class=\"lead\" style=\"text-align: center;\">et choisisez l&#039;un de nos plans de paiement tr\u00e8s souples et agr\u00e9ables.<\/p>\n<p>\n<\/div><\/div><\/div><div class=\"kc-elm kc-css-195762 kc_col-sm-2 kc_column kc_col-sm-2\"><div class=\"kc-col-container\"><\/div><\/div><\/div><\/div><\/section><section class=\"kc-elm kc-css-814036 kc_row\"><div class=\"kc-row-container  kc-container\"><div class=\"kc-wrap-columns\"><div class=\"kc-elm kc-css-135128 kc_col-sm-12 kc_column kc_col-sm-12\"><div class=\"kc-col-container\"><div class=\"kc-elm kc-css-515425\" style=\"height: 40px; clear: both; width:100%;\"><\/div><div class=\"kc-elm kc-css-56365 kc_row kc_row_inner\"><div class=\"kc-elm kc-css-576542 kc_col-sm-4 kc_column_inner kc_col-sm-4\"><div class=\"kc_wrapper kc-col-inner-container\"><\/div><\/div><div class=\"kc-elm kc-css-448887 kc_col-sm-4 kc_column_inner kc_col-sm-4\"><div class=\"kc_wrapper kc-col-inner-container\"><div class=\"kc-elm kc-css-667501 kc_text_block\"><\/p>\n<h3 style=\"text-align: center;\">Pr\u00eat ?<\/h3>\n<p>\n<\/div><div class=\"kc-elm kc-css-151385\" style=\"height: 20px; clear: both; width:100%;\"><\/div>\n<div class=\"kc-elm kc-css-174669 kc-pro-button kc-button-main\">\n\t<a href=\"https:\/\/booking.europeangayskiweek.com\/Booking.aspx?mode=1&#038;action=1&#038;LanguageId=2\" title=\"R\u00e9servez Maintenant\">\n\t\t<span class=\"creative_title\">Book Now<\/span>\t<\/a>\n<\/div>\n<\/div><\/div><div class=\"kc-elm kc-css-13085 kc_col-sm-4 kc_column_inner kc_col-sm-4\"><div class=\"kc_wrapper kc-col-inner-container\"><\/div><\/div><\/div><div class=\"kc-elm kc-css-483981\" style=\"height: 40px; clear: both; width:100%;\"><\/div><div class=\"kc-elm kc-css-371134 kc_row kc_row_inner\"><div class=\"kc-elm kc-css-493267 kc_col-sm-6 kc_column_inner kc_col-sm-6\"><div class=\"kc_wrapper kc-col-inner-container\"><div class=\"kc-elm kc-css-328893 kc_text_block\"><\/p>\n<h3 style=\"text-align: center;\">Des Questions ?<\/h3>\n<p style=\"text-align: center;\">N&#039;h\u00e9sitez pas \u00e0 nous contacter par mail ou t\u00e9l\u00e9phone pour obtenir toutes vos r\u00e9ponses.<\/p>\n<p>\n<\/div><div class=\"kc-elm kc-css-241691\" style=\"height: 20px; clear: both; width:100%;\"><\/div><\/div><\/div><div class=\"kc-elm kc-css-197543 kc_col-sm-6 kc_column_inner kc_col-sm-6\"><div class=\"kc_wrapper kc-col-inner-container\"><div class=\"kc-elm kc-css-876475 kc_text_block\"><\/p>\n<h3 style=\"text-align: center;\">Vous souhaitez un devis ?<\/h3>\n<p style=\"text-align: center;\">Demandez facilement un devis pour prendre le temps d&#039;en discuter avec vos amis avant de confirmer !<\/p>\n<p>\n<\/div><div class=\"kc-elm kc-css-341456\" style=\"height: 20px; clear: both; width:100%;\"><\/div><\/div><\/div><\/div><div class=\"kc-elm kc-css-787550 kc_row kc_row_inner\"><div class=\"kc-elm kc-css-393706 kc_col-sm-6 kc_column_inner kc_col-sm-6\"><div class=\"kc_wrapper kc-col-inner-container\">\n<div class=\"kc-elm kc-css-570509\">\n\t<a class=\"kc_button\" href=\"https:\/\/www.europeangayskiweek.com\/fr\/contact\/\" target=\"_self\" title=\"Contact\" onclick=\"\">\n\t\tContactez-nous\t<\/a>\n<\/div>\n<div class=\"kc-elm kc-css-939714\" style=\"height: 60px; clear: both; width:100%;\"><\/div><\/div><\/div><div class=\"kc-elm kc-css-509683 kc_col-sm-6 kc_column_inner kc_col-sm-6\"><div class=\"kc_wrapper kc-col-inner-container\">\n<div class=\"kc-elm kc-css-623798 kc-pro-button kc-button-main\">\n\t<a href=\"https:\/\/booking.europeangayskiweek.com\/Booking.aspx?mode=2&#038;action=1&#038;LanguageId=2\" title=\"Demander un devis\">\n\t\t<span class=\"creative_title\">Demander un devis<\/span>\t<\/a>\n<\/div>\n<div class=\"kc-elm kc-css-677821\" style=\"height: 40px; clear: both; width:100%;\"><\/div><\/div><\/div><\/div><\/div><\/div><\/div><\/div><\/section><\/p>\n","protected":false},"excerpt":{"rendered":"<p> [...]<\/p>\n<p><a class=\"btn btn-secondary understrap-read-more-link\" href=\"https:\/\/www.europeangayskiweek.com\/fr\/how-to-book\/\">Read More...<\/a><\/p>\n<p> [...]<\/p>\n<p><a class=\"btn btn-secondary understrap-read-more-link\" href=\"https:\/\/www.europeangayskiweek.com\/fr\/how-to-book\/\">Lire la suite\u2026<span class=\"screen-reader-text\"> from Comment R\u00e9server ?<\/span><\/a><\/p>\n","protected":false},"author":4,"featured_media":0,"parent":0,"menu_order":0,"comment_status":"closed","ping_status":"closed","template":"page-templates\/fullwidthpage-upto1440.php","meta":{"footnotes":""},"class_list":["post-13560","page","type-page","status-publish","hentry"],"yoast_head":"<!-- This site is optimized with the Yoast SEO plugin v26.4 - https:\/\/yoast.com\/wordpress\/plugins\/seo\/ -->\r\n<title>Europe&#039;s Biggest Gay Ski Week | EGSW | 22-29 Mars 2025<\/title>\r\n<meta name=\"description\" content=\"European Gay Ski Week, la plus grande semaine de ski gay d&#039;Europe, un brillant Apr\u00e8s, des spectacles fabuleux, un cabaret hilarant et des soir\u00e9es fantastiques.\" \/>\r\n<meta name=\"robots\" content=\"index, follow, max-snippet:-1, max-image-preview:large, max-video-preview:-1\" \/>\r\n<link rel=\"canonical\" href=\"https:\/\/www.europeangayskiweek.com\/fr\/how-to-book\/\" \/>\r\n<meta property=\"og:locale\" content=\"fr_FR\" \/>\r\n<meta property=\"og:type\" content=\"article\" \/>\r\n<meta property=\"og:title\" content=\"Europe&#039;s Biggest Gay Ski Week | EGSW | 22-29 Mars 2025\" \/>\r\n<meta property=\"og:description\" content=\"European Gay Ski Week, la plus grande semaine de ski gay d&#039;Europe, un brillant Apr\u00e8s, des spectacles fabuleux, un cabaret hilarant et des soir\u00e9es fantastiques.\" \/>\r\n<meta property=\"og:url\" content=\"https:\/\/www.europeangayskiweek.com\/fr\/how-to-book\/\" \/>\r\n<meta property=\"og:site_name\" content=\"Europe&#039;s Biggest Gay Ski Week | EGSW | 2026 Coming Soon\" \/>\r\n<meta property=\"article:publisher\" content=\"https:\/\/www.facebook.com\/EuropeanGaySkiWeek\/\" \/>\r\n<meta property=\"article:modified_time\" content=\"2024-07-24T13:20:37+00:00\" \/>\r\n<meta property=\"og:image\" content=\"https:\/\/cdn.europeangayskiweek.com\/wp\/uploads\/2020\/07\/facebook_og.jpg\" \/>\r\n\t<meta property=\"og:image:width\" content=\"1200\" \/>\r\n\t<meta property=\"og:image:height\" content=\"630\" \/>\r\n\t<meta property=\"og:image:type\" content=\"image\/jpeg\" \/>\r\n<meta name=\"twitter:card\" content=\"summary_large_image\" \/>\r\n<meta name=\"twitter:site\" content=\"@EuropeanGaySkiW\" \/>\r\n<meta name=\"twitter:label1\" content=\"Dur\u00e9e de lecture estim\u00e9e\" \/>\n\t<meta name=\"twitter:data1\" content=\"4 minutes\" \/>\r\n<script type=\"application\/ld+json\" class=\"yoast-schema-graph\">{\"@context\":\"https:\/\/schema.org\",\"@graph\":[{\"@type\":\"WebPage\",\"@id\":\"https:\/\/www.europeangayskiweek.com\/fr\/how-to-book\/\",\"url\":\"https:\/\/www.europeangayskiweek.com\/fr\/how-to-book\/\",\"name\":\"Europe's Biggest Gay Ski Week | EGSW | 22-29 Mars 2025\",\"isPartOf\":{\"@id\":\"https:\/\/www.europeangayskiweek.com\/#website\"},\"primaryImageOfPage\":{\"@id\":\"https:\/\/www.europeangayskiweek.com\/fr\/how-to-book\/#primaryimage\"},\"image\":{\"@id\":\"https:\/\/www.europeangayskiweek.com\/fr\/how-to-book\/#primaryimage\"},\"thumbnailUrl\":\"https:\/\/cdn.europeangayskiweek.com\/wp\/uploads\/2019\/06\/1-choose-your-accommodation-fr.png\",\"datePublished\":\"2019-06-24T13:24:47+00:00\",\"dateModified\":\"2024-07-24T13:20:37+00:00\",\"description\":\"European Gay Ski Week, la plus grande semaine de ski gay d'Europe, un brillant Apr\u00e8s, des spectacles fabuleux, un cabaret hilarant et des soir\u00e9es fantastiques.\",\"breadcrumb\":{\"@id\":\"https:\/\/www.europeangayskiweek.com\/fr\/how-to-book\/#breadcrumb\"},\"inLanguage\":\"fr-FR\",\"potentialAction\":[{\"@type\":\"ReadAction\",\"target\":[\"https:\/\/www.europeangayskiweek.com\/fr\/how-to-book\/\"]}]},{\"@type\":\"ImageObject\",\"inLanguage\":\"fr-FR\",\"@id\":\"https:\/\/www.europeangayskiweek.com\/fr\/how-to-book\/#primaryimage\",\"url\":\"https:\/\/cdn.europeangayskiweek.com\/wp\/uploads\/2019\/06\/1-choose-your-accommodation-fr.png\",\"contentUrl\":\"https:\/\/cdn.europeangayskiweek.com\/wp\/uploads\/2019\/06\/1-choose-your-accommodation-fr.png\"},{\"@type\":\"BreadcrumbList\",\"@id\":\"https:\/\/www.europeangayskiweek.com\/fr\/how-to-book\/#breadcrumb\",\"itemListElement\":[{\"@type\":\"ListItem\",\"position\":1,\"name\":\"Home\",\"item\":\"https:\/\/www.europeangayskiweek.com\/fr\/\"},{\"@type\":\"ListItem\",\"position\":2,\"name\":\"Comment R\u00e9server ?\"}]},{\"@type\":\"WebSite\",\"@id\":\"https:\/\/www.europeangayskiweek.com\/#website\",\"url\":\"https:\/\/www.europeangayskiweek.com\/\",\"name\":\"European Gay Ski Week | The Biggest Gay Winter Sports and Music Festival | Les Arcs Paradiski | 21-28 March 2020\",\"description\":\"Europe&#039;s N\u00b01 Gay Winter Sports &amp; Music Festival | Les Arcs - Arc 1950 &amp; Arc 2000 - Paradiski | European Gay Ski Week with International DJs &amp; Artists\",\"publisher\":{\"@id\":\"https:\/\/www.europeangayskiweek.com\/#organization\"},\"potentialAction\":[{\"@type\":\"SearchAction\",\"target\":{\"@type\":\"EntryPoint\",\"urlTemplate\":\"https:\/\/www.europeangayskiweek.com\/?s={search_term_string}\"},\"query-input\":{\"@type\":\"PropertyValueSpecification\",\"valueRequired\":true,\"valueName\":\"search_term_string\"}}],\"inLanguage\":\"fr-FR\"},{\"@type\":\"Organization\",\"@id\":\"https:\/\/www.europeangayskiweek.com\/#organization\",\"name\":\"European Gay Ski Week\",\"url\":\"https:\/\/www.europeangayskiweek.com\/\",\"logo\":{\"@type\":\"ImageObject\",\"inLanguage\":\"fr-FR\",\"@id\":\"https:\/\/www.europeangayskiweek.com\/#\/schema\/logo\/image\/\",\"url\":\"https:\/\/cdn.europeangayskiweek.com\/wp\/uploads\/2019\/06\/EGSW-Dateless-Black-02b.png\",\"contentUrl\":\"https:\/\/cdn.europeangayskiweek.com\/wp\/uploads\/2019\/06\/EGSW-Dateless-Black-02b.png\",\"width\":1346,\"height\":442,\"caption\":\"European Gay Ski Week\"},\"image\":{\"@id\":\"https:\/\/www.europeangayskiweek.com\/#\/schema\/logo\/image\/\"},\"sameAs\":[\"https:\/\/www.facebook.com\/EuropeanGaySkiWeek\/\",\"https:\/\/x.com\/EuropeanGaySkiW\",\"https:\/\/www.instagram.com\/europeangayskiweek\/\",\"https:\/\/www.youtube.com\/user\/JonHuntEGSW\"]}]}<\/script>\r\n<!-- \/ Yoast SEO plugin. -->","yoast_head_json":{"title":"Europe's Biggest Gay Ski Week | EGSW | 22-29 Mars 2025","description":"European Gay Ski Week, la plus grande semaine de ski gay d'Europe, un brillant Apr\u00e8s, des spectacles fabuleux, un cabaret hilarant et des soir\u00e9es fantastiques.","robots":{"index":"index","follow":"follow","max-snippet":"max-snippet:-1","max-image-preview":"max-image-preview:large","max-video-preview":"max-video-preview:-1"},"canonical":"https:\/\/www.europeangayskiweek.com\/fr\/how-to-book\/","og_locale":"fr_FR","og_type":"article","og_title":"Europe's Biggest Gay Ski Week | EGSW | 22-29 Mars 2025","og_description":"European Gay Ski Week, la plus grande semaine de ski gay d'Europe, un brillant Apr\u00e8s, des spectacles fabuleux, un cabaret hilarant et des soir\u00e9es fantastiques.","og_url":"https:\/\/www.europeangayskiweek.com\/fr\/how-to-book\/","og_site_name":"Europe&#039;s Biggest Gay Ski Week | EGSW | 2026 Coming Soon","article_publisher":"https:\/\/www.facebook.com\/EuropeanGaySkiWeek\/","article_modified_time":"2024-07-24T13:20:37+00:00","og_image":[{"width":1200,"height":630,"url":"https:\/\/cdn.europeangayskiweek.com\/wp\/uploads\/2020\/07\/facebook_og.jpg","type":"image\/jpeg"}],"twitter_card":"summary_large_image","twitter_site":"@EuropeanGaySkiW","twitter_misc":{"Dur\u00e9e de lecture estim\u00e9e":"4 minutes"},"schema":{"@context":"https:\/\/schema.org","@graph":[{"@type":"WebPage","@id":"https:\/\/www.europeangayskiweek.com\/fr\/how-to-book\/","url":"https:\/\/www.europeangayskiweek.com\/fr\/how-to-book\/","name":"Europe's Biggest Gay Ski Week | EGSW | 22-29 Mars 2025","isPartOf":{"@id":"https:\/\/www.europeangayskiweek.com\/#website"},"primaryImageOfPage":{"@id":"https:\/\/www.europeangayskiweek.com\/fr\/how-to-book\/#primaryimage"},"image":{"@id":"https:\/\/www.europeangayskiweek.com\/fr\/how-to-book\/#primaryimage"},"thumbnailUrl":"https:\/\/cdn.europeangayskiweek.com\/wp\/uploads\/2019\/06\/1-choose-your-accommodation-fr.png","datePublished":"2019-06-24T13:24:47+00:00","dateModified":"2024-07-24T13:20:37+00:00","description":"European Gay Ski Week, la plus grande semaine de ski gay d'Europe, un brillant Apr\u00e8s, des spectacles fabuleux, un cabaret hilarant et des soir\u00e9es fantastiques.","breadcrumb":{"@id":"https:\/\/www.europeangayskiweek.com\/fr\/how-to-book\/#breadcrumb"},"inLanguage":"fr-FR","potentialAction":[{"@type":"ReadAction","target":["https:\/\/www.europeangayskiweek.com\/fr\/how-to-book\/"]}]},{"@type":"ImageObject","inLanguage":"fr-FR","@id":"https:\/\/www.europeangayskiweek.com\/fr\/how-to-book\/#primaryimage","url":"https:\/\/cdn.europeangayskiweek.com\/wp\/uploads\/2019\/06\/1-choose-your-accommodation-fr.png","contentUrl":"https:\/\/cdn.europeangayskiweek.com\/wp\/uploads\/2019\/06\/1-choose-your-accommodation-fr.png"},{"@type":"BreadcrumbList","@id":"https:\/\/www.europeangayskiweek.com\/fr\/how-to-book\/#breadcrumb","itemListElement":[{"@type":"ListItem","position":1,"name":"Home","item":"https:\/\/www.europeangayskiweek.com\/fr\/"},{"@type":"ListItem","position":2,"name":"Comment R\u00e9server ?"}]},{"@type":"WebSite","@id":"https:\/\/www.europeangayskiweek.com\/#website","url":"https:\/\/www.europeangayskiweek.com\/","name":"European Gay Ski Week | The Biggest Gay Winter Sports and Music Festival | Les Arcs Paradiski | 21-28 March 2020","description":"Europe&#039;s N\u00b01 Gay Winter Sports &amp; Music Festival | Les Arcs - Arc 1950 &amp; Arc 2000 - Paradiski | European Gay Ski Week with International DJs &amp; Artists","publisher":{"@id":"https:\/\/www.europeangayskiweek.com\/#organization"},"potentialAction":[{"@type":"SearchAction","target":{"@type":"EntryPoint","urlTemplate":"https:\/\/www.europeangayskiweek.com\/?s={search_term_string}"},"query-input":{"@type":"PropertyValueSpecification","valueRequired":true,"valueName":"search_term_string"}}],"inLanguage":"fr-FR"},{"@type":"Organization","@id":"https:\/\/www.europeangayskiweek.com\/#organization","name":"European Gay Ski Week","url":"https:\/\/www.europeangayskiweek.com\/","logo":{"@type":"ImageObject","inLanguage":"fr-FR","@id":"https:\/\/www.europeangayskiweek.com\/#\/schema\/logo\/image\/","url":"https:\/\/cdn.europeangayskiweek.com\/wp\/uploads\/2019\/06\/EGSW-Dateless-Black-02b.png","contentUrl":"https:\/\/cdn.europeangayskiweek.com\/wp\/uploads\/2019\/06\/EGSW-Dateless-Black-02b.png","width":1346,"height":442,"caption":"European Gay Ski Week"},"image":{"@id":"https:\/\/www.europeangayskiweek.com\/#\/schema\/logo\/image\/"},"sameAs":["https:\/\/www.facebook.com\/EuropeanGaySkiWeek\/","https:\/\/x.com\/EuropeanGaySkiW","https:\/\/www.instagram.com\/europeangayskiweek\/","https:\/\/www.youtube.com\/user\/JonHuntEGSW"]}]}},"_links":{"self":[{"href":"https:\/\/www.europeangayskiweek.com\/fr\/wp-json\/wp\/v2\/pages\/13560","targetHints":{"allow":["GET"]}}],"collection":[{"href":"https:\/\/www.europeangayskiweek.com\/fr\/wp-json\/wp\/v2\/pages"}],"about":[{"href":"https:\/\/www.europeangayskiweek.com\/fr\/wp-json\/wp\/v2\/types\/page"}],"author":[{"embeddable":true,"href":"https:\/\/www.europeangayskiweek.com\/fr\/wp-json\/wp\/v2\/users\/4"}],"replies":[{"embeddable":true,"href":"https:\/\/www.europeangayskiweek.com\/fr\/wp-json\/wp\/v2\/comments?post=13560"}],"version-history":[{"count":15,"href":"https:\/\/www.europeangayskiweek.com\/fr\/wp-json\/wp\/v2\/pages\/13560\/revisions"}],"predecessor-version":[{"id":20699,"href":"https:\/\/www.europeangayskiweek.com\/fr\/wp-json\/wp\/v2\/pages\/13560\/revisions\/20699"}],"wp:attachment":[{"href":"https:\/\/www.europeangayskiweek.com\/fr\/wp-json\/wp\/v2\/media?parent=13560"}],"curies":[{"name":"wp","href":"https:\/\/api.w.org\/{rel}","templated":true}]}}